{"id":36713,"date":"2026-02-04T10:40:13","date_gmt":"2026-02-04T10:40:13","guid":{"rendered":"https:\/\/cortartec.net\/produto\/fachadas-com-sub-estrutura\/"},"modified":"2026-02-04T10:40:13","modified_gmt":"2026-02-04T10:40:13","slug":"fachadas-com-sub-estrutura","status":"publish","type":"product","link":"https:\/\/cortartec.net\/en\/produto\/fachadas-com-sub-estrutura\/","title":{"rendered":"Fachadas com sub estrutura"},"content":{"rendered":"<div class=\"wpb-content-wrapper\"><p>[vc_row][vc_column][vc_column_text]Os perfis CGK, com seu design e forma de apresenta\u00e7\u00e3o, oferecem uma velocidade de montagem incomum para um sistema de perfil de a\u00e7o inoxid\u00e1vel, obtendo custos de instala\u00e7\u00e3o mais baixos do que qualquer outro sistema, tudo sem abrir m\u00e3o de uma liga\u00e7\u00e3o perfeita, est\u00e1vel e dur\u00e1vel no tempo, absorvendo as cargas do revestimento e do vento e atendendo a todos os coeficientes de seguran\u00e7a estabelecidos.<\/p>\n<p>Os sistemas consistem num conjunto de perfis verticais que s\u00e3o ancorados \u00e0s lajes ou paredes por meio de suportes de nivelamento, libertando as paredes da fun\u00e7\u00e3o de suporte. S\u00e3o fixadas ancoragens de fixa\u00e7\u00e3o, que por sua vez suportam e transportam os esfor\u00e7os das placas de revestimento aos perfis.<br \/>\nComo regra b\u00e1sica de instala\u00e7\u00e3o, os perfis devem ser ancorados nos pisos de cada andar. Ancoragens interm\u00e9dias tamb\u00e9m devem ser aplicadas \u00e0s alvenarias. Se n\u00e3o for poss\u00edvel ancorar o perfil nas duas extremidades das lajes, ele deve pelo menos ser ancorado a uma das lajes de piso.<br \/>\nTodo o sistema resulta numa superf\u00edcie de revestimento plana afastada do topo das lajes de piso e\/ou da parede interna entre 4 e 15cm.<br \/>\nA fixa\u00e7\u00e3o ao piso deve ser feita por meio de parafusos expansivos, ou, se isso n\u00e3o for poss\u00edvel, por meio de uma fixa\u00e7\u00e3o qu\u00edmica composta por var\u00e3o roscado em a\u00e7o inoxid\u00e1vel e resina Ep\u00f3xi.<br \/>\nA cada seis metros de perfil colocado, deve ser deixada uma junta m\u00ednima de 20mm entre os perfis para acomodar movimentos de dilata\u00e7\u00e3o.<br \/>\nOs suportes de nivelamento s\u00e3o fixados ao perfil com parafusos.<br \/>\nEm pontos de suporte interm\u00e9dios, recomenda-se o uso de suportes de reten\u00e7\u00e3o fixados no perfil usando parafusos auto perfurantes. Os suportes de reten\u00e7\u00e3o t\u00eam um rasgo vertical que permite ao sistema absorver diferen\u00e7as resultantes de dilata\u00e7\u00e3o, bem como poss\u00edveis movimentos das lajes de piso devido ao assentamento do edif\u00edcio.[\/vc_column_text][\/vc_column][\/vc_row][vc_row][vc_column width=&#8221;1\/4&#8243;][vc_single_image image=&#8221;34904&#8243; img_size=&#8221;full&#8221; css=&#8221;&#8221; parallax_scroll=&#8221;no&#8221; woodmart_inline=&#8221;no&#8221;][\/vc_column][vc_column width=&#8221;3\/4&#8243;]\t\t<div id=\"wd-69832266ed762\" class=\"wd-text-block wd-wpb reset-last-child wd-rs-69832266ed762 text-left \">\r\n\t\t\t<h2>O sistema de fixa\u00e7\u00e3o de perfis CGK tem v\u00e1rias vantagens sobre os m\u00e9todos de fixa\u00e7\u00e3o pontuais:<\/h2>\n<div class=\" vc_custom_1592821916609\">\n<div id=\"text-block-14\" class=\"mk-text-block \">\n<p><strong>Execu\u00e7\u00e3o r\u00e1pida<\/strong>: gra\u00e7as ao uso de perfis, os custos de montagem s\u00e3o reduzidos.<br \/>\n\u2022\u00a0<strong>Est\u00e9tica<\/strong>: a possibilidade de escolher v\u00e1rios materiais e de diversas dimens\u00f5es.<br \/>\n\u2022\u00a0<strong>Leveza do sistema no revestimento.<\/strong><br \/>\n\u2022 Facilidade de instala\u00e7\u00e3o, independentemente das condi\u00e7\u00f5es clim\u00e1ticas.<br \/>\n\u2022\u00a0<strong>Baixa manuten\u00e7\u00e3o.<\/strong><br \/>\n\u2022 Excelente estabilidade do revestimento, sem risco de fissuras ou deslocamentos devido a disgrega\u00e7\u00e3o das placas de revestimento.<br \/>\n\u2022\u00a0<strong>Elevado isolamento t\u00e9rmico, as pontes t\u00e9rmicas s\u00e3o eliminadas.<\/strong><\/p>\n<p>Aus\u00eancia de perfura\u00e7\u00f5es nas paredes de alvenaria.<br \/>\n\u2022 Melhoria do isolamento ac\u00fastico.<br \/>\n\u2022 Planimetria perfeita da fachada.<br \/>\n\u2022 Elimina a condensa\u00e7\u00e3o da umidade.<br \/>\n\u2022 Limpeza dos elementos: o uso de argamassas \u00e9 eliminado.<br \/>\n\u2022 Seguran\u00e7a: os perfis s\u00e3o fixados diretamente no ch\u00e3o, a transmiss\u00e3o de cargas de placa em placa de revestimento \u00e9 eliminada, pois as fixa\u00e7\u00f5es s\u00e3o independentes.<br \/>\n\u2022 Fixa\u00e7\u00e3o e ajuste r\u00e1pidos das ancoragens ao perfil, gra\u00e7as ao seu inovador sistema de ancoragem.<br \/>\n\u2022 Cria\u00e7\u00e3o de um espa\u00e7o entre o revestimento e a parede, para acomodar instala\u00e7\u00f5es t\u00e9cnicas.<\/p>\n<\/div>\n<\/div>\n\t\t<\/div>\r\n\t\t[\/vc_column][\/vc_row][vc_row content_placement=&#8221;middle&#8221; woodmart_css_id=&#8221;69833059c889c&#8221; responsive_spacing=&#8221;eyJwYXJhbV90eXBlIjoid29vZG1hcnRfcmVzcG9uc2l2ZV9zcGFjaW5nIiwic2VsZWN0b3JfaWQiOiI2OTgzMzA1OWM4ODljIiwic2hvcnRjb2RlIjoidmNfcm93IiwiZGF0YSI6eyJ0YWJsZXQiOnt9LCJtb2JpbGUiOnt9fX0=&#8221; mobile_bg_img_hidden=&#8221;no&#8221; tablet_bg_img_hidden=&#8221;no&#8221; woodmart_parallax=&#8221;0&#8243; woodmart_gradient_switch=&#8221;no&#8221; woodmart_box_shadow=&#8221;no&#8221; wd_z_index=&#8221;no&#8221; woodmart_disable_overflow=&#8221;0&#8243; row_reverse_mobile=&#8221;0&#8243; row_reverse_tablet=&#8221;0&#8243;][vc_column]\t\t<div id=\"wd-69834b2548d07\" class=\"wd-text-block wd-wpb reset-last-child wd-rs-69834b2548d07 text-left \">\r\n\t\t\t<h2 style=\"text-align: center;\">Sistema de perfil vertical em \u201cU\u201d<\/h2>\n\t\t<\/div>\r\n\t\t[vc_single_image image=&#8221;34906&#8243; img_size=&#8221;full&#8221; alignment=&#8221;center&#8221; css=&#8221;&#8221; parallax_scroll=&#8221;no&#8221; woodmart_inline=&#8221;no&#8221;]\t\t<div id=\"wd-69834d1f66c40\" class=\"wd-text-block wd-wpb reset-last-child wd-rs-69834d1f66c40 text-left \">\r\n\t\t\t<p>Sistema de perfis verticais em U em a\u00e7o inoxid\u00e1vel. Perfis s\u00e3o fornecidos cortados no tamanho<br \/>\ne maquinados nos pontos em que devem ser unidos aos suportes.<br \/>\nAs ancoragens s\u00e3o fixadas ao perfil por um sistema de aperto, composto por um conjunto de parafusos com porca e uma arruela de aperto. Uma vez que o conjunto de ancoragens tenha sido colocado, ele desliza ao longo do perfil, facilitando o seu movimento para a posi\u00e7\u00e3o em que deve ser fixado. Dependendo do torque de aperto, o peso m\u00e1ximo permitido antes do deslizamento da ancoragem \u00e9 determinado na tabela de cargas da ancoragens. Por seguran\u00e7a, \u00e9 recomend\u00e1vel aplicar sempre o torque m\u00e1ximo de aperto (16,5mm) permitido pelo parafuso.<\/p>\n\t\t<\/div>\r\n\t\t\t\t<div id=\"wd-69834ba5ad15c\" class=\"wd-text-block wd-wpb reset-last-child wd-rs-69834ba5ad15c text-left \">\r\n\t\t\t<h2 style=\"text-align: center;\">Sistema de perfil Omega OR<\/h2>\n\t\t<\/div>\r\n\t\t[vc_single_image image=&#8221;34907&#8243; img_size=&#8221;full&#8221; alignment=&#8221;center&#8221; css=&#8221;&#8221; parallax_scroll=&#8221;no&#8221; woodmart_inline=&#8221;no&#8221;]\t\t<div id=\"wd-69832905c4810\" class=\"wd-text-block wd-wpb reset-last-child wd-rs-69832905c4810 text-left \">\r\n\t\t\t<p>Sistema de perfis verticais perfurados em forma de Omega. De dimens\u00f5es rigorosas atrav\u00e9s de controlo de qualidade.<br \/>\nPerfura\u00e7\u00e3o do orif\u00edcios rasgados de afastamento modelar nas abas permite marcar um parafuso ou passo de fixa\u00e7\u00e3o ao perfil. Por sua vez, as rasgos verticais do clipe de ancoragem, juntamente com a incorpora\u00e7\u00e3o de uma anilha antiderrapante, permitem que ele seja fixado ao perfil, conseguindo ajustes em qualquer posi\u00e7\u00e3o.<\/p>\n\t\t<\/div>\r\n\t\t\t\t<div id=\"wd-69834c9d58c20\" class=\"wd-text-block wd-wpb reset-last-child wd-rs-69834c9d58c20 text-left \">\r\n\t\t\t<h2 style=\"text-align: center;\">Sistema de perfil Omega OP<\/h2>\n\t\t<\/div>\r\n\t\t[vc_single_image image=&#8221;34908&#8243; img_size=&#8221;full&#8221; alignment=&#8221;center&#8221; css=&#8221;&#8221; parallax_scroll=&#8221;no&#8221; woodmart_inline=&#8221;no&#8221;]\t\t<div id=\"wd-69832bd83e7d6\" class=\"wd-text-block wd-wpb reset-last-child wd-rs-69832bd83e7d6 text-left \">\r\n\t\t\t<p>Novo sistema de perfura\u00e7\u00e3o vertical dos perfis Omega. Em f\u00e1brica, e atrav\u00e9s de um processo industrial e rigoroso, as abas do perfil Omega OP s\u00e3o perfuradas.<br \/>\nA perfura\u00e7\u00e3o modular com furos escalonados permite marcar facilmente a fixa\u00e7\u00e3o do perfil. Ao mesmo tempo, os furos rasgados das ancoragens multiplicam as poss\u00edveis posi\u00e7\u00f5es de uni\u00e3o entre a ancoragem e o perfil, conseguindo-se afina\u00e7\u00f5es milim\u00e9tricas.<\/p>\n\t\t<\/div>\r\n\t\t[\/vc_column][\/vc_row][vc_row][vc_column width=&#8221;1\/3&#8243;][vc_single_image image=&#8221;34909&#8243; img_size=&#8221;full&#8221; css=&#8221;&#8221; parallax_scroll=&#8221;no&#8221; woodmart_inline=&#8221;no&#8221;]\t\t<div id=\"wd-69832edd8f010\" class=\"wd-text-block wd-wpb reset-last-child wd-rs-69832edd8f010 text-left \">\r\n\t\t\t<h2>Esquadro de suporte<\/h2>\n\t\t<\/div>\r\n\t\t[\/vc_column][vc_column width=&#8221;1\/3&#8243;][vc_single_image image=&#8221;34910&#8243; img_size=&#8221;full&#8221; css=&#8221;&#8221; parallax_scroll=&#8221;no&#8221; woodmart_inline=&#8221;no&#8221;]\t\t<div id=\"wd-69832ef511ce1\" class=\"wd-text-block wd-wpb reset-last-child wd-rs-69832ef511ce1 text-left \">\r\n\t\t\t<h2>Esquadro de fixa\u00e7\u00e3o<\/h2>\n\t\t<\/div>\r\n\t\t[\/vc_column][vc_column width=&#8221;1\/3&#8243;][vc_single_image image=&#8221;34911&#8243; img_size=&#8221;full&#8221; css=&#8221;&#8221; parallax_scroll=&#8221;no&#8221; woodmart_inline=&#8221;no&#8221;]\t\t<div id=\"wd-69832f0039379\" class=\"wd-text-block wd-wpb reset-last-child wd-rs-69832f0039379 text-left \">\r\n\t\t\t<h2>Esquadro de nivelamento<\/h2>\n\t\t<\/div>\r\n\t\t[\/vc_column][\/vc_row][vc_row][vc_column]\t\t<div id=\"wd-69834d721a997\" class=\"wd-text-block wd-wpb reset-last-child wd-rs-69834d721a997 text-left \">\r\n\t\t\t<h2 style=\"text-align: center;\">Esquadros de afina\u00e7\u00e3o<\/h2>\n\t\t<\/div>\r\n\t\t[vc_single_image image=&#8221;34912&#8243; img_size=&#8221;full&#8221; alignment=&#8221;center&#8221; css=&#8221;&#8221; parallax_scroll=&#8221;no&#8221; woodmart_inline=&#8221;no&#8221;]\t\t<div id=\"wd-69832f4059a9e\" class=\"wd-text-block wd-wpb reset-last-child wd-rs-69832f4059a9e text-left \">\r\n\t\t\t<p>Fabricados em a\u00e7o inoxid\u00e1vel (AISI 304\/316, de acordo com as especifica\u00e7\u00f5es EN 10088-1 e EN 10088-2),fixados \u00e1 estrutura e\/ou \u00e1 alvenaria.<\/p>\n<p>Quando usados como suportes de carga, eles transmitem as cargas verticais da fachada diretamente para as lajes, sendo fixados por meio de ancoragens mec\u00e2nicas. Quando utilizados como suportes intermedi\u00e1rios, evitam a flex\u00e3o do perfil devido ao efeito do vento e s\u00e3o fixados com<br \/>\nparafusos com bucha de nylon e\/ou com buchas qu\u00edmicas.<br \/>\nO seu design torna a fixa\u00e7\u00e3o e o nivelamento dos perfis em obra, numa tarefa muito r\u00e1pida e simples.<\/p>\n\t\t<\/div>\r\n\t\t[\/vc_column][\/vc_row][vc_row][vc_column width=&#8221;1\/4&#8243;][vc_single_image image=&#8221;34913&#8243; img_size=&#8221;full&#8221; css=&#8221;&#8221; parallax_scroll=&#8221;no&#8221; woodmart_inline=&#8221;no&#8221;][\/vc_column][vc_column width=&#8221;3\/4&#8243;]\t\t<div id=\"wd-69832f6869f83\" class=\"wd-text-block wd-wpb reset-last-child wd-rs-69832f6869f83 text-left \">\r\n\t\t\t<h2>Suporte auxiliar do perfil<\/h2>\n<div class=\" vc_custom_1592825948014\">\n<div id=\"text-block-54\" class=\"mk-text-block \">\n<p>Fabricados em a\u00e7o inoxid\u00e1vel (AISI 304\/316, de acordo com as especifica\u00e7\u00f5es EN 10088-1 e EN 10088-2), s\u00e3o utilizados para fixar e suportar o perfil em zonas onde n\u00e3o h\u00e1 perfura\u00e7\u00f5es.<\/p>\n<\/div>\n<\/div>\n\t\t<\/div>\r\n\t\t[\/vc_column][\/vc_row]<\/p>\n<\/div>","protected":false},"excerpt":{"rendered":"<p><span style=\"color: #e46106;\"><strong><a style=\"color: #e46106;\" href=\"https:\/\/cortartec.net\/wp-content\/uploads\/2022\/04\/cortartec-sistema-de-fachadas-ventiladas-gk-pt.pdf\" target=\"_blank\" rel=\"noopener\">Ficha T\u00e9cnica<\/a><\/strong><\/span><br \/>\n<span style=\"color: #e46106;\"><strong><a style=\"color: #e46106;\" href=\"#\">DWG<\/a><\/strong><\/span><\/p>\n","protected":false},"featured_media":36714,"comment_status":"open","ping_status":"closed","template":"","meta":[],"product_brand":[],"product_cat":[336],"product_tag":[],"class_list":["post-36713","product","type-product","status-publish","has-post-thumbnail","product_cat-facades","first","instock","shipping-taxable","product-type-simple"],"yoast_head":"<!-- This site is optimized with the Yoast SEO plugin v28.4 - https:\/\/yoast.com\/product\/yoast-seo-wordpress\/ -->\n<title>Fachadas com sub estrutura - Cortartec | Equipamentos para a constru\u00e7\u00e3o civil<\/title>\n<meta name=\"robots\" content=\"index, follow, max-snippet:-1, max-image-preview:large, max-video-preview:-1\" \/>\n<link rel=\"canonical\" href=\"https:\/\/cortartec.net\/en\/produto\/fachadas-com-sub-estrutura\/\" \/>\n<meta property=\"og:locale\" content=\"en_US\" \/>\n<meta property=\"og:type\" content=\"article\" \/>\n<meta property=\"og:title\" content=\"Fachadas com sub estrutura - Cortartec | Equipamentos para a constru\u00e7\u00e3o civil\" \/>\n<meta property=\"og:description\" content=\"Ficha T\u00e9cnica DWG\" \/>\n<meta property=\"og:url\" content=\"https:\/\/cortartec.net\/en\/produto\/fachadas-com-sub-estrutura\/\" \/>\n<meta property=\"og:site_name\" content=\"Cortartec | Equipamentos para a constru\u00e7\u00e3o civil\" \/>\n<meta name=\"twitter:card\" content=\"summary_large_image\" \/>\n<meta name=\"twitter:label1\" content=\"Est. reading time\" \/>\n\t<meta name=\"twitter:data1\" content=\"10 minutes\" \/>\n<script type=\"application\/ld+json\" class=\"yoast-schema-graph\">{\"@context\":\"https:\\\/\\\/schema.org\",\"@graph\":[{\"@type\":\"WebPage\",\"@id\":\"https:\\\/\\\/cortartec.net\\\/en\\\/produto\\\/fachadas-com-sub-estrutura\\\/\",\"url\":\"https:\\\/\\\/cortartec.net\\\/en\\\/produto\\\/fachadas-com-sub-estrutura\\\/\",\"name\":\"Fachadas com sub estrutura - Cortartec | Equipamentos para a constru\u00e7\u00e3o civil\",\"isPartOf\":{\"@id\":\"https:\\\/\\\/cortartec.net\\\/en\\\/#website\"},\"primaryImageOfPage\":{\"@id\":\"https:\\\/\\\/cortartec.net\\\/en\\\/produto\\\/fachadas-com-sub-estrutura\\\/#primaryimage\"},\"image\":{\"@id\":\"https:\\\/\\\/cortartec.net\\\/en\\\/produto\\\/fachadas-com-sub-estrutura\\\/#primaryimage\"},\"thumbnailUrl\":\"https:\\\/\\\/cortartec.net\\\/wp-content\\\/uploads\\\/2026\\\/02\\\/imagem4-or28ed9aizn92nxkjyu8028qax3r7k072qldpp88ui.jpg\",\"datePublished\":\"2026-02-04T10:40:13+00:00\",\"breadcrumb\":{\"@id\":\"https:\\\/\\\/cortartec.net\\\/en\\\/produto\\\/fachadas-com-sub-estrutura\\\/#breadcrumb\"},\"inLanguage\":\"en-US\",\"potentialAction\":[{\"@type\":\"ReadAction\",\"target\":[\"https:\\\/\\\/cortartec.net\\\/en\\\/produto\\\/fachadas-com-sub-estrutura\\\/\"]}]},{\"@type\":\"ImageObject\",\"inLanguage\":\"en-US\",\"@id\":\"https:\\\/\\\/cortartec.net\\\/en\\\/produto\\\/fachadas-com-sub-estrutura\\\/#primaryimage\",\"url\":\"https:\\\/\\\/cortartec.net\\\/wp-content\\\/uploads\\\/2026\\\/02\\\/imagem4-or28ed9aizn92nxkjyu8028qax3r7k072qldpp88ui.jpg\",\"contentUrl\":\"https:\\\/\\\/cortartec.net\\\/wp-content\\\/uploads\\\/2026\\\/02\\\/imagem4-or28ed9aizn92nxkjyu8028qax3r7k072qldpp88ui.jpg\",\"width\":300,\"height\":225},{\"@type\":\"BreadcrumbList\",\"@id\":\"https:\\\/\\\/cortartec.net\\\/en\\\/produto\\\/fachadas-com-sub-estrutura\\\/#breadcrumb\",\"itemListElement\":[{\"@type\":\"ListItem\",\"position\":1,\"name\":\"In\u00edcio\",\"item\":\"https:\\\/\\\/cortartec.net\\\/en\\\/\"},{\"@type\":\"ListItem\",\"position\":2,\"name\":\"PRODUCTS\",\"item\":\"https:\\\/\\\/cortartec.net\\\/en\\\/products\\\/\"},{\"@type\":\"ListItem\",\"position\":3,\"name\":\"Fachadas com sub estrutura\"}]},{\"@type\":\"WebSite\",\"@id\":\"https:\\\/\\\/cortartec.net\\\/en\\\/#website\",\"url\":\"https:\\\/\\\/cortartec.net\\\/en\\\/\",\"name\":\"Cortartec | Equipamentos para a constru\u00e7\u00e3o civil\",\"description\":\"Engenharia Industrial\",\"potentialAction\":[{\"@type\":\"SearchAction\",\"target\":{\"@type\":\"EntryPoint\",\"urlTemplate\":\"https:\\\/\\\/cortartec.net\\\/en\\\/?s={search_term_string}\"},\"query-input\":{\"@type\":\"PropertyValueSpecification\",\"valueRequired\":true,\"valueName\":\"search_term_string\"}}],\"inLanguage\":\"en-US\"}]}<\/script>\n<!-- \/ Yoast SEO plugin. -->","yoast_head_json":{"title":"Fachadas com sub estrutura - Cortartec | Equipamentos para a constru\u00e7\u00e3o civil","robots":{"index":"index","follow":"follow","max-snippet":"max-snippet:-1","max-image-preview":"max-image-preview:large","max-video-preview":"max-video-preview:-1"},"canonical":"https:\/\/cortartec.net\/en\/produto\/fachadas-com-sub-estrutura\/","og_locale":"en_US","og_type":"article","og_title":"Fachadas com sub estrutura - Cortartec | Equipamentos para a constru\u00e7\u00e3o civil","og_description":"Ficha T\u00e9cnica DWG","og_url":"https:\/\/cortartec.net\/en\/produto\/fachadas-com-sub-estrutura\/","og_site_name":"Cortartec | Equipamentos para a constru\u00e7\u00e3o civil","twitter_card":"summary_large_image","twitter_misc":{"Est. reading time":"10 minutes"},"schema":{"@context":"https:\/\/schema.org","@graph":[{"@type":"WebPage","@id":"https:\/\/cortartec.net\/en\/produto\/fachadas-com-sub-estrutura\/","url":"https:\/\/cortartec.net\/en\/produto\/fachadas-com-sub-estrutura\/","name":"Fachadas com sub estrutura - Cortartec | Equipamentos para a constru\u00e7\u00e3o civil","isPartOf":{"@id":"https:\/\/cortartec.net\/en\/#website"},"primaryImageOfPage":{"@id":"https:\/\/cortartec.net\/en\/produto\/fachadas-com-sub-estrutura\/#primaryimage"},"image":{"@id":"https:\/\/cortartec.net\/en\/produto\/fachadas-com-sub-estrutura\/#primaryimage"},"thumbnailUrl":"https:\/\/cortartec.net\/wp-content\/uploads\/2026\/02\/imagem4-or28ed9aizn92nxkjyu8028qax3r7k072qldpp88ui.jpg","datePublished":"2026-02-04T10:40:13+00:00","breadcrumb":{"@id":"https:\/\/cortartec.net\/en\/produto\/fachadas-com-sub-estrutura\/#breadcrumb"},"inLanguage":"en-US","potentialAction":[{"@type":"ReadAction","target":["https:\/\/cortartec.net\/en\/produto\/fachadas-com-sub-estrutura\/"]}]},{"@type":"ImageObject","inLanguage":"en-US","@id":"https:\/\/cortartec.net\/en\/produto\/fachadas-com-sub-estrutura\/#primaryimage","url":"https:\/\/cortartec.net\/wp-content\/uploads\/2026\/02\/imagem4-or28ed9aizn92nxkjyu8028qax3r7k072qldpp88ui.jpg","contentUrl":"https:\/\/cortartec.net\/wp-content\/uploads\/2026\/02\/imagem4-or28ed9aizn92nxkjyu8028qax3r7k072qldpp88ui.jpg","width":300,"height":225},{"@type":"BreadcrumbList","@id":"https:\/\/cortartec.net\/en\/produto\/fachadas-com-sub-estrutura\/#breadcrumb","itemListElement":[{"@type":"ListItem","position":1,"name":"In\u00edcio","item":"https:\/\/cortartec.net\/en\/"},{"@type":"ListItem","position":2,"name":"PRODUCTS","item":"https:\/\/cortartec.net\/en\/products\/"},{"@type":"ListItem","position":3,"name":"Fachadas com sub estrutura"}]},{"@type":"WebSite","@id":"https:\/\/cortartec.net\/en\/#website","url":"https:\/\/cortartec.net\/en\/","name":"Cortartec | Equipamentos para a constru\u00e7\u00e3o civil","description":"Engenharia Industrial","potentialAction":[{"@type":"SearchAction","target":{"@type":"EntryPoint","urlTemplate":"https:\/\/cortartec.net\/en\/?s={search_term_string}"},"query-input":{"@type":"PropertyValueSpecification","valueRequired":true,"valueName":"search_term_string"}}],"inLanguage":"en-US"}]}},"_links":{"self":[{"href":"https:\/\/cortartec.net\/en\/wp-json\/wp\/v2\/product\/36713","targetHints":{"allow":["GET"]}}],"collection":[{"href":"https:\/\/cortartec.net\/en\/wp-json\/wp\/v2\/product"}],"about":[{"href":"https:\/\/cortartec.net\/en\/wp-json\/wp\/v2\/types\/product"}],"replies":[{"embeddable":true,"href":"https:\/\/cortartec.net\/en\/wp-json\/wp\/v2\/comments?post=36713"}],"wp:featuredmedia":[{"embeddable":true,"href":"https:\/\/cortartec.net\/en\/wp-json\/wp\/v2\/media\/36714"}],"wp:attachment":[{"href":"https:\/\/cortartec.net\/en\/wp-json\/wp\/v2\/media?parent=36713"}],"wp:term":[{"taxonomy":"product_brand","embeddable":true,"href":"https:\/\/cortartec.net\/en\/wp-json\/wp\/v2\/product_brand?post=36713"},{"taxonomy":"product_cat","embeddable":true,"href":"https:\/\/cortartec.net\/en\/wp-json\/wp\/v2\/product_cat?post=36713"},{"taxonomy":"product_tag","embeddable":true,"href":"https:\/\/cortartec.net\/en\/wp-json\/wp\/v2\/product_tag?post=36713"}],"curies":[{"name":"wp","href":"https:\/\/api.w.org\/{rel}","templated":true}]}}