{"id":36291,"date":"2026-02-20T09:55:28","date_gmt":"2026-02-20T09:55:28","guid":{"rendered":"https:\/\/cortartec.net\/produto\/juntas-de-dilatacao-para-fachadas\/"},"modified":"2026-05-14T10:06:49","modified_gmt":"2026-05-14T10:06:49","slug":"juntas-de-dilatacion-para-fachadas","status":"publish","type":"product","link":"https:\/\/cortartec.net\/es\/produto\/juntas-de-dilatacion-para-fachadas\/","title":{"rendered":"Juntas de dilataci\u00f3n para fachadas"},"content":{"rendered":"<div class=\"wpb-content-wrapper\"><p>[vc_row][vc_column][vc_column_text css=\u00bb\u00bb woodmart_inline=\u00bbno\u00bb text_larger=\u00bbno\u00bb]Las juntas de dilataci\u00f3n para paredes y fachadas est\u00e1n dise\u00f1adas para rematar y sellar paredes exteriores. Ofrecemos una amplia variedad de juntas de dilataci\u00f3n para paredes y fachadas que pueden fijarse mec\u00e1nicamente o, en algunos casos, con yeso durante la construcci\u00f3n o la reforma de la estructura. Las juntas de dilataci\u00f3n que se ofrecen en esta categor\u00eda son compatibles con nuestras juntas de protecci\u00f3n contra incendios o con nuestros complementos de sellado (sellador Vedaflexsil, membrana EPDM).[\/vc_column_text][\/vc_column][\/vc_row][vc_row][vc_column width=\u00bb1\/4&#8243;][vc_single_image image=\u00bb37451&#8243; img_size=\u00bbfull\u00bb alignment=\u00bbcenter\u00bb css=\u00bb\u00bb parallax_scroll=\u00bbno\u00bb woodmart_inline=\u00bbno\u00bb][\/vc_column][vc_column width=\u00bb3\/4&#8243;]\t\t<div id=\"wd-6a059e6cde53e\" class=\"wd-text-block wd-wpb reset-last-child wd-rs-6a059e6cde53e text-left \">\r\n\t\t\t<p>Junta de dilataci\u00f3n totalmente de aluminio. Para paredes y techos, compuesta por \u00e1ngulos de aluminio preperforados y una pieza central que absorbe amplios movimientos multidireccionales. Se ofrece una membrana impermeabilizante como opci\u00f3n. Especialmente indicada para acabados de calidad y para juntas de gran tama\u00f1o con movimientos s\u00edsmicos importantes o sin ellos.<\/p>\n<p><strong>Aplicaci\u00f3n:<\/strong> Para juntas verticales de fachada, con una abertura de hasta 200 mm. (tama\u00f1os mayores disponibles bajo consulta).<\/p>\n<p><strong>Acabados y piezas especiales:<\/strong> Modelo plano (COR JDV 4.02) y en \u00e1ngulo (COR JDV 4.02 A). Piezas de aluminio anodizado. Compatible con los sellados de suelo s\u00edsmicos.<\/p>\n<p><strong>Material:<\/strong> Aluminio <strong>Color:<\/strong> Natural, colores RAL <strong>Modelo:<\/strong> angular y plano<\/p>\n\t\t<\/div>\r\n\t\t[\/vc_column][\/vc_row][vc_row][vc_column width=\u00bb1\/4&#8243;][vc_single_image image=\u00bb37452&#8243; img_size=\u00bbfull\u00bb alignment=\u00bbcenter\u00bb css=\u00bb\u00bb parallax_scroll=\u00bbno\u00bb woodmart_inline=\u00bbno\u00bb][\/vc_column][vc_column width=\u00bb3\/4&#8243;]\t\t<div id=\"wd-6a059e9100d51\" class=\"wd-text-block wd-wpb reset-last-child wd-rs-6a059e9100d51 text-left \">\r\n\t\t\t<p>Junta de dilataci\u00f3n vertical para fachadas, paredes y techos, compuesta por dos perfiles de acero galvanizado preperforados y un inserto flexible intercambiable para absorber peque\u00f1os movimientos multidireccionales. Especialmente adaptada para la instalaci\u00f3n de yeso.<\/p>\n<p><strong>Uso:<\/strong> Para juntas verticales de paredes y techos con una abertura de hasta 50 mm. Pr\u00e1ctica y f\u00e1cil de instalar.<\/p>\n<p><strong>Acabados y piezas especiales:<\/strong> Modelos planos y en \u00e1ngulo. Inserto en negro, gris o blanquecino.<\/p>\n<p><strong>Material:<\/strong> Acero galvanizado nitr\u00edlico <strong> Color:<\/strong> Negro, gris y colores RAL <strong>Modelo:<\/strong> en \u00e1ngulo y plano<\/p>\n\t\t<\/div>\r\n\t\t[\/vc_column][\/vc_row][vc_row][vc_column width=\u00bb1\/4&#8243;][vc_single_image image=\u00bb37453&#8243; img_size=\u00bbfull\u00bb alignment=\u00bbcenter\u00bb css=\u00bb\u00bb parallax_scroll=\u00bbno\u00bb woodmart_inline=\u00bbno\u00bb][\/vc_column][vc_column width=\u00bb3\/4&#8243;]\t\t<div id=\"wd-69983093bed77\" class=\"wd-text-block wd-wpb reset-last-child wd-rs-69983093bed77 text-left \">\r\n\t\t\t<p>Junta de dilata\u00e7\u00e3o para fachadas, paredes e tetos compostos por \u00e2ngulos de alum\u00ednio e uma pastilha. Os \u00e2ngulos laterais s\u00e3o cobertos com espuma celular que compensa as irregularidades da superf\u00edcie. O inserto central intercambi\u00e1vel absorve grandes movimentos multidirecionais. Junta particularmente adequada para grandes aberturas com grandes movimentos s\u00edsmicos.<\/p>\n<p><strong>Utiliza\u00e7\u00e3o:<\/strong>\u00a0Para juntas verticais de fachadas, paredes e tetos at\u00e9 350 mm de abertura. Conveniente e f\u00e1cil de instalar.<\/p>\n<p><strong>Acabamentos e pe\u00e7as especiais:<\/strong>\u00a0Modelo com asas invis\u00edveis coladas no interior da junta (DE). Inser\u00e7\u00e3o preta ou cinza. Outras cores RAL s\u00e3o poss\u00edveis mediante solicita\u00e7\u00e3o.<\/p>\n<p><strong>Material:<\/strong>\u00a0Alum\u00ednio nitr\u00edlico\u00a0<strong>\u00a0Cor:<\/strong>\u00a0Preto,cinza e cores RAL\u00a0\u00a0<strong>Modelo:<\/strong>\u00a0\u00e2ngulo e plano<\/p>\n\t\t<\/div>\r\n\t\t[\/vc_column][\/vc_row][vc_row][vc_column width=\u00bb1\/4&#8243;][vc_single_image image=\u00bb37454&#8243; img_size=\u00bbfull\u00bb alignment=\u00bbcenter\u00bb css=\u00bb\u00bb parallax_scroll=\u00bbno\u00bb woodmart_inline=\u00bbno\u00bb][\/vc_column][vc_column width=\u00bb3\/4&#8243;]\t\t<div id=\"wd-6a059e9b077d7\" class=\"wd-text-block wd-wpb reset-last-child wd-rs-6a059e9b077d7 text-left \">\r\n\t\t\t<p>La serie COR JDV 4.08 ha sido dise\u00f1ada especialmente para el tratamiento de juntas de dilataci\u00f3n en edificios con aislamiento exterior. Consta de: \u2013 una malla de fibra para una perfecta adhesi\u00f3n al revestimiento y un f\u00e1cil posicionamiento, \u2013 una membrana de nitrilo para garantizar la estanqueidad del sistema, \u2013 una cubierta de perfiles de cierre de PVC resistentes a los rayos UV.<\/p>\n<p><strong>Aplicaci\u00f3n:<\/strong> Para juntas verticales de fachadas de hasta 30 mm de apertura. Son perfectamente compatibles con nuestra gama de selladores de protecci\u00f3n cortafuegos.<\/p>\n<p><strong>Acabados y piezas especiales:<\/strong> Est\u00e1ndar y \u00e1ngulo plano. \u00c1ngulos blancos e inserci\u00f3n. Otros colores RAL disponibles bajo pedido.<\/p>\n<p><strong>Material:<\/strong> PVC nitr\u00edlico <strong>Color:<\/strong> Blanco <strong>Modelo:<\/strong> angular y plano<\/p>\n\t\t<\/div>\r\n\t\t[\/vc_column][\/vc_row][vc_row][vc_column width=\u00bb1\/4&#8243;][vc_single_image image=\u00bb37455&#8243; img_size=\u00bbfull\u00bb alignment=\u00bbcenter\u00bb css=\u00bb\u00bb parallax_scroll=\u00bbno\u00bb woodmart_inline=\u00bbno\u00bb][\/vc_column][vc_column width=\u00bb3\/4&#8243;]\t\t<div id=\"wd-6a059ea4b40dd\" class=\"wd-text-block wd-wpb reset-last-child wd-rs-6a059ea4b40dd text-left \">\r\n\t\t\t<p>Junta de dilataci\u00f3n vertical met\u00e1lica para estaciones, aeropuertos, centros comerciales\u2026 Estos modelos constan de resortes que permiten grandes movimientos s\u00edsmicos.<\/p>\n<p>Junta de dilataci\u00f3n especial para grandes movimientos s\u00edsmicos<br \/>\n<strong>Instalaci\u00f3n vertical:<\/strong> fachada, pared y techo<br \/>\nPara abrir juntas de 50 a 200 mm<\/p>\n<p><strong>Material:<\/strong> Aluminio <strong>Color:<\/strong> Natural, colores RAL <strong>Modelo:<\/strong> angular y plano<\/p>\n\t\t<\/div>\r\n\t\t[\/vc_column][\/vc_row]<\/p>\n<\/div>","protected":false},"excerpt":{"rendered":"<p><span style=\"color: #e46106;\"><strong><a style=\"color: #e46106;\" href=\"https:\/\/cortartec.net\/wp-content\/uploads\/2021\/07\/catalogo-juntas-dilatacao-geral-pt.pdf\" target=\"_blank\" rel=\"noopener\">Ficha T\u00e9cnica<\/a><\/strong><\/span><br \/>\n<span style=\"color: #e46106;\"><strong><a style=\"color: #e46106;\" href=\"#\">DWG<\/a><\/strong><\/span><\/p>\n","protected":false},"featured_media":36292,"comment_status":"open","ping_status":"closed","template":"","meta":[],"product_brand":[],"product_cat":[317],"product_tag":[],"class_list":["post-36291","product","type-product","status-publish","has-post-thumbnail","product_cat-juntas-de-expansion","first","instock","shipping-taxable","product-type-simple"],"yoast_head":"<!-- This site is optimized with the Yoast SEO plugin v28.4 - https:\/\/yoast.com\/product\/yoast-seo-wordpress\/ -->\n<title>Juntas de dilataci\u00f3n para fachadas - Cortartec | Equipamentos para a constru\u00e7\u00e3o civil<\/title>\n<meta name=\"robots\" content=\"index, follow, max-snippet:-1, max-image-preview:large, max-video-preview:-1\" \/>\n<link rel=\"canonical\" href=\"https:\/\/cortartec.net\/es\/produto\/juntas-de-dilatacion-para-fachadas\/\" \/>\n<meta property=\"og:locale\" content=\"es_ES\" \/>\n<meta property=\"og:type\" content=\"article\" \/>\n<meta property=\"og:title\" content=\"Juntas de dilataci\u00f3n para fachadas - Cortartec | Equipamentos para a constru\u00e7\u00e3o civil\" \/>\n<meta property=\"og:description\" content=\"Ficha T\u00e9cnica DWG\" \/>\n<meta property=\"og:url\" content=\"https:\/\/cortartec.net\/es\/produto\/juntas-de-dilatacion-para-fachadas\/\" \/>\n<meta property=\"og:site_name\" content=\"Cortartec | Equipamentos para a constru\u00e7\u00e3o civil\" \/>\n<meta property=\"article:modified_time\" content=\"2026-05-14T10:06:49+00:00\" \/>\n<meta property=\"og:image\" content=\"https:\/\/cortartec.net\/wp-content\/uploads\/2026\/02\/imagem12-oduykf2y4r4hjlerzzfs9e9365pvz8itlqwf28af9m.png\" \/>\n\t<meta property=\"og:image:width\" content=\"300\" \/>\n\t<meta property=\"og:image:height\" content=\"225\" \/>\n\t<meta property=\"og:image:type\" content=\"image\/png\" \/>\n<meta name=\"twitter:card\" content=\"summary_large_image\" \/>\n<meta name=\"twitter:label1\" content=\"Tiempo de lectura\" \/>\n\t<meta name=\"twitter:data1\" content=\"5 minutos\" \/>\n<script type=\"application\/ld+json\" class=\"yoast-schema-graph\">{\"@context\":\"https:\\\/\\\/schema.org\",\"@graph\":[{\"@type\":\"WebPage\",\"@id\":\"https:\\\/\\\/cortartec.net\\\/es\\\/produto\\\/juntas-de-dilatacion-para-fachadas\\\/\",\"url\":\"https:\\\/\\\/cortartec.net\\\/es\\\/produto\\\/juntas-de-dilatacion-para-fachadas\\\/\",\"name\":\"Juntas de dilataci\u00f3n para fachadas - Cortartec | Equipamentos para a constru\u00e7\u00e3o civil\",\"isPartOf\":{\"@id\":\"https:\\\/\\\/cortartec.net\\\/es\\\/#website\"},\"primaryImageOfPage\":{\"@id\":\"https:\\\/\\\/cortartec.net\\\/es\\\/produto\\\/juntas-de-dilatacion-para-fachadas\\\/#primaryimage\"},\"image\":{\"@id\":\"https:\\\/\\\/cortartec.net\\\/es\\\/produto\\\/juntas-de-dilatacion-para-fachadas\\\/#primaryimage\"},\"thumbnailUrl\":\"https:\\\/\\\/cortartec.net\\\/wp-content\\\/uploads\\\/2026\\\/02\\\/imagem12-oduykf2y4r4hjlerzzfs9e9365pvz8itlqwf28af9m.png\",\"datePublished\":\"2026-02-20T09:55:28+00:00\",\"dateModified\":\"2026-05-14T10:06:49+00:00\",\"breadcrumb\":{\"@id\":\"https:\\\/\\\/cortartec.net\\\/es\\\/produto\\\/juntas-de-dilatacion-para-fachadas\\\/#breadcrumb\"},\"inLanguage\":\"es\",\"potentialAction\":[{\"@type\":\"ReadAction\",\"target\":[\"https:\\\/\\\/cortartec.net\\\/es\\\/produto\\\/juntas-de-dilatacion-para-fachadas\\\/\"]}]},{\"@type\":\"ImageObject\",\"inLanguage\":\"es\",\"@id\":\"https:\\\/\\\/cortartec.net\\\/es\\\/produto\\\/juntas-de-dilatacion-para-fachadas\\\/#primaryimage\",\"url\":\"https:\\\/\\\/cortartec.net\\\/wp-content\\\/uploads\\\/2026\\\/02\\\/imagem12-oduykf2y4r4hjlerzzfs9e9365pvz8itlqwf28af9m.png\",\"contentUrl\":\"https:\\\/\\\/cortartec.net\\\/wp-content\\\/uploads\\\/2026\\\/02\\\/imagem12-oduykf2y4r4hjlerzzfs9e9365pvz8itlqwf28af9m.png\",\"width\":300,\"height\":225},{\"@type\":\"BreadcrumbList\",\"@id\":\"https:\\\/\\\/cortartec.net\\\/es\\\/produto\\\/juntas-de-dilatacion-para-fachadas\\\/#breadcrumb\",\"itemListElement\":[{\"@type\":\"ListItem\",\"position\":1,\"name\":\"In\u00edcio\",\"item\":\"https:\\\/\\\/cortartec.net\\\/es\\\/\"},{\"@type\":\"ListItem\",\"position\":2,\"name\":\"PRODUCTOS\",\"item\":\"https:\\\/\\\/cortartec.net\\\/es\\\/productos\\\/\"},{\"@type\":\"ListItem\",\"position\":3,\"name\":\"Juntas de dilataci\u00f3n para fachadas\"}]},{\"@type\":\"WebSite\",\"@id\":\"https:\\\/\\\/cortartec.net\\\/es\\\/#website\",\"url\":\"https:\\\/\\\/cortartec.net\\\/es\\\/\",\"name\":\"Cortartec | Equipamentos para a constru\u00e7\u00e3o civil\",\"description\":\"Engenharia Industrial\",\"potentialAction\":[{\"@type\":\"SearchAction\",\"target\":{\"@type\":\"EntryPoint\",\"urlTemplate\":\"https:\\\/\\\/cortartec.net\\\/es\\\/?s={search_term_string}\"},\"query-input\":{\"@type\":\"PropertyValueSpecification\",\"valueRequired\":true,\"valueName\":\"search_term_string\"}}],\"inLanguage\":\"es\"}]}<\/script>\n<!-- \/ Yoast SEO plugin. -->","yoast_head_json":{"title":"Juntas de dilataci\u00f3n para fachadas - Cortartec | Equipamentos para a constru\u00e7\u00e3o civil","robots":{"index":"index","follow":"follow","max-snippet":"max-snippet:-1","max-image-preview":"max-image-preview:large","max-video-preview":"max-video-preview:-1"},"canonical":"https:\/\/cortartec.net\/es\/produto\/juntas-de-dilatacion-para-fachadas\/","og_locale":"es_ES","og_type":"article","og_title":"Juntas de dilataci\u00f3n para fachadas - Cortartec | Equipamentos para a constru\u00e7\u00e3o civil","og_description":"Ficha T\u00e9cnica DWG","og_url":"https:\/\/cortartec.net\/es\/produto\/juntas-de-dilatacion-para-fachadas\/","og_site_name":"Cortartec | Equipamentos para a constru\u00e7\u00e3o civil","article_modified_time":"2026-05-14T10:06:49+00:00","og_image":[{"width":300,"height":225,"url":"https:\/\/cortartec.net\/wp-content\/uploads\/2026\/02\/imagem12-oduykf2y4r4hjlerzzfs9e9365pvz8itlqwf28af9m.png","type":"image\/png"}],"twitter_card":"summary_large_image","twitter_misc":{"Tiempo de lectura":"5 minutos"},"schema":{"@context":"https:\/\/schema.org","@graph":[{"@type":"WebPage","@id":"https:\/\/cortartec.net\/es\/produto\/juntas-de-dilatacion-para-fachadas\/","url":"https:\/\/cortartec.net\/es\/produto\/juntas-de-dilatacion-para-fachadas\/","name":"Juntas de dilataci\u00f3n para fachadas - Cortartec | Equipamentos para a constru\u00e7\u00e3o civil","isPartOf":{"@id":"https:\/\/cortartec.net\/es\/#website"},"primaryImageOfPage":{"@id":"https:\/\/cortartec.net\/es\/produto\/juntas-de-dilatacion-para-fachadas\/#primaryimage"},"image":{"@id":"https:\/\/cortartec.net\/es\/produto\/juntas-de-dilatacion-para-fachadas\/#primaryimage"},"thumbnailUrl":"https:\/\/cortartec.net\/wp-content\/uploads\/2026\/02\/imagem12-oduykf2y4r4hjlerzzfs9e9365pvz8itlqwf28af9m.png","datePublished":"2026-02-20T09:55:28+00:00","dateModified":"2026-05-14T10:06:49+00:00","breadcrumb":{"@id":"https:\/\/cortartec.net\/es\/produto\/juntas-de-dilatacion-para-fachadas\/#breadcrumb"},"inLanguage":"es","potentialAction":[{"@type":"ReadAction","target":["https:\/\/cortartec.net\/es\/produto\/juntas-de-dilatacion-para-fachadas\/"]}]},{"@type":"ImageObject","inLanguage":"es","@id":"https:\/\/cortartec.net\/es\/produto\/juntas-de-dilatacion-para-fachadas\/#primaryimage","url":"https:\/\/cortartec.net\/wp-content\/uploads\/2026\/02\/imagem12-oduykf2y4r4hjlerzzfs9e9365pvz8itlqwf28af9m.png","contentUrl":"https:\/\/cortartec.net\/wp-content\/uploads\/2026\/02\/imagem12-oduykf2y4r4hjlerzzfs9e9365pvz8itlqwf28af9m.png","width":300,"height":225},{"@type":"BreadcrumbList","@id":"https:\/\/cortartec.net\/es\/produto\/juntas-de-dilatacion-para-fachadas\/#breadcrumb","itemListElement":[{"@type":"ListItem","position":1,"name":"In\u00edcio","item":"https:\/\/cortartec.net\/es\/"},{"@type":"ListItem","position":2,"name":"PRODUCTOS","item":"https:\/\/cortartec.net\/es\/productos\/"},{"@type":"ListItem","position":3,"name":"Juntas de dilataci\u00f3n para fachadas"}]},{"@type":"WebSite","@id":"https:\/\/cortartec.net\/es\/#website","url":"https:\/\/cortartec.net\/es\/","name":"Cortartec | Equipamentos para a constru\u00e7\u00e3o civil","description":"Engenharia Industrial","potentialAction":[{"@type":"SearchAction","target":{"@type":"EntryPoint","urlTemplate":"https:\/\/cortartec.net\/es\/?s={search_term_string}"},"query-input":{"@type":"PropertyValueSpecification","valueRequired":true,"valueName":"search_term_string"}}],"inLanguage":"es"}]}},"_links":{"self":[{"href":"https:\/\/cortartec.net\/es\/wp-json\/wp\/v2\/product\/36291","targetHints":{"allow":["GET"]}}],"collection":[{"href":"https:\/\/cortartec.net\/es\/wp-json\/wp\/v2\/product"}],"about":[{"href":"https:\/\/cortartec.net\/es\/wp-json\/wp\/v2\/types\/product"}],"replies":[{"embeddable":true,"href":"https:\/\/cortartec.net\/es\/wp-json\/wp\/v2\/comments?post=36291"}],"wp:featuredmedia":[{"embeddable":true,"href":"https:\/\/cortartec.net\/es\/wp-json\/wp\/v2\/media\/36292"}],"wp:attachment":[{"href":"https:\/\/cortartec.net\/es\/wp-json\/wp\/v2\/media?parent=36291"}],"wp:term":[{"taxonomy":"product_brand","embeddable":true,"href":"https:\/\/cortartec.net\/es\/wp-json\/wp\/v2\/product_brand?post=36291"},{"taxonomy":"product_cat","embeddable":true,"href":"https:\/\/cortartec.net\/es\/wp-json\/wp\/v2\/product_cat?post=36291"},{"taxonomy":"product_tag","embeddable":true,"href":"https:\/\/cortartec.net\/es\/wp-json\/wp\/v2\/product_tag?post=36291"}],"curies":[{"name":"wp","href":"https:\/\/api.w.org\/{rel}","templated":true}]}}