{"id":36333,"date":"2026-02-18T13:23:11","date_gmt":"2026-02-18T13:23:11","guid":{"rendered":"https:\/\/cortartec.net\/produto\/preenchimento-de-juntas\/"},"modified":"2026-05-14T13:33:12","modified_gmt":"2026-05-14T13:33:12","slug":"relleno-de-juntas","status":"publish","type":"product","link":"https:\/\/cortartec.net\/es\/produto\/relleno-de-juntas\/","title":{"rendered":"Relleno de juntas"},"content":{"rendered":"<div class=\"wpb-content-wrapper\"><p>[vc_row][vc_column][vc_column_text css=\u00bb\u00bb woodmart_inline=\u00bbno\u00bb text_larger=\u00bbno\u00bb]<\/p>\n<h3><strong>Sellado f\u00e1cil y econ\u00f3mico de juntas verticales y horizontales, tanto en interiores como en exteriores.<\/strong><\/h3>\n<p>Solucionan muchas de las condiciones de aplicaci\u00f3n, como la resistencia a aceites y betunes, grandes movimientos a temperaturas extremas, resistencia al fuego y seguridad fisiol\u00f3gica. Los perfiles <strong>COR 500<\/strong> se fabrican a partir de materias primas seleccionadas de acuerdo con las normas DIN 7865, ASTM D638 y ASTM D746.<\/p>\n<p>Los perfiles de sellado se fabrican de acuerdo con la norma DIN 18541: alargamiento a la rotura &gt; 350 %, excelente resistencia a los productos qu\u00edmicos y al envejecimiento, elasticidad equivalente a la del caucho natural. Disponibles en negro y gris. Otros colores disponibles seg\u00fan la carta de colores RAL o mediante muestra espec\u00edfica.<\/p>\n<h3><strong>PERFILES PARA SELLAR JUNTAS <\/strong><\/h3>\n<p>Sellado resiliente empotrado (que puede encolarse) para un sellado r\u00e1pido y econ\u00f3mico de juntas verticales y horizontales, interiores o exteriores. Los perfiles tienen una parte superior en forma de \u00absombrero\u00bb, lo que garantiza una buena cobertura y oculta los defectos que puedan presentar los bordes de la junta. Para juntas de dilataci\u00f3n, juntas entre elementos prefabricados, juntas entre mamposter\u00eda, etc.<\/p>\n<p>Se utiliza en ambientes cerrados y al aire libre en suelos, paredes y techos. Son totalmente compatibles con nuestros cordones cortafuegos Vedafeu C, N y mantas Vedafeu M.<\/p>\n<p>Los perfiles est\u00e1n fabricados en caucho n\u00edtrico seg\u00fan la norma DIN 18541, caracterizado por una elongaci\u00f3n Con una elongaci\u00f3n a la rotura superior al 350 %, ofrecen una excelente resistencia a los agentes qu\u00edmicos y al envejecimiento, comparable a la elasticidad del caucho natural. Son m\u00e1s autoextinguibles y no propagan el fuego en caso de incendio. Dependiendo de las condiciones espec\u00edficas de aplicaci\u00f3n, presentan una excelente resistencia a los aceites y betunes, as\u00ed como al desgaste a temperaturas extremas y al riesgo de incendio; son fisiol\u00f3gicamente seguros y los perfiles se fabrican a partir de materiales muy espec\u00edficos. Disponible en rollos de 25 m en colores negro o gris. Tambi\u00e9n en todos los colores RAL o seg\u00fan una muestra espec\u00edfica. Tambi\u00e9n disponible en perfiles angulares.[\/vc_column_text][\/vc_column][\/vc_row][vc_row][vc_column width=\u00bb1\/4&#8243;][vc_single_image image=\u00bb37609&#8243; img_size=\u00bbfull\u00bb alignment=\u00bbcenter\u00bb css=\u00bb\u00bb parallax_scroll=\u00bbno\u00bb woodmart_inline=\u00bbno\u00bb][\/vc_column][vc_column width=\u00bb1\/4&#8243;][vc_single_image image=\u00bb37610&#8243; img_size=\u00bbfull\u00bb alignment=\u00bbcenter\u00bb css=\u00bb\u00bb parallax_scroll=\u00bbno\u00bb woodmart_inline=\u00bbno\u00bb][\/vc_column][vc_column width=\u00bb1\/4&#8243;][vc_single_image image=\u00bb37611&#8243; img_size=\u00bbfull\u00bb alignment=\u00bbcenter\u00bb css=\u00bb\u00bb parallax_scroll=\u00bbno\u00bb woodmart_inline=\u00bbno\u00bb][\/vc_column][vc_column width=\u00bb1\/4&#8243;][vc_single_image image=\u00bb37612&#8243; img_size=\u00bbfull\u00bb alignment=\u00bbcenter\u00bb css=\u00bb\u00bb parallax_scroll=\u00bbno\u00bb woodmart_inline=\u00bbno\u00bb][\/vc_column][\/vc_row][vc_row][vc_column width=\u00bb1\/4&#8243;][vc_single_image image=\u00bb37613&#8243; img_size=\u00bbfull\u00bb alignment=\u00bbcenter\u00bb css=\u00bb\u00bb parallax_scroll=\u00bbno\u00bb woodmart_inline=\u00bbno\u00bb][\/vc_column][vc_column width=\u00bb1\/4&#8243;][vc_single_image image=\u00bb37614&#8243; img_size=\u00bbfull\u00bb alignment=\u00bbcenter\u00bb css=\u00bb\u00bb parallax_scroll=\u00bbno\u00bb woodmart_inline=\u00bbno\u00bb][\/vc_column][vc_column width=\u00bb1\/4&#8243;][vc_single_image image=\u00bb37615&#8243; img_size=\u00bbfull\u00bb alignment=\u00bbcenter\u00bb css=\u00bb\u00bb parallax_scroll=\u00bbno\u00bb woodmart_inline=\u00bbno\u00bb][\/vc_column][vc_column width=\u00bb1\/4&#8243;][vc_single_image image=\u00bb37616&#8243; img_size=\u00bbfull\u00bb alignment=\u00bbcenter\u00bb css=\u00bb\u00bb parallax_scroll=\u00bbno\u00bb woodmart_inline=\u00bbno\u00bb][\/vc_column][\/vc_row][vc_row][vc_column width=\u00bb1\/4&#8243;][vc_single_image image=\u00bb37617&#8243; img_size=\u00bbfull\u00bb alignment=\u00bbcenter\u00bb css=\u00bb\u00bb parallax_scroll=\u00bbno\u00bb woodmart_inline=\u00bbno\u00bb][\/vc_column][vc_column width=\u00bb1\/4&#8243;][vc_single_image image=\u00bb37618&#8243; img_size=\u00bbfull\u00bb alignment=\u00bbcenter\u00bb css=\u00bb\u00bb parallax_scroll=\u00bbno\u00bb woodmart_inline=\u00bbno\u00bb][\/vc_column][vc_column width=\u00bb1\/4&#8243;][vc_single_image image=\u00bb37619&#8243; img_size=\u00bbfull\u00bb alignment=\u00bbcenter\u00bb css=\u00bb\u00bb parallax_scroll=\u00bbno\u00bb woodmart_inline=\u00bbno\u00bb][\/vc_column][vc_column width=\u00bb1\/4&#8243;][\/vc_column][\/vc_row][vc_row][vc_column width=\u00bb2\/4&#8243;]\t\t<div id=\"wd-6a05cf0985121\" class=\"wd-text-block wd-wpb reset-last-child wd-rs-6a05cf0985121 text-left \">\r\n\t\t\t<p>Gama est\u00e1ndar para juntas con una abertura inicial de 100 a 560 mm. Posibilidad de anchos personalizados.<\/p>\n<p><strong>Longitud del<\/strong> <strong>rollo:<\/strong> 15 m<\/p>\n<p><strong>Colores disponibles: <\/strong>Negro, gris y crema<\/p>\n<p><strong>Aplicaciones: <\/strong>Para juntas de dilataci\u00f3n, juntas entre elementos prefabricados, juntas entre mamposter\u00eda, etc. Se pueden utilizar tanto en interiores como en exteriores, en suelos (sin tr\u00e1fico), paredes y techos. Son perfectamente compatibles con nuestra gama de juntas cortafuegos.<\/p>\n\t\t<\/div>\r\n\t\t[\/vc_column][vc_column width=\u00bb1\/4&#8243;][vc_single_image image=\u00bb37620&#8243; img_size=\u00bbfull\u00bb alignment=\u00bbcenter\u00bb css=\u00bb\u00bb parallax_scroll=\u00bbno\u00bb woodmart_inline=\u00bbno\u00bb][\/vc_column][vc_column width=\u00bb1\/4&#8243;][vc_single_image image=\u00bb37621&#8243; img_size=\u00bbfull\u00bb alignment=\u00bbcenter\u00bb css=\u00bb\u00bb parallax_scroll=\u00bbno\u00bb woodmart_inline=\u00bbno\u00bb][\/vc_column][\/vc_row]<\/p>\n<\/div>","protected":false},"excerpt":{"rendered":"<p><span style=\"color: #e46106;\"><strong><a style=\"color: #e46106;\" href=\"https:\/\/48bfe850-8fa9-41aa-a01f-515ad5db562b.filesusr.com\/ugd\/b0e443_5489540cecf54b8a989c217ce9a5871d.pdf\" target=\"_blank\" rel=\"noopener\">Ficha T\u00e9cnica<\/a><\/strong><\/span><br \/>\n<span style=\"color: #e46106;\"><strong><a style=\"color: #e46106;\" href=\"#\">DWG<\/a><\/strong><\/span><\/p>\n","protected":false},"featured_media":36334,"comment_status":"open","ping_status":"closed","template":"","meta":[],"product_brand":[],"product_cat":[317],"product_tag":[],"class_list":["post-36333","product","type-product","status-publish","has-post-thumbnail","product_cat-juntas-de-expansion","first","instock","shipping-taxable","product-type-simple"],"yoast_head":"<!-- This site is optimized with the Yoast SEO plugin v28.4 - https:\/\/yoast.com\/product\/yoast-seo-wordpress\/ -->\n<title>Relleno de juntas - Cortartec | Equipamentos para a constru\u00e7\u00e3o civil<\/title>\n<meta name=\"robots\" content=\"index, follow, max-snippet:-1, max-image-preview:large, max-video-preview:-1\" \/>\n<link rel=\"canonical\" href=\"https:\/\/cortartec.net\/es\/produto\/relleno-de-juntas\/\" \/>\n<meta property=\"og:locale\" content=\"es_ES\" \/>\n<meta property=\"og:type\" content=\"article\" \/>\n<meta property=\"og:title\" content=\"Relleno de juntas - Cortartec | Equipamentos para a constru\u00e7\u00e3o civil\" \/>\n<meta property=\"og:description\" content=\"Ficha T\u00e9cnica DWG\" \/>\n<meta property=\"og:url\" content=\"https:\/\/cortartec.net\/es\/produto\/relleno-de-juntas\/\" \/>\n<meta property=\"og:site_name\" content=\"Cortartec | Equipamentos para a constru\u00e7\u00e3o civil\" \/>\n<meta property=\"article:modified_time\" content=\"2026-05-14T13:33:12+00:00\" \/>\n<meta property=\"og:image\" content=\"https:\/\/cortartec.net\/wp-content\/uploads\/2026\/02\/imagem11-oduyizdtov5pt1hvdv3ay9aqhysp7vtl2n0po0f2ru.jpg\" \/>\n\t<meta property=\"og:image:width\" content=\"300\" \/>\n\t<meta property=\"og:image:height\" content=\"225\" \/>\n\t<meta property=\"og:image:type\" content=\"image\/jpeg\" \/>\n<meta name=\"twitter:card\" content=\"summary_large_image\" \/>\n<meta name=\"twitter:label1\" content=\"Tiempo de lectura\" \/>\n\t<meta name=\"twitter:data1\" content=\"6 minutos\" \/>\n<script type=\"application\/ld+json\" class=\"yoast-schema-graph\">{\"@context\":\"https:\\\/\\\/schema.org\",\"@graph\":[{\"@type\":\"WebPage\",\"@id\":\"https:\\\/\\\/cortartec.net\\\/es\\\/produto\\\/relleno-de-juntas\\\/\",\"url\":\"https:\\\/\\\/cortartec.net\\\/es\\\/produto\\\/relleno-de-juntas\\\/\",\"name\":\"Relleno de juntas - Cortartec | Equipamentos para a constru\u00e7\u00e3o civil\",\"isPartOf\":{\"@id\":\"https:\\\/\\\/cortartec.net\\\/es\\\/#website\"},\"primaryImageOfPage\":{\"@id\":\"https:\\\/\\\/cortartec.net\\\/es\\\/produto\\\/relleno-de-juntas\\\/#primaryimage\"},\"image\":{\"@id\":\"https:\\\/\\\/cortartec.net\\\/es\\\/produto\\\/relleno-de-juntas\\\/#primaryimage\"},\"thumbnailUrl\":\"https:\\\/\\\/cortartec.net\\\/wp-content\\\/uploads\\\/2026\\\/02\\\/imagem11-oduyizdtov5pt1hvdv3ay9aqhysp7vtl2n0po0f2ru.jpg\",\"datePublished\":\"2026-02-18T13:23:11+00:00\",\"dateModified\":\"2026-05-14T13:33:12+00:00\",\"breadcrumb\":{\"@id\":\"https:\\\/\\\/cortartec.net\\\/es\\\/produto\\\/relleno-de-juntas\\\/#breadcrumb\"},\"inLanguage\":\"es\",\"potentialAction\":[{\"@type\":\"ReadAction\",\"target\":[\"https:\\\/\\\/cortartec.net\\\/es\\\/produto\\\/relleno-de-juntas\\\/\"]}]},{\"@type\":\"ImageObject\",\"inLanguage\":\"es\",\"@id\":\"https:\\\/\\\/cortartec.net\\\/es\\\/produto\\\/relleno-de-juntas\\\/#primaryimage\",\"url\":\"https:\\\/\\\/cortartec.net\\\/wp-content\\\/uploads\\\/2026\\\/02\\\/imagem11-oduyizdtov5pt1hvdv3ay9aqhysp7vtl2n0po0f2ru.jpg\",\"contentUrl\":\"https:\\\/\\\/cortartec.net\\\/wp-content\\\/uploads\\\/2026\\\/02\\\/imagem11-oduyizdtov5pt1hvdv3ay9aqhysp7vtl2n0po0f2ru.jpg\",\"width\":300,\"height\":225},{\"@type\":\"BreadcrumbList\",\"@id\":\"https:\\\/\\\/cortartec.net\\\/es\\\/produto\\\/relleno-de-juntas\\\/#breadcrumb\",\"itemListElement\":[{\"@type\":\"ListItem\",\"position\":1,\"name\":\"In\u00edcio\",\"item\":\"https:\\\/\\\/cortartec.net\\\/es\\\/\"},{\"@type\":\"ListItem\",\"position\":2,\"name\":\"PRODUCTOS\",\"item\":\"https:\\\/\\\/cortartec.net\\\/es\\\/productos\\\/\"},{\"@type\":\"ListItem\",\"position\":3,\"name\":\"Relleno de juntas\"}]},{\"@type\":\"WebSite\",\"@id\":\"https:\\\/\\\/cortartec.net\\\/es\\\/#website\",\"url\":\"https:\\\/\\\/cortartec.net\\\/es\\\/\",\"name\":\"Cortartec | Equipamentos para a constru\u00e7\u00e3o civil\",\"description\":\"Engenharia Industrial\",\"potentialAction\":[{\"@type\":\"SearchAction\",\"target\":{\"@type\":\"EntryPoint\",\"urlTemplate\":\"https:\\\/\\\/cortartec.net\\\/es\\\/?s={search_term_string}\"},\"query-input\":{\"@type\":\"PropertyValueSpecification\",\"valueRequired\":true,\"valueName\":\"search_term_string\"}}],\"inLanguage\":\"es\"}]}<\/script>\n<!-- \/ Yoast SEO plugin. -->","yoast_head_json":{"title":"Relleno de juntas - Cortartec | Equipamentos para a constru\u00e7\u00e3o civil","robots":{"index":"index","follow":"follow","max-snippet":"max-snippet:-1","max-image-preview":"max-image-preview:large","max-video-preview":"max-video-preview:-1"},"canonical":"https:\/\/cortartec.net\/es\/produto\/relleno-de-juntas\/","og_locale":"es_ES","og_type":"article","og_title":"Relleno de juntas - Cortartec | Equipamentos para a constru\u00e7\u00e3o civil","og_description":"Ficha T\u00e9cnica DWG","og_url":"https:\/\/cortartec.net\/es\/produto\/relleno-de-juntas\/","og_site_name":"Cortartec | Equipamentos para a constru\u00e7\u00e3o civil","article_modified_time":"2026-05-14T13:33:12+00:00","og_image":[{"width":300,"height":225,"url":"https:\/\/cortartec.net\/wp-content\/uploads\/2026\/02\/imagem11-oduyizdtov5pt1hvdv3ay9aqhysp7vtl2n0po0f2ru.jpg","type":"image\/jpeg"}],"twitter_card":"summary_large_image","twitter_misc":{"Tiempo de lectura":"6 minutos"},"schema":{"@context":"https:\/\/schema.org","@graph":[{"@type":"WebPage","@id":"https:\/\/cortartec.net\/es\/produto\/relleno-de-juntas\/","url":"https:\/\/cortartec.net\/es\/produto\/relleno-de-juntas\/","name":"Relleno de juntas - Cortartec | Equipamentos para a constru\u00e7\u00e3o civil","isPartOf":{"@id":"https:\/\/cortartec.net\/es\/#website"},"primaryImageOfPage":{"@id":"https:\/\/cortartec.net\/es\/produto\/relleno-de-juntas\/#primaryimage"},"image":{"@id":"https:\/\/cortartec.net\/es\/produto\/relleno-de-juntas\/#primaryimage"},"thumbnailUrl":"https:\/\/cortartec.net\/wp-content\/uploads\/2026\/02\/imagem11-oduyizdtov5pt1hvdv3ay9aqhysp7vtl2n0po0f2ru.jpg","datePublished":"2026-02-18T13:23:11+00:00","dateModified":"2026-05-14T13:33:12+00:00","breadcrumb":{"@id":"https:\/\/cortartec.net\/es\/produto\/relleno-de-juntas\/#breadcrumb"},"inLanguage":"es","potentialAction":[{"@type":"ReadAction","target":["https:\/\/cortartec.net\/es\/produto\/relleno-de-juntas\/"]}]},{"@type":"ImageObject","inLanguage":"es","@id":"https:\/\/cortartec.net\/es\/produto\/relleno-de-juntas\/#primaryimage","url":"https:\/\/cortartec.net\/wp-content\/uploads\/2026\/02\/imagem11-oduyizdtov5pt1hvdv3ay9aqhysp7vtl2n0po0f2ru.jpg","contentUrl":"https:\/\/cortartec.net\/wp-content\/uploads\/2026\/02\/imagem11-oduyizdtov5pt1hvdv3ay9aqhysp7vtl2n0po0f2ru.jpg","width":300,"height":225},{"@type":"BreadcrumbList","@id":"https:\/\/cortartec.net\/es\/produto\/relleno-de-juntas\/#breadcrumb","itemListElement":[{"@type":"ListItem","position":1,"name":"In\u00edcio","item":"https:\/\/cortartec.net\/es\/"},{"@type":"ListItem","position":2,"name":"PRODUCTOS","item":"https:\/\/cortartec.net\/es\/productos\/"},{"@type":"ListItem","position":3,"name":"Relleno de juntas"}]},{"@type":"WebSite","@id":"https:\/\/cortartec.net\/es\/#website","url":"https:\/\/cortartec.net\/es\/","name":"Cortartec | Equipamentos para a constru\u00e7\u00e3o civil","description":"Engenharia Industrial","potentialAction":[{"@type":"SearchAction","target":{"@type":"EntryPoint","urlTemplate":"https:\/\/cortartec.net\/es\/?s={search_term_string}"},"query-input":{"@type":"PropertyValueSpecification","valueRequired":true,"valueName":"search_term_string"}}],"inLanguage":"es"}]}},"_links":{"self":[{"href":"https:\/\/cortartec.net\/es\/wp-json\/wp\/v2\/product\/36333","targetHints":{"allow":["GET"]}}],"collection":[{"href":"https:\/\/cortartec.net\/es\/wp-json\/wp\/v2\/product"}],"about":[{"href":"https:\/\/cortartec.net\/es\/wp-json\/wp\/v2\/types\/product"}],"replies":[{"embeddable":true,"href":"https:\/\/cortartec.net\/es\/wp-json\/wp\/v2\/comments?post=36333"}],"wp:featuredmedia":[{"embeddable":true,"href":"https:\/\/cortartec.net\/es\/wp-json\/wp\/v2\/media\/36334"}],"wp:attachment":[{"href":"https:\/\/cortartec.net\/es\/wp-json\/wp\/v2\/media?parent=36333"}],"wp:term":[{"taxonomy":"product_brand","embeddable":true,"href":"https:\/\/cortartec.net\/es\/wp-json\/wp\/v2\/product_brand?post=36333"},{"taxonomy":"product_cat","embeddable":true,"href":"https:\/\/cortartec.net\/es\/wp-json\/wp\/v2\/product_cat?post=36333"},{"taxonomy":"product_tag","embeddable":true,"href":"https:\/\/cortartec.net\/es\/wp-json\/wp\/v2\/product_tag?post=36333"}],"curies":[{"name":"wp","href":"https:\/\/api.w.org\/{rel}","templated":true}]}}