{"id":36717,"date":"2026-02-04T10:40:13","date_gmt":"2026-02-04T10:40:13","guid":{"rendered":"https:\/\/cortartec.net\/produto\/fachadas-com-sub-estrutura\/"},"modified":"2026-05-14T15:27:20","modified_gmt":"2026-05-14T15:27:20","slug":"fachadas-con-subestructura","status":"publish","type":"product","link":"https:\/\/cortartec.net\/es\/produto\/fachadas-con-subestructura\/","title":{"rendered":"Fachadas con subestructura"},"content":{"rendered":"<div class=\"wpb-content-wrapper\"><p>[vc_row][vc_column][vc_column_text css=\u00bb\u00bb woodmart_inline=\u00bbno\u00bb text_larger=\u00bbno\u00bb]Los perfiles CGK, gracias a su dise\u00f1o y forma de presentaci\u00f3n, ofrecen una rapidez de montaje inusual para un sistema de perfiles de acero inoxidable, lo que permite unos costes de instalaci\u00f3n m\u00e1s bajos que cualquier otro sistema, todo ello sin renunciar a una uni\u00f3n perfecta, estable y duradera en el tiempo, que absorbe las cargas del revestimiento y del viento y cumple con todos los coeficientes de seguridad establecidos.<\/p>\n<p>Los sistemas consisten en un conjunto de perfiles verticales que se fijan a las losas o paredes mediante soportes de nivelaci\u00f3n, liberando a las paredes de la funci\u00f3n de soporte. Se fijan anclajes de sujeci\u00f3n, que a su vez soportan y transmiten los esfuerzos de las placas de revestimiento a los perfiles.<br \/>\nComo regla b\u00e1sica de instalaci\u00f3n, los perfiles deben anclarse a los suelos de cada planta. Tambi\u00e9n deben aplicarse anclajes intermedios a la mamposter\u00eda. Si no es posible anclar el perfil en ambos extremos de las losas, debe anclarse al menos a una de las losas del suelo.<br \/>\nTodo el sistema da como resultado una superficie de revestimiento plana separada de la parte superior de las losas del piso y\/o de la pared interior entre 4 y 15 cm.<br \/>\nLa fijaci\u00f3n al piso debe realizarse mediante tornillos expansivos o, si esto no es posible, mediante una fijaci\u00f3n qu\u00edmica compuesta por una varilla roscada de acero inoxidable y resina epoxi.<br \/>\nPor cada seis metros de perfil colocado, debe dejarse una junta m\u00ednima de 20 mm entre los perfiles para acomodar los movimientos de dilataci\u00f3n.<br \/>\nLos soportes de nivelaci\u00f3n se fijan al perfil con tornillos.<br \/>\nEn los puntos de apoyo intermedios, se recomienda utilizar soportes de retenci\u00f3n fijados al perfil mediante tornillos autoperforantes. Los soportes de retenci\u00f3n cuentan con una ranura vertical que permite al sistema absorber las diferencias derivadas de la dilataci\u00f3n, as\u00ed como los posibles movimientos de las losas del suelo debidos al asentamiento del edificio.[\/vc_column_text][\/vc_column][\/vc_row][vc_row][vc_column width=\u00bb1\/4&#8243;][vc_single_image image=\u00bb37919&#8243; img_size=\u00bbfull\u00bb css=\u00bb\u00bb parallax_scroll=\u00bbno\u00bb woodmart_inline=\u00bbno\u00bb][\/vc_column][vc_column width=\u00bb3\/4&#8243;]\t\t<div id=\"wd-6a05e95fbab3f\" class=\"wd-text-block wd-wpb reset-last-child wd-rs-6a05e95fbab3f text-left \">\r\n\t\t\t<h2>El sistema de fijaci\u00f3n de perfiles CGK presenta varias ventajas con respecto a los m\u00e9todos de fijaci\u00f3n puntuales:<\/h2>\n<div class=\" vc_custom_1592821916609\">\n<div id=\"text-block-14\" class=\"mk-text-block \">\n<p><strong>R\u00e1pida ejecuci\u00f3n<\/strong>: gracias al uso de perfiles, se reducen los costes de montaje.<br \/>\n\u2022 <strong>Est\u00e9tica<\/strong>: posibilidad de elegir entre diversos materiales y dimensiones.<br \/>\n\u2022 <strong>Ligereza del sistema en el revestimiento.<\/strong><br \/>\n\u2022 Facilidad de instalaci\u00f3n, independientemente de las condiciones clim\u00e1ticas.<br \/>\n\u2022 <strong>Bajo mantenimiento.<\/strong><br \/>\n\u2022 Excelente estabilidad del revestimiento, sin riesgo de fisuras o desplazamientos debido a la desintegraci\u00f3n de las placas de revestimiento.<br \/>\n\u2022 <strong>Elevado aislamiento t\u00e9rmico, se eliminan los puentes t\u00e9rmicos.<\/strong><\/p>\n<p>Ausencia de perforaciones en las paredes de mamposter\u00eda.<br \/>\n\u2022 Mejora del aislamiento ac\u00fastico.<br \/>\n\u2022 Planimetr\u00eda perfecta de la fachada.<br \/>\n\u2022 Elimina la condensaci\u00f3n de humedad.<br \/>\n\u2022 Limpieza de los elementos: se elimina el uso de morteros.<br \/>\n\u2022 Seguridad: los perfiles se fijan directamente al suelo; se elimina la transmisi\u00f3n de cargas de placa a placa de revestimiento, ya que las fijaciones son independientes.<br \/>\n\u2022 Fijaci\u00f3n y ajuste r\u00e1pidos de los anclajes al perfil, gracias a su innovador sistema de anclaje.<br \/>\n\u2022 Creaci\u00f3n de un espacio entre el revestimiento y la pared, para alojar instalaciones t\u00e9cnicas.<\/p>\n<\/div>\n<\/div>\n\t\t<\/div>\r\n\t\t[\/vc_column][\/vc_row][vc_row content_placement=\u00bbmiddle\u00bb woodmart_css_id=\u00bb69833059c889c\u00bb responsive_spacing=\u00bbeyJwYXJhbV90eXBlIjoid29vZG1hcnRfcmVzcG9uc2l2ZV9zcGFjaW5nIiwic2VsZWN0b3JfaWQiOiI2OTgzMzA1OWM4ODljIiwic2hvcnRjb2RlIjoidmNfcm93IiwiZGF0YSI6eyJ0YWJsZXQiOnt9LCJtb2JpbGUiOnt9fX0=\u00bb mobile_bg_img_hidden=\u00bbno\u00bb tablet_bg_img_hidden=\u00bbno\u00bb woodmart_parallax=\u00bb0&#8243; woodmart_gradient_switch=\u00bbno\u00bb woodmart_box_shadow=\u00bbno\u00bb wd_z_index=\u00bbno\u00bb woodmart_disable_overflow=\u00bb0&#8243; row_reverse_mobile=\u00bb0&#8243; row_reverse_tablet=\u00bb0&#8243;][vc_column]\t\t<div id=\"wd-6a05e96a74483\" class=\"wd-text-block wd-wpb reset-last-child wd-rs-6a05e96a74483 text-left \">\r\n\t\t\t<h2 style=\"text-align: center;\">Sistema de perfil vertical en \u00abU\u00bb<\/h2>\n\t\t<\/div>\r\n\t\t[vc_single_image image=\u00bb37920&#8243; img_size=\u00bbfull\u00bb alignment=\u00bbcenter\u00bb css=\u00bb\u00bb parallax_scroll=\u00bbno\u00bb woodmart_inline=\u00bbno\u00bb]\t\t<div id=\"wd-6a05e9716d1cf\" class=\"wd-text-block wd-wpb reset-last-child wd-rs-6a05e9716d1cf text-left \">\r\n\t\t\t<p>Sistema de perfiles verticales en U de acero inoxidable. Los perfiles se suministran cortados a medida<br \/>\ny mecanizados en los puntos donde deben unirse a los soportes.<br \/>\nLos anclajes se fijan al perfil mediante un sistema de sujeci\u00f3n, compuesto por un conjunto de tornillos con tuerca y una arandela de sujeci\u00f3n. Una vez colocado el conjunto de anclajes, este se desliza a lo largo del perfil, lo que facilita su desplazamiento hasta la posici\u00f3n en la que debe fijarse. En funci\u00f3n del par de apriete, el peso m\u00e1ximo permitido antes de que el anclaje se deslice se determina en la tabla de cargas de los anclajes. Por seguridad, se recomienda aplicar siempre el par de apriete m\u00e1ximo (16,5 mm) permitido por el tornillo.<\/p>\n\t\t<\/div>\r\n\t\t\t\t<div id=\"wd-6a05e97aa7792\" class=\"wd-text-block wd-wpb reset-last-child wd-rs-6a05e97aa7792 text-left \">\r\n\t\t\t<h2 style=\"text-align: center;\">Sistema de perfiles Omega OR<\/h2>\n\t\t<\/div>\r\n\t\t[vc_single_image image=\u00bb37921&#8243; img_size=\u00bbfull\u00bb alignment=\u00bbcenter\u00bb css=\u00bb\u00bb parallax_scroll=\u00bbno\u00bb woodmart_inline=\u00bbno\u00bb]\t\t<div id=\"wd-6a05e981db031\" class=\"wd-text-block wd-wpb reset-last-child wd-rs-6a05e981db031 text-left \">\r\n\t\t\t<p>Sistema de perfiles verticales perforados en forma de omega. Dimensiones precisas gracias al control de calidad.<br \/>\nLa perforaci\u00f3n de los orificios rasgados de separaci\u00f3n en las aletas permite marcar un tornillo o paso de fijaci\u00f3n al perfil. A su vez, las ranuras verticales del clip de anclaje, junto con la incorporaci\u00f3n de una arandela antideslizante, permiten fijarlo al perfil, logrando ajustes en cualquier posici\u00f3n.<\/p>\n\t\t<\/div>\r\n\t\t\t\t<div id=\"wd-6a05e98a6566d\" class=\"wd-text-block wd-wpb reset-last-child wd-rs-6a05e98a6566d text-left \">\r\n\t\t\t<h2 style=\"text-align: center;\">Sistema de perfiles Omega OP<\/h2>\n\t\t<\/div>\r\n\t\t[vc_single_image image=\u00bb37922&#8243; img_size=\u00bbfull\u00bb alignment=\u00bbcenter\u00bb css=\u00bb\u00bb parallax_scroll=\u00bbno\u00bb woodmart_inline=\u00bbno\u00bb]\t\t<div id=\"wd-6a05e99116be3\" class=\"wd-text-block wd-wpb reset-last-child wd-rs-6a05e99116be3 text-left \">\r\n\t\t\t<p>Nuevo sistema de perforaci\u00f3n vertical de los perfiles Omega. En f\u00e1brica, mediante un proceso industrial riguroso, se perforan las aletas del perfil Omega OP.<br \/>\nLa perforaci\u00f3n modular con orificios escalonados permite marcar f\u00e1cilmente la fijaci\u00f3n del perfil. Al mismo tiempo, los orificios rasgados de los anclajes multiplican las posibles posiciones de uni\u00f3n entre el anclaje y el perfil, lo que permite ajustes milim\u00e9tricos.<\/p>\n\t\t<\/div>\r\n\t\t[\/vc_column][\/vc_row][vc_row][vc_column width=\u00bb1\/3&#8243;][vc_single_image image=\u00bb37923&#8243; img_size=\u00bbfull\u00bb css=\u00bb\u00bb parallax_scroll=\u00bbno\u00bb woodmart_inline=\u00bbno\u00bb]\t\t<div id=\"wd-6a05e9982b7e9\" class=\"wd-text-block wd-wpb reset-last-child wd-rs-6a05e9982b7e9 text-left \">\r\n\t\t\t<h2>Escuadra de soporte<\/h2>\n\t\t<\/div>\r\n\t\t[\/vc_column][vc_column width=\u00bb1\/3&#8243;][vc_single_image image=\u00bb37924&#8243; img_size=\u00bbfull\u00bb css=\u00bb\u00bb parallax_scroll=\u00bbno\u00bb woodmart_inline=\u00bbno\u00bb]\t\t<div id=\"wd-6a05e99dc85f7\" class=\"wd-text-block wd-wpb reset-last-child wd-rs-6a05e99dc85f7 text-left \">\r\n\t\t\t<h2>Escuadra de fijaci\u00f3n<\/h2>\n\t\t<\/div>\r\n\t\t[\/vc_column][vc_column width=\u00bb1\/3&#8243;][vc_single_image image=\u00bb37925&#8243; img_size=\u00bbfull\u00bb css=\u00bb\u00bb parallax_scroll=\u00bbno\u00bb woodmart_inline=\u00bbno\u00bb]\t\t<div id=\"wd-6a05e9a428639\" class=\"wd-text-block wd-wpb reset-last-child wd-rs-6a05e9a428639 text-left \">\r\n\t\t\t<h2>Escuadra de nivelaci\u00f3n<\/h2>\n\t\t<\/div>\r\n\t\t[\/vc_column][\/vc_row][vc_row][vc_column]\t\t<div id=\"wd-6a05e9b7015f4\" class=\"wd-text-block wd-wpb reset-last-child wd-rs-6a05e9b7015f4 text-left \">\r\n\t\t\t<h2 style=\"text-align: center;\">Escuadras de ajuste<\/h2>\n\t\t<\/div>\r\n\t\t[vc_single_image image=\u00bb37926&#8243; img_size=\u00bbfull\u00bb alignment=\u00bbcenter\u00bb css=\u00bb\u00bb parallax_scroll=\u00bbno\u00bb woodmart_inline=\u00bbno\u00bb]\t\t<div id=\"wd-6a05e9c24b532\" class=\"wd-text-block wd-wpb reset-last-child wd-rs-6a05e9c24b532 text-left \">\r\n\t\t\t<p>Fabricados en acero inoxidable (AISI 304\/316, de conformidad con las normas EN 10088-1 y EN 10088-2), fijados a la estructura y\/o a la mamposter\u00eda.<\/p>\n<p>Cuando se utilizan como soportes de carga, transmiten las cargas verticales de la fachada directamente a las losas, fij\u00e1ndose mediante anclajes mec\u00e1nicos. Cuando se utilizan como soportes intermedios, evitan la flexi\u00f3n del perfil debido al efecto del viento y se fijan con<br \/>\ntornillos con casquillo de nailon y\/o con tacos qu\u00edmicos.<br \/>\nSu dise\u00f1o hace que la fijaci\u00f3n y la nivelaci\u00f3n de los perfiles en obra sea una tarea muy r\u00e1pida y sencilla.<\/p>\n\t\t<\/div>\r\n\t\t[\/vc_column][\/vc_row][vc_row][vc_column width=\u00bb1\/4&#8243;][vc_single_image image=\u00bb37927&#8243; img_size=\u00bbfull\u00bb css=\u00bb\u00bb parallax_scroll=\u00bbno\u00bb woodmart_inline=\u00bbno\u00bb][\/vc_column][vc_column width=\u00bb3\/4&#8243;]\t\t<div id=\"wd-6a05e9ccb52fc\" class=\"wd-text-block wd-wpb reset-last-child wd-rs-6a05e9ccb52fc text-left \">\r\n\t\t\t<h2>Soporte auxiliar del perfil<\/h2>\n<div class=\" vc_custom_1592825948014\">\n<div id=\"text-block-54\" class=\"mk-text-block \">\n<p>Fabricados en acero inoxidable (AISI 304\/316, seg\u00fan las especificaciones EN 10088-1 y EN 10088-2), se utilizan para fijar y sujetar el perfil en zonas donde no hay orificios.<\/p>\n<\/div>\n<\/div>\n\t\t<\/div>\r\n\t\t[\/vc_column][\/vc_row]<\/p>\n<\/div>","protected":false},"excerpt":{"rendered":"<p><span style=\"color: #e46106;\"><strong><a style=\"color: #e46106;\" href=\"https:\/\/cortartec.net\/wp-content\/uploads\/2022\/04\/cortartec-sistema-de-fachadas-ventiladas-gk-pt.pdf\" target=\"_blank\" rel=\"noopener\">Ficha T\u00e9cnica<\/a><\/strong><\/span><br \/>\n<span style=\"color: #e46106;\"><strong><a style=\"color: #e46106;\" href=\"#\">DWG<\/a><\/strong><\/span><\/p>\n","protected":false},"featured_media":36718,"comment_status":"open","ping_status":"closed","template":"","meta":[],"product_brand":[],"product_cat":[338],"product_tag":[],"class_list":["post-36717","product","type-product","status-publish","has-post-thumbnail","product_cat-fachadas-2","first","instock","shipping-taxable","product-type-simple"],"yoast_head":"<!-- This site is optimized with the Yoast SEO plugin v28.4 - https:\/\/yoast.com\/product\/yoast-seo-wordpress\/ -->\n<title>Fachadas con subestructura - Cortartec | Equipamentos para a constru\u00e7\u00e3o civil<\/title>\n<meta name=\"robots\" content=\"index, follow, max-snippet:-1, max-image-preview:large, max-video-preview:-1\" \/>\n<link rel=\"canonical\" href=\"https:\/\/cortartec.net\/es\/produto\/fachadas-con-subestructura\/\" \/>\n<meta property=\"og:locale\" content=\"es_ES\" \/>\n<meta property=\"og:type\" content=\"article\" \/>\n<meta property=\"og:title\" content=\"Fachadas con subestructura - Cortartec | Equipamentos para a constru\u00e7\u00e3o civil\" \/>\n<meta property=\"og:description\" content=\"Ficha T\u00e9cnica DWG\" \/>\n<meta property=\"og:url\" content=\"https:\/\/cortartec.net\/es\/produto\/fachadas-con-subestructura\/\" \/>\n<meta property=\"og:site_name\" content=\"Cortartec | Equipamentos para a constru\u00e7\u00e3o civil\" \/>\n<meta property=\"article:modified_time\" content=\"2026-05-14T15:27:20+00:00\" \/>\n<meta property=\"og:image\" content=\"https:\/\/cortartec.net\/wp-content\/uploads\/2026\/02\/imagem4-or28ed9aizn92nxkjyu8028qax3r7k072qldpp88ui.jpg\" \/>\n\t<meta property=\"og:image:width\" content=\"300\" \/>\n\t<meta property=\"og:image:height\" content=\"225\" \/>\n\t<meta property=\"og:image:type\" content=\"image\/jpeg\" \/>\n<meta name=\"twitter:card\" content=\"summary_large_image\" \/>\n<meta name=\"twitter:label1\" content=\"Tiempo de lectura\" \/>\n\t<meta name=\"twitter:data1\" content=\"8 minutos\" \/>\n<script type=\"application\/ld+json\" class=\"yoast-schema-graph\">{\"@context\":\"https:\\\/\\\/schema.org\",\"@graph\":[{\"@type\":\"WebPage\",\"@id\":\"https:\\\/\\\/cortartec.net\\\/es\\\/produto\\\/fachadas-con-subestructura\\\/\",\"url\":\"https:\\\/\\\/cortartec.net\\\/es\\\/produto\\\/fachadas-con-subestructura\\\/\",\"name\":\"Fachadas con subestructura - Cortartec | Equipamentos para a constru\u00e7\u00e3o civil\",\"isPartOf\":{\"@id\":\"https:\\\/\\\/cortartec.net\\\/es\\\/#website\"},\"primaryImageOfPage\":{\"@id\":\"https:\\\/\\\/cortartec.net\\\/es\\\/produto\\\/fachadas-con-subestructura\\\/#primaryimage\"},\"image\":{\"@id\":\"https:\\\/\\\/cortartec.net\\\/es\\\/produto\\\/fachadas-con-subestructura\\\/#primaryimage\"},\"thumbnailUrl\":\"https:\\\/\\\/cortartec.net\\\/wp-content\\\/uploads\\\/2026\\\/02\\\/imagem4-or28ed9aizn92nxkjyu8028qax3r7k072qldpp88ui.jpg\",\"datePublished\":\"2026-02-04T10:40:13+00:00\",\"dateModified\":\"2026-05-14T15:27:20+00:00\",\"breadcrumb\":{\"@id\":\"https:\\\/\\\/cortartec.net\\\/es\\\/produto\\\/fachadas-con-subestructura\\\/#breadcrumb\"},\"inLanguage\":\"es\",\"potentialAction\":[{\"@type\":\"ReadAction\",\"target\":[\"https:\\\/\\\/cortartec.net\\\/es\\\/produto\\\/fachadas-con-subestructura\\\/\"]}]},{\"@type\":\"ImageObject\",\"inLanguage\":\"es\",\"@id\":\"https:\\\/\\\/cortartec.net\\\/es\\\/produto\\\/fachadas-con-subestructura\\\/#primaryimage\",\"url\":\"https:\\\/\\\/cortartec.net\\\/wp-content\\\/uploads\\\/2026\\\/02\\\/imagem4-or28ed9aizn92nxkjyu8028qax3r7k072qldpp88ui.jpg\",\"contentUrl\":\"https:\\\/\\\/cortartec.net\\\/wp-content\\\/uploads\\\/2026\\\/02\\\/imagem4-or28ed9aizn92nxkjyu8028qax3r7k072qldpp88ui.jpg\",\"width\":300,\"height\":225},{\"@type\":\"BreadcrumbList\",\"@id\":\"https:\\\/\\\/cortartec.net\\\/es\\\/produto\\\/fachadas-con-subestructura\\\/#breadcrumb\",\"itemListElement\":[{\"@type\":\"ListItem\",\"position\":1,\"name\":\"In\u00edcio\",\"item\":\"https:\\\/\\\/cortartec.net\\\/es\\\/\"},{\"@type\":\"ListItem\",\"position\":2,\"name\":\"PRODUCTOS\",\"item\":\"https:\\\/\\\/cortartec.net\\\/es\\\/productos\\\/\"},{\"@type\":\"ListItem\",\"position\":3,\"name\":\"Fachadas con subestructura\"}]},{\"@type\":\"WebSite\",\"@id\":\"https:\\\/\\\/cortartec.net\\\/es\\\/#website\",\"url\":\"https:\\\/\\\/cortartec.net\\\/es\\\/\",\"name\":\"Cortartec | Equipamentos para a constru\u00e7\u00e3o civil\",\"description\":\"Engenharia Industrial\",\"potentialAction\":[{\"@type\":\"SearchAction\",\"target\":{\"@type\":\"EntryPoint\",\"urlTemplate\":\"https:\\\/\\\/cortartec.net\\\/es\\\/?s={search_term_string}\"},\"query-input\":{\"@type\":\"PropertyValueSpecification\",\"valueRequired\":true,\"valueName\":\"search_term_string\"}}],\"inLanguage\":\"es\"}]}<\/script>\n<!-- \/ Yoast SEO plugin. -->","yoast_head_json":{"title":"Fachadas con subestructura - Cortartec | Equipamentos para a constru\u00e7\u00e3o civil","robots":{"index":"index","follow":"follow","max-snippet":"max-snippet:-1","max-image-preview":"max-image-preview:large","max-video-preview":"max-video-preview:-1"},"canonical":"https:\/\/cortartec.net\/es\/produto\/fachadas-con-subestructura\/","og_locale":"es_ES","og_type":"article","og_title":"Fachadas con subestructura - Cortartec | Equipamentos para a constru\u00e7\u00e3o civil","og_description":"Ficha T\u00e9cnica DWG","og_url":"https:\/\/cortartec.net\/es\/produto\/fachadas-con-subestructura\/","og_site_name":"Cortartec | Equipamentos para a constru\u00e7\u00e3o civil","article_modified_time":"2026-05-14T15:27:20+00:00","og_image":[{"width":300,"height":225,"url":"https:\/\/cortartec.net\/wp-content\/uploads\/2026\/02\/imagem4-or28ed9aizn92nxkjyu8028qax3r7k072qldpp88ui.jpg","type":"image\/jpeg"}],"twitter_card":"summary_large_image","twitter_misc":{"Tiempo de lectura":"8 minutos"},"schema":{"@context":"https:\/\/schema.org","@graph":[{"@type":"WebPage","@id":"https:\/\/cortartec.net\/es\/produto\/fachadas-con-subestructura\/","url":"https:\/\/cortartec.net\/es\/produto\/fachadas-con-subestructura\/","name":"Fachadas con subestructura - Cortartec | Equipamentos para a constru\u00e7\u00e3o civil","isPartOf":{"@id":"https:\/\/cortartec.net\/es\/#website"},"primaryImageOfPage":{"@id":"https:\/\/cortartec.net\/es\/produto\/fachadas-con-subestructura\/#primaryimage"},"image":{"@id":"https:\/\/cortartec.net\/es\/produto\/fachadas-con-subestructura\/#primaryimage"},"thumbnailUrl":"https:\/\/cortartec.net\/wp-content\/uploads\/2026\/02\/imagem4-or28ed9aizn92nxkjyu8028qax3r7k072qldpp88ui.jpg","datePublished":"2026-02-04T10:40:13+00:00","dateModified":"2026-05-14T15:27:20+00:00","breadcrumb":{"@id":"https:\/\/cortartec.net\/es\/produto\/fachadas-con-subestructura\/#breadcrumb"},"inLanguage":"es","potentialAction":[{"@type":"ReadAction","target":["https:\/\/cortartec.net\/es\/produto\/fachadas-con-subestructura\/"]}]},{"@type":"ImageObject","inLanguage":"es","@id":"https:\/\/cortartec.net\/es\/produto\/fachadas-con-subestructura\/#primaryimage","url":"https:\/\/cortartec.net\/wp-content\/uploads\/2026\/02\/imagem4-or28ed9aizn92nxkjyu8028qax3r7k072qldpp88ui.jpg","contentUrl":"https:\/\/cortartec.net\/wp-content\/uploads\/2026\/02\/imagem4-or28ed9aizn92nxkjyu8028qax3r7k072qldpp88ui.jpg","width":300,"height":225},{"@type":"BreadcrumbList","@id":"https:\/\/cortartec.net\/es\/produto\/fachadas-con-subestructura\/#breadcrumb","itemListElement":[{"@type":"ListItem","position":1,"name":"In\u00edcio","item":"https:\/\/cortartec.net\/es\/"},{"@type":"ListItem","position":2,"name":"PRODUCTOS","item":"https:\/\/cortartec.net\/es\/productos\/"},{"@type":"ListItem","position":3,"name":"Fachadas con subestructura"}]},{"@type":"WebSite","@id":"https:\/\/cortartec.net\/es\/#website","url":"https:\/\/cortartec.net\/es\/","name":"Cortartec | Equipamentos para a constru\u00e7\u00e3o civil","description":"Engenharia Industrial","potentialAction":[{"@type":"SearchAction","target":{"@type":"EntryPoint","urlTemplate":"https:\/\/cortartec.net\/es\/?s={search_term_string}"},"query-input":{"@type":"PropertyValueSpecification","valueRequired":true,"valueName":"search_term_string"}}],"inLanguage":"es"}]}},"_links":{"self":[{"href":"https:\/\/cortartec.net\/es\/wp-json\/wp\/v2\/product\/36717","targetHints":{"allow":["GET"]}}],"collection":[{"href":"https:\/\/cortartec.net\/es\/wp-json\/wp\/v2\/product"}],"about":[{"href":"https:\/\/cortartec.net\/es\/wp-json\/wp\/v2\/types\/product"}],"replies":[{"embeddable":true,"href":"https:\/\/cortartec.net\/es\/wp-json\/wp\/v2\/comments?post=36717"}],"wp:featuredmedia":[{"embeddable":true,"href":"https:\/\/cortartec.net\/es\/wp-json\/wp\/v2\/media\/36718"}],"wp:attachment":[{"href":"https:\/\/cortartec.net\/es\/wp-json\/wp\/v2\/media?parent=36717"}],"wp:term":[{"taxonomy":"product_brand","embeddable":true,"href":"https:\/\/cortartec.net\/es\/wp-json\/wp\/v2\/product_brand?post=36717"},{"taxonomy":"product_cat","embeddable":true,"href":"https:\/\/cortartec.net\/es\/wp-json\/wp\/v2\/product_cat?post=36717"},{"taxonomy":"product_tag","embeddable":true,"href":"https:\/\/cortartec.net\/es\/wp-json\/wp\/v2\/product_tag?post=36717"}],"curies":[{"name":"wp","href":"https:\/\/api.w.org\/{rel}","templated":true}]}}