{"id":36729,"date":"2026-02-04T09:30:48","date_gmt":"2026-02-04T09:30:48","guid":{"rendered":"https:\/\/cortartec.net\/produto\/fachadas-ventiladas\/"},"modified":"2026-05-14T15:30:13","modified_gmt":"2026-05-14T15:30:13","slug":"fachadas-ventiladas","status":"publish","type":"product","link":"https:\/\/cortartec.net\/es\/produto\/fachadas-ventiladas\/","title":{"rendered":"Fachadas ventiladas"},"content":{"rendered":"<div class=\"wpb-content-wrapper\"><p>[vc_row][vc_column][vc_column_text css=\u00bb\u00bb woodmart_inline=\u00bbno\u00bb text_larger=\u00bbno\u00bb]La fachada ventilada garantiza una mejora del aislamiento t\u00e9rmico del edificio, ya que permite la instalaci\u00f3n de revestimientos aislantes continuos entre el soporte exterior de la pared de carga y el revestimiento exterior de la fachada. La fachada ventilada constituye un sistema multicapa que garantiza un funcionamiento duradero; siempre que se ejecute correctamente, aumenta la seguridad y la vida \u00fatil del edificio.<\/p>\n<p>El revestimiento de la fachada ventilada protege la estructura portante, el aislamiento t\u00e9rmico y la base de soporte de las inclemencias clim\u00e1ticas; es resistente a los impactos y a prueba de lluvia. El aislamiento proporciona la m\u00e1xima retenci\u00f3n t\u00e9rmica de los componentes internos, evitando la p\u00e9rdida de calor en invierno.<\/p>\n<p>En verano, una gran cantidad del calor que incide sobre el revestimiento se desv\u00eda a trav\u00e9s de la corriente de aire en el espacio ventilado. De este modo, se consigue un ambiente interior agradable.[\/vc_column_text][\/vc_column][\/vc_row][vc_row][vc_column width=\u00bb1\/2&#8243;][vc_single_image image=\u00bb37948&#8243; img_size=\u00bbfull\u00bb css=\u00bb\u00bb parallax_scroll=\u00bbno\u00bb woodmart_inline=\u00bbno\u00bb][\/vc_column][vc_column width=\u00bb1\/2&#8243;]\t\t<div id=\"wd-6a05ea6bd3d97\" class=\"wd-text-block wd-wpb reset-last-child wd-rs-6a05ea6bd3d97 text-left \">\r\n\t\t\t<h2>1 \u2013 Revestimiento<\/h2>\n<div class=\" vc_custom_1592234656181\">\n<div id=\"text-block-12\" class=\"mk-text-block \">\n<ul>\n<li>Es la protecci\u00f3n contra las agresiones ambientales: variaciones de temperatura, lluvia, viento, etc., y define la imagen del edificio.<\/li>\n<li>Debe mantener su forma, disposici\u00f3n y caracter\u00edsticas a lo largo del tiempo.<\/li>\n<li>Los movimientos del revestimiento debidos a los cambios de temperatura y humedad no deben actuar sobre el elemento de soporte.<\/li>\n<\/ul>\n<div class=\"clearboth\"><\/div>\n<\/div>\n<\/div>\n<h2>2 \u2013 Anclaje<\/h2>\n<div class=\" vc_custom_1592234812103\">\n<div id=\"text-block-14\" class=\"mk-text-block \">\n<ul>\n<li>Ancla el revestimiento al edificio, transmitiendo las cargas que este genera (por s\u00ed mismo y por la presi\u00f3n del viento y otros factores). Debe permitir una perfecta estabilizaci\u00f3n del revestimiento<\/li>\n<\/ul>\n<div class=\"clearboth\"><\/div>\n<\/div>\n<\/div>\n<h2>3 \u2013 C\u00e1mara de aire<\/h2>\n<div class=\" vc_custom_1592235024445\">\n<div id=\"text-block-16\" class=\"mk-text-block \">\n<p>La ventilaci\u00f3n trasera del revestimiento permite:<\/p>\n<ul>\n<li>La evacuaci\u00f3n del agua procedente de las precipitaciones que pueda infiltrarse eventualmente.<\/li>\n<li>La evacuaci\u00f3n de la humedad que se transmite del interior al exterior por transpiraci\u00f3n.<\/li>\n<\/ul>\n<\/div>\n<\/div>\n\t\t<\/div>\r\n\t\t[\/vc_column][\/vc_row][vc_row][vc_column]\t\t<div id=\"wd-6a05ea72b0c5d\" class=\"wd-text-block wd-wpb reset-last-child wd-rs-6a05ea72b0c5d text-left \">\r\n\t\t\t<h2>4 \u2013 Aislamiento<\/h2>\n<div class=\" vc_custom_1592235407510\">\n<div id=\"text-block-19\" class=\"mk-text-block \">\n<ul>\n<li>Act\u00faa como una envoltura continua en todo el edificio, evitando los puentes t\u00e9rmicos.<\/li>\n<li>Debe permitir la transpiraci\u00f3n de la mamposter\u00eda, evitar la condensaci\u00f3n y proteger t\u00e9rmica y ac\u00fasticamente el edificio.<\/li>\n<li>Solo deben utilizarse materiales que puedan exponerse a la influencia de la humedad sin comprometer la estabilidad dimensional ni la capacidad de aislamiento.<\/li>\n<\/ul>\n<div class=\"clearboth\"><\/div>\n<\/div>\n<\/div>\n<h2>5 \u2013 Alba\u00f1iler\u00eda interior<\/h2>\n<div class=\" vc_custom_1592235583657\">\n<div id=\"text-block-21\" class=\"mk-text-block \">\n<ul>\n<li>Soporta el aislamiento y contribuye a una eficacia t\u00e9rmica suficiente<\/li>\n<\/ul>\n<\/div>\n<\/div>\n\t\t<\/div>\r\n\t\t\t\t<div id=\"wd-6a05ea7a96f64\" class=\"wd-text-block wd-wpb reset-last-child wd-rs-6a05ea7a96f64 text-left \">\r\n\t\t\t<p>Las paredes exteriores de los soportes y el aislamiento permanecen siempre secos y, por lo tanto, conservan plenamente su funci\u00f3n. El agua de lluvia que pueda haber penetrado a trav\u00e9s de las juntas abiertas se secar\u00e1 r\u00e1pidamente gracias a la circulaci\u00f3n de aire en el espacio de ventilaci\u00f3n.<\/p>\n<p>La disminuci\u00f3n de la resistencia al paso del vapor de agua de las capas que componen el revestimiento provoca la eliminaci\u00f3n de la humedad a trav\u00e9s del espacio ventilado. Esta caracter\u00edstica evita la condensaci\u00f3n de agua en el interior del armario y previene la aparici\u00f3n de hongos.<\/p>\n<p>La c\u00e1mara ventilada crea un \u00abefecto chimenea\u00bb provocado por el calentamiento de la cara exterior, lo que produce una variaci\u00f3n en la densidad de la capa de aire del espacio intermedio con respecto al aire ambiente, con el consiguiente movimiento ascendente. Durante el verano, gran parte del calor radiante se refleja hacia el exterior, debido al efecto chimenea mencionado anteriormente, mientras que en los meses fr\u00edos la pared del cojinete act\u00faa como un acumulador de calor interno. Estas soluciones tambi\u00e9n garantizan un mayor aislamiento ac\u00fastico y la eliminaci\u00f3n de puentes t\u00e9rmicos, reduciendo la contaminaci\u00f3n ac\u00fastica entre un 10 % y un 20 %. La correcci\u00f3n de los puentes t\u00e9rmicos genera un ahorro energ\u00e9tico, reduciendo el consumo de energ\u00eda entre un 25 % y un 40 % en calefacci\u00f3n y refrigeraci\u00f3n.<\/p>\n\t\t<\/div>\r\n\t\t[\/vc_column][\/vc_row]<\/p>\n<\/div>","protected":false},"excerpt":{"rendered":"<p><span style=\"color: #e46106;\"><strong><a style=\"color: #e46106;\" href=\"https:\/\/cortartec.net\/wp-content\/uploads\/2022\/04\/cortartec-sistema-de-fachadas-ventiladas-gk-pt.pdf\" target=\"_blank\" rel=\"noopener\">Ficha T\u00e9cnica<\/a><\/strong><\/span><br \/>\n<span style=\"color: #e46106;\"><strong><a style=\"color: #e46106;\" href=\"#\">DWG<\/a><\/strong><\/span><\/p>\n","protected":false},"featured_media":36730,"comment_status":"open","ping_status":"closed","template":"","meta":[],"product_brand":[],"product_cat":[338],"product_tag":[],"class_list":["post-36729","product","type-product","status-publish","has-post-thumbnail","product_cat-fachadas-2","first","instock","shipping-taxable","product-type-simple"],"yoast_head":"<!-- This site is optimized with the Yoast SEO plugin v28.4 - https:\/\/yoast.com\/product\/yoast-seo-wordpress\/ -->\n<title>Fachadas ventiladas - Cortartec | Equipamentos para a constru\u00e7\u00e3o civil<\/title>\n<meta name=\"robots\" content=\"index, follow, max-snippet:-1, max-image-preview:large, max-video-preview:-1\" \/>\n<link rel=\"canonical\" href=\"https:\/\/cortartec.net\/es\/produto\/fachadas-ventiladas\/\" \/>\n<meta property=\"og:locale\" content=\"es_ES\" \/>\n<meta property=\"og:type\" content=\"article\" \/>\n<meta property=\"og:title\" content=\"Fachadas ventiladas - Cortartec | Equipamentos para a constru\u00e7\u00e3o civil\" \/>\n<meta property=\"og:description\" content=\"Ficha T\u00e9cnica DWG\" \/>\n<meta property=\"og:url\" content=\"https:\/\/cortartec.net\/es\/produto\/fachadas-ventiladas\/\" \/>\n<meta property=\"og:site_name\" content=\"Cortartec | Equipamentos para a constru\u00e7\u00e3o civil\" \/>\n<meta property=\"article:modified_time\" content=\"2026-05-14T15:30:13+00:00\" \/>\n<meta property=\"og:image\" content=\"https:\/\/cortartec.net\/wp-content\/uploads\/2026\/02\/imagem15-fachada-ceramica-oicr0l6j3tgw6j9k2w30yu2thwupkr9ea88f97eua2.jpg\" \/>\n\t<meta property=\"og:image:width\" content=\"300\" \/>\n\t<meta property=\"og:image:height\" content=\"225\" \/>\n\t<meta property=\"og:image:type\" content=\"image\/jpeg\" \/>\n<meta name=\"twitter:card\" content=\"summary_large_image\" \/>\n<meta name=\"twitter:label1\" content=\"Tiempo de lectura\" \/>\n\t<meta name=\"twitter:data1\" content=\"4 minutos\" \/>\n<script type=\"application\/ld+json\" class=\"yoast-schema-graph\">{\"@context\":\"https:\\\/\\\/schema.org\",\"@graph\":[{\"@type\":\"WebPage\",\"@id\":\"https:\\\/\\\/cortartec.net\\\/es\\\/produto\\\/fachadas-ventiladas\\\/\",\"url\":\"https:\\\/\\\/cortartec.net\\\/es\\\/produto\\\/fachadas-ventiladas\\\/\",\"name\":\"Fachadas ventiladas - Cortartec | Equipamentos para a constru\u00e7\u00e3o civil\",\"isPartOf\":{\"@id\":\"https:\\\/\\\/cortartec.net\\\/es\\\/#website\"},\"primaryImageOfPage\":{\"@id\":\"https:\\\/\\\/cortartec.net\\\/es\\\/produto\\\/fachadas-ventiladas\\\/#primaryimage\"},\"image\":{\"@id\":\"https:\\\/\\\/cortartec.net\\\/es\\\/produto\\\/fachadas-ventiladas\\\/#primaryimage\"},\"thumbnailUrl\":\"https:\\\/\\\/cortartec.net\\\/wp-content\\\/uploads\\\/2026\\\/02\\\/imagem15-fachada-ceramica-oicr0l6j3tgw6j9k2w30yu2thwupkr9ea88f97eua2.jpg\",\"datePublished\":\"2026-02-04T09:30:48+00:00\",\"dateModified\":\"2026-05-14T15:30:13+00:00\",\"breadcrumb\":{\"@id\":\"https:\\\/\\\/cortartec.net\\\/es\\\/produto\\\/fachadas-ventiladas\\\/#breadcrumb\"},\"inLanguage\":\"es\",\"potentialAction\":[{\"@type\":\"ReadAction\",\"target\":[\"https:\\\/\\\/cortartec.net\\\/es\\\/produto\\\/fachadas-ventiladas\\\/\"]}]},{\"@type\":\"ImageObject\",\"inLanguage\":\"es\",\"@id\":\"https:\\\/\\\/cortartec.net\\\/es\\\/produto\\\/fachadas-ventiladas\\\/#primaryimage\",\"url\":\"https:\\\/\\\/cortartec.net\\\/wp-content\\\/uploads\\\/2026\\\/02\\\/imagem15-fachada-ceramica-oicr0l6j3tgw6j9k2w30yu2thwupkr9ea88f97eua2.jpg\",\"contentUrl\":\"https:\\\/\\\/cortartec.net\\\/wp-content\\\/uploads\\\/2026\\\/02\\\/imagem15-fachada-ceramica-oicr0l6j3tgw6j9k2w30yu2thwupkr9ea88f97eua2.jpg\",\"width\":300,\"height\":225},{\"@type\":\"BreadcrumbList\",\"@id\":\"https:\\\/\\\/cortartec.net\\\/es\\\/produto\\\/fachadas-ventiladas\\\/#breadcrumb\",\"itemListElement\":[{\"@type\":\"ListItem\",\"position\":1,\"name\":\"In\u00edcio\",\"item\":\"https:\\\/\\\/cortartec.net\\\/es\\\/\"},{\"@type\":\"ListItem\",\"position\":2,\"name\":\"PRODUCTOS\",\"item\":\"https:\\\/\\\/cortartec.net\\\/es\\\/productos\\\/\"},{\"@type\":\"ListItem\",\"position\":3,\"name\":\"Fachadas ventiladas\"}]},{\"@type\":\"WebSite\",\"@id\":\"https:\\\/\\\/cortartec.net\\\/es\\\/#website\",\"url\":\"https:\\\/\\\/cortartec.net\\\/es\\\/\",\"name\":\"Cortartec | Equipamentos para a constru\u00e7\u00e3o civil\",\"description\":\"Engenharia Industrial\",\"potentialAction\":[{\"@type\":\"SearchAction\",\"target\":{\"@type\":\"EntryPoint\",\"urlTemplate\":\"https:\\\/\\\/cortartec.net\\\/es\\\/?s={search_term_string}\"},\"query-input\":{\"@type\":\"PropertyValueSpecification\",\"valueRequired\":true,\"valueName\":\"search_term_string\"}}],\"inLanguage\":\"es\"}]}<\/script>\n<!-- \/ Yoast SEO plugin. -->","yoast_head_json":{"title":"Fachadas ventiladas - Cortartec | Equipamentos para a constru\u00e7\u00e3o civil","robots":{"index":"index","follow":"follow","max-snippet":"max-snippet:-1","max-image-preview":"max-image-preview:large","max-video-preview":"max-video-preview:-1"},"canonical":"https:\/\/cortartec.net\/es\/produto\/fachadas-ventiladas\/","og_locale":"es_ES","og_type":"article","og_title":"Fachadas ventiladas - Cortartec | Equipamentos para a constru\u00e7\u00e3o civil","og_description":"Ficha T\u00e9cnica DWG","og_url":"https:\/\/cortartec.net\/es\/produto\/fachadas-ventiladas\/","og_site_name":"Cortartec | Equipamentos para a constru\u00e7\u00e3o civil","article_modified_time":"2026-05-14T15:30:13+00:00","og_image":[{"width":300,"height":225,"url":"https:\/\/cortartec.net\/wp-content\/uploads\/2026\/02\/imagem15-fachada-ceramica-oicr0l6j3tgw6j9k2w30yu2thwupkr9ea88f97eua2.jpg","type":"image\/jpeg"}],"twitter_card":"summary_large_image","twitter_misc":{"Tiempo de lectura":"4 minutos"},"schema":{"@context":"https:\/\/schema.org","@graph":[{"@type":"WebPage","@id":"https:\/\/cortartec.net\/es\/produto\/fachadas-ventiladas\/","url":"https:\/\/cortartec.net\/es\/produto\/fachadas-ventiladas\/","name":"Fachadas ventiladas - Cortartec | Equipamentos para a constru\u00e7\u00e3o civil","isPartOf":{"@id":"https:\/\/cortartec.net\/es\/#website"},"primaryImageOfPage":{"@id":"https:\/\/cortartec.net\/es\/produto\/fachadas-ventiladas\/#primaryimage"},"image":{"@id":"https:\/\/cortartec.net\/es\/produto\/fachadas-ventiladas\/#primaryimage"},"thumbnailUrl":"https:\/\/cortartec.net\/wp-content\/uploads\/2026\/02\/imagem15-fachada-ceramica-oicr0l6j3tgw6j9k2w30yu2thwupkr9ea88f97eua2.jpg","datePublished":"2026-02-04T09:30:48+00:00","dateModified":"2026-05-14T15:30:13+00:00","breadcrumb":{"@id":"https:\/\/cortartec.net\/es\/produto\/fachadas-ventiladas\/#breadcrumb"},"inLanguage":"es","potentialAction":[{"@type":"ReadAction","target":["https:\/\/cortartec.net\/es\/produto\/fachadas-ventiladas\/"]}]},{"@type":"ImageObject","inLanguage":"es","@id":"https:\/\/cortartec.net\/es\/produto\/fachadas-ventiladas\/#primaryimage","url":"https:\/\/cortartec.net\/wp-content\/uploads\/2026\/02\/imagem15-fachada-ceramica-oicr0l6j3tgw6j9k2w30yu2thwupkr9ea88f97eua2.jpg","contentUrl":"https:\/\/cortartec.net\/wp-content\/uploads\/2026\/02\/imagem15-fachada-ceramica-oicr0l6j3tgw6j9k2w30yu2thwupkr9ea88f97eua2.jpg","width":300,"height":225},{"@type":"BreadcrumbList","@id":"https:\/\/cortartec.net\/es\/produto\/fachadas-ventiladas\/#breadcrumb","itemListElement":[{"@type":"ListItem","position":1,"name":"In\u00edcio","item":"https:\/\/cortartec.net\/es\/"},{"@type":"ListItem","position":2,"name":"PRODUCTOS","item":"https:\/\/cortartec.net\/es\/productos\/"},{"@type":"ListItem","position":3,"name":"Fachadas ventiladas"}]},{"@type":"WebSite","@id":"https:\/\/cortartec.net\/es\/#website","url":"https:\/\/cortartec.net\/es\/","name":"Cortartec | Equipamentos para a constru\u00e7\u00e3o civil","description":"Engenharia Industrial","potentialAction":[{"@type":"SearchAction","target":{"@type":"EntryPoint","urlTemplate":"https:\/\/cortartec.net\/es\/?s={search_term_string}"},"query-input":{"@type":"PropertyValueSpecification","valueRequired":true,"valueName":"search_term_string"}}],"inLanguage":"es"}]}},"_links":{"self":[{"href":"https:\/\/cortartec.net\/es\/wp-json\/wp\/v2\/product\/36729","targetHints":{"allow":["GET"]}}],"collection":[{"href":"https:\/\/cortartec.net\/es\/wp-json\/wp\/v2\/product"}],"about":[{"href":"https:\/\/cortartec.net\/es\/wp-json\/wp\/v2\/types\/product"}],"replies":[{"embeddable":true,"href":"https:\/\/cortartec.net\/es\/wp-json\/wp\/v2\/comments?post=36729"}],"wp:featuredmedia":[{"embeddable":true,"href":"https:\/\/cortartec.net\/es\/wp-json\/wp\/v2\/media\/36730"}],"wp:attachment":[{"href":"https:\/\/cortartec.net\/es\/wp-json\/wp\/v2\/media?parent=36729"}],"wp:term":[{"taxonomy":"product_brand","embeddable":true,"href":"https:\/\/cortartec.net\/es\/wp-json\/wp\/v2\/product_brand?post=36729"},{"taxonomy":"product_cat","embeddable":true,"href":"https:\/\/cortartec.net\/es\/wp-json\/wp\/v2\/product_cat?post=36729"},{"taxonomy":"product_tag","embeddable":true,"href":"https:\/\/cortartec.net\/es\/wp-json\/wp\/v2\/product_tag?post=36729"}],"curies":[{"name":"wp","href":"https:\/\/api.w.org\/{rel}","templated":true}]}}