{"id":36741,"date":"2026-02-03T16:08:27","date_gmt":"2026-02-03T16:08:27","guid":{"rendered":"https:\/\/cortartec.net\/produto\/fachadas-em-pedra-natural\/"},"modified":"2026-05-14T15:32:09","modified_gmt":"2026-05-14T15:32:09","slug":"fachadas-de-piedra-natural","status":"publish","type":"product","link":"https:\/\/cortartec.net\/es\/produto\/fachadas-de-piedra-natural\/","title":{"rendered":"Fachadas de piedra natural"},"content":{"rendered":"<div class=\"wpb-content-wrapper\"><p>[vc_row][vc_column]\t\t<div id=\"wd-6a05eac0df221\" class=\"wd-text-block wd-wpb reset-last-child wd-rs-6a05eac0df221 text-left \">\r\n\t\t\t<p>El revestimiento de piedra suele consistir en una combinaci\u00f3n de grandes piedras de tama\u00f1o individual. En ocasiones, pueden variar en grosor y pueden incluir cornisas u otras piedras que sobresalen de la l\u00ednea general del revestimiento. Los soportes para el trabajo en piedra suelen colocarse sobre la junta de dilataci\u00f3n horizontal en cada nivel del suelo y sobre las aberturas.<\/p>\n<p>El m\u00e9todo m\u00e1s eficaz consiste en colocar los soportes individuales de la banda en la junta vertical entre dos piedras adyacentes. Como alternativa, se pueden colocar dos soportes m\u00e1s peque\u00f1os cerca de cada extremo de cada piedra. El soporte de la cornisa y de otras piedras especialmente grandes requerir\u00e1 una atenci\u00f3n especial.<\/p>\n<h3><strong>Consideraciones de dise\u00f1o<\/strong><\/h3>\n<p>El dise\u00f1o del revestimiento de piedra debe cumplir con el C\u00f3digo de pr\u00e1cticas BS 8298: 2010 para el dise\u00f1o y la instalaci\u00f3n de revestimientos y pavimentos de piedra natural. El apoyo m\u00ednimo en el soporte suele ser el 50 % del espesor de la piedra. Un soporte \u00fanico que soporte dos piedras debe tener al menos 75 mm de longitud. En los casos en que se utilicen soportes individuales, estos deben tener al menos 50 mm de longitud.<\/p>\n\t\t<\/div>\r\n\t\t[\/vc_column][\/vc_row][vc_row][vc_column width=\u00bb1\/3&#8243;][vc_single_image image=\u00bb37958&#8243; img_size=\u00bbfull\u00bb css=\u00bb\u00bb parallax_scroll=\u00bbno\u00bb woodmart_inline=\u00bbno\u00bb]\t\t<div id=\"wd-6982232a0701e\" class=\"wd-text-block wd-wpb reset-last-child wd-rs-6982232a0701e text-left \">\r\n\t\t\t<h3><strong>CFA\/S<\/strong><\/h3>\n\t\t<\/div>\r\n\t\t[\/vc_column][vc_column width=\u00bb1\/3&#8243;][vc_single_image image=\u00bb37959&#8243; img_size=\u00bbfull\u00bb css=\u00bb\u00bb parallax_scroll=\u00bbno\u00bb woodmart_inline=\u00bbno\u00bb]\t\t<div id=\"wd-698223346a0e6\" class=\"wd-text-block wd-wpb reset-last-child wd-rs-698223346a0e6 text-left \">\r\n\t\t\t<h3><strong>CFA\/SD<\/strong><\/h3>\n\t\t<\/div>\r\n\t\t[\/vc_column][vc_column width=\u00bb1\/3&#8243;]\t\t<div id=\"wd-6a05eaca4e86f\" class=\"wd-text-block wd-wpb reset-last-child wd-rs-6a05eaca4e86f text-left \">\r\n\t\t\t<h2>Referencias<\/h2>\n<div class=\" vc_custom_1594291497333\">\n<div id=\"text-block-17\" class=\"mk-text-block \">\n<p>CFA \/ S \u00c1ngulo est\u00e1ndar<\/p>\n<p>CFA \/ SC M\u00e9nsula con pata inclinada 15\u02da<\/p>\n<p>\u00c1ngulo voladizo CFA \/ SD con pasadores<\/p>\n<p>CFA \/ SL Voladizo angular con reborde<\/p>\n<\/div>\n<\/div>\n\t\t<\/div>\r\n\t\t[\/vc_column][\/vc_row][vc_row][vc_column]\t\t<div id=\"wd-6a05ead101837\" class=\"wd-text-block wd-wpb reset-last-child wd-rs-6a05ead101837 text-left \">\r\n\t\t\t<h3><strong>CFA \/ S<\/strong><\/h3>\n<p>Se trata de escuadras individuales que admiten un tornillo de fijaci\u00f3n en el brazo vertical. Las dimensiones se eligen para adaptarse a la aplicaci\u00f3n. Las escuadras tambi\u00e9n pueden suministrarse con un reborde o pasadores para sujetar la base de cada piedra (Ref. CFA \/ SL o CFA \/ SD).<\/p>\n<h3><strong>CFA \/ SC<\/strong><\/h3>\n<p>Son similares a los CFA \/ S, pero el pie inferior est\u00e1 inclinado 15\u02da para proporcionar restricci\u00f3n cuando el soporte debe colocarse por encima de la base de la piedra. Los \u00e1ngulos de voladizo Ancon se han dise\u00f1ado para adaptarse a cada aplicaci\u00f3n. La tabla muestra ejemplos de soportes CFA \/ S y CFA \/ SC. P\u00f3ngase en contacto con el equipo de servicios t\u00e9cnicos de Ancon para comentar requisitos espec\u00edficos.<\/p>\n\t\t<\/div>\r\n\t\t[\/vc_column][\/vc_row][vc_row][vc_column width=\u00bb1\/3&#8243;][vc_single_image image=\u00bb37960&#8243; img_size=\u00bbfull\u00bb css=\u00bb\u00bb parallax_scroll=\u00bbno\u00bb woodmart_inline=\u00bbno\u00bb]\t\t<div id=\"wd-69822353dd2ac\" class=\"wd-text-block wd-wpb reset-last-child wd-rs-69822353dd2ac text-left \">\r\n\t\t\t<h3><strong>MDC\/S<\/strong><\/h3>\n\t\t<\/div>\r\n\t\t[\/vc_column][vc_column width=\u00bb1\/3&#8243;][vc_single_image image=\u00bb37961&#8243; img_size=\u00bbfull\u00bb css=\u00bb\u00bb parallax_scroll=\u00bbno\u00bb woodmart_inline=\u00bbno\u00bb][\/vc_column][vc_column width=\u00bb1\/3&#8243;]\t\t<div id=\"wd-6a05ead89a74b\" class=\"wd-text-block wd-wpb reset-last-child wd-rs-6a05ead89a74b text-left \">\r\n\t\t\t<h3>Referencias<\/h3>\n<div class=\" vc_custom_1594291519528\">\n<div id=\"text-block-27\" class=\"mk-text-block \">\n<p>MDC\/S Soporte para mamposter\u00eda MDC est\u00e1ndar<\/p>\n<p>MDC \/ S \/ BK03 con rotura t\u00e9rmica<br \/>\nSoporte MDC\/SC con pata inclinada 15\u02da<br \/>\nSoporte MDC\/SD con espigas<br \/>\nSoporte MDC\/SL con reborde<\/p>\n<\/div>\n<\/div>\n\t\t<\/div>\r\n\t\t[\/vc_column][\/vc_row][vc_row][vc_column]\t\t<div id=\"wd-6a05eadfcb626\" class=\"wd-text-block wd-wpb reset-last-child wd-rs-6a05eadfcb626 text-left \">\r\n\t\t\t<p>Los soportes para fachadas MDC\/S se basan en el sistema de soporte para mamposter\u00eda del MDC. La altura y la profundidad del soporte var\u00edan en funci\u00f3n del tama\u00f1o de la cavidad y de las cargas. Las dimensiones del \u00e1ngulo se seleccionan para adaptarse a la mamposter\u00eda que se va a soportar.<\/p>\n<h3><strong>Variaciones de dise\u00f1o<\/strong><\/h3>\n<p>El soporte MDC\/S se puede suministrar en una variedad de configuraciones para adaptarse a una aplicaci\u00f3n espec\u00edfica.<br \/>\nCuenta con un pasador para restringir la base de cada piedra; el MDC\/SC tiene la pata inferior del \u00e1ngulo inclinada 15\u02da para proporcionar restricci\u00f3n cuando el soporte debe colocarse por encima de la base de la piedra.<\/p>\n<h3><strong>Ajuste<\/strong><\/h3>\n<p>La cara estriada y ranurada del soporte MDC\/S permite el ajuste vertical. El canal incorporado permite el ajuste horizontal, pero dado que las posiciones de fijaci\u00f3n pueden ser dif\u00edciles de predeterminar, se suelen utilizar tornillos de expansi\u00f3n. Se pueden incluir cu\u00f1as entre el soporte y la estructura hasta un espesor m\u00e1ximo igual al di\u00e1metro exterior del tornillo de fijaci\u00f3n, o 16 mm, lo que sea menor.<\/p>\n\t\t<\/div>\r\n\t\t[\/vc_column][\/vc_row][vc_row][vc_column width=\u00bb2\/3&#8243;]\t\t<div id=\"wd-6a05eae859b68\" class=\"wd-text-block wd-wpb reset-last-child wd-rs-6a05eae859b68 text-left \">\r\n\t\t\t<h3><strong>Soporte Ancon Soffit<\/strong><\/h3>\n<p>Los soportes Ancon Soffit son un m\u00e9todo sencillo y seguro para fijar losas delgadas. Este soporte de alta resistencia y fijaci\u00f3n de retenci\u00f3n consta de una cabeza de acero inoxidable y un tornillo, y es r\u00e1pido y f\u00e1cil de instalar. La fijaci\u00f3n del disco es totalmente ajustable y capaz de soportar una carga de trabajo segura de 600 N en tensi\u00f3n. Se debe comprobar la piedra para garantizar que es capaz de soportar la tensi\u00f3n de rodadura localizada bajo el disco.<\/p>\n\t\t<\/div>\r\n\t\t[\/vc_column][vc_column width=\u00bb1\/3&#8243;][vc_single_image image=\u00bb37962&#8243; img_size=\u00bbfull\u00bb css=\u00bb\u00bb parallax_scroll=\u00bbno\u00bb woodmart_inline=\u00bbno\u00bb][\/vc_column][\/vc_row][vc_row][vc_column width=\u00bb2\/3&#8243;]\t\t<div id=\"wd-6a05eaf066bf1\" class=\"wd-text-block wd-wpb reset-last-child wd-rs-6a05eaf066bf1 text-left \">\r\n\t\t\t<h3><strong>Soportes SSB<\/strong><\/h3>\n<p>Los soportes SSB sostienen y fijan piedras con un grosor de entre 25 mm y 40 mm. Se pueden colocar en juntas verticales u horizontales y permiten el ajuste sin necesidad de cu\u00f1as.<\/p>\n\t\t<\/div>\r\n\t\t[\/vc_column][vc_column width=\u00bb1\/3&#8243;][vc_single_image image=\u00bb37963&#8243; img_size=\u00bbfull\u00bb css=\u00bb\u00bb parallax_scroll=\u00bbno\u00bb woodmart_inline=\u00bbno\u00bb][\/vc_column][\/vc_row]<\/p>\n<\/div>","protected":false},"excerpt":{"rendered":"<p><span style=\"color: #e46106;\"><strong><a style=\"color: #e46106;\" href=\"https:\/\/cortartec.net\/wp-content\/uploads\/2022\/04\/cortartec-sistema-de-fachadas-ventiladas-gk-pt.pdf\" target=\"_blank\" rel=\"noopener\">Ficha T\u00e9cnica<\/a><\/strong><\/span><br \/>\n<span style=\"color: #e46106;\"><strong><a style=\"color: #e46106;\" href=\"#\">DWG<\/a><\/strong><\/span><\/p>\n","protected":false},"featured_media":36742,"comment_status":"open","ping_status":"closed","template":"","meta":[],"product_brand":[],"product_cat":[338],"product_tag":[],"class_list":["post-36741","product","type-product","status-publish","has-post-thumbnail","product_cat-fachadas-2","first","instock","shipping-taxable","product-type-simple"],"yoast_head":"<!-- This site is optimized with the Yoast SEO plugin v28.4 - https:\/\/yoast.com\/product\/yoast-seo-wordpress\/ -->\n<title>Fachadas de piedra natural - Cortartec | Equipamentos para a constru\u00e7\u00e3o civil<\/title>\n<meta name=\"robots\" content=\"index, follow, max-snippet:-1, max-image-preview:large, max-video-preview:-1\" \/>\n<link rel=\"canonical\" href=\"https:\/\/cortartec.net\/es\/produto\/fachadas-de-piedra-natural\/\" \/>\n<meta property=\"og:locale\" content=\"es_ES\" \/>\n<meta property=\"og:type\" content=\"article\" \/>\n<meta property=\"og:title\" content=\"Fachadas de piedra natural - Cortartec | Equipamentos para a constru\u00e7\u00e3o civil\" \/>\n<meta property=\"og:description\" content=\"Ficha T\u00e9cnica DWG\" \/>\n<meta property=\"og:url\" content=\"https:\/\/cortartec.net\/es\/produto\/fachadas-de-piedra-natural\/\" \/>\n<meta property=\"og:site_name\" content=\"Cortartec | Equipamentos para a constru\u00e7\u00e3o civil\" \/>\n<meta property=\"article:modified_time\" content=\"2026-05-14T15:32:09+00:00\" \/>\n<meta property=\"og:image\" content=\"https:\/\/cortartec.net\/wp-content\/uploads\/2026\/02\/imagem100-ognwsn18s2kl7gb5pxjgjc9igqcschdcp48f161uq2.jpg\" \/>\n\t<meta property=\"og:image:width\" content=\"300\" \/>\n\t<meta property=\"og:image:height\" content=\"225\" \/>\n\t<meta property=\"og:image:type\" content=\"image\/jpeg\" \/>\n<meta name=\"twitter:card\" content=\"summary_large_image\" \/>\n<meta name=\"twitter:label1\" content=\"Tiempo de lectura\" \/>\n\t<meta name=\"twitter:data1\" content=\"6 minutos\" \/>\n<script type=\"application\/ld+json\" class=\"yoast-schema-graph\">{\"@context\":\"https:\\\/\\\/schema.org\",\"@graph\":[{\"@type\":\"WebPage\",\"@id\":\"https:\\\/\\\/cortartec.net\\\/es\\\/produto\\\/fachadas-de-piedra-natural\\\/\",\"url\":\"https:\\\/\\\/cortartec.net\\\/es\\\/produto\\\/fachadas-de-piedra-natural\\\/\",\"name\":\"Fachadas de piedra natural - Cortartec | Equipamentos para a constru\u00e7\u00e3o civil\",\"isPartOf\":{\"@id\":\"https:\\\/\\\/cortartec.net\\\/es\\\/#website\"},\"primaryImageOfPage\":{\"@id\":\"https:\\\/\\\/cortartec.net\\\/es\\\/produto\\\/fachadas-de-piedra-natural\\\/#primaryimage\"},\"image\":{\"@id\":\"https:\\\/\\\/cortartec.net\\\/es\\\/produto\\\/fachadas-de-piedra-natural\\\/#primaryimage\"},\"thumbnailUrl\":\"https:\\\/\\\/cortartec.net\\\/wp-content\\\/uploads\\\/2026\\\/02\\\/imagem100-ognwsn18s2kl7gb5pxjgjc9igqcschdcp48f161uq2.jpg\",\"datePublished\":\"2026-02-03T16:08:27+00:00\",\"dateModified\":\"2026-05-14T15:32:09+00:00\",\"breadcrumb\":{\"@id\":\"https:\\\/\\\/cortartec.net\\\/es\\\/produto\\\/fachadas-de-piedra-natural\\\/#breadcrumb\"},\"inLanguage\":\"es\",\"potentialAction\":[{\"@type\":\"ReadAction\",\"target\":[\"https:\\\/\\\/cortartec.net\\\/es\\\/produto\\\/fachadas-de-piedra-natural\\\/\"]}]},{\"@type\":\"ImageObject\",\"inLanguage\":\"es\",\"@id\":\"https:\\\/\\\/cortartec.net\\\/es\\\/produto\\\/fachadas-de-piedra-natural\\\/#primaryimage\",\"url\":\"https:\\\/\\\/cortartec.net\\\/wp-content\\\/uploads\\\/2026\\\/02\\\/imagem100-ognwsn18s2kl7gb5pxjgjc9igqcschdcp48f161uq2.jpg\",\"contentUrl\":\"https:\\\/\\\/cortartec.net\\\/wp-content\\\/uploads\\\/2026\\\/02\\\/imagem100-ognwsn18s2kl7gb5pxjgjc9igqcschdcp48f161uq2.jpg\",\"width\":300,\"height\":225},{\"@type\":\"BreadcrumbList\",\"@id\":\"https:\\\/\\\/cortartec.net\\\/es\\\/produto\\\/fachadas-de-piedra-natural\\\/#breadcrumb\",\"itemListElement\":[{\"@type\":\"ListItem\",\"position\":1,\"name\":\"In\u00edcio\",\"item\":\"https:\\\/\\\/cortartec.net\\\/es\\\/\"},{\"@type\":\"ListItem\",\"position\":2,\"name\":\"PRODUCTOS\",\"item\":\"https:\\\/\\\/cortartec.net\\\/es\\\/productos\\\/\"},{\"@type\":\"ListItem\",\"position\":3,\"name\":\"Fachadas de piedra natural\"}]},{\"@type\":\"WebSite\",\"@id\":\"https:\\\/\\\/cortartec.net\\\/es\\\/#website\",\"url\":\"https:\\\/\\\/cortartec.net\\\/es\\\/\",\"name\":\"Cortartec | Equipamentos para a constru\u00e7\u00e3o civil\",\"description\":\"Engenharia Industrial\",\"potentialAction\":[{\"@type\":\"SearchAction\",\"target\":{\"@type\":\"EntryPoint\",\"urlTemplate\":\"https:\\\/\\\/cortartec.net\\\/es\\\/?s={search_term_string}\"},\"query-input\":{\"@type\":\"PropertyValueSpecification\",\"valueRequired\":true,\"valueName\":\"search_term_string\"}}],\"inLanguage\":\"es\"}]}<\/script>\n<!-- \/ Yoast SEO plugin. -->","yoast_head_json":{"title":"Fachadas de piedra natural - Cortartec | Equipamentos para a constru\u00e7\u00e3o civil","robots":{"index":"index","follow":"follow","max-snippet":"max-snippet:-1","max-image-preview":"max-image-preview:large","max-video-preview":"max-video-preview:-1"},"canonical":"https:\/\/cortartec.net\/es\/produto\/fachadas-de-piedra-natural\/","og_locale":"es_ES","og_type":"article","og_title":"Fachadas de piedra natural - Cortartec | Equipamentos para a constru\u00e7\u00e3o civil","og_description":"Ficha T\u00e9cnica DWG","og_url":"https:\/\/cortartec.net\/es\/produto\/fachadas-de-piedra-natural\/","og_site_name":"Cortartec | Equipamentos para a constru\u00e7\u00e3o civil","article_modified_time":"2026-05-14T15:32:09+00:00","og_image":[{"width":300,"height":225,"url":"https:\/\/cortartec.net\/wp-content\/uploads\/2026\/02\/imagem100-ognwsn18s2kl7gb5pxjgjc9igqcschdcp48f161uq2.jpg","type":"image\/jpeg"}],"twitter_card":"summary_large_image","twitter_misc":{"Tiempo de lectura":"6 minutos"},"schema":{"@context":"https:\/\/schema.org","@graph":[{"@type":"WebPage","@id":"https:\/\/cortartec.net\/es\/produto\/fachadas-de-piedra-natural\/","url":"https:\/\/cortartec.net\/es\/produto\/fachadas-de-piedra-natural\/","name":"Fachadas de piedra natural - Cortartec | Equipamentos para a constru\u00e7\u00e3o civil","isPartOf":{"@id":"https:\/\/cortartec.net\/es\/#website"},"primaryImageOfPage":{"@id":"https:\/\/cortartec.net\/es\/produto\/fachadas-de-piedra-natural\/#primaryimage"},"image":{"@id":"https:\/\/cortartec.net\/es\/produto\/fachadas-de-piedra-natural\/#primaryimage"},"thumbnailUrl":"https:\/\/cortartec.net\/wp-content\/uploads\/2026\/02\/imagem100-ognwsn18s2kl7gb5pxjgjc9igqcschdcp48f161uq2.jpg","datePublished":"2026-02-03T16:08:27+00:00","dateModified":"2026-05-14T15:32:09+00:00","breadcrumb":{"@id":"https:\/\/cortartec.net\/es\/produto\/fachadas-de-piedra-natural\/#breadcrumb"},"inLanguage":"es","potentialAction":[{"@type":"ReadAction","target":["https:\/\/cortartec.net\/es\/produto\/fachadas-de-piedra-natural\/"]}]},{"@type":"ImageObject","inLanguage":"es","@id":"https:\/\/cortartec.net\/es\/produto\/fachadas-de-piedra-natural\/#primaryimage","url":"https:\/\/cortartec.net\/wp-content\/uploads\/2026\/02\/imagem100-ognwsn18s2kl7gb5pxjgjc9igqcschdcp48f161uq2.jpg","contentUrl":"https:\/\/cortartec.net\/wp-content\/uploads\/2026\/02\/imagem100-ognwsn18s2kl7gb5pxjgjc9igqcschdcp48f161uq2.jpg","width":300,"height":225},{"@type":"BreadcrumbList","@id":"https:\/\/cortartec.net\/es\/produto\/fachadas-de-piedra-natural\/#breadcrumb","itemListElement":[{"@type":"ListItem","position":1,"name":"In\u00edcio","item":"https:\/\/cortartec.net\/es\/"},{"@type":"ListItem","position":2,"name":"PRODUCTOS","item":"https:\/\/cortartec.net\/es\/productos\/"},{"@type":"ListItem","position":3,"name":"Fachadas de piedra natural"}]},{"@type":"WebSite","@id":"https:\/\/cortartec.net\/es\/#website","url":"https:\/\/cortartec.net\/es\/","name":"Cortartec | Equipamentos para a constru\u00e7\u00e3o civil","description":"Engenharia Industrial","potentialAction":[{"@type":"SearchAction","target":{"@type":"EntryPoint","urlTemplate":"https:\/\/cortartec.net\/es\/?s={search_term_string}"},"query-input":{"@type":"PropertyValueSpecification","valueRequired":true,"valueName":"search_term_string"}}],"inLanguage":"es"}]}},"_links":{"self":[{"href":"https:\/\/cortartec.net\/es\/wp-json\/wp\/v2\/product\/36741","targetHints":{"allow":["GET"]}}],"collection":[{"href":"https:\/\/cortartec.net\/es\/wp-json\/wp\/v2\/product"}],"about":[{"href":"https:\/\/cortartec.net\/es\/wp-json\/wp\/v2\/types\/product"}],"replies":[{"embeddable":true,"href":"https:\/\/cortartec.net\/es\/wp-json\/wp\/v2\/comments?post=36741"}],"wp:featuredmedia":[{"embeddable":true,"href":"https:\/\/cortartec.net\/es\/wp-json\/wp\/v2\/media\/36742"}],"wp:attachment":[{"href":"https:\/\/cortartec.net\/es\/wp-json\/wp\/v2\/media?parent=36741"}],"wp:term":[{"taxonomy":"product_brand","embeddable":true,"href":"https:\/\/cortartec.net\/es\/wp-json\/wp\/v2\/product_brand?post=36741"},{"taxonomy":"product_cat","embeddable":true,"href":"https:\/\/cortartec.net\/es\/wp-json\/wp\/v2\/product_cat?post=36741"},{"taxonomy":"product_tag","embeddable":true,"href":"https:\/\/cortartec.net\/es\/wp-json\/wp\/v2\/product_tag?post=36741"}],"curies":[{"name":"wp","href":"https:\/\/api.w.org\/{rel}","templated":true}]}}