{"id":3107,"date":"2020-02-21T10:19:47","date_gmt":"2020-02-21T10:19:47","guid":{"rendered":"https:\/\/cortartec.net\/?page_id=3107"},"modified":"2020-09-21T15:49:01","modified_gmt":"2020-09-21T15:49:01","slug":"profils-de-transition-plancher","status":"publish","type":"page","link":"https:\/\/cortartec.net\/fr\/produits\/finitions\/profils-de-transition-plancher\/","title":{"rendered":"Profils de transition de plancher"},"content":{"rendered":"[vc_row css=\u00a0\u00bb.vc_custom_1597832405574{margin-top: 50px !important;}\u00a0\u00bb][vc_column width=\u00a0\u00bb1\/4&Prime;][mk_image src=\u00a0\u00bbhttps:\/\/cortartec.net\/wp-content\/uploads\/2019\/10\/gptp01-dt-1.jpg\u00a0\u00bb image_width=\u00a0\u00bb300&Prime; image_height=\u00a0\u00bb225&Prime; align=\u00a0\u00bbcenter\u00a0\u00bb margin_bottom=\u00a0\u00bb20&Prime;][mk_fancy_title color=\u00a0\u00bb#fe6600&Prime; size=\u00a0\u00bb25&Prime; font_weight=\u00a0\u00bbbold\u00a0\u00bb txt_transform=\u00a0\u00bbuppercase\u00a0\u00bb font_family=\u00a0\u00bbnone\u00a0\u00bb]CGP 01[\/mk_fancy_title][vc_column_text css=\u00a0\u00bb.vc_custom_1582280750923{margin-bottom: 0px !important;}\u00a0\u00bb]Profils de finition en aluminium largeur 30 mm. \u00a0 \u00a0 \u00a0 \u00a0 \u00a0 \u00a0 \u00a0 \u00a0 \u00a0 \u00a0 \u00a0 \u00a0 <strong>Installation: <\/strong>adh\u00e9sif ou silicone<br \/>\n<strong>Longueur du profil:<\/strong> 2,7 m<br \/>\n<strong>Couleurs disponibles:<\/strong> anodis\u00e9 mat et jaune mat[\/vc_column_text][mk_padding_divider size=\u00a0\u00bb30&Prime; visibility=\u00a0\u00bbvisible-sm\u00a0\u00bb][\/vc_column][vc_column width=\u00a0\u00bb1\/4&Prime;][mk_image src=\u00a0\u00bbhttps:\/\/cortartec.net\/wp-content\/uploads\/2019\/10\/gptp25-dt.jpg\u00a0\u00bb image_width=\u00a0\u00bb300&Prime; image_height=\u00a0\u00bb225&Prime; align=\u00a0\u00bbcenter\u00a0\u00bb margin_bottom=\u00a0\u00bb20&Prime;][mk_fancy_title color=\u00a0\u00bb#fe6600&Prime; size=\u00a0\u00bb25&Prime; font_weight=\u00a0\u00bbbold\u00a0\u00bb txt_transform=\u00a0\u00bbuppercase\u00a0\u00bb font_family=\u00a0\u00bbnone\u00a0\u00bb]CGP 25[\/mk_fancy_title][vc_column_text css=\u00a0\u00bb.vc_custom_1582280900940{margin-bottom: 0px !important;}\u00a0\u00bb]Profils de finition en aluminium de 25 mm de large. \u00a0 \u00a0 \u00a0 \u00a0 \u00a0\u00a0 <strong>Installation:<\/strong> silicone ou vis<br \/>\n<strong>Longueur du profil:<\/strong> 2,7 m<br \/>\n<strong>Couleurs disponibles:<\/strong> anodis\u00e9 mat et jaune mat[\/vc_column_text][mk_padding_divider size=\u00a0\u00bb30&Prime; visibility=\u00a0\u00bbvisible-sm\u00a0\u00bb][\/vc_column][vc_column width=\u00a0\u00bb1\/4&Prime;][mk_image src=\u00a0\u00bbhttps:\/\/cortartec.net\/wp-content\/uploads\/2019\/10\/gptp30-2-dt.jpg\u00a0\u00bb image_width=\u00a0\u00bb300&Prime; image_height=\u00a0\u00bb225&Prime; align=\u00a0\u00bbcenter\u00a0\u00bb margin_bottom=\u00a0\u00bb20&Prime;][mk_fancy_title color=\u00a0\u00bb#fe6600&Prime; size=\u00a0\u00bb25&Prime; font_weight=\u00a0\u00bbbold\u00a0\u00bb txt_transform=\u00a0\u00bbuppercase\u00a0\u00bb font_family=\u00a0\u00bbnone\u00a0\u00bb]CGP 30.2[\/mk_fancy_title][vc_column_text css=\u00a0\u00bb.vc_custom_1582280750923{margin-bottom: 0px !important;}\u00a0\u00bb]Profils de finition en aluminium largeur 30 mm. \u00a0 \u00a0 \u00a0 \u00a0 \u00a0 \u00a0 \u00a0 \u00a0 \u00a0 \u00a0 \u00a0 \u00a0 <strong>Installation: <\/strong>adh\u00e9sif ou silicone<br \/>\n<strong>Longueur du profil:<\/strong> 2,7 m<br \/>\n<strong>Couleurs disponibles:<\/strong> anodis\u00e9 mat et jaune mat[\/vc_column_text][mk_padding_divider size=\u00a0\u00bb30&Prime; visibility=\u00a0\u00bbvisible-sm\u00a0\u00bb][\/vc_column][vc_column width=\u00a0\u00bb1\/4&Prime;][mk_image src=\u00a0\u00bbhttps:\/\/cortartec.net\/wp-content\/uploads\/2019\/10\/gptp32-dt.jpg\u00a0\u00bb image_width=\u00a0\u00bb300&Prime; image_height=\u00a0\u00bb225&Prime; align=\u00a0\u00bbcenter\u00a0\u00bb margin_bottom=\u00a0\u00bb20&Prime;][mk_fancy_title color=\u00a0\u00bb#fe6600&Prime; size=\u00a0\u00bb25&Prime; font_weight=\u00a0\u00bbbold\u00a0\u00bb txt_transform=\u00a0\u00bbuppercase\u00a0\u00bb font_family=\u00a0\u00bbnone\u00a0\u00bb]CGP 32[\/mk_fancy_title][vc_column_text css=\u00a0\u00bb.vc_custom_1582281028672{margin-bottom: 0px !important;}\u00a0\u00bb]Profil de garniture en aluminium de 32 mm de large. Id\u00e9al pour les surfaces planes. \u00a0 \u00a0 \u00a0 \u00a0 \u00a0 \u00a0 \u00a0 <strong>Installation: <\/strong>adh\u00e9sif ou silicone<br \/>\n<strong>Longueur du profil:<\/strong> 2,7 m<br \/>\n<strong>Couleurs disponibles:<\/strong> anodis\u00e9 mat et jaune mat[\/vc_column_text][\/vc_column][\/vc_row][vc_row css=\u00a0\u00bb.vc_custom_1597832444005{margin-top: 50px !important;}\u00a0\u00bb][vc_column width=\u00a0\u00bb1\/4&Prime;][mk_image src=\u00a0\u00bbhttps:\/\/cortartec.net\/wp-content\/uploads\/2019\/10\/gptp35-dt.jpg\u00a0\u00bb image_width=\u00a0\u00bb300&Prime; image_height=\u00a0\u00bb225&Prime; align=\u00a0\u00bbcenter\u00a0\u00bb margin_bottom=\u00a0\u00bb20&Prime;][mk_fancy_title color=\u00a0\u00bb#fe6600&Prime; size=\u00a0\u00bb25&Prime; font_weight=\u00a0\u00bbbold\u00a0\u00bb txt_transform=\u00a0\u00bbuppercase\u00a0\u00bb font_family=\u00a0\u00bbnone\u00a0\u00bb]CGP 35[\/mk_fancy_title][vc_column_text css=\u00a0\u00bb.vc_custom_1582281116913{margin-bottom: 0px !important;}\u00a0\u00bb]Profil de finition en aluminium avec largeur 35 mm et surface antid\u00e9rapante.\u00a0 \u00a0 \u00a0 \u00a0 \u00a0 \u00a0 \u00a0 \u00a0 \u00a0 \u00a0 \u00a0 \u00a0 <strong>Installation: <\/strong>adh\u00e9sif ou silicone<br \/>\n<strong>Longueur du profil:<\/strong> 2,7 m<br \/>\n<strong>Couleurs disponibles:<\/strong> anodis\u00e9 mat et jaune mat[\/vc_column_text][mk_padding_divider size=\u00a0\u00bb30&Prime; visibility=\u00a0\u00bbvisible-sm\u00a0\u00bb][\/vc_column][vc_column width=\u00a0\u00bb1\/4&Prime;][mk_image src=\u00a0\u00bbhttps:\/\/cortartec.net\/wp-content\/uploads\/2019\/10\/gptp37-dt.jpg\u00a0\u00bb image_width=\u00a0\u00bb300&Prime; image_height=\u00a0\u00bb225&Prime; align=\u00a0\u00bbcenter\u00a0\u00bb margin_bottom=\u00a0\u00bb20&Prime;][mk_fancy_title color=\u00a0\u00bb#fe6600&Prime; size=\u00a0\u00bb25&Prime; font_weight=\u00a0\u00bbbold\u00a0\u00bb txt_transform=\u00a0\u00bbuppercase\u00a0\u00bb font_family=\u00a0\u00bbnone\u00a0\u00bb]CGP 37[\/mk_fancy_title][vc_column_text css=\u00a0\u00bb.vc_custom_1582281344775{margin-bottom: 0px !important;}\u00a0\u00bb]Profils de finition en aluminium largeur 30 mm.\u00a0 \u00a0 \u00a0 \u00a0 \u00a0 \u00a0 \u00a0 \u00a0 \u00a0 \u00a0 \u00a0\u00a0 <strong>Installation: <\/strong>adh\u00e9sif ou silicone<br \/>\n<strong>Longueur du profil:<\/strong> 2,7 m<br \/>\n<strong>Couleurs disponibles:<\/strong> anodis\u00e9 mat et jaune mat[\/vc_column_text][mk_padding_divider size=\u00a0\u00bb30&Prime; visibility=\u00a0\u00bbvisible-sm\u00a0\u00bb][\/vc_column][vc_column width=\u00a0\u00bb1\/4&Prime;][mk_image src=\u00a0\u00bbhttps:\/\/cortartec.net\/wp-content\/uploads\/2019\/10\/gptp38-dt.jpg\u00a0\u00bb image_width=\u00a0\u00bb300&Prime; image_height=\u00a0\u00bb225&Prime; align=\u00a0\u00bbcenter\u00a0\u00bb margin_bottom=\u00a0\u00bb20&Prime;][mk_fancy_title color=\u00a0\u00bb#fe6600&Prime; size=\u00a0\u00bb25&Prime; font_weight=\u00a0\u00bbbold\u00a0\u00bb txt_transform=\u00a0\u00bbuppercase\u00a0\u00bb font_family=\u00a0\u00bbnone\u00a0\u00bb]CGP 38[\/mk_fancy_title][vc_column_text css=\u00a0\u00bb.vc_custom_1582281344775{margin-bottom: 0px !important;}\u00a0\u00bb]Profils de finition en aluminium largeur 30 mm.\u00a0 \u00a0 \u00a0 \u00a0 \u00a0 \u00a0 \u00a0 \u00a0 \u00a0 \u00a0 \u00a0\u00a0 <strong>Installation: <\/strong>adh\u00e9sif ou silicone<br \/>\n<strong>Longueur du profil:<\/strong> 2,7 m<br \/>\n<strong>Couleurs disponibles:<\/strong> anodis\u00e9 mat et jaune mat[\/vc_column_text][mk_padding_divider size=\u00a0\u00bb30&Prime; visibility=\u00a0\u00bbvisible-sm\u00a0\u00bb][\/vc_column][vc_column width=\u00a0\u00bb1\/4&Prime;][mk_image src=\u00a0\u00bbhttps:\/\/cortartec.net\/wp-content\/uploads\/2019\/11\/gptp39-dt.jpg\u00a0\u00bb image_width=\u00a0\u00bb300&Prime; image_height=\u00a0\u00bb225&Prime; align=\u00a0\u00bbcenter\u00a0\u00bb margin_bottom=\u00a0\u00bb20&Prime;][mk_fancy_title color=\u00a0\u00bb#fe6600&Prime; size=\u00a0\u00bb25&Prime; font_weight=\u00a0\u00bbbold\u00a0\u00bb txt_transform=\u00a0\u00bbuppercase\u00a0\u00bb font_family=\u00a0\u00bbnone\u00a0\u00bb]CGP 39[\/mk_fancy_title][vc_column_text css=\u00a0\u00bb.vc_custom_1582281344775{margin-bottom: 0px !important;}\u00a0\u00bb]Profils de finition en aluminium largeur 30 mm.\u00a0 \u00a0 \u00a0 \u00a0 \u00a0 \u00a0 \u00a0 \u00a0 \u00a0 \u00a0 \u00a0\u00a0 <strong>Installation: <\/strong>adh\u00e9sif ou silicone<br \/>\n<strong>Longueur du profil:<\/strong> 2,7 m<br \/>\n<strong>Couleurs disponibles:<\/strong> anodis\u00e9 mat et jaune mat[\/vc_column_text][\/vc_column][\/vc_row][vc_row css=\u00a0\u00bb.vc_custom_1597832482694{margin-top: 50px !important;}\u00a0\u00bb][vc_column width=\u00a0\u00bb1\/4&Prime;][mk_image src=\u00a0\u00bbhttps:\/\/cortartec.net\/wp-content\/uploads\/2019\/11\/gptp40-dt.jpg\u00a0\u00bb image_width=\u00a0\u00bb300&Prime; image_height=\u00a0\u00bb225&Prime; align=\u00a0\u00bbcenter\u00a0\u00bb margin_bottom=\u00a0\u00bb20&Prime;][mk_fancy_title color=\u00a0\u00bb#fe6600&Prime; size=\u00a0\u00bb25&Prime; font_weight=\u00a0\u00bbbold\u00a0\u00bb txt_transform=\u00a0\u00bbuppercase\u00a0\u00bb font_family=\u00a0\u00bbnone\u00a0\u00bb]CGP 40[\/mk_fancy_title][vc_column_text css=\u00a0\u00bb.vc_custom_1582281845938{margin-bottom: 0px !important;}\u00a0\u00bb]Profils de finition en aluminium largeur 41 mm.\u00a0 \u00a0 \u00a0 \u00a0 \u00a0 \u00a0 \u00a0 \u00a0 \u00a0 \u00a0 \u00a0\u00a0 <strong>Installation: <\/strong>adh\u00e9sif ou silicone<br \/>\n<strong>Longueur du profil:<\/strong> 2,7 m<br \/>\n<strong>Couleurs disponibles:<\/strong> anodis\u00e9 mat et jaune mat[\/vc_column_text][mk_padding_divider size=\u00a0\u00bb30&Prime; visibility=\u00a0\u00bbvisible-sm\u00a0\u00bb][\/vc_column][vc_column width=\u00a0\u00bb1\/4&Prime;][mk_image src=\u00a0\u00bbhttps:\/\/cortartec.net\/wp-content\/uploads\/2019\/11\/gptp41-dt.jpg\u00a0\u00bb image_width=\u00a0\u00bb300&Prime; image_height=\u00a0\u00bb225&Prime; align=\u00a0\u00bbcenter\u00a0\u00bb margin_bottom=\u00a0\u00bb20&Prime;][mk_fancy_title color=\u00a0\u00bb#fe6600&Prime; size=\u00a0\u00bb25&Prime; font_weight=\u00a0\u00bbbold\u00a0\u00bb txt_transform=\u00a0\u00bbuppercase\u00a0\u00bb font_family=\u00a0\u00bbnone\u00a0\u00bb]CGP 41[\/mk_fancy_title][vc_column_text css=\u00a0\u00bb.vc_custom_1582282072514{margin-bottom: 0px !important;}\u00a0\u00bb]Profil de finition pour les diff\u00e9rences de niveau en aluminium avec une largeur de 39 mm. Dans ce produit, il existe des rev\u00eatements de couleurs alternatives pour la conception du bois tels que; acajou, cerice, noyer et ch\u00eane. Si vous commandez ces couleurs, le num\u00e9ro de produit sera GP41-A. <strong>Installation:<\/strong> Vis cach\u00e9e<br \/>\n<strong>Longueur du profil:<\/strong> 2,7 m<br \/>\n<strong>Couleurs disponibles:<\/strong> anodis\u00e9 mat et jaune mat[\/vc_column_text][mk_padding_divider size=\u00a0\u00bb30&Prime; visibility=\u00a0\u00bbvisible-sm\u00a0\u00bb][\/vc_column][vc_column width=\u00a0\u00bb1\/4&Prime;][mk_image src=\u00a0\u00bbhttps:\/\/cortartec.net\/wp-content\/uploads\/2019\/11\/gptp50-dt.jpg\u00a0\u00bb image_width=\u00a0\u00bb300&Prime; image_height=\u00a0\u00bb225&Prime; align=\u00a0\u00bbcenter\u00a0\u00bb margin_bottom=\u00a0\u00bb20&Prime;][mk_fancy_title color=\u00a0\u00bb#fe6600&Prime; size=\u00a0\u00bb25&Prime; font_weight=\u00a0\u00bbbold\u00a0\u00bb txt_transform=\u00a0\u00bbuppercase\u00a0\u00bb font_family=\u00a0\u00bbnone\u00a0\u00bb]CGP 50[\/mk_fancy_title][vc_column_text css=\u00a0\u00bb.vc_custom_1582282317745{margin-bottom: 0px !important;}\u00a0\u00bb]Profil de finition pour les diff\u00e9rences de niveau en aluminium de 50 mm de large. \u00a0 \u00a0 <strong>Installation: <\/strong>adh\u00e9sif ou silicone<br \/>\n<strong>Longueur du profil:<\/strong> 2,7 m<br \/>\n<strong>Couleurs disponibles:<\/strong> anodis\u00e9 mat et jaune mat[\/vc_column_text][mk_padding_divider size=\u00a0\u00bb30&Prime; visibility=\u00a0\u00bbvisible-sm\u00a0\u00bb][\/vc_column][vc_column width=\u00a0\u00bb1\/4&Prime;][mk_image src=\u00a0\u00bbhttps:\/\/cortartec.net\/wp-content\/uploads\/2019\/10\/gptp30-dt.jpg\u00a0\u00bb image_width=\u00a0\u00bb300&Prime; image_height=\u00a0\u00bb225&Prime; align=\u00a0\u00bbcenter\u00a0\u00bb margin_bottom=\u00a0\u00bb20&Prime;][mk_fancy_title color=\u00a0\u00bb#fe6600&Prime; size=\u00a0\u00bb25&Prime; font_weight=\u00a0\u00bbbold\u00a0\u00bb txt_transform=\u00a0\u00bbuppercase\u00a0\u00bb font_family=\u00a0\u00bbnone\u00a0\u00bb]CGP 30[\/mk_fancy_title][vc_column_text css=\u00a0\u00bb.vc_custom_1582282486523{margin-bottom: 0px !important;}\u00a0\u00bb]Profils pour garniture en aluminium de 30 mm de large avec des canaux de vis cach\u00e9s. Dans ce produit, il existe des rev\u00eatements alternatifs pour les couleurs de conception en bois, tels que; acajou, cerice, noyer et ch\u00eane. Si vous commandez ces couleurs, le num\u00e9ro de produit sera CGP30-A. \u00a0 \u00a0 \u00a0 \u00a0 \u00a0 \u00a0 \u00a0 <strong>\u00a0\u00a0 Installation:<\/strong> vis cach\u00e9e ou silicone<br \/>\n<strong>Longueur du profil:<\/strong> 2,7 m<br \/>\n<strong>Couleurs disponibles:<\/strong> anodis\u00e9 mat et jaune mat[\/vc_column_text][\/vc_column][\/vc_row][vc_row css=\u00a0\u00bb.vc_custom_1597832522675{margin-top: 50px !important;}\u00a0\u00bb][vc_column][mk_fancy_title color=\u00a0\u00bb#fe6600&Prime; size=\u00a0\u00bb25&Prime; font_weight=\u00a0\u00bbbold\u00a0\u00bb txt_transform=\u00a0\u00bbuppercase\u00a0\u00bb margin_bottom=\u00a0\u00bb0&Prime; font_family=\u00a0\u00bbnone\u00a0\u00bb]Profils pour moquette et parquet[\/mk_fancy_title][\/vc_column][\/vc_row][vc_row][vc_column width=\u00a0\u00bb1\/4&Prime;][mk_image src=\u00a0\u00bbhttps:\/\/cortartec.net\/wp-content\/uploads\/2019\/11\/hb12-dt.jpg\u00a0\u00bb image_width=\u00a0\u00bb300&Prime; image_height=\u00a0\u00bb225&Prime; align=\u00a0\u00bbcenter\u00a0\u00bb margin_bottom=\u00a0\u00bb20&Prime;][mk_fancy_title color=\u00a0\u00bb#fe6600&Prime; size=\u00a0\u00bb25&Prime; font_weight=\u00a0\u00bbbold\u00a0\u00bb txt_transform=\u00a0\u00bbuppercase\u00a0\u00bb font_family=\u00a0\u00bbnone\u00a0\u00bb]CHB 12[\/mk_fancy_title][vc_column_text css=\u00a0\u00bb.vc_custom_1582282647077{margin-bottom: 0px !important;}\u00a0\u00bb]Profil d&rsquo;extr\u00e9mit\u00e9 en aluminium parquet. Dans ce produit, il existe des rev\u00eatements de couleurs alternatives pour la conception du bois tels que: acajou, cerice, noyer, ch\u00eane. Si vous commandez ces couleurs, le num\u00e9ro de produit sera HB12-A. \u00a0 \u00a0 \u00a0 \u00a0 \u00a0 \u00a0 \u00a0 \u00a0 \u00a0 \u00a0 \u00a0 \u00a0 \u00a0 \u00a0 \u00a0 \u00a0 \u00a0 <strong>Largeur:<\/strong> 8,6 mm<br \/>\n<strong>Longueur du profil:<\/strong> 2,7 m<br \/>\n<strong>Couleurs disponibles:<\/strong> anodis\u00e9 mat et jaune mat[\/vc_column_text][mk_padding_divider size=\u00a0\u00bb30&Prime; visibility=\u00a0\u00bbvisible-sm\u00a0\u00bb][\/vc_column][vc_column width=\u00a0\u00bb1\/4&Prime;][mk_image src=\u00a0\u00bbhttps:\/\/cortartec.net\/wp-content\/uploads\/2019\/11\/hb14-dt.jpg\u00a0\u00bb image_width=\u00a0\u00bb300&Prime; image_height=\u00a0\u00bb225&Prime; align=\u00a0\u00bbcenter\u00a0\u00bb margin_bottom=\u00a0\u00bb20&Prime;][mk_fancy_title color=\u00a0\u00bb#fe6600&Prime; size=\u00a0\u00bb25&Prime; font_weight=\u00a0\u00bbbold\u00a0\u00bb txt_transform=\u00a0\u00bbuppercase\u00a0\u00bb font_family=\u00a0\u00bbnone\u00a0\u00bb]CHB 14[\/mk_fancy_title][vc_column_text css=\u00a0\u00bb.vc_custom_1582282811194{margin-bottom: 0px !important;}\u00a0\u00bb]Profil de finition de tapis en aluminium. \u00a0 \u00a0 \u00a0 \u00a0 \u00a0 \u00a0 \u00a0 \u00a0 \u00a0 \u00a0 \u00a0 \u00a0 \u00a0 \u00a0 \u00a0 \u00a0\u00a0<strong> Largeur:<\/strong> 12 mm<br \/>\n<strong>Longueur du profil:<\/strong> 2,7 m<br \/>\n<strong>Couleurs disponibles:<\/strong> anodis\u00e9 mat et jaune mat[\/vc_column_text][mk_padding_divider size=\u00a0\u00bb30&Prime; visibility=\u00a0\u00bbvisible-sm\u00a0\u00bb][\/vc_column][vc_column width=\u00a0\u00bb1\/4&Prime;][mk_image src=\u00a0\u00bbhttps:\/\/cortartec.net\/wp-content\/uploads\/2019\/11\/hb15-dt.jpg\u00a0\u00bb image_width=\u00a0\u00bb300&Prime; image_height=\u00a0\u00bb225&Prime; align=\u00a0\u00bbcenter\u00a0\u00bb margin_bottom=\u00a0\u00bb20&Prime;][mk_fancy_title color=\u00a0\u00bb#fe6600&Prime; size=\u00a0\u00bb25&Prime; font_weight=\u00a0\u00bbbold\u00a0\u00bb txt_transform=\u00a0\u00bbuppercase\u00a0\u00bb font_family=\u00a0\u00bbnone\u00a0\u00bb]CHB 15[\/mk_fancy_title][vc_column_text css=\u00a0\u00bb.vc_custom_1582283025752{margin-bottom: 0px !important;}\u00a0\u00bb]Profil de finition de tapis en aluminium. \u00a0 \u00a0 \u00a0 \u00a0 \u00a0 \u00a0 \u00a0 \u00a0 \u00a0 \u00a0 \u00a0 \u00a0 \u00a0 \u00a0 \u00a0 \u00a0\u00a0<strong> Largeur:<\/strong> 8 mm<br \/>\n<strong>Longueur du profil:<\/strong> 2,7 m<br \/>\n<strong>Couleurs disponibles:<\/strong> anodis\u00e9 mat et jaune mat[\/vc_column_text][mk_padding_divider size=\u00a0\u00bb30&Prime; visibility=\u00a0\u00bbvisible-sm\u00a0\u00bb][\/vc_column][vc_column width=\u00a0\u00bb1\/4&Prime;][mk_image src=\u00a0\u00bbhttps:\/\/cortartec.net\/wp-content\/uploads\/2019\/11\/hb16-dt.jpg\u00a0\u00bb image_width=\u00a0\u00bb300&Prime; image_height=\u00a0\u00bb225&Prime; align=\u00a0\u00bbcenter\u00a0\u00bb margin_bottom=\u00a0\u00bb20&Prime;][mk_fancy_title color=\u00a0\u00bb#fe6600&Prime; size=\u00a0\u00bb25&Prime; font_weight=\u00a0\u00bbbold\u00a0\u00bb txt_transform=\u00a0\u00bbuppercase\u00a0\u00bb font_family=\u00a0\u00bbnone\u00a0\u00bb]CHB 16[\/mk_fancy_title][vc_column_text css=\u00a0\u00bb.vc_custom_1582282811194{margin-bottom: 0px !important;}\u00a0\u00bb]Profil de finition de tapis en aluminium. \u00a0 \u00a0 \u00a0 \u00a0 \u00a0 \u00a0 \u00a0 \u00a0 \u00a0 \u00a0 \u00a0 \u00a0 \u00a0 \u00a0 \u00a0 \u00a0\u00a0<strong> Largeur:<\/strong> 12 mm<br \/>\n<strong>Longueur du profil:<\/strong> 2,7 m<br \/>\n<strong>Couleurs disponibles:<\/strong> anodis\u00e9 mat et jaune mat[\/vc_column_text][\/vc_column][\/vc_row][vc_row css=\u00a0\u00bb.vc_custom_1597832560467{margin-top: 50px !important;}\u00a0\u00bb][vc_column width=\u00a0\u00bb1\/4&Prime;][mk_image src=\u00a0\u00bbhttps:\/\/cortartec.net\/wp-content\/uploads\/2019\/11\/hb17-dt.jpg\u00a0\u00bb image_width=\u00a0\u00bb300&Prime; image_height=\u00a0\u00bb225&Prime; align=\u00a0\u00bbcenter\u00a0\u00bb margin_bottom=\u00a0\u00bb20&Prime;][mk_fancy_title color=\u00a0\u00bb#fe6600&Prime; size=\u00a0\u00bb25&Prime; font_weight=\u00a0\u00bbbold\u00a0\u00bb txt_transform=\u00a0\u00bbuppercase\u00a0\u00bb font_family=\u00a0\u00bbnone\u00a0\u00bb]CHB 17[\/mk_fancy_title][vc_column_text css=\u00a0\u00bb.vc_custom_1582283259545{margin-bottom: 0px !important;}\u00a0\u00bb]Profil de finition de tapis en aluminium. \u00a0 \u00a0 \u00a0 \u00a0 \u00a0 \u00a0 \u00a0 \u00a0 \u00a0 \u00a0 \u00a0 \u00a0 \u00a0 \u00a0 \u00a0 <strong>Largeur:<\/strong> 8-12 mm<br \/>\n<strong>Longueur du profil:<\/strong> 2,7 m<br \/>\n<strong>Couleurs disponibles:<\/strong> anodis\u00e9 mat et jaune mat[\/vc_column_text][mk_padding_divider size=\u00a0\u00bb30&Prime; visibility=\u00a0\u00bbvisible-sm\u00a0\u00bb][\/vc_column][vc_column width=\u00a0\u00bb1\/4&Prime;][mk_image src=\u00a0\u00bbhttps:\/\/cortartec.net\/wp-content\/uploads\/2019\/11\/hb19-dt.jpg\u00a0\u00bb image_width=\u00a0\u00bb300&Prime; image_height=\u00a0\u00bb225&Prime; align=\u00a0\u00bbcenter\u00a0\u00bb margin_bottom=\u00a0\u00bb20&Prime;][mk_fancy_title color=\u00a0\u00bb#fe6600&Prime; size=\u00a0\u00bb25&Prime; font_weight=\u00a0\u00bbbold\u00a0\u00bb txt_transform=\u00a0\u00bbuppercase\u00a0\u00bb font_family=\u00a0\u00bbnone\u00a0\u00bb]CHB 19[\/mk_fancy_title][vc_column_text css=\u00a0\u00bb.vc_custom_1582283370446{margin-bottom: 0px !important;}\u00a0\u00bb]Profil de finition de tapis en aluminium.<br \/>\n<strong>Longueur du profil:<\/strong> 2,7 m<br \/>\n<strong>Couleurs disponibles:<\/strong> anodis\u00e9 mat et jaune mat[\/vc_column_text][mk_padding_divider size=\u00a0\u00bb30&Prime; visibility=\u00a0\u00bbvisible-sm\u00a0\u00bb][\/vc_column][vc_column width=\u00a0\u00bb1\/4&Prime;][mk_image src=\u00a0\u00bbhttps:\/\/cortartec.net\/wp-content\/uploads\/2019\/11\/kf28-dt.jpg\u00a0\u00bb image_width=\u00a0\u00bb300&Prime; image_height=\u00a0\u00bb225&Prime; align=\u00a0\u00bbcenter\u00a0\u00bb margin_bottom=\u00a0\u00bb20&Prime;][mk_fancy_title color=\u00a0\u00bb#fe6600&Prime; size=\u00a0\u00bb25&Prime; font_weight=\u00a0\u00bbbold\u00a0\u00bb txt_transform=\u00a0\u00bbuppercase\u00a0\u00bb font_family=\u00a0\u00bbnone\u00a0\u00bb]CKF 28[\/mk_fancy_title][vc_column_text css=\u00a0\u00bb.vc_custom_1582283558617{margin-bottom: 0px !important;}\u00a0\u00bb]Profil de nivellement en aluminium. \u00a0 \u00a0 \u00a0 \u00a0 \u00a0 \u00a0 \u00a0 \u00a0 \u00a0 \u00a0 \u00a0 \u00a0 \u00a0 \u00a0 \u00a0\u00a0 <strong>Largeur:<\/strong> 28 mm<br \/>\n<strong>Longueur du profil:<\/strong> 2,7 m<br \/>\n<strong>Couleurs disponibles:<\/strong> anodis\u00e9 mat et jaune mat[\/vc_column_text][mk_padding_divider size=\u00a0\u00bb30&Prime; visibility=\u00a0\u00bbvisible-sm\u00a0\u00bb][\/vc_column][vc_column width=\u00a0\u00bb1\/4&Prime;][mk_image src=\u00a0\u00bbhttps:\/\/cortartec.net\/wp-content\/uploads\/2019\/11\/kf35-dt.jpg\u00a0\u00bb image_width=\u00a0\u00bb300&Prime; image_height=\u00a0\u00bb225&Prime; align=\u00a0\u00bbcenter\u00a0\u00bb margin_bottom=\u00a0\u00bb20&Prime;][mk_fancy_title color=\u00a0\u00bb#fe6600&Prime; size=\u00a0\u00bb25&Prime; font_weight=\u00a0\u00bbbold\u00a0\u00bb txt_transform=\u00a0\u00bbuppercase\u00a0\u00bb margin_bottom=\u00a0\u00bb0&Prime; font_family=\u00a0\u00bbnone\u00a0\u00bb]CKF 35[\/mk_fancy_title][vc_column_text css=\u00a0\u00bb.vc_custom_1582283681767{margin-bottom: 0px !important;}\u00a0\u00bb]Profil de nivellement en aluminium. \u00a0 \u00a0 \u00a0 \u00a0 \u00a0 \u00a0 \u00a0 \u00a0 \u00a0 \u00a0 \u00a0 \u00a0 \u00a0 \u00a0 \u00a0\u00a0 <strong>Largeur:<\/strong> 35 mm<br \/>\n<strong>Longueur du profil:<\/strong> 2,7 m<br \/>\n<strong>Couleurs disponibles:<\/strong> anodis\u00e9 mat et jaune mat[\/vc_column_text][\/vc_column][\/vc_row][vc_row css=\u00a0\u00bb.vc_custom_1597832603502{margin-top: 50px !important;}\u00a0\u00bb][vc_column width=\u00a0\u00bb1\/4&Prime;][mk_image src=\u00a0\u00bbhttps:\/\/cortartec.net\/wp-content\/uploads\/2019\/11\/kf45-dt.jpg\u00a0\u00bb image_width=\u00a0\u00bb300&Prime; image_height=\u00a0\u00bb225&Prime; align=\u00a0\u00bbcenter\u00a0\u00bb margin_bottom=\u00a0\u00bb20&Prime;][mk_fancy_title color=\u00a0\u00bb#fe6600&Prime; size=\u00a0\u00bb25&Prime; font_weight=\u00a0\u00bbbold\u00a0\u00bb txt_transform=\u00a0\u00bbuppercase\u00a0\u00bb font_family=\u00a0\u00bbnone\u00a0\u00bb]CKF 45[\/mk_fancy_title][vc_column_text css=\u00a0\u00bb.vc_custom_1582283681767{margin-bottom: 0px !important;}\u00a0\u00bb]Profil de nivellement en aluminium. \u00a0 \u00a0 \u00a0 \u00a0 \u00a0 \u00a0 \u00a0 \u00a0 \u00a0 \u00a0 \u00a0 \u00a0 \u00a0 \u00a0 \u00a0\u00a0 <strong>Largeur:<\/strong> 35 mm<br \/>\n<strong>Longueur du profil:<\/strong> 2,7 m<br \/>\n<strong>Couleurs disponibles:<\/strong> anodis\u00e9 mat et jaune mat[\/vc_column_text][\/vc_column][\/vc_row][vc_row css=\u00a0\u00bb.vc_custom_1597832611605{margin-top: 50px !important;}\u00a0\u00bb][vc_column][mk_fancy_title color=\u00a0\u00bb#999999&Prime; size=\u00a0\u00bb40&Prime; font_weight=\u00a0\u00bb200&Prime; txt_transform=\u00a0\u00bbuppercase\u00a0\u00bb margin_bottom=\u00a0\u00bb5&Prime; font_family=\u00a0\u00bbnone\u00a0\u00bb align=\u00a0\u00bbcenter\u00a0\u00bb]PRODUITS <strong>SIMILAIRES<\/strong>[\/mk_fancy_title][mk_divider style=\u00a0\u00bbthin_solid\u00a0\u00bb divider_width=\u00a0\u00bbcustom_width\u00a0\u00bb custom_width=\u00a0\u00bb80&Prime; thin_single_color=\u00a0\u00bb#fe6600&Prime; thickness=\u00a0\u00bb4&Prime; margin_top=\u00a0\u00bb0&Prime; margin_bottom=\u00a0\u00bb40&Prime;][\/vc_column][\/vc_row][vc_row css=\u00a0\u00bb.vc_custom_1597832618118{margin-top: 50px !important;}\u00a0\u00bb][vc_column width=\u00a0\u00bb1\/4&Prime;][mk_image src=\u00a0\u00bbhttps:\/\/cortartec.net\/wp-content\/uploads\/2020\/02\/untitled-1.jpg\u00a0\u00bb image_width=\u00a0\u00bb300&Prime; image_height=\u00a0\u00bb225&Prime; link=\u00a0\u00bbhttps:\/\/cortartec.net\/fr\/produits\/finitions\/protection-murale\/\u00a0\u00bb align=\u00a0\u00bbcenter\u00a0\u00bb margin_bottom=\u00a0\u00bb20&Prime;][mk_fancy_title color=\u00a0\u00bb#fe6600&Prime; size=\u00a0\u00bb25&Prime; font_weight=\u00a0\u00bbbold\u00a0\u00bb txt_transform=\u00a0\u00bbuppercase\u00a0\u00bb margin_bottom=\u00a0\u00bb0&Prime; font_family=\u00a0\u00bbnone\u00a0\u00bb]PROTECTION MURALE[\/mk_fancy_title][mk_padding_divider size=\u00a0\u00bb30&Prime; visibility=\u00a0\u00bbvisible-sm\u00a0\u00bb][\/vc_column][vc_column width=\u00a0\u00bb1\/4&Prime;][mk_image src=\u00a0\u00bbhttps:\/\/cortartec.net\/wp-content\/uploads\/2020\/02\/lambril11.jpg\u00a0\u00bb image_width=\u00a0\u00bb300&Prime; image_height=\u00a0\u00bb225&Prime; link=\u00a0\u00bbhttps:\/\/cortartec.net\/fr\/produits\/finitions\/plaques-en-vinyle\/\u00a0\u00bb align=\u00a0\u00bbcenter\u00a0\u00bb margin_bottom=\u00a0\u00bb20&Prime;][mk_fancy_title color=\u00a0\u00bb#fe6600&Prime; size=\u00a0\u00bb25&Prime; font_weight=\u00a0\u00bbbold\u00a0\u00bb txt_transform=\u00a0\u00bbuppercase\u00a0\u00bb margin_bottom=\u00a0\u00bb0&Prime; font_family=\u00a0\u00bbnone\u00a0\u00bb]Plaques en vinyle[\/mk_fancy_title][mk_padding_divider size=\u00a0\u00bb30&Prime; visibility=\u00a0\u00bbvisible-sm\u00a0\u00bb][\/vc_column][vc_column width=\u00a0\u00bb1\/4&Prime;][mk_image src=\u00a0\u00bbhttps:\/\/cortartec.net\/wp-content\/uploads\/2020\/02\/imagem133.jpg\u00a0\u00bb image_width=\u00a0\u00bb300&Prime; image_height=\u00a0\u00bb225&Prime; link=\u00a0\u00bbhttps:\/\/cortartec.net\/fr\/produits\/finitions\/nez-de-marche\/\u00a0\u00bb align=\u00a0\u00bbcenter\u00a0\u00bb margin_bottom=\u00a0\u00bb20&Prime;][mk_fancy_title color=\u00a0\u00bb#fe6600&Prime; size=\u00a0\u00bb25&Prime; font_weight=\u00a0\u00bbbold\u00a0\u00bb txt_transform=\u00a0\u00bbuppercase\u00a0\u00bb margin_bottom=\u00a0\u00bb0&Prime; font_family=\u00a0\u00bbnone\u00a0\u00bb]Nez de marche[\/mk_fancy_title][mk_padding_divider size=\u00a0\u00bb30&Prime; visibility=\u00a0\u00bbvisible-sm\u00a0\u00bb][\/vc_column][vc_column width=\u00a0\u00bb1\/4&Prime;][mk_image src=\u00a0\u00bbhttps:\/\/cortartec.net\/wp-content\/uploads\/2020\/02\/dsc_12461799252171639210371971954338.jpg\u00a0\u00bb image_width=\u00a0\u00bb300&Prime; image_height=\u00a0\u00bb225&Prime; link=\u00a0\u00bbhttps:\/\/cortartec.net\/fr\/produits\/finitions\/protections-murales-pour-parkings\/\u00a0\u00bb align=\u00a0\u00bbcenter\u00a0\u00bb margin_bottom=\u00a0\u00bb20&Prime;][mk_fancy_title color=\u00a0\u00bb#fe6600&Prime; size=\u00a0\u00bb25&Prime; font_weight=\u00a0\u00bbbold\u00a0\u00bb txt_transform=\u00a0\u00bbuppercase\u00a0\u00bb margin_bottom=\u00a0\u00bb0&Prime; font_family=\u00a0\u00bbnone\u00a0\u00bb]Protection de parking[\/mk_fancy_title][\/vc_column][\/vc_row][vc_row fullwidth=\u00a0\u00bbtrue\u00a0\u00bb fullwidth_content=\u00a0\u00bbfalse\u00a0\u00bb css=\u00a0\u00bb.vc_custom_1597403978460{margin-top: 50px !important;padding-top: 30px !important;background-color: #fe6600 !important;}\u00a0\u00bb][vc_column width=\u00a0\u00bb2\/3&Prime;][mk_fancy_title tag_name=\u00a0\u00bbh5&Prime; color=\u00a0\u00bb#ffffff\u00a0\u00bb size=\u00a0\u00bb26&Prime; font_weight=\u00a0\u00bb400&Prime; txt_transform=\u00a0\u00bbnone\u00a0\u00bb margin_top=\u00a0\u00bb10&Prime; font_family=\u00a0\u00bbnone\u00a0\u00bb]Questions? Nous sommes l\u00e0 pour vous aider![\/mk_fancy_title][\/vc_column][vc_column width=\u00a0\u00bb1\/3&Prime;][mk_button dimension=\u00a0\u00bbflat\u00a0\u00bb corner_style=\u00a0\u00bbrounded\u00a0\u00bb size=\u00a0\u00bblarge\u00a0\u00bb url=\u00a0\u00bbhttps:\/\/cortartec.net\/fr\/contacts\/\u00a0\u00bb align=\u00a0\u00bbright\u00a0\u00bb margin_right=\u00a0\u00bb0&Prime; el_class=\u00a0\u00bbmrightButton\u00a0\u00bb bg_color=\u00a0\u00bb#f0f0f0&Prime; btn_hover_bg=\u00a0\u00bb#ffffff\u00a0\u00bb text_color=\u00a0\u00bbdark\u00a0\u00bb btn_hover_txt_color=\u00a0\u00bb#fe6600&Prime;]CONTACTEZ NOUS[\/mk_button][\/vc_column][\/vc_row]\n","protected":false},"excerpt":{"rendered":"<p>[vc_row css=\u00a0\u00bb.vc_custom_1597832405574{margin-top: 50px !important;}\u00a0\u00bb][vc_column width=\u00a0\u00bb1\/4&Prime;][mk_image src=\u00a0\u00bbhttps:\/\/cortartec.net\/wp-content\/uploads\/2019\/10\/gptp01-dt-1.jpg\u00a0\u00bb image_width=\u00a0\u00bb300&Prime; image_height=\u00a0\u00bb225&Prime; align=\u00a0\u00bbcenter\u00a0\u00bb margin_bottom=\u00a0\u00bb20&Prime;][mk_fancy_title color=\u00a0\u00bb#fe6600&Prime; size=\u00a0\u00bb25&Prime; font_weight=\u00a0\u00bbbold\u00a0\u00bb txt_transform=\u00a0\u00bbuppercase\u00a0\u00bb font_family=\u00a0\u00bbnone\u00a0\u00bb]CGP 01[\/mk_fancy_title][vc_column_text css=\u00a0\u00bb.vc_custom_1582280750923{margin-bottom: 0px !important;}\u00a0\u00bb]Profils de finition en aluminium largeur 30 mm. \u00a0 \u00a0 \u00a0 \u00a0 \u00a0 \u00a0 \u00a0 \u00a0 \u00a0 \u00a0 \u00a0 \u00a0 Installation: adh\u00e9sif ou silicone Longueur du profil: 2,7 m Couleurs disponibles: anodis\u00e9 mat et jaune mat[\/vc_column_text][mk_padding_divider size=\u00a0\u00bb30&Prime; [&hellip;]<\/p>\n","protected":false},"author":6,"featured_media":0,"parent":2454,"menu_order":0,"comment_status":"closed","ping_status":"closed","template":"","meta":[],"yoast_head":"<!-- This site is optimized with the Yoast SEO plugin v19.4 - https:\/\/yoast.com\/wordpress\/plugins\/seo\/ -->\n<title>Profils de transition de plancher - Cortartec<\/title>\n<meta name=\"robots\" content=\"index, follow, max-snippet:-1, max-image-preview:large, max-video-preview:-1\" \/>\n<link rel=\"canonical\" href=\"https:\/\/cortartec.net\/fr\/produits\/finitions\/profils-de-transition-plancher\/\" \/>\n<meta property=\"og:locale\" content=\"fr_FR\" \/>\n<meta property=\"og:type\" content=\"article\" \/>\n<meta property=\"og:title\" content=\"Profils de transition de plancher - Cortartec\" \/>\n<meta property=\"og:description\" content=\"[vc_row css=\u00a0\u00bb.vc_custom_1597832405574{margin-top: 50px !important;}\u00a0\u00bb][vc_column width=\u00a0\u00bb1\/4&Prime;][mk_image src=\u00a0\u00bbhttps:\/\/cortartec.net\/wp-content\/uploads\/2019\/10\/gptp01-dt-1.jpg\u00a0\u00bb image_width=\u00a0\u00bb300&Prime; image_height=\u00a0\u00bb225&Prime; align=\u00a0\u00bbcenter\u00a0\u00bb margin_bottom=\u00a0\u00bb20&Prime;][mk_fancy_title color=\u00a0\u00bb#fe6600&Prime; size=\u00a0\u00bb25&Prime; font_weight=\u00a0\u00bbbold\u00a0\u00bb txt_transform=\u00a0\u00bbuppercase\u00a0\u00bb font_family=\u00a0\u00bbnone\u00a0\u00bb]CGP 01[\/mk_fancy_title][vc_column_text css=\u00a0\u00bb.vc_custom_1582280750923{margin-bottom: 0px !important;}\u00a0\u00bb]Profils de finition en aluminium largeur 30 mm. \u00a0 \u00a0 \u00a0 \u00a0 \u00a0 \u00a0 \u00a0 \u00a0 \u00a0 \u00a0 \u00a0 \u00a0 Installation: adh\u00e9sif ou silicone Longueur du profil: 2,7 m Couleurs disponibles: anodis\u00e9 mat et jaune mat[\/vc_column_text][mk_padding_divider size=\u00a0\u00bb30&Prime; [&hellip;]\" \/>\n<meta property=\"og:url\" content=\"https:\/\/cortartec.net\/fr\/produits\/finitions\/profils-de-transition-plancher\/\" \/>\n<meta property=\"og:site_name\" content=\"Cortartec\" \/>\n<meta property=\"article:publisher\" content=\"https:\/\/facebook.com\/cortartec\" \/>\n<meta property=\"article:modified_time\" content=\"2020-09-21T15:49:01+00:00\" \/>\n<meta name=\"twitter:card\" content=\"summary_large_image\" \/>\n<meta name=\"twitter:site\" content=\"@cortartec\" \/>\n<meta name=\"twitter:label1\" content=\"Dur\u00e9e de lecture estim\u00e9e\" \/>\n\t<meta name=\"twitter:data1\" content=\"12 minutes\" \/>\n<script type=\"application\/ld+json\" class=\"yoast-schema-graph\">{\"@context\":\"https:\/\/schema.org\",\"@graph\":[{\"@type\":\"Organization\",\"@id\":\"https:\/\/cortartec.net\/fr\/#organization\",\"name\":\"Cortartec\",\"url\":\"https:\/\/cortartec.net\/fr\/\",\"sameAs\":[\"https:\/\/instagram.com\/cortartec\",\"https:\/\/za.linkedin.com\/company\/cortartec?trk=recent-update_see-all\",\"https:\/\/pinterest.com\/cortartec\",\"https:\/\/youtube.com\/user\/cortartec\",\"https:\/\/facebook.com\/cortartec\",\"https:\/\/twitter.com\/cortartec\"],\"logo\":{\"@type\":\"ImageObject\",\"inLanguage\":\"fr-FR\",\"@id\":\"https:\/\/cortartec.net\/fr\/#\/schema\/logo\/image\/\",\"url\":\"https:\/\/cortartec.net\/wp-content\/uploads\/2019\/08\/logo.png\",\"contentUrl\":\"https:\/\/cortartec.net\/wp-content\/uploads\/2019\/08\/logo.png\",\"width\":400,\"height\":100,\"caption\":\"Cortartec\"},\"image\":{\"@id\":\"https:\/\/cortartec.net\/fr\/#\/schema\/logo\/image\/\"}},{\"@type\":\"WebSite\",\"@id\":\"https:\/\/cortartec.net\/fr\/#website\",\"url\":\"https:\/\/cortartec.net\/fr\/\",\"name\":\"Cortartec\",\"description\":\"\",\"publisher\":{\"@id\":\"https:\/\/cortartec.net\/fr\/#organization\"},\"potentialAction\":[{\"@type\":\"SearchAction\",\"target\":{\"@type\":\"EntryPoint\",\"urlTemplate\":\"https:\/\/cortartec.net\/fr\/?s={search_term_string}\"},\"query-input\":\"required name=search_term_string\"}],\"inLanguage\":\"fr-FR\"},{\"@type\":\"WebPage\",\"@id\":\"https:\/\/cortartec.net\/fr\/produits\/finitions\/profils-de-transition-plancher\/\",\"url\":\"https:\/\/cortartec.net\/fr\/produits\/finitions\/profils-de-transition-plancher\/\",\"name\":\"Profils de transition de plancher - Cortartec\",\"isPartOf\":{\"@id\":\"https:\/\/cortartec.net\/fr\/#website\"},\"datePublished\":\"2020-02-21T10:19:47+00:00\",\"dateModified\":\"2020-09-21T15:49:01+00:00\",\"breadcrumb\":{\"@id\":\"https:\/\/cortartec.net\/fr\/produits\/finitions\/profils-de-transition-plancher\/#breadcrumb\"},\"inLanguage\":\"fr-FR\",\"potentialAction\":[{\"@type\":\"ReadAction\",\"target\":[\"https:\/\/cortartec.net\/fr\/produits\/finitions\/profils-de-transition-plancher\/\"]}]},{\"@type\":\"BreadcrumbList\",\"@id\":\"https:\/\/cortartec.net\/fr\/produits\/finitions\/profils-de-transition-plancher\/#breadcrumb\",\"itemListElement\":[{\"@type\":\"ListItem\",\"position\":1,\"name\":\"In\u00edcio\",\"item\":\"https:\/\/cortartec.net\/fr\/\"},{\"@type\":\"ListItem\",\"position\":2,\"name\":\"Produits\",\"item\":\"https:\/\/cortartec.net\/fr\/produits\/\"},{\"@type\":\"ListItem\",\"position\":3,\"name\":\"FINITIONS\",\"item\":\"https:\/\/cortartec.net\/fr\/produits\/finitions\/\"},{\"@type\":\"ListItem\",\"position\":4,\"name\":\"Profils de transition de plancher\"}]}]}<\/script>\n<!-- \/ Yoast SEO plugin. -->","yoast_head_json":{"title":"Profils de transition de plancher - Cortartec","robots":{"index":"index","follow":"follow","max-snippet":"max-snippet:-1","max-image-preview":"max-image-preview:large","max-video-preview":"max-video-preview:-1"},"canonical":"https:\/\/cortartec.net\/fr\/produits\/finitions\/profils-de-transition-plancher\/","og_locale":"fr_FR","og_type":"article","og_title":"Profils de transition de plancher - Cortartec","og_description":"[vc_row css=\u00a0\u00bb.vc_custom_1597832405574{margin-top: 50px !important;}\u00a0\u00bb][vc_column width=\u00a0\u00bb1\/4&Prime;][mk_image src=\u00a0\u00bbhttps:\/\/cortartec.net\/wp-content\/uploads\/2019\/10\/gptp01-dt-1.jpg\u00a0\u00bb image_width=\u00a0\u00bb300&Prime; image_height=\u00a0\u00bb225&Prime; align=\u00a0\u00bbcenter\u00a0\u00bb margin_bottom=\u00a0\u00bb20&Prime;][mk_fancy_title color=\u00a0\u00bb#fe6600&Prime; size=\u00a0\u00bb25&Prime; font_weight=\u00a0\u00bbbold\u00a0\u00bb txt_transform=\u00a0\u00bbuppercase\u00a0\u00bb font_family=\u00a0\u00bbnone\u00a0\u00bb]CGP 01[\/mk_fancy_title][vc_column_text css=\u00a0\u00bb.vc_custom_1582280750923{margin-bottom: 0px !important;}\u00a0\u00bb]Profils de finition en aluminium largeur 30 mm. \u00a0 \u00a0 \u00a0 \u00a0 \u00a0 \u00a0 \u00a0 \u00a0 \u00a0 \u00a0 \u00a0 \u00a0 Installation: adh\u00e9sif ou silicone Longueur du profil: 2,7 m Couleurs disponibles: anodis\u00e9 mat et jaune mat[\/vc_column_text][mk_padding_divider size=\u00a0\u00bb30&Prime; [&hellip;]","og_url":"https:\/\/cortartec.net\/fr\/produits\/finitions\/profils-de-transition-plancher\/","og_site_name":"Cortartec","article_publisher":"https:\/\/facebook.com\/cortartec","article_modified_time":"2020-09-21T15:49:01+00:00","twitter_card":"summary_large_image","twitter_site":"@cortartec","twitter_misc":{"Dur\u00e9e de lecture estim\u00e9e":"12 minutes"},"schema":{"@context":"https:\/\/schema.org","@graph":[{"@type":"Organization","@id":"https:\/\/cortartec.net\/fr\/#organization","name":"Cortartec","url":"https:\/\/cortartec.net\/fr\/","sameAs":["https:\/\/instagram.com\/cortartec","https:\/\/za.linkedin.com\/company\/cortartec?trk=recent-update_see-all","https:\/\/pinterest.com\/cortartec","https:\/\/youtube.com\/user\/cortartec","https:\/\/facebook.com\/cortartec","https:\/\/twitter.com\/cortartec"],"logo":{"@type":"ImageObject","inLanguage":"fr-FR","@id":"https:\/\/cortartec.net\/fr\/#\/schema\/logo\/image\/","url":"https:\/\/cortartec.net\/wp-content\/uploads\/2019\/08\/logo.png","contentUrl":"https:\/\/cortartec.net\/wp-content\/uploads\/2019\/08\/logo.png","width":400,"height":100,"caption":"Cortartec"},"image":{"@id":"https:\/\/cortartec.net\/fr\/#\/schema\/logo\/image\/"}},{"@type":"WebSite","@id":"https:\/\/cortartec.net\/fr\/#website","url":"https:\/\/cortartec.net\/fr\/","name":"Cortartec","description":"","publisher":{"@id":"https:\/\/cortartec.net\/fr\/#organization"},"potentialAction":[{"@type":"SearchAction","target":{"@type":"EntryPoint","urlTemplate":"https:\/\/cortartec.net\/fr\/?s={search_term_string}"},"query-input":"required name=search_term_string"}],"inLanguage":"fr-FR"},{"@type":"WebPage","@id":"https:\/\/cortartec.net\/fr\/produits\/finitions\/profils-de-transition-plancher\/","url":"https:\/\/cortartec.net\/fr\/produits\/finitions\/profils-de-transition-plancher\/","name":"Profils de transition de plancher - Cortartec","isPartOf":{"@id":"https:\/\/cortartec.net\/fr\/#website"},"datePublished":"2020-02-21T10:19:47+00:00","dateModified":"2020-09-21T15:49:01+00:00","breadcrumb":{"@id":"https:\/\/cortartec.net\/fr\/produits\/finitions\/profils-de-transition-plancher\/#breadcrumb"},"inLanguage":"fr-FR","potentialAction":[{"@type":"ReadAction","target":["https:\/\/cortartec.net\/fr\/produits\/finitions\/profils-de-transition-plancher\/"]}]},{"@type":"BreadcrumbList","@id":"https:\/\/cortartec.net\/fr\/produits\/finitions\/profils-de-transition-plancher\/#breadcrumb","itemListElement":[{"@type":"ListItem","position":1,"name":"In\u00edcio","item":"https:\/\/cortartec.net\/fr\/"},{"@type":"ListItem","position":2,"name":"Produits","item":"https:\/\/cortartec.net\/fr\/produits\/"},{"@type":"ListItem","position":3,"name":"FINITIONS","item":"https:\/\/cortartec.net\/fr\/produits\/finitions\/"},{"@type":"ListItem","position":4,"name":"Profils de transition de plancher"}]}]}},"_links":{"self":[{"href":"https:\/\/cortartec.net\/fr\/wp-json\/wp\/v2\/pages\/3107"}],"collection":[{"href":"https:\/\/cortartec.net\/fr\/wp-json\/wp\/v2\/pages"}],"about":[{"href":"https:\/\/cortartec.net\/fr\/wp-json\/wp\/v2\/types\/page"}],"author":[{"embeddable":true,"href":"https:\/\/cortartec.net\/fr\/wp-json\/wp\/v2\/users\/6"}],"replies":[{"embeddable":true,"href":"https:\/\/cortartec.net\/fr\/wp-json\/wp\/v2\/comments?post=3107"}],"version-history":[{"count":0,"href":"https:\/\/cortartec.net\/fr\/wp-json\/wp\/v2\/pages\/3107\/revisions"}],"up":[{"embeddable":true,"href":"https:\/\/cortartec.net\/fr\/wp-json\/wp\/v2\/pages\/2454"}],"wp:attachment":[{"href":"https:\/\/cortartec.net\/fr\/wp-json\/wp\/v2\/media?parent=3107"}],"curies":[{"name":"wp","href":"https:\/\/api.w.org\/{rel}","templated":true}]}}