{"id":5849,"date":"2020-06-18T09:40:31","date_gmt":"2020-06-18T09:40:31","guid":{"rendered":"https:\/\/cortartec.net\/?page_id=5849"},"modified":"2020-09-25T16:40:59","modified_gmt":"2020-09-25T16:40:59","slug":"facades-ventilees","status":"publish","type":"page","link":"https:\/\/cortartec.net\/fr\/produits\/facades\/facades-ventilees\/","title":{"rendered":"Fa\u00e7ades ventil\u00e9es"},"content":{"rendered":"[vc_row css=\u00a0\u00bb.vc_custom_1597824851979{margin-top: 50px !important;}\u00a0\u00bb][vc_column][mk_gallery images=\u00a0\u00bb5586,5590,5594&Prime; height=\u00a0\u00bb290&Prime; hover_scenarios=\u00a0\u00bbnone\u00a0\u00bb][\/vc_column][\/vc_row][vc_row css=\u00a0\u00bb.vc_custom_1597824860367{margin-top: 50px !important;}\u00a0\u00bb][vc_column][vc_tabs responsive=\u00a0\u00bbfalse\u00a0\u00bb container_bg_color=\u00a0\u00bb\u00a0\u00bb][vc_tab title=\u00a0\u00bbD\u00e9tails\u00a0\u00bb tab_id=\u00a0\u00bb1566866031-1-40&Prime;][vc_column_text disable_pattern=\u00a0\u00bbfalse\u00a0\u00bb css=\u00a0\u00bb.vc_custom_1597824873230{margin-bottom: 0px !important;}\u00a0\u00bb]La fa\u00e7ade ventil\u00e9e garantit une am\u00e9lioration de l&rsquo;isolation thermique du b\u00e2timent, car elle permet la pose de rev\u00eatements isolants continus entre le support ext\u00e9rieur du mur porteur et le rev\u00eatement ext\u00e9rieur de la fa\u00e7ade. La fa\u00e7ade ventil\u00e9e est un syst\u00e8me multicouche qui garantit un fonctionnement durable, \u00e0 condition qu&rsquo;il soit correctement r\u00e9alis\u00e9, il augmente la s\u00e9curit\u00e9 et la dur\u00e9e de vie du b\u00e2timent.<\/p>\n<p>Le rev\u00eatement de la fa\u00e7ade ventil\u00e9e prot\u00e8ge la structure porteuse, l&rsquo;isolation thermique et la base de support des influences climatiques, r\u00e9siste aux chocs et \u00e0 la pluie. L&rsquo;isolation fournit l&rsquo;accumulation thermique maximale des composants internes, emp\u00eachant la perte de chaleur en hiver.<\/p>\n<p>En \u00e9t\u00e9, une grande quantit\u00e9 de chaleur qui agit sur le rev\u00eatement est d\u00e9tourn\u00e9e par le flux d&rsquo;air dans l&rsquo;espace ventil\u00e9. De cette fa\u00e7on, un environnement int\u00e9rieur agr\u00e9able est obtenu.[\/vc_column_text][\/vc_tab][vc_tab title=\u00a0\u00bbDownload\u00a0\u00bb tab_id=\u00a0\u00bb1566866086439-2-10&Prime;][mk_button dimension=\u00a0\u00bbflat\u00a0\u00bb corner_style=\u00a0\u00bbrounded\u00a0\u00bb size=\u00a0\u00bbmedium\u00a0\u00bb url=\u00a0\u00bbhttps:\/\/48bfe850-8fa9-41aa-a01f-515ad5db562b.filesusr.com\/ugd\/b0e443_8beeefc292a04f8e9641671ffd97d208.pdf\u00a0\u00bb align=\u00a0\u00bbcenter\u00a0\u00bb]PDF Catalogue[\/mk_button][\/vc_tab][vc_tab title=\u00a0\u00bbCertificats\u00a0\u00bb tab_id=\u00a0\u00bb1566866087001-3-3&Prime;]<div role=\"form\" class=\"wpcf7\" id=\"wpcf7-f9191-o1\" lang=\"pt-PT\" dir=\"ltr\">\n<div class=\"screen-reader-response\"><p role=\"status\" aria-live=\"polite\" aria-atomic=\"true\"><\/p> <ul><\/ul><\/div>\n<form action=\"\/fr\/wp-json\/wp\/v2\/pages\/5849#wpcf7-f9191-o1\" method=\"post\" class=\"wpcf7-form init\" novalidate=\"novalidate\" data-status=\"init\">\n<div style=\"display: none;\">\n<input type=\"hidden\" name=\"_wpcf7\" value=\"9191\" \/>\n<input type=\"hidden\" name=\"_wpcf7_version\" value=\"5.4.2\" \/>\n<input type=\"hidden\" name=\"_wpcf7_locale\" value=\"pt_PT\" \/>\n<input type=\"hidden\" name=\"_wpcf7_unit_tag\" value=\"wpcf7-f9191-o1\" \/>\n<input type=\"hidden\" name=\"_wpcf7_container_post\" value=\"0\" \/>\n<input type=\"hidden\" name=\"_wpcf7_posted_data_hash\" value=\"\" \/>\n<\/div>\n<p>Veuillez demander la fiche technique \/ certificats ici:<\/p>\n<p><span class=\"wpcf7-form-control-wrap nome\"><input type=\"text\" name=\"nome\" value=\"\" size=\"40\" class=\"wpcf7-form-control wpcf7-text wpcf7-validates-as-required\" aria-required=\"true\" aria-invalid=\"false\" placeholder=\"Nom\" \/><\/span><\/p>\n<p><span class=\"wpcf7-form-control-wrap email\"><input type=\"email\" name=\"email\" value=\"\" size=\"40\" class=\"wpcf7-form-control wpcf7-text wpcf7-email wpcf7-validates-as-required wpcf7-validates-as-email\" aria-required=\"true\" aria-invalid=\"false\" placeholder=\"Email\" \/><\/span><\/p>\n<p><span class=\"wpcf7-form-control-wrap telefone\"><input type=\"tel\" name=\"telefone\" value=\"\" size=\"40\" class=\"wpcf7-form-control wpcf7-text wpcf7-tel wpcf7-validates-as-required wpcf7-validates-as-tel\" aria-required=\"true\" aria-invalid=\"false\" placeholder=\"T\u00e9l\u00e9phone\" \/><\/span><\/p>\n<p><span class=\"wpcf7-form-control-wrap empresa\"><input type=\"text\" name=\"empresa\" value=\"\" size=\"40\" class=\"wpcf7-form-control wpcf7-text\" aria-invalid=\"false\" placeholder=\"Compagnie\" \/><\/span><\/p>\n<p><span class=\"wpcf7-form-control-wrap produto\"><input type=\"hidden\" name=\"produto\" value=\"Fa\u00e7ades ventil\u00e9es\" size=\"40\" class=\"wpcf7-form-control wpcf7dtx-dynamictext wpcf7-dynamichidden\" aria-invalid=\"false\" \/><\/span><\/p>\n<p><span class=\"wpcf7-form-control-wrap rgpd\"><span class=\"wpcf7-form-control wpcf7-acceptance\"><span class=\"wpcf7-list-item\"><label><input type=\"checkbox\" name=\"rgpd\" value=\"1\" aria-invalid=\"false\" \/><span class=\"wpcf7-list-item-label\">Je consens \u00e0 ce que Cortartec conserve ind\u00e9finiment mes donn\u00e9es contenues dans ce formulaire jusqu'\u00e0 la finalisation de cette demande de contact.<\/span><\/label><\/span><\/span><\/span><\/p>\n<p><input type=\"submit\" value=\"Demander\" class=\"wpcf7-form-control wpcf7-submit\" \/><\/p>\n<p style=\"display: none !important;\" class=\"akismet-fields-container\" data-prefix=\"_wpcf7_ak_\"><label>&#916;<textarea name=\"_wpcf7_ak_hp_textarea\" cols=\"45\" rows=\"8\" maxlength=\"100\"><\/textarea><\/label><input type=\"hidden\" id=\"ak_js_1\" name=\"_wpcf7_ak_js\" value=\"238\"\/><script>document.getElementById( \"ak_js_1\" ).setAttribute( \"value\", ( new Date() ).getTime() );<\/script><\/p><div class=\"wpcf7-response-output\" aria-hidden=\"true\"><\/div><\/form><\/div>[\/vc_tab][\/vc_tabs][\/vc_column][\/vc_row][vc_row css=\u00a0\u00bb.vc_custom_1597824879031{margin-top: 50px !important;}\u00a0\u00bb][vc_column width=\u00a0\u00bb1\/2&Prime;][mk_image src=\u00a0\u00bbhttps:\/\/cortartec.net\/wp-content\/uploads\/2020\/06\/imagem2.jpg\u00a0\u00bb image_size=\u00a0\u00bbfull\u00a0\u00bb align=\u00a0\u00bbcenter\u00a0\u00bb margin_bottom=\u00a0\u00bb20&Prime;][\/vc_column][vc_column width=\u00a0\u00bb1\/2&Prime;][mk_fancy_title color=\u00a0\u00bb#fe6600&Prime; size=\u00a0\u00bb25&Prime; font_weight=\u00a0\u00bbbold\u00a0\u00bb txt_transform=\u00a0\u00bbuppercase\u00a0\u00bb font_family=\u00a0\u00bbnone\u00a0\u00bb]1 &#8211; Enrobage[\/mk_fancy_title][vc_column_text css=\u00a0\u00bb.vc_custom_1592473357398{margin-bottom: 0px !important;}\u00a0\u00bb]\n<ul>\n<li>C&rsquo;est une protection contre les agressions environnementales; variations de temp\u00e9rature, pluie, vent, etc. et \u00e9tablit l&rsquo;image du b\u00e2timent.<\/li>\n<li>Il doit conserver sa forme, sa disposition et ses caract\u00e9ristiques dans le temps.<\/li>\n<li>Les mouvements du rev\u00eatement dus aux changements de temp\u00e9rature et de l&rsquo;unit\u00e9 ne doivent pas agir sur l&rsquo;\u00e9l\u00e9ment support.<\/li>\n<\/ul>\n[\/vc_column_text][mk_fancy_title color=\u00a0\u00bb#fe6600&Prime; size=\u00a0\u00bb25&Prime; font_weight=\u00a0\u00bbbold\u00a0\u00bb txt_transform=\u00a0\u00bbuppercase\u00a0\u00bb font_family=\u00a0\u00bbnone\u00a0\u00bb]2 &#8211; Ancrage[\/mk_fancy_title][vc_column_text css=\u00a0\u00bb.vc_custom_1592473436719{margin-bottom: 0px !important;}\u00a0\u00bb]\n<ul>\n<li>Ancre le rev\u00eatement au b\u00e2timent, transmettant les charges qu&rsquo;il g\u00e9n\u00e8re (isol\u00e9ment et par la pression du vent et des autres). Il doit permettre une parfaite stabilisation du rev\u00eatement<\/li>\n<\/ul>\n[\/vc_column_text][mk_fancy_title color=\u00a0\u00bb#fe6600&Prime; size=\u00a0\u00bb25&Prime; font_weight=\u00a0\u00bbbold\u00a0\u00bb txt_transform=\u00a0\u00bbuppercase\u00a0\u00bb font_family=\u00a0\u00bbnone\u00a0\u00bb]2 &#8211; Boite d&rsquo;air[\/mk_fancy_title][vc_column_text css=\u00a0\u00bb.vc_custom_1592473491277{margin-bottom: 0px !important;}\u00a0\u00bb]La ventilation arri\u00e8re du bo\u00eetier permet:<\/p>\n<ul>\n<li>L&rsquo;\u00e9vacuation de l&rsquo;eau \u00e0 cause des pr\u00e9cipitations qui peuvent \u00e9ventuellement s&rsquo;infiltrer.<\/li>\n<li>L&rsquo;\u00e9vacuation de l&rsquo;unit\u00e9 qui se transmet de l&rsquo;int\u00e9rieur vers l&rsquo;ext\u00e9rieur par la transpiration.<\/li>\n<\/ul>\n[\/vc_column_text][\/vc_column][\/vc_row][vc_row css=\u00a0\u00bb.vc_custom_1597824909013{margin-top: 50px !important;}\u00a0\u00bb][vc_column][mk_fancy_title color=\u00a0\u00bb#fe6600&Prime; size=\u00a0\u00bb25&Prime; font_weight=\u00a0\u00bbbold\u00a0\u00bb txt_transform=\u00a0\u00bbuppercase\u00a0\u00bb font_family=\u00a0\u00bbnone\u00a0\u00bb]4 &#8211; Isolement[\/mk_fancy_title][vc_column_text css=\u00a0\u00bb.vc_custom_1592474569671{margin-bottom: 0px !important;}\u00a0\u00bb]\n<ul>\n<li>Il agit comme une enveloppe continue dans tout le b\u00e2timent, \u00e9vitant les ponts thermiques.<\/li>\n<li>Il doit permettre la transpiration de la ma\u00e7onnerie, \u00e9viter la condensation et prot\u00e9ger le b\u00e2timent thermiquement et acoustiquement.<\/li>\n<li>Seuls les mat\u00e9riaux qui peuvent \u00eatre expos\u00e9s, sans compromettre la stabilit\u00e9 dimensionnelle et la capacit\u00e9 d&rsquo;isolation, \u00e0 l&rsquo;influence de l&rsquo;unit\u00e9 doivent \u00eatre utilis\u00e9s.<\/li>\n<\/ul>\n[\/vc_column_text][mk_fancy_title color=\u00a0\u00bb#fe6600&Prime; size=\u00a0\u00bb25&Prime; font_weight=\u00a0\u00bbbold\u00a0\u00bb txt_transform=\u00a0\u00bbuppercase\u00a0\u00bb font_family=\u00a0\u00bbnone\u00a0\u00bb]5 &#8211; Ma\u00e7onnerie int\u00e9rieure[\/mk_fancy_title][vc_column_text css=\u00a0\u00bb.vc_custom_1592474648797{margin-bottom: 0px !important;}\u00a0\u00bb]\n<ul>\n<li>Soutient l&rsquo;isolation et contribue \u00e0 une efficacit\u00e9 thermique suffisante<\/li>\n<\/ul>\n[\/vc_column_text][mk_padding_divider size=\u00a0\u00bb57&Prime;][vc_column_text disable_pattern=\u00a0\u00bbfalse\u00a0\u00bb css=\u00a0\u00bb.vc_custom_1592474737837{margin-bottom: 0px !important;}\u00a0\u00bb]Les parois ext\u00e9rieures des roulements et l&rsquo;isolation restent toujours s\u00e8ches et conservent donc pleinement leur fonction. La pluie d&rsquo;impact qui pourrait avoir fui \u00e0 travers les joints ouverts sera rapidement s\u00e9ch\u00e9e par la circulation de l&rsquo;air dans l&rsquo;espace de ventilation.<\/p>\n<p>La diminution de la r\u00e9sistance au passage de la vapeur d&rsquo;eau des couches qui composent l&rsquo;enceinte provoque l&rsquo;\u00e9limination de l&rsquo;humidit\u00e9 \u00e0 travers l&rsquo;espace ventil\u00e9. Cette fonction emp\u00eache la condensation de l&rsquo;eau \u00e0 l&rsquo;int\u00e9rieur de l&rsquo;armoire et emp\u00eache l&rsquo;apparition de champignons.<\/p>\n<p>La chambre ventil\u00e9e cr\u00e9e un \u00abeffet de chemin\u00e9e\u00bb provoqu\u00e9 par le chauffage de la face externe, qui produit une variation de la densit\u00e9 de la couche d&rsquo;air de l&rsquo;espace interm\u00e9diaire par rapport \u00e0 l&rsquo;air ambiant, avec le mouvement ascendant qui en r\u00e9sulte. Pendant l&rsquo;\u00e9t\u00e9, une grande partie de la chaleur rayonnante est r\u00e9fl\u00e9chie vers l&rsquo;ext\u00e9rieur, en raison de l&rsquo;effet de la chemin\u00e9e susmentionn\u00e9e, tandis que pendant les mois froids, le mur porteur agit comme un accumulateur de chaleur interne. Ces solutions garantissent \u00e9galement une meilleure isolation acoustique et l&rsquo;\u00e9limination des ponts thermiques, r\u00e9duisant ainsi les nuisances sonores de 10 \u00e0 20%. La correction des ponts thermiques permet de r\u00e9aliser des \u00e9conomies d&rsquo;\u00e9nergie, en r\u00e9duisant la consommation d&rsquo;\u00e9nergie de 25 \u00e0 40% en chauffage et refroidissement.[\/vc_column_text][\/vc_column][\/vc_row][vc_row css=\u00a0\u00bb.vc_custom_1597824937258{margin-top: 50px !important;}\u00a0\u00bb][vc_column][mk_fancy_title color=\u00a0\u00bb#999999&Prime; size=\u00a0\u00bb40&Prime; font_weight=\u00a0\u00bb200&Prime; txt_transform=\u00a0\u00bbuppercase\u00a0\u00bb margin_bottom=\u00a0\u00bb5&Prime; font_family=\u00a0\u00bbnone\u00a0\u00bb align=\u00a0\u00bbcenter\u00a0\u00bb]PRODUITS <strong>SIMILAIRES<\/strong>[\/mk_fancy_title][mk_divider style=\u00a0\u00bbthin_solid\u00a0\u00bb divider_width=\u00a0\u00bbcustom_width\u00a0\u00bb custom_width=\u00a0\u00bb80&Prime; thin_single_color=\u00a0\u00bb#fe6600&Prime; thickness=\u00a0\u00bb4&Prime; margin_top=\u00a0\u00bb0&Prime; margin_bottom=\u00a0\u00bb40&Prime;][\/vc_column][\/vc_row][vc_row css=\u00a0\u00bb.vc_custom_1597824944001{margin-top: 50px !important;}\u00a0\u00bb][vc_column width=\u00a0\u00bb1\/4&Prime;][mk_image src=\u00a0\u00bbhttps:\/\/cortartec.net\/wp-content\/uploads\/2020\/06\/anclaje-puntual-regulable.jpg\u00a0\u00bb image_width=\u00a0\u00bb300&Prime; image_height=\u00a0\u00bb225&Prime; link=\u00a0\u00bbhttps:\/\/cortartec.net\/fr\/produits\/facades\/ancrages-mecaniques-pour-pierre\/\u00a0\u00bb align=\u00a0\u00bbcenter\u00a0\u00bb margin_bottom=\u00a0\u00bb20&Prime;][mk_fancy_title color=\u00a0\u00bb#fe6600&Prime; size=\u00a0\u00bb25&Prime; font_weight=\u00a0\u00bbbold\u00a0\u00bb txt_transform=\u00a0\u00bbuppercase\u00a0\u00bb margin_bottom=\u00a0\u00bb0&Prime; font_family=\u00a0\u00bbnone\u00a0\u00bb]Ancrages m\u00e9caniques[\/mk_fancy_title][mk_padding_divider size=\u00a0\u00bb30&Prime; visibility=\u00a0\u00bbvisible-sm\u00a0\u00bb][\/vc_column][vc_column width=\u00a0\u00bb1\/4&Prime;][mk_image src=\u00a0\u00bbhttps:\/\/cortartec.net\/wp-content\/uploads\/2020\/03\/w640_anconoptima_with_ce_label-42073e.jpg\u00a0\u00bb image_width=\u00a0\u00bb300&Prime; image_height=\u00a0\u00bb225&Prime; link=\u00a0\u00bbhttps:\/\/cortartec.net\/fr\/produits\/maconnerie\/supports-de-maconnerie\/\u00a0\u00bb align=\u00a0\u00bbcenter\u00a0\u00bb margin_bottom=\u00a0\u00bb20&Prime;][mk_fancy_title color=\u00a0\u00bb#fe6600&Prime; size=\u00a0\u00bb25&Prime; font_weight=\u00a0\u00bbbold\u00a0\u00bb txt_transform=\u00a0\u00bbuppercase\u00a0\u00bb margin_bottom=\u00a0\u00bb0&Prime; font_family=\u00a0\u00bbnone\u00a0\u00bb]Supports de ma\u00e7onnerie[\/mk_fancy_title][mk_padding_divider size=\u00a0\u00bb30&Prime; visibility=\u00a0\u00bbvisible-sm\u00a0\u00bb][\/vc_column][vc_column width=\u00a0\u00bb1\/4&Prime;][mk_image src=\u00a0\u00bbhttps:\/\/cortartec.net\/wp-content\/uploads\/2020\/06\/sujeccion-auxiliar.png\u00a0\u00bb image_width=\u00a0\u00bb300&Prime; image_height=\u00a0\u00bb225&Prime; link=\u00a0\u00bbhttps:\/\/cortartec.net\/fr\/produits\/facades\/facades-avec-sous-structure\/\u00a0\u00bb align=\u00a0\u00bbcenter\u00a0\u00bb margin_bottom=\u00a0\u00bb20&Prime;][mk_fancy_title color=\u00a0\u00bb#fe6600&Prime; size=\u00a0\u00bb25&Prime; font_weight=\u00a0\u00bbbold\u00a0\u00bb txt_transform=\u00a0\u00bbuppercase\u00a0\u00bb margin_bottom=\u00a0\u00bb0&Prime; font_family=\u00a0\u00bbnone\u00a0\u00bb]Fa\u00e7ades avec sous-structure[\/mk_fancy_title][mk_padding_divider size=\u00a0\u00bb30&Prime; visibility=\u00a0\u00bbvisible-sm\u00a0\u00bb][\/vc_column][vc_column width=\u00a0\u00bb1\/4&Prime;][mk_image src=\u00a0\u00bbhttps:\/\/cortartec.net\/wp-content\/uploads\/2020\/03\/imagem1-3.jpg\u00a0\u00bb image_width=\u00a0\u00bb300&Prime; image_height=\u00a0\u00bb225&Prime; link=\u00a0\u00bbhttps:\/\/cortartec.net\/fr\/produits\/maconnerie\/contreventement-des-poteaux\/\u00a0\u00bb align=\u00a0\u00bbcenter\u00a0\u00bb margin_bottom=\u00a0\u00bb20&Prime;][mk_fancy_title color=\u00a0\u00bb#fe6600&Prime; size=\u00a0\u00bb25&Prime; font_weight=\u00a0\u00bbbold\u00a0\u00bb txt_transform=\u00a0\u00bbuppercase\u00a0\u00bb margin_bottom=\u00a0\u00bb0&Prime; font_family=\u00a0\u00bbnone\u00a0\u00bb]Poteaux d&rsquo;ancrage[\/mk_fancy_title][\/vc_column][\/vc_row][vc_row fullwidth=\u00a0\u00bbtrue\u00a0\u00bb fullwidth_content=\u00a0\u00bbfalse\u00a0\u00bb css=\u00a0\u00bb.vc_custom_1597403978460{margin-top: 50px !important;padding-top: 30px !important;background-color: #fe6600 !important;}\u00a0\u00bb][vc_column width=\u00a0\u00bb2\/3&Prime;][mk_fancy_title tag_name=\u00a0\u00bbh5&Prime; color=\u00a0\u00bb#ffffff\u00a0\u00bb size=\u00a0\u00bb26&Prime; font_weight=\u00a0\u00bb400&Prime; txt_transform=\u00a0\u00bbnone\u00a0\u00bb margin_top=\u00a0\u00bb10&Prime; font_family=\u00a0\u00bbnone\u00a0\u00bb]Questions? Nous sommes l\u00e0 pour vous aider![\/mk_fancy_title][\/vc_column][vc_column width=\u00a0\u00bb1\/3&Prime;][mk_button dimension=\u00a0\u00bbflat\u00a0\u00bb corner_style=\u00a0\u00bbrounded\u00a0\u00bb size=\u00a0\u00bblarge\u00a0\u00bb url=\u00a0\u00bbhttps:\/\/cortartec.net\/fr\/contacts\/\u00a0\u00bb align=\u00a0\u00bbright\u00a0\u00bb margin_right=\u00a0\u00bb0&Prime; el_class=\u00a0\u00bbmrightButton\u00a0\u00bb bg_color=\u00a0\u00bb#f0f0f0&Prime; btn_hover_bg=\u00a0\u00bb#ffffff\u00a0\u00bb text_color=\u00a0\u00bbdark\u00a0\u00bb btn_hover_txt_color=\u00a0\u00bb#fe6600&Prime;]CONTACTEZ NOUS[\/mk_button][\/vc_column][\/vc_row]\n","protected":false},"excerpt":{"rendered":"<p>[vc_row css=\u00a0\u00bb.vc_custom_1597824851979{margin-top: 50px !important;}\u00a0\u00bb][vc_column][mk_gallery images=\u00a0\u00bb5586,5590,5594&Prime; height=\u00a0\u00bb290&Prime; hover_scenarios=\u00a0\u00bbnone\u00a0\u00bb][\/vc_column][\/vc_row][vc_row css=\u00a0\u00bb.vc_custom_1597824860367{margin-top: 50px !important;}\u00a0\u00bb][vc_column][vc_tabs responsive=\u00a0\u00bbfalse\u00a0\u00bb container_bg_color=\u00a0\u00bb\u00a0\u00bb][vc_tab title=\u00a0\u00bbD\u00e9tails\u00a0\u00bb tab_id=\u00a0\u00bb1566866031-1-40&Prime;][vc_column_text disable_pattern=\u00a0\u00bbfalse\u00a0\u00bb css=\u00a0\u00bb.vc_custom_1597824873230{margin-bottom: 0px !important;}\u00a0\u00bb]La fa\u00e7ade ventil\u00e9e garantit une am\u00e9lioration de l&rsquo;isolation thermique du b\u00e2timent, car elle permet la pose de rev\u00eatements isolants continus entre le support ext\u00e9rieur du mur porteur et le rev\u00eatement ext\u00e9rieur de la fa\u00e7ade. La fa\u00e7ade ventil\u00e9e est [&hellip;]<\/p>\n","protected":false},"author":6,"featured_media":0,"parent":2733,"menu_order":0,"comment_status":"closed","ping_status":"closed","template":"","meta":[],"yoast_head":"<!-- This site is optimized with the Yoast SEO plugin v19.4 - https:\/\/yoast.com\/wordpress\/plugins\/seo\/ -->\n<title>Fa\u00e7ades ventil\u00e9es - Cortartec<\/title>\n<meta name=\"robots\" content=\"index, follow, max-snippet:-1, max-image-preview:large, max-video-preview:-1\" \/>\n<link rel=\"canonical\" href=\"https:\/\/cortartec.net\/fr\/produits\/facades\/facades-ventilees\/\" \/>\n<meta property=\"og:locale\" content=\"fr_FR\" \/>\n<meta property=\"og:type\" content=\"article\" \/>\n<meta property=\"og:title\" content=\"Fa\u00e7ades ventil\u00e9es - Cortartec\" \/>\n<meta property=\"og:description\" content=\"[vc_row css=\u00a0\u00bb.vc_custom_1597824851979{margin-top: 50px !important;}\u00a0\u00bb][vc_column][mk_gallery images=\u00a0\u00bb5586,5590,5594&Prime; height=\u00a0\u00bb290&Prime; hover_scenarios=\u00a0\u00bbnone\u00a0\u00bb][\/vc_column][\/vc_row][vc_row css=\u00a0\u00bb.vc_custom_1597824860367{margin-top: 50px !important;}\u00a0\u00bb][vc_column][vc_tabs responsive=\u00a0\u00bbfalse\u00a0\u00bb container_bg_color=\u00a0\u00bb\u00a0\u00bb][vc_tab title=\u00a0\u00bbD\u00e9tails\u00a0\u00bb tab_id=\u00a0\u00bb1566866031-1-40&Prime;][vc_column_text disable_pattern=\u00a0\u00bbfalse\u00a0\u00bb css=\u00a0\u00bb.vc_custom_1597824873230{margin-bottom: 0px !important;}\u00a0\u00bb]La fa\u00e7ade ventil\u00e9e garantit une am\u00e9lioration de l&rsquo;isolation thermique du b\u00e2timent, car elle permet la pose de rev\u00eatements isolants continus entre le support ext\u00e9rieur du mur porteur et le rev\u00eatement ext\u00e9rieur de la fa\u00e7ade. La fa\u00e7ade ventil\u00e9e est [&hellip;]\" \/>\n<meta property=\"og:url\" content=\"https:\/\/cortartec.net\/fr\/produits\/facades\/facades-ventilees\/\" \/>\n<meta property=\"og:site_name\" content=\"Cortartec\" \/>\n<meta property=\"article:publisher\" content=\"https:\/\/facebook.com\/cortartec\" \/>\n<meta property=\"article:modified_time\" content=\"2020-09-25T16:40:59+00:00\" \/>\n<meta name=\"twitter:card\" content=\"summary_large_image\" \/>\n<meta name=\"twitter:site\" content=\"@cortartec\" \/>\n<meta name=\"twitter:label1\" content=\"Dur\u00e9e de lecture estim\u00e9e\" \/>\n\t<meta name=\"twitter:data1\" content=\"7 minutes\" \/>\n<script type=\"application\/ld+json\" class=\"yoast-schema-graph\">{\"@context\":\"https:\/\/schema.org\",\"@graph\":[{\"@type\":\"Organization\",\"@id\":\"https:\/\/cortartec.net\/fr\/#organization\",\"name\":\"Cortartec\",\"url\":\"https:\/\/cortartec.net\/fr\/\",\"sameAs\":[\"https:\/\/instagram.com\/cortartec\",\"https:\/\/za.linkedin.com\/company\/cortartec?trk=recent-update_see-all\",\"https:\/\/pinterest.com\/cortartec\",\"https:\/\/youtube.com\/user\/cortartec\",\"https:\/\/facebook.com\/cortartec\",\"https:\/\/twitter.com\/cortartec\"],\"logo\":{\"@type\":\"ImageObject\",\"inLanguage\":\"fr-FR\",\"@id\":\"https:\/\/cortartec.net\/fr\/#\/schema\/logo\/image\/\",\"url\":\"https:\/\/cortartec.net\/wp-content\/uploads\/2019\/08\/logo.png\",\"contentUrl\":\"https:\/\/cortartec.net\/wp-content\/uploads\/2019\/08\/logo.png\",\"width\":400,\"height\":100,\"caption\":\"Cortartec\"},\"image\":{\"@id\":\"https:\/\/cortartec.net\/fr\/#\/schema\/logo\/image\/\"}},{\"@type\":\"WebSite\",\"@id\":\"https:\/\/cortartec.net\/fr\/#website\",\"url\":\"https:\/\/cortartec.net\/fr\/\",\"name\":\"Cortartec\",\"description\":\"\",\"publisher\":{\"@id\":\"https:\/\/cortartec.net\/fr\/#organization\"},\"potentialAction\":[{\"@type\":\"SearchAction\",\"target\":{\"@type\":\"EntryPoint\",\"urlTemplate\":\"https:\/\/cortartec.net\/fr\/?s={search_term_string}\"},\"query-input\":\"required name=search_term_string\"}],\"inLanguage\":\"fr-FR\"},{\"@type\":\"WebPage\",\"@id\":\"https:\/\/cortartec.net\/fr\/produits\/facades\/facades-ventilees\/\",\"url\":\"https:\/\/cortartec.net\/fr\/produits\/facades\/facades-ventilees\/\",\"name\":\"Fa\u00e7ades ventil\u00e9es - Cortartec\",\"isPartOf\":{\"@id\":\"https:\/\/cortartec.net\/fr\/#website\"},\"datePublished\":\"2020-06-18T09:40:31+00:00\",\"dateModified\":\"2020-09-25T16:40:59+00:00\",\"breadcrumb\":{\"@id\":\"https:\/\/cortartec.net\/fr\/produits\/facades\/facades-ventilees\/#breadcrumb\"},\"inLanguage\":\"fr-FR\",\"potentialAction\":[{\"@type\":\"ReadAction\",\"target\":[\"https:\/\/cortartec.net\/fr\/produits\/facades\/facades-ventilees\/\"]}]},{\"@type\":\"BreadcrumbList\",\"@id\":\"https:\/\/cortartec.net\/fr\/produits\/facades\/facades-ventilees\/#breadcrumb\",\"itemListElement\":[{\"@type\":\"ListItem\",\"position\":1,\"name\":\"In\u00edcio\",\"item\":\"https:\/\/cortartec.net\/fr\/\"},{\"@type\":\"ListItem\",\"position\":2,\"name\":\"Produits\",\"item\":\"https:\/\/cortartec.net\/fr\/produits\/\"},{\"@type\":\"ListItem\",\"position\":3,\"name\":\"Fa\u00e7ades\",\"item\":\"https:\/\/cortartec.net\/fr\/produits\/facades\/\"},{\"@type\":\"ListItem\",\"position\":4,\"name\":\"Fa\u00e7ades ventil\u00e9es\"}]}]}<\/script>\n<!-- \/ Yoast SEO plugin. -->","yoast_head_json":{"title":"Fa\u00e7ades ventil\u00e9es - Cortartec","robots":{"index":"index","follow":"follow","max-snippet":"max-snippet:-1","max-image-preview":"max-image-preview:large","max-video-preview":"max-video-preview:-1"},"canonical":"https:\/\/cortartec.net\/fr\/produits\/facades\/facades-ventilees\/","og_locale":"fr_FR","og_type":"article","og_title":"Fa\u00e7ades ventil\u00e9es - Cortartec","og_description":"[vc_row css=\u00a0\u00bb.vc_custom_1597824851979{margin-top: 50px !important;}\u00a0\u00bb][vc_column][mk_gallery images=\u00a0\u00bb5586,5590,5594&Prime; height=\u00a0\u00bb290&Prime; hover_scenarios=\u00a0\u00bbnone\u00a0\u00bb][\/vc_column][\/vc_row][vc_row css=\u00a0\u00bb.vc_custom_1597824860367{margin-top: 50px !important;}\u00a0\u00bb][vc_column][vc_tabs responsive=\u00a0\u00bbfalse\u00a0\u00bb container_bg_color=\u00a0\u00bb\u00a0\u00bb][vc_tab title=\u00a0\u00bbD\u00e9tails\u00a0\u00bb tab_id=\u00a0\u00bb1566866031-1-40&Prime;][vc_column_text disable_pattern=\u00a0\u00bbfalse\u00a0\u00bb css=\u00a0\u00bb.vc_custom_1597824873230{margin-bottom: 0px !important;}\u00a0\u00bb]La fa\u00e7ade ventil\u00e9e garantit une am\u00e9lioration de l&rsquo;isolation thermique du b\u00e2timent, car elle permet la pose de rev\u00eatements isolants continus entre le support ext\u00e9rieur du mur porteur et le rev\u00eatement ext\u00e9rieur de la fa\u00e7ade. La fa\u00e7ade ventil\u00e9e est [&hellip;]","og_url":"https:\/\/cortartec.net\/fr\/produits\/facades\/facades-ventilees\/","og_site_name":"Cortartec","article_publisher":"https:\/\/facebook.com\/cortartec","article_modified_time":"2020-09-25T16:40:59+00:00","twitter_card":"summary_large_image","twitter_site":"@cortartec","twitter_misc":{"Dur\u00e9e de lecture estim\u00e9e":"7 minutes"},"schema":{"@context":"https:\/\/schema.org","@graph":[{"@type":"Organization","@id":"https:\/\/cortartec.net\/fr\/#organization","name":"Cortartec","url":"https:\/\/cortartec.net\/fr\/","sameAs":["https:\/\/instagram.com\/cortartec","https:\/\/za.linkedin.com\/company\/cortartec?trk=recent-update_see-all","https:\/\/pinterest.com\/cortartec","https:\/\/youtube.com\/user\/cortartec","https:\/\/facebook.com\/cortartec","https:\/\/twitter.com\/cortartec"],"logo":{"@type":"ImageObject","inLanguage":"fr-FR","@id":"https:\/\/cortartec.net\/fr\/#\/schema\/logo\/image\/","url":"https:\/\/cortartec.net\/wp-content\/uploads\/2019\/08\/logo.png","contentUrl":"https:\/\/cortartec.net\/wp-content\/uploads\/2019\/08\/logo.png","width":400,"height":100,"caption":"Cortartec"},"image":{"@id":"https:\/\/cortartec.net\/fr\/#\/schema\/logo\/image\/"}},{"@type":"WebSite","@id":"https:\/\/cortartec.net\/fr\/#website","url":"https:\/\/cortartec.net\/fr\/","name":"Cortartec","description":"","publisher":{"@id":"https:\/\/cortartec.net\/fr\/#organization"},"potentialAction":[{"@type":"SearchAction","target":{"@type":"EntryPoint","urlTemplate":"https:\/\/cortartec.net\/fr\/?s={search_term_string}"},"query-input":"required name=search_term_string"}],"inLanguage":"fr-FR"},{"@type":"WebPage","@id":"https:\/\/cortartec.net\/fr\/produits\/facades\/facades-ventilees\/","url":"https:\/\/cortartec.net\/fr\/produits\/facades\/facades-ventilees\/","name":"Fa\u00e7ades ventil\u00e9es - Cortartec","isPartOf":{"@id":"https:\/\/cortartec.net\/fr\/#website"},"datePublished":"2020-06-18T09:40:31+00:00","dateModified":"2020-09-25T16:40:59+00:00","breadcrumb":{"@id":"https:\/\/cortartec.net\/fr\/produits\/facades\/facades-ventilees\/#breadcrumb"},"inLanguage":"fr-FR","potentialAction":[{"@type":"ReadAction","target":["https:\/\/cortartec.net\/fr\/produits\/facades\/facades-ventilees\/"]}]},{"@type":"BreadcrumbList","@id":"https:\/\/cortartec.net\/fr\/produits\/facades\/facades-ventilees\/#breadcrumb","itemListElement":[{"@type":"ListItem","position":1,"name":"In\u00edcio","item":"https:\/\/cortartec.net\/fr\/"},{"@type":"ListItem","position":2,"name":"Produits","item":"https:\/\/cortartec.net\/fr\/produits\/"},{"@type":"ListItem","position":3,"name":"Fa\u00e7ades","item":"https:\/\/cortartec.net\/fr\/produits\/facades\/"},{"@type":"ListItem","position":4,"name":"Fa\u00e7ades ventil\u00e9es"}]}]}},"_links":{"self":[{"href":"https:\/\/cortartec.net\/fr\/wp-json\/wp\/v2\/pages\/5849"}],"collection":[{"href":"https:\/\/cortartec.net\/fr\/wp-json\/wp\/v2\/pages"}],"about":[{"href":"https:\/\/cortartec.net\/fr\/wp-json\/wp\/v2\/types\/page"}],"author":[{"embeddable":true,"href":"https:\/\/cortartec.net\/fr\/wp-json\/wp\/v2\/users\/6"}],"replies":[{"embeddable":true,"href":"https:\/\/cortartec.net\/fr\/wp-json\/wp\/v2\/comments?post=5849"}],"version-history":[{"count":1,"href":"https:\/\/cortartec.net\/fr\/wp-json\/wp\/v2\/pages\/5849\/revisions"}],"predecessor-version":[{"id":9477,"href":"https:\/\/cortartec.net\/fr\/wp-json\/wp\/v2\/pages\/5849\/revisions\/9477"}],"up":[{"embeddable":true,"href":"https:\/\/cortartec.net\/fr\/wp-json\/wp\/v2\/pages\/2733"}],"wp:attachment":[{"href":"https:\/\/cortartec.net\/fr\/wp-json\/wp\/v2\/media?parent=5849"}],"curies":[{"name":"wp","href":"https:\/\/api.w.org\/{rel}","templated":true}]}}