{"id":36289,"date":"2026-02-20T09:55:28","date_gmt":"2026-02-20T09:55:28","guid":{"rendered":"https:\/\/cortartec.net\/produto\/juntas-de-dilatacao-para-fachadas\/"},"modified":"2026-05-15T11:40:04","modified_gmt":"2026-05-15T11:40:04","slug":"joints-de-dilatation-pour-facades","status":"publish","type":"product","link":"https:\/\/cortartec.net\/fr\/produto\/joints-de-dilatation-pour-facades\/","title":{"rendered":"Joints de dilatation pour fa\u00e7ades"},"content":{"rendered":"<div class=\"wpb-content-wrapper\"><p>[vc_row][vc_column][vc_column_text css=\u00a0\u00bb\u00a0\u00bb woodmart_inline=\u00a0\u00bbno\u00a0\u00bb text_larger=\u00a0\u00bbno\u00a0\u00bb]<\/p>\n<p>Les joints de dilatation pour murs et fa\u00e7ades sont con\u00e7us pour finir et \u00e9tanch\u00e9ifier les murs ext\u00e9rieurs. Nous proposons une large gamme de joints de dilatation pour murs et fa\u00e7ades qui peuvent \u00eatre fix\u00e9s m\u00e9caniquement ou, dans certains cas, avec du pl\u00e2tre lors de la construction ou de la r\u00e9novation du b\u00e2timent. Les joints de dilatation propos\u00e9s dans cette cat\u00e9gorie sont compatibles avec nos joints de protection contre l&rsquo;incendie ou avec nos compl\u00e9ments d&rsquo;\u00e9tanch\u00e9it\u00e9 (mastic Vedaflexsil, membrane EPDM).<\/p>\n<p>[\/vc_column_text][\/vc_column][\/vc_row][vc_row][vc_column width=\u00a0\u00bb1\/4&Prime;][vc_single_image image=\u00a0\u00bb38100&Prime; img_size=\u00a0\u00bbfull\u00a0\u00bb alignment=\u00a0\u00bbcenter\u00a0\u00bb css=\u00a0\u00bb\u00a0\u00bb parallax_scroll=\u00a0\u00bbno\u00a0\u00bb woodmart_inline=\u00a0\u00bbno\u00a0\u00bb][\/vc_column][vc_column width=\u00a0\u00bb3\/4&Prime;]\t\t<div id=\"wd-6a0705e1230c5\" class=\"wd-text-block wd-wpb reset-last-child wd-rs-6a0705e1230c5 text-left \">\r\n\t\t\t<p>Joint de dilatation enti\u00e8rement en aluminium. Pour murs et plafonds, compos\u00e9 de corni\u00e8res en aluminium pr\u00e9-perfor\u00e9es et d&rsquo;une partie centrale capable d&rsquo;absorber d&rsquo;importants mouvements multidirectionnels. Une membrane d&rsquo;\u00e9tanch\u00e9it\u00e9 est disponible en option. Particuli\u00e8rement adapt\u00e9 aux finitions de qualit\u00e9 et aux joints de grande taille soumis ou non \u00e0 d&rsquo;importants mouvements sismiques.<\/p>\n<p><strong>Utilisation :<\/strong> Pour joints verticaux de fa\u00e7ade, ouverture jusqu&rsquo;\u00e0 200 mm. (dimensions sup\u00e9rieures disponibles sur demande).<\/p>\n<p><strong>Finitions et pi\u00e8ces sp\u00e9ciales :<\/strong> Mod\u00e8le plat (COR JDV 4.02) et corni\u00e8re (COR JDV 4.02 A). Pi\u00e8ces en aluminium anodis\u00e9. Compatible avec les joints de sol sismiques.<\/p>\n<p><strong>Mat\u00e9riau :<\/strong> Aluminium <strong>Couleur :<\/strong> Naturel, couleurs RAL <strong>Mod\u00e8le :<\/strong> angulaire et plat<\/p>\n\t\t<\/div>\r\n\t\t[\/vc_column][\/vc_row][vc_row][vc_column width=\u00a0\u00bb1\/4&Prime;][vc_single_image image=\u00a0\u00bb38101&Prime; img_size=\u00a0\u00bbfull\u00a0\u00bb alignment=\u00a0\u00bbcenter\u00a0\u00bb css=\u00a0\u00bb\u00a0\u00bb parallax_scroll=\u00a0\u00bbno\u00a0\u00bb woodmart_inline=\u00a0\u00bbno\u00a0\u00bb][\/vc_column][vc_column width=\u00a0\u00bb3\/4&Prime;]\t\t<div id=\"wd-6a0705eaadffc\" class=\"wd-text-block wd-wpb reset-last-child wd-rs-6a0705eaadffc text-left \">\r\n\t\t\t<p>Joint de dilatation vertical pour fa\u00e7ades, murs et plafonds, compos\u00e9 de deux profil\u00e9s en acier galvanis\u00e9 pr\u00e9-perfor\u00e9s et d&rsquo;un insert flexible interchangeable permettant d&rsquo;absorber de l\u00e9gers mouvements multidirectionnels. Sp\u00e9cialement adapt\u00e9 \u00e0 la pose de pl\u00e2tre.<\/p>\n<p><strong>Utilisation :<\/strong> Pour les joints verticaux des murs et des plafonds pr\u00e9sentant un \u00e9cart pouvant aller jusqu&rsquo;\u00e0 50 mm. Pratique et facile \u00e0 installer.<\/p>\n<p><strong>Finitions et pi\u00e8ces sp\u00e9ciales :<\/strong> Mod\u00e8les plats et angulaires. Insert noir, gris ou blanc cass\u00e9.<\/p>\n<p><strong>Mat\u00e9riau :<\/strong> Acier galvanis\u00e9 nitril\u00e9 <strong> Couleur :<\/strong> Noir, gris et couleurs RAL <strong>Mod\u00e8le :<\/strong> angulaire et plat<\/p>\n\t\t<\/div>\r\n\t\t[\/vc_column][\/vc_row][vc_row][vc_column width=\u00a0\u00bb1\/4&Prime;][vc_single_image image=\u00a0\u00bb38102&Prime; img_size=\u00a0\u00bbfull\u00a0\u00bb alignment=\u00a0\u00bbcenter\u00a0\u00bb css=\u00a0\u00bb\u00a0\u00bb parallax_scroll=\u00a0\u00bbno\u00a0\u00bb woodmart_inline=\u00a0\u00bbno\u00a0\u00bb][\/vc_column][vc_column width=\u00a0\u00bb3\/4&Prime;]\t\t<div id=\"wd-6a0705f3a074f\" class=\"wd-text-block wd-wpb reset-last-child wd-rs-6a0705f3a074f text-left \">\r\n\t\t\t<p>Joint de dilatation pour fa\u00e7ades, murs et plafonds, compos\u00e9 de corni\u00e8res en aluminium et d&rsquo;un insert. Les corni\u00e8res lat\u00e9rales sont recouvertes de mousse cellulaire qui compense les irr\u00e9gularit\u00e9s de la surface. L&rsquo;insert central interchangeable absorbe les mouvements multidirectionnels importants. Joint particuli\u00e8rement adapt\u00e9 aux grandes ouvertures soumises \u00e0 d&rsquo;importants mouvements sismiques.<\/p>\n<p><strong>Utilisation :<\/strong> Pour les joints verticaux de fa\u00e7ades, murs et plafonds jusqu&rsquo;\u00e0 350 mm d&rsquo;ouverture. Pratique et facile \u00e0 installer.<\/p>\n<p><strong>Finitions et pi\u00e8ces sp\u00e9ciales :<\/strong> Mod\u00e8le avec ailettes invisibles coll\u00e9es \u00e0 l&rsquo;int\u00e9rieur du joint (DE). Insert noir ou gris. D&rsquo;autres couleurs RAL sont disponibles sur demande.<\/p>\n<p><strong>Mat\u00e9riau :<\/strong> Aluminium nitrur\u00e9 <strong> Couleur :<\/strong> Noir, gris et couleurs RAL <strong>Mod\u00e8le :<\/strong> corni\u00e8re et plat<\/p>\n\t\t<\/div>\r\n\t\t[\/vc_column][\/vc_row][vc_row][vc_column width=\u00a0\u00bb1\/4&Prime;][vc_single_image image=\u00a0\u00bb38103&Prime; img_size=\u00a0\u00bbfull\u00a0\u00bb alignment=\u00a0\u00bbcenter\u00a0\u00bb css=\u00a0\u00bb\u00a0\u00bb parallax_scroll=\u00a0\u00bbno\u00a0\u00bb woodmart_inline=\u00a0\u00bbno\u00a0\u00bb][\/vc_column][vc_column width=\u00a0\u00bb3\/4&Prime;]\t\t<div id=\"wd-6a0705fb4a451\" class=\"wd-text-block wd-wpb reset-last-child wd-rs-6a0705fb4a451 text-left \">\r\n\t\t\t<p>La s\u00e9rie COR JDV 4.08 a \u00e9t\u00e9 sp\u00e9cialement con\u00e7ue pour le traitement des joints de dilatation dans les b\u00e2timents dot\u00e9s d&rsquo;une isolation par l&rsquo;ext\u00e9rieur. Elle se compose : \u2013 d&rsquo;un treillis en fibre assurant une adh\u00e9rence parfaite au rev\u00eatement et un positionnement ais\u00e9, \u2013 d&rsquo;une membrane en nitrile garantissant l&rsquo;\u00e9tanch\u00e9it\u00e9 du syst\u00e8me, \u2013 d&rsquo;un recouvrement en profil\u00e9s de fermeture en PVC r\u00e9sistant aux UV.<\/p>\n<p><strong>Utilisation :<\/strong> Pour les joints verticaux de fa\u00e7ades jusqu&rsquo;\u00e0 30 mm d&rsquo;ouverture. Ils sont parfaitement compatibles avec notre gamme de joints de protection coupe-feu.<\/p>\n<p><strong>Finitions et pi\u00e8ces sp\u00e9ciales :<\/strong> Standard et angle plat. Angles blancs et insert. D&rsquo;autres couleurs RAL sont disponibles sur demande.<\/p>\n<p><strong>Mat\u00e9riau :<\/strong> PVC nitrile <strong>Couleur :<\/strong> Blanc <strong>Mod\u00e8le :<\/strong> angulaire et plat<\/p>\n\t\t<\/div>\r\n\t\t[\/vc_column][\/vc_row][vc_row][vc_column width=\u00a0\u00bb1\/4&Prime;][vc_single_image image=\u00a0\u00bb38104&Prime; img_size=\u00a0\u00bbfull\u00a0\u00bb alignment=\u00a0\u00bbcenter\u00a0\u00bb css=\u00a0\u00bb\u00a0\u00bb parallax_scroll=\u00a0\u00bbno\u00a0\u00bb woodmart_inline=\u00a0\u00bbno\u00a0\u00bb][\/vc_column][vc_column width=\u00a0\u00bb3\/4&Prime;]\t\t<div id=\"wd-6a07060372009\" class=\"wd-text-block wd-wpb reset-last-child wd-rs-6a07060372009 text-left \">\r\n\t\t\t<p>Joint de dilatation vertical en m\u00e9tal pour gares, a\u00e9roports, centres commerciaux\u2026 Ces mod\u00e8les sont constitu\u00e9s de ressorts permettant de grands mouvements sismiques.<\/p>\n<p>Joint de dilatation sp\u00e9cial pour mouvements sismiques importants<br \/>\n<strong>Installation verticale :<\/strong> fa\u00e7ade, mur et plafond<br \/>\nPour des joints de 50 \u00e0 200 mm<\/p>\n<p><strong>Mat\u00e9riau :<\/strong> Aluminium <strong>Couleur :<\/strong> Naturel, couleurs RAL <strong>Mod\u00e8le :<\/strong> angulaire et plat<\/p>\n\t\t<\/div>\r\n\t\t[\/vc_column][\/vc_row]<\/p>\n<\/div>","protected":false},"excerpt":{"rendered":"<p><span style=\"color: #e46106;\"><strong><a style=\"color: #e46106;\" href=\"https:\/\/cortartec.net\/wp-content\/uploads\/2021\/07\/catalogo-juntas-dilatacao-geral-pt.pdf\" target=\u00ab _blank \u00bb rel=\"noopener\">Fiche technique<\/a><\/strong><\/span><br \/>\n<span style=\"color: #e46106;\"><strong><a style=\"color: #e46106;\" href=\"\"#>DWG<\/a><\/strong><\/span><\/p>\n","protected":false},"featured_media":36290,"comment_status":"open","ping_status":"closed","template":"","meta":[],"product_brand":[],"product_cat":[316],"product_tag":[],"class_list":["post-36289","product","type-product","status-publish","has-post-thumbnail","product_cat-joints-de-dilatation","first","instock","shipping-taxable","product-type-simple"],"yoast_head":"<!-- This site is optimized with the Yoast SEO plugin v28.4 - https:\/\/yoast.com\/product\/yoast-seo-wordpress\/ -->\n<title>Joints de dilatation pour fa\u00e7ades - Cortartec | Equipamentos para a constru\u00e7\u00e3o civil<\/title>\n<meta name=\"robots\" content=\"index, follow, max-snippet:-1, max-image-preview:large, max-video-preview:-1\" \/>\n<link rel=\"canonical\" href=\"https:\/\/cortartec.net\/fr\/produto\/joints-de-dilatation-pour-facades\/\" \/>\n<meta property=\"og:locale\" content=\"fr_FR\" \/>\n<meta property=\"og:type\" content=\"article\" \/>\n<meta property=\"og:title\" content=\"Joints de dilatation pour fa\u00e7ades - Cortartec | Equipamentos para a constru\u00e7\u00e3o civil\" \/>\n<meta property=\"og:description\" content=\"Fiche technique DWG\" \/>\n<meta property=\"og:url\" content=\"https:\/\/cortartec.net\/fr\/produto\/joints-de-dilatation-pour-facades\/\" \/>\n<meta property=\"og:site_name\" content=\"Cortartec | Equipamentos para a constru\u00e7\u00e3o civil\" \/>\n<meta property=\"article:modified_time\" content=\"2026-05-15T11:40:04+00:00\" \/>\n<meta property=\"og:image\" content=\"https:\/\/cortartec.net\/wp-content\/uploads\/2026\/02\/imagem12-oduykf2y4r4hjlerzzfs9e9365pvz8itlqwf28af9m.png\" \/>\n\t<meta property=\"og:image:width\" content=\"300\" \/>\n\t<meta property=\"og:image:height\" content=\"225\" \/>\n\t<meta property=\"og:image:type\" content=\"image\/png\" \/>\n<meta name=\"twitter:card\" content=\"summary_large_image\" \/>\n<meta name=\"twitter:label1\" content=\"Dur\u00e9e de lecture estim\u00e9e\" \/>\n\t<meta name=\"twitter:data1\" content=\"5 minutes\" \/>\n<script type=\"application\/ld+json\" class=\"yoast-schema-graph\">{\"@context\":\"https:\\\/\\\/schema.org\",\"@graph\":[{\"@type\":\"WebPage\",\"@id\":\"https:\\\/\\\/cortartec.net\\\/fr\\\/produto\\\/joints-de-dilatation-pour-facades\\\/\",\"url\":\"https:\\\/\\\/cortartec.net\\\/fr\\\/produto\\\/joints-de-dilatation-pour-facades\\\/\",\"name\":\"Joints de dilatation pour fa\u00e7ades - Cortartec | Equipamentos para a constru\u00e7\u00e3o civil\",\"isPartOf\":{\"@id\":\"https:\\\/\\\/cortartec.net\\\/fr\\\/#website\"},\"primaryImageOfPage\":{\"@id\":\"https:\\\/\\\/cortartec.net\\\/fr\\\/produto\\\/joints-de-dilatation-pour-facades\\\/#primaryimage\"},\"image\":{\"@id\":\"https:\\\/\\\/cortartec.net\\\/fr\\\/produto\\\/joints-de-dilatation-pour-facades\\\/#primaryimage\"},\"thumbnailUrl\":\"https:\\\/\\\/cortartec.net\\\/wp-content\\\/uploads\\\/2026\\\/02\\\/imagem12-oduykf2y4r4hjlerzzfs9e9365pvz8itlqwf28af9m.png\",\"datePublished\":\"2026-02-20T09:55:28+00:00\",\"dateModified\":\"2026-05-15T11:40:04+00:00\",\"breadcrumb\":{\"@id\":\"https:\\\/\\\/cortartec.net\\\/fr\\\/produto\\\/joints-de-dilatation-pour-facades\\\/#breadcrumb\"},\"inLanguage\":\"fr-FR\",\"potentialAction\":[{\"@type\":\"ReadAction\",\"target\":[\"https:\\\/\\\/cortartec.net\\\/fr\\\/produto\\\/joints-de-dilatation-pour-facades\\\/\"]}]},{\"@type\":\"ImageObject\",\"inLanguage\":\"fr-FR\",\"@id\":\"https:\\\/\\\/cortartec.net\\\/fr\\\/produto\\\/joints-de-dilatation-pour-facades\\\/#primaryimage\",\"url\":\"https:\\\/\\\/cortartec.net\\\/wp-content\\\/uploads\\\/2026\\\/02\\\/imagem12-oduykf2y4r4hjlerzzfs9e9365pvz8itlqwf28af9m.png\",\"contentUrl\":\"https:\\\/\\\/cortartec.net\\\/wp-content\\\/uploads\\\/2026\\\/02\\\/imagem12-oduykf2y4r4hjlerzzfs9e9365pvz8itlqwf28af9m.png\",\"width\":300,\"height\":225},{\"@type\":\"BreadcrumbList\",\"@id\":\"https:\\\/\\\/cortartec.net\\\/fr\\\/produto\\\/joints-de-dilatation-pour-facades\\\/#breadcrumb\",\"itemListElement\":[{\"@type\":\"ListItem\",\"position\":1,\"name\":\"In\u00edcio\",\"item\":\"https:\\\/\\\/cortartec.net\\\/fr\\\/\"},{\"@type\":\"ListItem\",\"position\":2,\"name\":\"PRODUITS\",\"item\":\"https:\\\/\\\/cortartec.net\\\/fr\\\/produits\\\/\"},{\"@type\":\"ListItem\",\"position\":3,\"name\":\"Joints de dilatation pour fa\u00e7ades\"}]},{\"@type\":\"WebSite\",\"@id\":\"https:\\\/\\\/cortartec.net\\\/fr\\\/#website\",\"url\":\"https:\\\/\\\/cortartec.net\\\/fr\\\/\",\"name\":\"Cortartec | Equipamentos para a constru\u00e7\u00e3o civil\",\"description\":\"Engenharia Industrial\",\"potentialAction\":[{\"@type\":\"SearchAction\",\"target\":{\"@type\":\"EntryPoint\",\"urlTemplate\":\"https:\\\/\\\/cortartec.net\\\/fr\\\/?s={search_term_string}\"},\"query-input\":{\"@type\":\"PropertyValueSpecification\",\"valueRequired\":true,\"valueName\":\"search_term_string\"}}],\"inLanguage\":\"fr-FR\"}]}<\/script>\n<!-- \/ Yoast SEO plugin. -->","yoast_head_json":{"title":"Joints de dilatation pour fa\u00e7ades - Cortartec | Equipamentos para a constru\u00e7\u00e3o civil","robots":{"index":"index","follow":"follow","max-snippet":"max-snippet:-1","max-image-preview":"max-image-preview:large","max-video-preview":"max-video-preview:-1"},"canonical":"https:\/\/cortartec.net\/fr\/produto\/joints-de-dilatation-pour-facades\/","og_locale":"fr_FR","og_type":"article","og_title":"Joints de dilatation pour fa\u00e7ades - Cortartec | Equipamentos para a constru\u00e7\u00e3o civil","og_description":"Fiche technique DWG","og_url":"https:\/\/cortartec.net\/fr\/produto\/joints-de-dilatation-pour-facades\/","og_site_name":"Cortartec | Equipamentos para a constru\u00e7\u00e3o civil","article_modified_time":"2026-05-15T11:40:04+00:00","og_image":[{"width":300,"height":225,"url":"https:\/\/cortartec.net\/wp-content\/uploads\/2026\/02\/imagem12-oduykf2y4r4hjlerzzfs9e9365pvz8itlqwf28af9m.png","type":"image\/png"}],"twitter_card":"summary_large_image","twitter_misc":{"Dur\u00e9e de lecture estim\u00e9e":"5 minutes"},"schema":{"@context":"https:\/\/schema.org","@graph":[{"@type":"WebPage","@id":"https:\/\/cortartec.net\/fr\/produto\/joints-de-dilatation-pour-facades\/","url":"https:\/\/cortartec.net\/fr\/produto\/joints-de-dilatation-pour-facades\/","name":"Joints de dilatation pour fa\u00e7ades - Cortartec | Equipamentos para a constru\u00e7\u00e3o civil","isPartOf":{"@id":"https:\/\/cortartec.net\/fr\/#website"},"primaryImageOfPage":{"@id":"https:\/\/cortartec.net\/fr\/produto\/joints-de-dilatation-pour-facades\/#primaryimage"},"image":{"@id":"https:\/\/cortartec.net\/fr\/produto\/joints-de-dilatation-pour-facades\/#primaryimage"},"thumbnailUrl":"https:\/\/cortartec.net\/wp-content\/uploads\/2026\/02\/imagem12-oduykf2y4r4hjlerzzfs9e9365pvz8itlqwf28af9m.png","datePublished":"2026-02-20T09:55:28+00:00","dateModified":"2026-05-15T11:40:04+00:00","breadcrumb":{"@id":"https:\/\/cortartec.net\/fr\/produto\/joints-de-dilatation-pour-facades\/#breadcrumb"},"inLanguage":"fr-FR","potentialAction":[{"@type":"ReadAction","target":["https:\/\/cortartec.net\/fr\/produto\/joints-de-dilatation-pour-facades\/"]}]},{"@type":"ImageObject","inLanguage":"fr-FR","@id":"https:\/\/cortartec.net\/fr\/produto\/joints-de-dilatation-pour-facades\/#primaryimage","url":"https:\/\/cortartec.net\/wp-content\/uploads\/2026\/02\/imagem12-oduykf2y4r4hjlerzzfs9e9365pvz8itlqwf28af9m.png","contentUrl":"https:\/\/cortartec.net\/wp-content\/uploads\/2026\/02\/imagem12-oduykf2y4r4hjlerzzfs9e9365pvz8itlqwf28af9m.png","width":300,"height":225},{"@type":"BreadcrumbList","@id":"https:\/\/cortartec.net\/fr\/produto\/joints-de-dilatation-pour-facades\/#breadcrumb","itemListElement":[{"@type":"ListItem","position":1,"name":"In\u00edcio","item":"https:\/\/cortartec.net\/fr\/"},{"@type":"ListItem","position":2,"name":"PRODUITS","item":"https:\/\/cortartec.net\/fr\/produits\/"},{"@type":"ListItem","position":3,"name":"Joints de dilatation pour fa\u00e7ades"}]},{"@type":"WebSite","@id":"https:\/\/cortartec.net\/fr\/#website","url":"https:\/\/cortartec.net\/fr\/","name":"Cortartec | Equipamentos para a constru\u00e7\u00e3o civil","description":"Engenharia Industrial","potentialAction":[{"@type":"SearchAction","target":{"@type":"EntryPoint","urlTemplate":"https:\/\/cortartec.net\/fr\/?s={search_term_string}"},"query-input":{"@type":"PropertyValueSpecification","valueRequired":true,"valueName":"search_term_string"}}],"inLanguage":"fr-FR"}]}},"_links":{"self":[{"href":"https:\/\/cortartec.net\/fr\/wp-json\/wp\/v2\/product\/36289","targetHints":{"allow":["GET"]}}],"collection":[{"href":"https:\/\/cortartec.net\/fr\/wp-json\/wp\/v2\/product"}],"about":[{"href":"https:\/\/cortartec.net\/fr\/wp-json\/wp\/v2\/types\/product"}],"replies":[{"embeddable":true,"href":"https:\/\/cortartec.net\/fr\/wp-json\/wp\/v2\/comments?post=36289"}],"wp:featuredmedia":[{"embeddable":true,"href":"https:\/\/cortartec.net\/fr\/wp-json\/wp\/v2\/media\/36290"}],"wp:attachment":[{"href":"https:\/\/cortartec.net\/fr\/wp-json\/wp\/v2\/media?parent=36289"}],"wp:term":[{"taxonomy":"product_brand","embeddable":true,"href":"https:\/\/cortartec.net\/fr\/wp-json\/wp\/v2\/product_brand?post=36289"},{"taxonomy":"product_cat","embeddable":true,"href":"https:\/\/cortartec.net\/fr\/wp-json\/wp\/v2\/product_cat?post=36289"},{"taxonomy":"product_tag","embeddable":true,"href":"https:\/\/cortartec.net\/fr\/wp-json\/wp\/v2\/product_tag?post=36289"}],"curies":[{"name":"wp","href":"https:\/\/api.w.org\/{rel}","templated":true}]}}