{"id":36481,"date":"2026-02-13T16:20:56","date_gmt":"2026-02-13T16:20:56","guid":{"rendered":"https:\/\/cortartec.net\/produto\/perfis-para-degrau-premium\/"},"modified":"2026-05-15T13:53:31","modified_gmt":"2026-05-15T13:53:31","slug":"profiles-pour-marches-premium","status":"publish","type":"product","link":"https:\/\/cortartec.net\/fr\/produto\/profiles-pour-marches-premium\/","title":{"rendered":"Profil\u00e9s pour marches Premium"},"content":{"rendered":"<div class=\"wpb-content-wrapper\"><p>[vc_row][vc_column][vc_column_text css=\u00a0\u00bb\u00a0\u00bb woodmart_inline=\u00a0\u00bbno\u00a0\u00bb text_larger=\u00a0\u00bbno\u00a0\u00bb]<\/p>\n<h3><strong>Profil\u00e9s de nez de marche en aluminium et en acier inoxydable<\/strong><\/h3>\n<p>L&rsquo;utilisation d&rsquo;un profil\u00e9 de nez de marche bross\u00e9 prot\u00e8ge les surfaces contre le glissement et l&rsquo;usure, tout en apportant une touche esth\u00e9tique raffin\u00e9e et \u00e9l\u00e9gante \u00e0 l&rsquo;ensemble.<\/p>\n<p>Le profil\u00e9 de nez de marche en aluminium est utilis\u00e9 dans le but d&rsquo;\u00e9viter que les escaliers des espaces publics ouverts ne deviennent glissants et ne s&rsquo;usent.<\/p>\n<p>Gr\u00e2ce \u00e0 leur disponibilit\u00e9 en diff\u00e9rentes textures de surface, les mod\u00e8les de profil\u00e9s de nez de marche MOXDECOR offrent un produit r\u00e9sistant aux probl\u00e8mes tels que les surfaces glissantes et us\u00e9es lorsqu&rsquo;ils sont install\u00e9s sur diverses structures en escalier. Le profil\u00e9 de nez d&rsquo;escalier en aluminium, avec ses nombreuses options de surface et de couleur, emp\u00eache les rev\u00eatements de sol de s&rsquo;user au niveau du nez de l&rsquo;escalier, tout en conf\u00e9rant un aspect \u00e9l\u00e9gant et esth\u00e9tique qui vient compl\u00e9ter le design global de l&rsquo;espace.[\/vc_column_text][\/vc_column][\/vc_row][vc_row][vc_column]\t\t<div id=\"wd-6a07252975d3d\" class=\"wd-text-block wd-wpb reset-last-child wd-rs-6a07252975d3d text-left \">\r\n\t\t\t<h2>Profil\u00e9s de marche en aluminium<\/h2>\n\t\t<\/div>\r\n\t\t[\/vc_column][\/vc_row][vc_row][vc_column width=\u00a0\u00bb1\/3&Prime;][vc_single_image image=\u00a0\u00bb38260&Prime; img_size=\u00a0\u00bbfull\u00a0\u00bb alignment=\u00a0\u00bbcenter\u00a0\u00bb css=\u00a0\u00bb\u00a0\u00bb parallax_scroll=\u00a0\u00bbno\u00a0\u00bb woodmart_inline=\u00a0\u00bbno\u00a0\u00bb]\t\t<div id=\"wd-6a07252eea08b\" class=\"wd-text-block wd-wpb reset-last-child wd-rs-6a07252eea08b text-left \">\r\n\t\t\t<p><strong>Scala \u2013<\/strong> Le profil\u00e9 de marche en aluminium Scala est utilis\u00e9 pour pr\u00e9venir les glissades et les chutes dans les escaliers des lieux publics. Il offre un aspect esth\u00e9tique et prot\u00e8ge le rev\u00eatement de sol de l&rsquo;usure gr\u00e2ce \u00e0 ses diff\u00e9rentes options de finition et de couleur.<\/p>\n\t\t<\/div>\r\n\t\t[\/vc_column][vc_column width=\u00a0\u00bb1\/3&Prime;][vc_single_image image=\u00a0\u00bb38261&Prime; img_size=\u00a0\u00bbfull\u00a0\u00bb alignment=\u00a0\u00bbcenter\u00a0\u00bb css=\u00a0\u00bb\u00a0\u00bb parallax_scroll=\u00a0\u00bbno\u00a0\u00bb woodmart_inline=\u00a0\u00bbno\u00a0\u00bb]\t\t<div id=\"wd-6a07253556c65\" class=\"wd-text-block wd-wpb reset-last-child wd-rs-6a07253556c65 text-left \">\r\n\t\t\t<p><strong>Scala-T \u2013<\/strong> Le profil\u00e9 d&rsquo;escalier Scala T en aluminium pour carrelage est g\u00e9n\u00e9ralement utilis\u00e9 pour les marches en granit et en c\u00e9ramique afin d&rsquo;\u00e9viter un aspect de mauvaise finition, en masquant les imperfections des surfaces en c\u00e9ramique et en pr\u00e9venant les dommages gr\u00e2ce \u00e0 ses propri\u00e9t\u00e9s d&rsquo;absorption des chocs. Il s&rsquo;adapte parfaitement aux mat\u00e9riaux d&rsquo;une \u00e9paisseur comprise entre 6 et 14 mm.<\/p>\n\t\t<\/div>\r\n\t\t[\/vc_column][vc_column width=\u00a0\u00bb1\/3&Prime;][vc_single_image image=\u00a0\u00bb38262&Prime; img_size=\u00a0\u00bbfull\u00a0\u00bb alignment=\u00a0\u00bbcenter\u00a0\u00bb css=\u00a0\u00bb\u00a0\u00bb parallax_scroll=\u00a0\u00bbno\u00a0\u00bb woodmart_inline=\u00a0\u00bbno\u00a0\u00bb]\t\t<div id=\"wd-6a07253e07ba8\" class=\"wd-text-block wd-wpb reset-last-child wd-rs-6a07253e07ba8 text-left \">\r\n\t\t\t<p><strong>Scala-R \u2013<\/strong> Le profil\u00e9 antid\u00e9rapant pour marches d&rsquo;escalier Scala R, en aluminium, est utilis\u00e9 pour pr\u00e9venir les chutes sur les marches d&rsquo;escaliers situ\u00e9s dans des lieux publics \u00e0 forte fr\u00e9quentation. Gr\u00e2ce \u00e0 l&rsquo;application d&rsquo;un ruban antid\u00e9rapant en PVC, il peut \u00eatre install\u00e9 sans difficult\u00e9 sur tous les types de mat\u00e9riaux de marches et se caract\u00e9rise par une structure robuste et durable.<\/p>\n\t\t<\/div>\r\n\t\t[\/vc_column][\/vc_row][vc_row][vc_column]\t\t<div id=\"wd-6a072544c6dd1\" class=\"wd-text-block wd-wpb reset-last-child wd-rs-6a072544c6dd1 text-left \">\r\n\t\t\t<h2>Profil\u00e9s de marche en acier inoxydable<\/h2>\n<h2><\/h2>\n\t\t<\/div>\r\n\t\t[\/vc_column][\/vc_row][vc_row][vc_column width=\u00a0\u00bb1\/2&Prime;][vc_single_image image=\u00a0\u00bb38263&Prime; img_size=\u00a0\u00bbfull\u00a0\u00bb alignment=\u00a0\u00bbcenter\u00a0\u00bb css=\u00a0\u00bb\u00a0\u00bb parallax_scroll=\u00a0\u00bbno\u00a0\u00bb woodmart_inline=\u00a0\u00bbno\u00a0\u00bb][\/vc_column][vc_column width=\u00a0\u00bb1\/2&Prime;]\t\t<div id=\"wd-6a07254b16c30\" class=\"wd-text-block wd-wpb reset-last-child wd-rs-6a07254b16c30 text-left \">\r\n\t\t\t<p><strong>MPS-B \u2013<\/strong> Le profil\u00e9 d&rsquo;escalier en acier inoxydable prot\u00e8ge les escaliers en recouvrant leurs angles et masque les \u00e9ventuelles imperfections au niveau des bords. Le profil\u00e9 d&rsquo;escalier en acier inoxydable est privil\u00e9gi\u00e9 pour des raisons de s\u00e9curit\u00e9 gr\u00e2ce \u00e0 ses propri\u00e9t\u00e9s antid\u00e9rapantes.<\/p>\n\t\t<\/div>\r\n\t\t[\/vc_column][\/vc_row]<\/p>\n<\/div>","protected":false},"excerpt":{"rendered":"<p><span style=\"color: #e46106;\"><strong><a style=\"color: #e46106;\" href=\"https:\/\/irp-cdn.multiscreensite.com\/3592b125\/files\/uploaded\/MOXDECOR%20-%20Perfis%20de%20Acabamento.pdf\" target=\u00ab _blank \u00bb rel=\"noopener\">Fiche technique<\/a><\/strong><\/span><br \/>\n<span style=\"color: #e46106;\"><strong><a style=\"color: #e46106;\" href=\"\"#>DWG<\/a><\/strong><\/span><\/p>\n","protected":false},"featured_media":36482,"comment_status":"open","ping_status":"closed","template":"","meta":[],"product_brand":[],"product_cat":[325],"product_tag":[],"class_list":["post-36481","product","type-product","status-publish","has-post-thumbnail","product_cat-finitions-haut-de-gamme","first","instock","shipping-taxable","product-type-simple"],"yoast_head":"<!-- This site is optimized with the Yoast SEO plugin v28.4 - https:\/\/yoast.com\/product\/yoast-seo-wordpress\/ -->\n<title>Profil\u00e9s pour marches Premium - Cortartec | Equipamentos para a constru\u00e7\u00e3o civil<\/title>\n<meta name=\"robots\" content=\"index, follow, max-snippet:-1, max-image-preview:large, max-video-preview:-1\" \/>\n<link rel=\"canonical\" href=\"https:\/\/cortartec.net\/fr\/produto\/profiles-pour-marches-premium\/\" \/>\n<meta property=\"og:locale\" content=\"fr_FR\" \/>\n<meta property=\"og:type\" content=\"article\" \/>\n<meta property=\"og:title\" content=\"Profil\u00e9s pour marches Premium - Cortartec | Equipamentos para a constru\u00e7\u00e3o civil\" \/>\n<meta property=\"og:description\" content=\"Fiche technique DWG\" \/>\n<meta property=\"og:url\" content=\"https:\/\/cortartec.net\/fr\/produto\/profiles-pour-marches-premium\/\" \/>\n<meta property=\"og:site_name\" content=\"Cortartec | Equipamentos para a constru\u00e7\u00e3o civil\" \/>\n<meta property=\"article:modified_time\" content=\"2026-05-15T13:53:31+00:00\" \/>\n<meta property=\"og:image\" content=\"https:\/\/cortartec.net\/wp-content\/uploads\/2026\/02\/imagem59-oq3dntmruukp1qo3t91fr6wuzuyzjl2lpaq9tm1oei.jpg\" \/>\n\t<meta property=\"og:image:width\" content=\"300\" \/>\n\t<meta property=\"og:image:height\" content=\"225\" \/>\n\t<meta property=\"og:image:type\" content=\"image\/jpeg\" \/>\n<meta name=\"twitter:card\" content=\"summary_large_image\" \/>\n<meta name=\"twitter:label1\" content=\"Dur\u00e9e de lecture estim\u00e9e\" \/>\n\t<meta name=\"twitter:data1\" content=\"4 minutes\" \/>\n<script type=\"application\/ld+json\" class=\"yoast-schema-graph\">{\"@context\":\"https:\\\/\\\/schema.org\",\"@graph\":[{\"@type\":\"WebPage\",\"@id\":\"https:\\\/\\\/cortartec.net\\\/fr\\\/produto\\\/profiles-pour-marches-premium\\\/\",\"url\":\"https:\\\/\\\/cortartec.net\\\/fr\\\/produto\\\/profiles-pour-marches-premium\\\/\",\"name\":\"Profil\u00e9s pour marches Premium - Cortartec | Equipamentos para a constru\u00e7\u00e3o civil\",\"isPartOf\":{\"@id\":\"https:\\\/\\\/cortartec.net\\\/fr\\\/#website\"},\"primaryImageOfPage\":{\"@id\":\"https:\\\/\\\/cortartec.net\\\/fr\\\/produto\\\/profiles-pour-marches-premium\\\/#primaryimage\"},\"image\":{\"@id\":\"https:\\\/\\\/cortartec.net\\\/fr\\\/produto\\\/profiles-pour-marches-premium\\\/#primaryimage\"},\"thumbnailUrl\":\"https:\\\/\\\/cortartec.net\\\/wp-content\\\/uploads\\\/2026\\\/02\\\/imagem59-oq3dntmruukp1qo3t91fr6wuzuyzjl2lpaq9tm1oei.jpg\",\"datePublished\":\"2026-02-13T16:20:56+00:00\",\"dateModified\":\"2026-05-15T13:53:31+00:00\",\"breadcrumb\":{\"@id\":\"https:\\\/\\\/cortartec.net\\\/fr\\\/produto\\\/profiles-pour-marches-premium\\\/#breadcrumb\"},\"inLanguage\":\"fr-FR\",\"potentialAction\":[{\"@type\":\"ReadAction\",\"target\":[\"https:\\\/\\\/cortartec.net\\\/fr\\\/produto\\\/profiles-pour-marches-premium\\\/\"]}]},{\"@type\":\"ImageObject\",\"inLanguage\":\"fr-FR\",\"@id\":\"https:\\\/\\\/cortartec.net\\\/fr\\\/produto\\\/profiles-pour-marches-premium\\\/#primaryimage\",\"url\":\"https:\\\/\\\/cortartec.net\\\/wp-content\\\/uploads\\\/2026\\\/02\\\/imagem59-oq3dntmruukp1qo3t91fr6wuzuyzjl2lpaq9tm1oei.jpg\",\"contentUrl\":\"https:\\\/\\\/cortartec.net\\\/wp-content\\\/uploads\\\/2026\\\/02\\\/imagem59-oq3dntmruukp1qo3t91fr6wuzuyzjl2lpaq9tm1oei.jpg\",\"width\":300,\"height\":225},{\"@type\":\"BreadcrumbList\",\"@id\":\"https:\\\/\\\/cortartec.net\\\/fr\\\/produto\\\/profiles-pour-marches-premium\\\/#breadcrumb\",\"itemListElement\":[{\"@type\":\"ListItem\",\"position\":1,\"name\":\"In\u00edcio\",\"item\":\"https:\\\/\\\/cortartec.net\\\/fr\\\/\"},{\"@type\":\"ListItem\",\"position\":2,\"name\":\"PRODUITS\",\"item\":\"https:\\\/\\\/cortartec.net\\\/fr\\\/produits\\\/\"},{\"@type\":\"ListItem\",\"position\":3,\"name\":\"Profil\u00e9s pour marches Premium\"}]},{\"@type\":\"WebSite\",\"@id\":\"https:\\\/\\\/cortartec.net\\\/fr\\\/#website\",\"url\":\"https:\\\/\\\/cortartec.net\\\/fr\\\/\",\"name\":\"Cortartec | Equipamentos para a constru\u00e7\u00e3o civil\",\"description\":\"Engenharia Industrial\",\"potentialAction\":[{\"@type\":\"SearchAction\",\"target\":{\"@type\":\"EntryPoint\",\"urlTemplate\":\"https:\\\/\\\/cortartec.net\\\/fr\\\/?s={search_term_string}\"},\"query-input\":{\"@type\":\"PropertyValueSpecification\",\"valueRequired\":true,\"valueName\":\"search_term_string\"}}],\"inLanguage\":\"fr-FR\"}]}<\/script>\n<!-- \/ Yoast SEO plugin. -->","yoast_head_json":{"title":"Profil\u00e9s pour marches Premium - Cortartec | Equipamentos para a constru\u00e7\u00e3o civil","robots":{"index":"index","follow":"follow","max-snippet":"max-snippet:-1","max-image-preview":"max-image-preview:large","max-video-preview":"max-video-preview:-1"},"canonical":"https:\/\/cortartec.net\/fr\/produto\/profiles-pour-marches-premium\/","og_locale":"fr_FR","og_type":"article","og_title":"Profil\u00e9s pour marches Premium - Cortartec | Equipamentos para a constru\u00e7\u00e3o civil","og_description":"Fiche technique DWG","og_url":"https:\/\/cortartec.net\/fr\/produto\/profiles-pour-marches-premium\/","og_site_name":"Cortartec | Equipamentos para a constru\u00e7\u00e3o civil","article_modified_time":"2026-05-15T13:53:31+00:00","og_image":[{"width":300,"height":225,"url":"https:\/\/cortartec.net\/wp-content\/uploads\/2026\/02\/imagem59-oq3dntmruukp1qo3t91fr6wuzuyzjl2lpaq9tm1oei.jpg","type":"image\/jpeg"}],"twitter_card":"summary_large_image","twitter_misc":{"Dur\u00e9e de lecture estim\u00e9e":"4 minutes"},"schema":{"@context":"https:\/\/schema.org","@graph":[{"@type":"WebPage","@id":"https:\/\/cortartec.net\/fr\/produto\/profiles-pour-marches-premium\/","url":"https:\/\/cortartec.net\/fr\/produto\/profiles-pour-marches-premium\/","name":"Profil\u00e9s pour marches Premium - Cortartec | Equipamentos para a constru\u00e7\u00e3o civil","isPartOf":{"@id":"https:\/\/cortartec.net\/fr\/#website"},"primaryImageOfPage":{"@id":"https:\/\/cortartec.net\/fr\/produto\/profiles-pour-marches-premium\/#primaryimage"},"image":{"@id":"https:\/\/cortartec.net\/fr\/produto\/profiles-pour-marches-premium\/#primaryimage"},"thumbnailUrl":"https:\/\/cortartec.net\/wp-content\/uploads\/2026\/02\/imagem59-oq3dntmruukp1qo3t91fr6wuzuyzjl2lpaq9tm1oei.jpg","datePublished":"2026-02-13T16:20:56+00:00","dateModified":"2026-05-15T13:53:31+00:00","breadcrumb":{"@id":"https:\/\/cortartec.net\/fr\/produto\/profiles-pour-marches-premium\/#breadcrumb"},"inLanguage":"fr-FR","potentialAction":[{"@type":"ReadAction","target":["https:\/\/cortartec.net\/fr\/produto\/profiles-pour-marches-premium\/"]}]},{"@type":"ImageObject","inLanguage":"fr-FR","@id":"https:\/\/cortartec.net\/fr\/produto\/profiles-pour-marches-premium\/#primaryimage","url":"https:\/\/cortartec.net\/wp-content\/uploads\/2026\/02\/imagem59-oq3dntmruukp1qo3t91fr6wuzuyzjl2lpaq9tm1oei.jpg","contentUrl":"https:\/\/cortartec.net\/wp-content\/uploads\/2026\/02\/imagem59-oq3dntmruukp1qo3t91fr6wuzuyzjl2lpaq9tm1oei.jpg","width":300,"height":225},{"@type":"BreadcrumbList","@id":"https:\/\/cortartec.net\/fr\/produto\/profiles-pour-marches-premium\/#breadcrumb","itemListElement":[{"@type":"ListItem","position":1,"name":"In\u00edcio","item":"https:\/\/cortartec.net\/fr\/"},{"@type":"ListItem","position":2,"name":"PRODUITS","item":"https:\/\/cortartec.net\/fr\/produits\/"},{"@type":"ListItem","position":3,"name":"Profil\u00e9s pour marches Premium"}]},{"@type":"WebSite","@id":"https:\/\/cortartec.net\/fr\/#website","url":"https:\/\/cortartec.net\/fr\/","name":"Cortartec | Equipamentos para a constru\u00e7\u00e3o civil","description":"Engenharia Industrial","potentialAction":[{"@type":"SearchAction","target":{"@type":"EntryPoint","urlTemplate":"https:\/\/cortartec.net\/fr\/?s={search_term_string}"},"query-input":{"@type":"PropertyValueSpecification","valueRequired":true,"valueName":"search_term_string"}}],"inLanguage":"fr-FR"}]}},"_links":{"self":[{"href":"https:\/\/cortartec.net\/fr\/wp-json\/wp\/v2\/product\/36481","targetHints":{"allow":["GET"]}}],"collection":[{"href":"https:\/\/cortartec.net\/fr\/wp-json\/wp\/v2\/product"}],"about":[{"href":"https:\/\/cortartec.net\/fr\/wp-json\/wp\/v2\/types\/product"}],"replies":[{"embeddable":true,"href":"https:\/\/cortartec.net\/fr\/wp-json\/wp\/v2\/comments?post=36481"}],"wp:featuredmedia":[{"embeddable":true,"href":"https:\/\/cortartec.net\/fr\/wp-json\/wp\/v2\/media\/36482"}],"wp:attachment":[{"href":"https:\/\/cortartec.net\/fr\/wp-json\/wp\/v2\/media?parent=36481"}],"wp:term":[{"taxonomy":"product_brand","embeddable":true,"href":"https:\/\/cortartec.net\/fr\/wp-json\/wp\/v2\/product_brand?post=36481"},{"taxonomy":"product_cat","embeddable":true,"href":"https:\/\/cortartec.net\/fr\/wp-json\/wp\/v2\/product_cat?post=36481"},{"taxonomy":"product_tag","embeddable":true,"href":"https:\/\/cortartec.net\/fr\/wp-json\/wp\/v2\/product_tag?post=36481"}],"curies":[{"name":"wp","href":"https:\/\/api.w.org\/{rel}","templated":true}]}}