{"id":36556,"date":"2026-02-12T15:15:31","date_gmt":"2026-02-12T15:15:31","guid":{"rendered":"https:\/\/cortartec.net\/produto\/perfis-de-transicao-de-pavimentos\/"},"modified":"2026-05-15T14:09:47","modified_gmt":"2026-05-15T14:09:47","slug":"profiles-de-transition-pour-revetements-de-sol","status":"publish","type":"product","link":"https:\/\/cortartec.net\/fr\/produto\/profiles-de-transition-pour-revetements-de-sol\/","title":{"rendered":"Profil\u00e9s de transition pour rev\u00eatements de sol"},"content":{"rendered":"<div class=\"wpb-content-wrapper\"><p>[vc_row][vc_column width=\u00a0\u00bb1\/4&Prime;][vc_single_image image=\u00a0\u00bb38307&Prime; img_size=\u00a0\u00bbfull\u00a0\u00bb alignment=\u00a0\u00bbcenter\u00a0\u00bb css=\u00a0\u00bb\u00a0\u00bb parallax_scroll=\u00a0\u00bbno\u00a0\u00bb woodmart_inline=\u00a0\u00bbno\u00a0\u00bb]\t\t<div id=\"wd-6a07288e4198a\" class=\"wd-text-block wd-wpb reset-last-child wd-rs-6a07288e4198a text-left \">\r\n\t\t\t<h3>CGP 01<\/h3>\n<div class=\" vc_custom_1597653884126\">\n<div id=\"text-block-5\" class=\"mk-text-block \">\n<p>Profil\u00e9s de finition en aluminium de 30 mm de largeur. <strong>Installation<\/strong> : Adh\u00e9sif ou silicone<br \/>\n<strong>Longueur du profil\u00e9<\/strong> : 2,7 m<br \/>\n<strong>Couleurs disponibles<\/strong> : Anodis\u00e9 mat et Jaune mat<\/p>\n<\/div>\n<\/div>\n\t\t<\/div>\r\n\t\t[\/vc_column][vc_column width=\u00a0\u00bb1\/4&Prime;][vc_single_image image=\u00a0\u00bb38308&Prime; img_size=\u00a0\u00bbfull\u00a0\u00bb alignment=\u00a0\u00bbcenter\u00a0\u00bb css=\u00a0\u00bb\u00a0\u00bb parallax_scroll=\u00a0\u00bbno\u00a0\u00bb woodmart_inline=\u00a0\u00bbno\u00a0\u00bb]\t\t<div id=\"wd-6a07289622de0\" class=\"wd-text-block wd-wpb reset-last-child wd-rs-6a07289622de0 text-left \">\r\n\t\t\t<h3>CGP 25<\/h3>\n<div class=\" vc_custom_1597653891007\">\n<div id=\"text-block-9\" class=\"mk-text-block \">\n<p>Profil\u00e9s de finition en aluminium de 25 mm de largeur. <strong>Installation<\/strong> : Silicone ou vis<br \/>\n<strong>Longueur du profil\u00e9<\/strong> : 2,7 m<br \/>\n<strong>Couleurs disponibles<\/strong> : Anodis\u00e9 mat et Jaune mat<\/p>\n<\/div>\n<\/div>\n\t\t<\/div>\r\n\t\t[\/vc_column][vc_column width=\u00a0\u00bb1\/4&Prime;][vc_single_image image=\u00a0\u00bb38309&Prime; img_size=\u00a0\u00bbfull\u00a0\u00bb alignment=\u00a0\u00bbcenter\u00a0\u00bb css=\u00a0\u00bb\u00a0\u00bb parallax_scroll=\u00a0\u00bbno\u00a0\u00bb woodmart_inline=\u00a0\u00bbno\u00a0\u00bb]\t\t<div id=\"wd-6a07289ce73b7\" class=\"wd-text-block wd-wpb reset-last-child wd-rs-6a07289ce73b7 text-left \">\r\n\t\t\t<h3>CGP 30.2<\/h3>\n<div class=\" vc_custom_1597653900824\">\n<div id=\"text-block-13\" class=\"mk-text-block \">\n<p>Profil\u00e9s de finition en aluminium de 30 mm de largeur. <strong>Installation<\/strong> : Adh\u00e9sif ou silicone<br \/>\n<strong>Longueur du profil\u00e9<\/strong> : 2,7 m<br \/>\n<strong>Couleurs disponibles<\/strong> : Anodis\u00e9 mat et Jaune mat<\/p>\n<\/div>\n<\/div>\n\t\t<\/div>\r\n\t\t[\/vc_column][vc_column width=\u00a0\u00bb1\/4&Prime;][vc_single_image image=\u00a0\u00bb38310&Prime; img_size=\u00a0\u00bbfull\u00a0\u00bb alignment=\u00a0\u00bbcenter\u00a0\u00bb css=\u00a0\u00bb\u00a0\u00bb parallax_scroll=\u00a0\u00bbno\u00a0\u00bb woodmart_inline=\u00a0\u00bbno\u00a0\u00bb]\t\t<div id=\"wd-6a0728a3dab05\" class=\"wd-text-block wd-wpb reset-last-child wd-rs-6a0728a3dab05 text-left \">\r\n\t\t\t<h3>CGP 32<\/h3>\n<div class=\" vc_custom_1572887263386\">\n<div id=\"text-block-17\" class=\"mk-text-block \">\n<p>Profil\u00e9 de finition en aluminium de 32 mm de largeur. Id\u00e9al pour les surfaces planes. <strong>Installation<\/strong> : Adh\u00e9sif ou silicone<br \/>\n<strong>Longueur du profil\u00e9<\/strong> : 2,7 m<br \/>\n<strong>Couleurs disponibles<\/strong> : Anodis\u00e9 mat et Jaune mat<\/p>\n<\/div>\n<\/div>\n\t\t<\/div>\r\n\t\t[\/vc_column][\/vc_row][vc_row][vc_column width=\u00a0\u00bb1\/4&Prime;][vc_single_image image=\u00a0\u00bb38311&Prime; img_size=\u00a0\u00bbfull\u00a0\u00bb alignment=\u00a0\u00bbcenter\u00a0\u00bb css=\u00a0\u00bb\u00a0\u00bb parallax_scroll=\u00a0\u00bbno\u00a0\u00bb woodmart_inline=\u00a0\u00bbno\u00a0\u00bb]\t\t<div id=\"wd-6a0728aaa1a4d\" class=\"wd-text-block wd-wpb reset-last-child wd-rs-6a0728aaa1a4d text-left \">\r\n\t\t\t<h3>CGP 35<\/h3>\n<div class=\" vc_custom_1597653965049\">\n<div id=\"text-block-21\" class=\"mk-text-block \">\n<p>Profil\u00e9 de finition en aluminium de 35 mm de largeur avec surface antid\u00e9rapante. <strong>Installation<\/strong> : Adh\u00e9sif ou silicone<br \/>\n<strong>Longueur du profil\u00e9<\/strong> : 2,7 m<br \/>\n<strong>Couleurs disponibles<\/strong> : Anodis\u00e9 mat et Jaune mat<\/p>\n<\/div>\n<\/div>\n\t\t<\/div>\r\n\t\t[\/vc_column][vc_column width=\u00a0\u00bb1\/4&Prime;][vc_single_image image=\u00a0\u00bb38312&Prime; img_size=\u00a0\u00bbfull\u00a0\u00bb alignment=\u00a0\u00bbcenter\u00a0\u00bb css=\u00a0\u00bb\u00a0\u00bb parallax_scroll=\u00a0\u00bbno\u00a0\u00bb woodmart_inline=\u00a0\u00bbno\u00a0\u00bb]\t\t<div id=\"wd-6a0728b1b96e3\" class=\"wd-text-block wd-wpb reset-last-child wd-rs-6a0728b1b96e3 text-left \">\r\n\t\t\t<h3>CGP 37<\/h3>\n<div class=\" vc_custom_1597653972227\">\n<div id=\"text-block-25\" class=\"mk-text-block \">\n<p>Profil\u00e9s de finition en aluminium de 30 mm de largeur. <strong>Installation<\/strong> : Adh\u00e9sif ou silicone<br \/>\n<strong>Longueur du profil\u00e9<\/strong> : 2,7 m<br \/>\n<strong>Couleurs disponibles<\/strong> : Anodis\u00e9 mat et Jaune mat<\/p>\n<\/div>\n<\/div>\n\t\t<\/div>\r\n\t\t[\/vc_column][vc_column width=\u00a0\u00bb1\/4&Prime;][vc_single_image image=\u00a0\u00bb38313&Prime; img_size=\u00a0\u00bbfull\u00a0\u00bb alignment=\u00a0\u00bbcenter\u00a0\u00bb css=\u00a0\u00bb\u00a0\u00bb parallax_scroll=\u00a0\u00bbno\u00a0\u00bb woodmart_inline=\u00a0\u00bbno\u00a0\u00bb]\t\t<div id=\"wd-6a0728b8a399c\" class=\"wd-text-block wd-wpb reset-last-child wd-rs-6a0728b8a399c text-left \">\r\n\t\t\t<h3>CGP 38<\/h3>\n<div class=\" vc_custom_1597653978318\">\n<div id=\"text-block-29\" class=\"mk-text-block \">\n<p>Profil\u00e9s de finition en aluminium de 30 mm de largeur. <strong>Installation<\/strong> : Adh\u00e9sif ou silicone<br \/>\n<strong>Longueur du profil\u00e9<\/strong> : 2,7 m<br \/>\n<strong>Couleurs disponibles<\/strong> : Anodis\u00e9 mat et Jaune mat<\/p>\n<\/div>\n<\/div>\n\t\t<\/div>\r\n\t\t[\/vc_column][vc_column width=\u00a0\u00bb1\/4&Prime;][vc_single_image image=\u00a0\u00bb38314&Prime; img_size=\u00a0\u00bbfull\u00a0\u00bb alignment=\u00a0\u00bbcenter\u00a0\u00bb css=\u00a0\u00bb\u00a0\u00bb parallax_scroll=\u00a0\u00bbno\u00a0\u00bb woodmart_inline=\u00a0\u00bbno\u00a0\u00bb]\t\t<div id=\"wd-6a0728bed2169\" class=\"wd-text-block wd-wpb reset-last-child wd-rs-6a0728bed2169 text-left \">\r\n\t\t\t<h3>CGP 39<\/h3>\n<div class=\" vc_custom_1572885434491\">\n<div id=\"text-block-33\" class=\"mk-text-block \">\n<p>Profil\u00e9s de finition en aluminium de 30 mm de largeur. <strong>Installation<\/strong> : Adh\u00e9sif ou silicone<br \/>\n<strong>Longueur du profil\u00e9<\/strong> : 2,7 m<br \/>\n<strong>Couleurs disponibles<\/strong> : Anodis\u00e9 mat et Jaune mat<\/p>\n<\/div>\n<\/div>\n\t\t<\/div>\r\n\t\t[\/vc_column][\/vc_row][vc_row][vc_column width=\u00a0\u00bb1\/4&Prime;][vc_single_image image=\u00a0\u00bb38315&Prime; img_size=\u00a0\u00bbfull\u00a0\u00bb alignment=\u00a0\u00bbcenter\u00a0\u00bb css=\u00a0\u00bb\u00a0\u00bb parallax_scroll=\u00a0\u00bbno\u00a0\u00bb woodmart_inline=\u00a0\u00bbno\u00a0\u00bb]\t\t<div id=\"wd-6a0728c500edb\" class=\"wd-text-block wd-wpb reset-last-child wd-rs-6a0728c500edb text-left \">\r\n\t\t\t<h3>CGP 40<\/h3>\n<div class=\" vc_custom_1597654051721\">\n<div id=\"text-block-37\" class=\"mk-text-block \">\n<p>Profil\u00e9s de finition en aluminium de 41 mm de largeur. <strong>Installation<\/strong> : vis ou silicone<br \/>\n<strong>Longueur du profil\u00e9<\/strong> : 2,7 m<br \/>\n<strong>Couleurs disponibles<\/strong> : Anodis\u00e9 mat et Jaune mat<\/p>\n<\/div>\n<\/div>\n\t\t<\/div>\r\n\t\t[\/vc_column][vc_column width=\u00a0\u00bb1\/4&Prime;][vc_single_image image=\u00a0\u00bb38316&Prime; img_size=\u00a0\u00bbfull\u00a0\u00bb alignment=\u00a0\u00bbcenter\u00a0\u00bb css=\u00a0\u00bb\u00a0\u00bb parallax_scroll=\u00a0\u00bbno\u00a0\u00bb woodmart_inline=\u00a0\u00bbno\u00a0\u00bb]\t\t<div id=\"wd-6a0728cb1b418\" class=\"wd-text-block wd-wpb reset-last-child wd-rs-6a0728cb1b418 text-left \">\r\n\t\t\t<h3>CGP 41<\/h3>\n<div class=\" vc_custom_1597654057721\">\n<div id=\"text-block-41\" class=\"mk-text-block \">\n<p>Profil\u00e9 de finition pour les diff\u00e9rences de niveau en aluminium de 39 mm de largeur. Ce produit est disponible en plusieurs finitions de couleur imitant le bois, telles que l&rsquo;acajou, le cerisier, le noyer et le ch\u00eane. Si vous demandez ces couleurs, la r\u00e9f\u00e9rence du produit sera GP41-A. <strong>Installation<\/strong> : Vis invisible<br \/>\n<strong>Longueur du profil\u00e9<\/strong> : 2,7 m<br \/>\n<strong>Couleurs disponibles<\/strong> : Anodis\u00e9 mat et Jaune mat<\/p>\n<\/div>\n<\/div>\n\t\t<\/div>\r\n\t\t[\/vc_column][vc_column width=\u00a0\u00bb1\/4&Prime;][vc_single_image image=\u00a0\u00bb38317&Prime; img_size=\u00a0\u00bbfull\u00a0\u00bb alignment=\u00a0\u00bbcenter\u00a0\u00bb css=\u00a0\u00bb\u00a0\u00bb parallax_scroll=\u00a0\u00bbno\u00a0\u00bb woodmart_inline=\u00a0\u00bbno\u00a0\u00bb]\t\t<div id=\"wd-6a0728d282018\" class=\"wd-text-block wd-wpb reset-last-child wd-rs-6a0728d282018 text-left \">\r\n\t\t\t<h3>CGP 50<\/h3>\n<div class=\" vc_custom_1597654064018\">\n<div id=\"text-block-45\" class=\"mk-text-block \">\n<p>Profil\u00e9 de finition pour diff\u00e9rences de niveau en aluminium de 50 mm de largeur. <strong> Installation<\/strong> : Adh\u00e9sif ou silicone<br \/>\n<strong>Longueur du profil\u00e9<\/strong> : 2,7 m<br \/>\n<strong>Couleurs disponibles<\/strong> : Anodis\u00e9 mat et Jaune mat<\/p>\n<\/div>\n<\/div>\n\t\t<\/div>\r\n\t\t[\/vc_column][vc_column width=\u00a0\u00bb1\/4&Prime;][vc_single_image image=\u00a0\u00bb38318&Prime; img_size=\u00a0\u00bbfull\u00a0\u00bb alignment=\u00a0\u00bbcenter\u00a0\u00bb css=\u00a0\u00bb\u00a0\u00bb parallax_scroll=\u00a0\u00bbno\u00a0\u00bb woodmart_inline=\u00a0\u00bbno\u00a0\u00bb]\t\t<div id=\"wd-6a0728da576d2\" class=\"wd-text-block wd-wpb reset-last-child wd-rs-6a0728da576d2 text-left \">\r\n\t\t\t<h3>CGP 30<\/h3>\n<div class=\" vc_custom_1597654073145\">\n<div id=\"text-block-49\" class=\"mk-text-block \">\n<p>Profil\u00e9s pour habillage en aluminium d&rsquo;une largeur de 30 mm avec rainures de vis dissimul\u00e9es. Ce produit propose des finitions alternatives imitant le bois, telles que : acajou, cerisier, noyer et ch\u00eane. Si vous demandez ces couleurs, la r\u00e9f\u00e9rence du produit sera CGP30-A. <strong>Installation<\/strong> : Vis cach\u00e9es ou silicone<br \/>\n<strong>Longueur du profil\u00e9<\/strong> : 2,7 m<br \/>\n<strong>Couleurs disponibles<\/strong> : Anodis\u00e9 mat et Jaune mat<\/p>\n<\/div>\n<\/div>\n\t\t<\/div>\r\n\t\t[\/vc_column][\/vc_row][vc_row][vc_column]\t\t<div id=\"wd-6a0728e1e3128\" class=\"wd-text-block wd-wpb reset-last-child wd-rs-6a0728e1e3128 text-left \">\r\n\t\t\t<h2>Bordures pour moquette et parquet<\/h2>\n\t\t<\/div>\r\n\t\t[\/vc_column][\/vc_row][vc_row][vc_column width=\u00a0\u00bb1\/4&Prime;][vc_single_image image=\u00a0\u00bb38319&Prime; img_size=\u00a0\u00bbfull\u00a0\u00bb alignment=\u00a0\u00bbcenter\u00a0\u00bb css=\u00a0\u00bb\u00a0\u00bb parallax_scroll=\u00a0\u00bbno\u00a0\u00bb woodmart_inline=\u00a0\u00bbno\u00a0\u00bb]\t\t<div id=\"wd-6a0728e7744d9\" class=\"wd-text-block wd-wpb reset-last-child wd-rs-6a0728e7744d9 text-left \">\r\n\t\t\t<h3>CHB 12<\/h3>\n<div class=\" vc_custom_1597654203213\">\n<div id=\"text-block-55\" class=\"mk-text-block \">\n<p>Profil\u00e9 d&rsquo;extr\u00e9mit\u00e9 en aluminium pour parquet. Ce produit est disponible dans des finitions de couleurs alternatives imitant le bois telles que : acajou, cerisier, noyer, ch\u00eane. Si vous optez pour ces couleurs, la r\u00e9f\u00e9rence du produit sera HB12-A. <strong>Largeur<\/strong> : 8,6 mm<br \/>\n<strong>Longueur du profil\u00e9<\/strong> : 2,7 m<br \/>\n<strong>Couleurs disponibles<\/strong> : Anodis\u00e9 mat et Jaune mat<\/p>\n<\/div>\n<\/div>\n\t\t<\/div>\r\n\t\t[\/vc_column][vc_column width=\u00a0\u00bb1\/4&Prime;][vc_single_image image=\u00a0\u00bb38320&Prime; img_size=\u00a0\u00bbfull\u00a0\u00bb alignment=\u00a0\u00bbcenter\u00a0\u00bb css=\u00a0\u00bb\u00a0\u00bb parallax_scroll=\u00a0\u00bbno\u00a0\u00bb woodmart_inline=\u00a0\u00bbno\u00a0\u00bb]\t\t<div id=\"wd-6a0728ee2654a\" class=\"wd-text-block wd-wpb reset-last-child wd-rs-6a0728ee2654a text-left \">\r\n\t\t\t<h3>CHB 14<\/h3>\n<div class=\" vc_custom_1597654210605\">\n<div id=\"text-block-59\" class=\"mk-text-block \">\n<p>Profil\u00e9 de finition en aluminium pour moquette. <strong>Largeur<\/strong> : 12 mm<br \/>\n<strong>Longueur du profil\u00e9<\/strong> : 2,7 m<br \/>\n<strong>Couleurs disponibles<\/strong> : Anodis\u00e9 mat et Jaune mat<\/p>\n<\/div>\n<\/div>\n\t\t<\/div>\r\n\t\t[\/vc_column][vc_column width=\u00a0\u00bb1\/4&Prime;][vc_single_image image=\u00a0\u00bb38321&Prime; img_size=\u00a0\u00bbfull\u00a0\u00bb alignment=\u00a0\u00bbcenter\u00a0\u00bb css=\u00a0\u00bb\u00a0\u00bb parallax_scroll=\u00a0\u00bbno\u00a0\u00bb woodmart_inline=\u00a0\u00bbno\u00a0\u00bb]\t\t<div id=\"wd-6a0728f599425\" class=\"wd-text-block wd-wpb reset-last-child wd-rs-6a0728f599425 text-left \">\r\n\t\t\t<h3>CHB 15<\/h3>\n<div class=\" vc_custom_1597654216789\">\n<div id=\"text-block-63\" class=\"mk-text-block \">\n<p>Profil\u00e9 de finition pour moquette en aluminium. <strong>Largeur<\/strong> : 8 mm<br \/>\n<strong>Longueur du profil\u00e9<\/strong>: 2,7 m<br \/>\n<strong>Couleurs disponibles<\/strong>: Anodis\u00e9 mat et Jaune mat<\/p>\n<\/div>\n<\/div>\n\t\t<\/div>\r\n\t\t[\/vc_column][vc_column width=\u00a0\u00bb1\/4&Prime;][vc_single_image image=\u00a0\u00bb38322&Prime; img_size=\u00a0\u00bbfull\u00a0\u00bb alignment=\u00a0\u00bbcenter\u00a0\u00bb css=\u00a0\u00bb\u00a0\u00bb parallax_scroll=\u00a0\u00bbno\u00a0\u00bb woodmart_inline=\u00a0\u00bbno\u00a0\u00bb]\t\t<div id=\"wd-6a0728fc974c2\" class=\"wd-text-block wd-wpb reset-last-child wd-rs-6a0728fc974c2 text-left \">\r\n\t\t\t<h3>CHB 16<\/h3>\n<div class=\" vc_custom_1597654223122\">\n<div id=\"text-block-67\" class=\"mk-text-block \">\n<p>Profil\u00e9 de finition en aluminium pour moquette. <strong>Largeur<\/strong> : 12 mm<br \/>\n<strong>Longueur du profil\u00e9<\/strong> : 2,7 m<br \/>\n<strong>Couleurs disponibles<\/strong> : Anodis\u00e9 mat et Jaune mat<\/p>\n<\/div>\n<\/div>\n\t\t<\/div>\r\n\t\t[\/vc_column][\/vc_row][vc_row][vc_column width=\u00a0\u00bb1\/4&Prime;][vc_single_image image=\u00a0\u00bb38323&Prime; img_size=\u00a0\u00bbfull\u00a0\u00bb alignment=\u00a0\u00bbcenter\u00a0\u00bb css=\u00a0\u00bb\u00a0\u00bb parallax_scroll=\u00a0\u00bbno\u00a0\u00bb woodmart_inline=\u00a0\u00bbno\u00a0\u00bb]\t\t<div id=\"wd-6a072903ef62c\" class=\"wd-text-block wd-wpb reset-last-child wd-rs-6a072903ef62c text-left \">\r\n\t\t\t<h3>CHB 17<\/h3>\n<div class=\" vc_custom_1597654280396\">\n<div id=\"text-block-71\" class=\"mk-text-block \">\n<p>Profil\u00e9 de finition en aluminium pour moquette. <strong>Largeur<\/strong> : 8-12 mm<br \/>\n<strong>Longueur du profil\u00e9<\/strong> : 2,7 m<br \/>\n<strong>Couleurs disponibles<\/strong> : Anodis\u00e9 mat et Jaune mat<\/p>\n<\/div>\n<\/div>\n\t\t<\/div>\r\n\t\t[\/vc_column][vc_column width=\u00a0\u00bb1\/4&Prime;][vc_single_image image=\u00a0\u00bb38324&Prime; img_size=\u00a0\u00bbfull\u00a0\u00bb alignment=\u00a0\u00bbcenter\u00a0\u00bb css=\u00a0\u00bb\u00a0\u00bb parallax_scroll=\u00a0\u00bbno\u00a0\u00bb woodmart_inline=\u00a0\u00bbno\u00a0\u00bb]\t\t<div id=\"wd-6a07290c03810\" class=\"wd-text-block wd-wpb reset-last-child wd-rs-6a07290c03810 text-left \">\r\n\t\t\t<h3>CHB 19<\/h3>\n<div class=\" vc_custom_1597654288335\">\n<div id=\"text-block-75\" class=\"mk-text-block \">\n<p>Profil\u00e9 de finition en aluminium pour moquette.<br \/>\n<strong>Longueur du profil\u00e9<\/strong> : 2,7 m<br \/>\n<strong>Couleurs disponibles<\/strong> : Anodis\u00e9 mat et Jaune mat<\/p>\n<\/div>\n<\/div>\n\t\t<\/div>\r\n\t\t[\/vc_column][vc_column width=\u00a0\u00bb1\/4&Prime;][vc_single_image image=\u00a0\u00bb38325&Prime; img_size=\u00a0\u00bbfull\u00a0\u00bb alignment=\u00a0\u00bbcenter\u00a0\u00bb css=\u00a0\u00bb\u00a0\u00bb parallax_scroll=\u00a0\u00bbno\u00a0\u00bb woodmart_inline=\u00a0\u00bbno\u00a0\u00bb]\t\t<div id=\"wd-6a07291208e84\" class=\"wd-text-block wd-wpb reset-last-child wd-rs-6a07291208e84 text-left \">\r\n\t\t\t<h3>CKF 28<\/h3>\n<div class=\" vc_custom_1597654294260\">\n<div id=\"text-block-79\" class=\"mk-text-block \">\n<p>Profil\u00e9 de nivellement en aluminium. <strong>Largeur<\/strong> : 28 mm<br \/>\n<strong>Longueur du profil\u00e9<\/strong> : 2,7 m<br \/>\n<strong>Couleurs disponibles<\/strong> : Anodis\u00e9 mat et Jaune mat<\/p>\n<\/div>\n<\/div>\n\t\t<\/div>\r\n\t\t[\/vc_column][vc_column width=\u00a0\u00bb1\/4&Prime;][vc_single_image image=\u00a0\u00bb38326&Prime; img_size=\u00a0\u00bbfull\u00a0\u00bb alignment=\u00a0\u00bbcenter\u00a0\u00bb css=\u00a0\u00bb\u00a0\u00bb parallax_scroll=\u00a0\u00bbno\u00a0\u00bb woodmart_inline=\u00a0\u00bbno\u00a0\u00bb]\t\t<div id=\"wd-6a0729198b4de\" class=\"wd-text-block wd-wpb reset-last-child wd-rs-6a0729198b4de text-left \">\r\n\t\t\t<h3>CKF 35<\/h3>\n<div class=\" vc_custom_1597654299342\">\n<div id=\"text-block-83\" class=\"mk-text-block \">\n<p>Profil\u00e9 de nivellement en aluminium. <strong>Largeur<\/strong> : 35 mm<br \/>\n<strong>Longueur du profil\u00e9<\/strong> : 2,7 m<br \/>\n<strong>Couleurs disponibles<\/strong> : Anodis\u00e9 mat et Jaune mat<\/p>\n<\/div>\n<\/div>\n\t\t<\/div>\r\n\t\t[\/vc_column][\/vc_row][vc_row][vc_column width=\u00a0\u00bb1\/4&Prime;][vc_single_image image=\u00a0\u00bb38327&Prime; img_size=\u00a0\u00bbfull\u00a0\u00bb alignment=\u00a0\u00bbcenter\u00a0\u00bb css=\u00a0\u00bb\u00a0\u00bb parallax_scroll=\u00a0\u00bbno\u00a0\u00bb woodmart_inline=\u00a0\u00bbno\u00a0\u00bb]\t\t<div id=\"wd-6a0729202a2ff\" class=\"wd-text-block wd-wpb reset-last-child wd-rs-6a0729202a2ff text-left \">\r\n\t\t\t<h3>CKF 45<\/h3>\n<div class=\" vc_custom_1572884135637\">\n<div id=\"text-block-87\" class=\"mk-text-block \">\n<p>Profil\u00e9 de nivellement en aluminium. <strong>Largeur<\/strong> : 45 mm<br \/>\n<strong>Longueur du profil\u00e9<\/strong> : 2,7 m<br \/>\n<strong>Couleurs disponibles<\/strong> : Anodis\u00e9 mat et Jaune mat<\/p>\n<\/div>\n<\/div>\n\t\t<\/div>\r\n\t\t[\/vc_column][vc_column width=\u00a0\u00bb1\/4&Prime;][\/vc_column][vc_column width=\u00a0\u00bb1\/4&Prime;][\/vc_column][vc_column width=\u00a0\u00bb1\/4&Prime;][\/vc_column][\/vc_row]<\/p>\n<\/div>","protected":false},"excerpt":{"rendered":"<p>[vc_row][vc_column width=\u00a0\u00bb1\/4&Prime;][vc_single_image image=\u00a0\u00bb38307&Prime; img_size=\u00a0\u00bbfull\u00a0\u00bb alignment=\u00a0\u00bbcenter\u00a0\u00bb css=\u00a0\u00bb\u00a0\u00bb parallax_scroll=\u00a0\u00bbno\u00a0\u00bb woodmart_inline=\u00a0\u00bbno\u00a0\u00bb][\/vc_column][vc_column width=\u00a0\u00bb1\/4&Prime;][vc_single_image image=\u00a0\u00bb38308&Prime; img_size=\u00a0\u00bbfull\u00a0\u00bb alignment=\u00a0\u00bbcenter\u00a0\u00bb css=\u00a0\u00bb\u00a0\u00bb parallax_scroll=\u00a0\u00bbno\u00a0\u00bb woodmart_inline=\u00a0\u00bbno\u00a0\u00bb][\/vc_column][vc_column width=\u00a0\u00bb1\/4&Prime;][vc_single_image image=\u00a0\u00bb38309&Prime; img_size=\u00a0\u00bbfull\u00a0\u00bb alignment=\u00a0\u00bbcenter\u00a0\u00bb css=\u00a0\u00bb\u00a0\u00bb<\/p>\n","protected":false},"featured_media":36557,"comment_status":"open","ping_status":"closed","template":"","meta":[],"product_brand":[],"product_cat":[331],"product_tag":[],"class_list":["post-36556","product","type-product","status-publish","has-post-thumbnail","product_cat-finitions","first","instock","shipping-taxable","product-type-simple"],"yoast_head":"<!-- This site is optimized with the Yoast SEO plugin v28.4 - https:\/\/yoast.com\/product\/yoast-seo-wordpress\/ -->\n<title>Profil\u00e9s de transition pour rev\u00eatements de sol - Cortartec | Equipamentos para a constru\u00e7\u00e3o civil<\/title>\n<meta name=\"robots\" content=\"index, follow, max-snippet:-1, max-image-preview:large, max-video-preview:-1\" \/>\n<link rel=\"canonical\" href=\"https:\/\/cortartec.net\/fr\/produto\/profiles-de-transition-pour-revetements-de-sol\/\" \/>\n<meta property=\"og:locale\" content=\"fr_FR\" \/>\n<meta property=\"og:type\" content=\"article\" \/>\n<meta property=\"og:title\" content=\"Profil\u00e9s de transition pour rev\u00eatements de sol - Cortartec | Equipamentos para a constru\u00e7\u00e3o civil\" \/>\n<meta property=\"og:description\" content=\"[vc_row][vc_column width=\u00a0\u00bb1\/4&Prime;][vc_single_image image=\u00a0\u00bb38307&Prime; img_size=\u00a0\u00bbfull\u00a0\u00bb alignment=\u00a0\u00bbcenter\u00a0\u00bb css=\u00a0\u00bb\u00a0\u00bb parallax_scroll=\u00a0\u00bbno\u00a0\u00bb woodmart_inline=\u00a0\u00bbno\u00a0\u00bb][\/vc_column][vc_column width=\u00a0\u00bb1\/4&Prime;][vc_single_image image=\u00a0\u00bb38308&Prime; img_size=\u00a0\u00bbfull\u00a0\u00bb alignment=\u00a0\u00bbcenter\u00a0\u00bb css=\u00a0\u00bb\u00a0\u00bb parallax_scroll=\u00a0\u00bbno\u00a0\u00bb woodmart_inline=\u00a0\u00bbno\u00a0\u00bb][\/vc_column][vc_column width=\u00a0\u00bb1\/4&Prime;][vc_single_image image=\u00a0\u00bb38309&Prime; img_size=\u00a0\u00bbfull\u00a0\u00bb alignment=\u00a0\u00bbcenter\u00a0\u00bb css=\u00a0\u00bb\u00a0\u00bb\" \/>\n<meta property=\"og:url\" content=\"https:\/\/cortartec.net\/fr\/produto\/profiles-de-transition-pour-revetements-de-sol\/\" \/>\n<meta property=\"og:site_name\" content=\"Cortartec | Equipamentos para a constru\u00e7\u00e3o civil\" \/>\n<meta property=\"article:modified_time\" content=\"2026-05-15T14:09:47+00:00\" \/>\n<meta property=\"og:image\" content=\"https:\/\/cortartec.net\/wp-content\/uploads\/2026\/02\/imagem109-ognyohzs6hgtdzqmgriu1psid5vr1trqczrdbbfnii.jpg\" \/>\n\t<meta property=\"og:image:width\" content=\"300\" \/>\n\t<meta property=\"og:image:height\" content=\"225\" \/>\n\t<meta property=\"og:image:type\" content=\"image\/jpeg\" \/>\n<meta name=\"twitter:card\" content=\"summary_large_image\" \/>\n<meta name=\"twitter:label1\" content=\"Dur\u00e9e de lecture estim\u00e9e\" \/>\n\t<meta name=\"twitter:data1\" content=\"10 minutes\" \/>\n<script type=\"application\/ld+json\" class=\"yoast-schema-graph\">{\"@context\":\"https:\\\/\\\/schema.org\",\"@graph\":[{\"@type\":\"WebPage\",\"@id\":\"https:\\\/\\\/cortartec.net\\\/fr\\\/produto\\\/profiles-de-transition-pour-revetements-de-sol\\\/\",\"url\":\"https:\\\/\\\/cortartec.net\\\/fr\\\/produto\\\/profiles-de-transition-pour-revetements-de-sol\\\/\",\"name\":\"Profil\u00e9s de transition pour rev\u00eatements de sol - Cortartec | Equipamentos para a constru\u00e7\u00e3o civil\",\"isPartOf\":{\"@id\":\"https:\\\/\\\/cortartec.net\\\/fr\\\/#website\"},\"primaryImageOfPage\":{\"@id\":\"https:\\\/\\\/cortartec.net\\\/fr\\\/produto\\\/profiles-de-transition-pour-revetements-de-sol\\\/#primaryimage\"},\"image\":{\"@id\":\"https:\\\/\\\/cortartec.net\\\/fr\\\/produto\\\/profiles-de-transition-pour-revetements-de-sol\\\/#primaryimage\"},\"thumbnailUrl\":\"https:\\\/\\\/cortartec.net\\\/wp-content\\\/uploads\\\/2026\\\/02\\\/imagem109-ognyohzs6hgtdzqmgriu1psid5vr1trqczrdbbfnii.jpg\",\"datePublished\":\"2026-02-12T15:15:31+00:00\",\"dateModified\":\"2026-05-15T14:09:47+00:00\",\"breadcrumb\":{\"@id\":\"https:\\\/\\\/cortartec.net\\\/fr\\\/produto\\\/profiles-de-transition-pour-revetements-de-sol\\\/#breadcrumb\"},\"inLanguage\":\"fr-FR\",\"potentialAction\":[{\"@type\":\"ReadAction\",\"target\":[\"https:\\\/\\\/cortartec.net\\\/fr\\\/produto\\\/profiles-de-transition-pour-revetements-de-sol\\\/\"]}]},{\"@type\":\"ImageObject\",\"inLanguage\":\"fr-FR\",\"@id\":\"https:\\\/\\\/cortartec.net\\\/fr\\\/produto\\\/profiles-de-transition-pour-revetements-de-sol\\\/#primaryimage\",\"url\":\"https:\\\/\\\/cortartec.net\\\/wp-content\\\/uploads\\\/2026\\\/02\\\/imagem109-ognyohzs6hgtdzqmgriu1psid5vr1trqczrdbbfnii.jpg\",\"contentUrl\":\"https:\\\/\\\/cortartec.net\\\/wp-content\\\/uploads\\\/2026\\\/02\\\/imagem109-ognyohzs6hgtdzqmgriu1psid5vr1trqczrdbbfnii.jpg\",\"width\":300,\"height\":225},{\"@type\":\"BreadcrumbList\",\"@id\":\"https:\\\/\\\/cortartec.net\\\/fr\\\/produto\\\/profiles-de-transition-pour-revetements-de-sol\\\/#breadcrumb\",\"itemListElement\":[{\"@type\":\"ListItem\",\"position\":1,\"name\":\"In\u00edcio\",\"item\":\"https:\\\/\\\/cortartec.net\\\/fr\\\/\"},{\"@type\":\"ListItem\",\"position\":2,\"name\":\"PRODUITS\",\"item\":\"https:\\\/\\\/cortartec.net\\\/fr\\\/produits\\\/\"},{\"@type\":\"ListItem\",\"position\":3,\"name\":\"Profil\u00e9s de transition pour rev\u00eatements de sol\"}]},{\"@type\":\"WebSite\",\"@id\":\"https:\\\/\\\/cortartec.net\\\/fr\\\/#website\",\"url\":\"https:\\\/\\\/cortartec.net\\\/fr\\\/\",\"name\":\"Cortartec | Equipamentos para a constru\u00e7\u00e3o civil\",\"description\":\"Engenharia Industrial\",\"potentialAction\":[{\"@type\":\"SearchAction\",\"target\":{\"@type\":\"EntryPoint\",\"urlTemplate\":\"https:\\\/\\\/cortartec.net\\\/fr\\\/?s={search_term_string}\"},\"query-input\":{\"@type\":\"PropertyValueSpecification\",\"valueRequired\":true,\"valueName\":\"search_term_string\"}}],\"inLanguage\":\"fr-FR\"}]}<\/script>\n<!-- \/ Yoast SEO plugin. -->","yoast_head_json":{"title":"Profil\u00e9s de transition pour rev\u00eatements de sol - Cortartec | Equipamentos para a constru\u00e7\u00e3o civil","robots":{"index":"index","follow":"follow","max-snippet":"max-snippet:-1","max-image-preview":"max-image-preview:large","max-video-preview":"max-video-preview:-1"},"canonical":"https:\/\/cortartec.net\/fr\/produto\/profiles-de-transition-pour-revetements-de-sol\/","og_locale":"fr_FR","og_type":"article","og_title":"Profil\u00e9s de transition pour rev\u00eatements de sol - Cortartec | Equipamentos para a constru\u00e7\u00e3o civil","og_description":"[vc_row][vc_column width=\u00a0\u00bb1\/4&Prime;][vc_single_image image=\u00a0\u00bb38307&Prime; img_size=\u00a0\u00bbfull\u00a0\u00bb alignment=\u00a0\u00bbcenter\u00a0\u00bb css=\u00a0\u00bb\u00a0\u00bb parallax_scroll=\u00a0\u00bbno\u00a0\u00bb woodmart_inline=\u00a0\u00bbno\u00a0\u00bb][\/vc_column][vc_column width=\u00a0\u00bb1\/4&Prime;][vc_single_image image=\u00a0\u00bb38308&Prime; img_size=\u00a0\u00bbfull\u00a0\u00bb alignment=\u00a0\u00bbcenter\u00a0\u00bb css=\u00a0\u00bb\u00a0\u00bb parallax_scroll=\u00a0\u00bbno\u00a0\u00bb woodmart_inline=\u00a0\u00bbno\u00a0\u00bb][\/vc_column][vc_column width=\u00a0\u00bb1\/4&Prime;][vc_single_image image=\u00a0\u00bb38309&Prime; img_size=\u00a0\u00bbfull\u00a0\u00bb alignment=\u00a0\u00bbcenter\u00a0\u00bb css=\u00a0\u00bb\u00a0\u00bb","og_url":"https:\/\/cortartec.net\/fr\/produto\/profiles-de-transition-pour-revetements-de-sol\/","og_site_name":"Cortartec | Equipamentos para a constru\u00e7\u00e3o civil","article_modified_time":"2026-05-15T14:09:47+00:00","og_image":[{"width":300,"height":225,"url":"https:\/\/cortartec.net\/wp-content\/uploads\/2026\/02\/imagem109-ognyohzs6hgtdzqmgriu1psid5vr1trqczrdbbfnii.jpg","type":"image\/jpeg"}],"twitter_card":"summary_large_image","twitter_misc":{"Dur\u00e9e de lecture estim\u00e9e":"10 minutes"},"schema":{"@context":"https:\/\/schema.org","@graph":[{"@type":"WebPage","@id":"https:\/\/cortartec.net\/fr\/produto\/profiles-de-transition-pour-revetements-de-sol\/","url":"https:\/\/cortartec.net\/fr\/produto\/profiles-de-transition-pour-revetements-de-sol\/","name":"Profil\u00e9s de transition pour rev\u00eatements de sol - Cortartec | Equipamentos para a constru\u00e7\u00e3o civil","isPartOf":{"@id":"https:\/\/cortartec.net\/fr\/#website"},"primaryImageOfPage":{"@id":"https:\/\/cortartec.net\/fr\/produto\/profiles-de-transition-pour-revetements-de-sol\/#primaryimage"},"image":{"@id":"https:\/\/cortartec.net\/fr\/produto\/profiles-de-transition-pour-revetements-de-sol\/#primaryimage"},"thumbnailUrl":"https:\/\/cortartec.net\/wp-content\/uploads\/2026\/02\/imagem109-ognyohzs6hgtdzqmgriu1psid5vr1trqczrdbbfnii.jpg","datePublished":"2026-02-12T15:15:31+00:00","dateModified":"2026-05-15T14:09:47+00:00","breadcrumb":{"@id":"https:\/\/cortartec.net\/fr\/produto\/profiles-de-transition-pour-revetements-de-sol\/#breadcrumb"},"inLanguage":"fr-FR","potentialAction":[{"@type":"ReadAction","target":["https:\/\/cortartec.net\/fr\/produto\/profiles-de-transition-pour-revetements-de-sol\/"]}]},{"@type":"ImageObject","inLanguage":"fr-FR","@id":"https:\/\/cortartec.net\/fr\/produto\/profiles-de-transition-pour-revetements-de-sol\/#primaryimage","url":"https:\/\/cortartec.net\/wp-content\/uploads\/2026\/02\/imagem109-ognyohzs6hgtdzqmgriu1psid5vr1trqczrdbbfnii.jpg","contentUrl":"https:\/\/cortartec.net\/wp-content\/uploads\/2026\/02\/imagem109-ognyohzs6hgtdzqmgriu1psid5vr1trqczrdbbfnii.jpg","width":300,"height":225},{"@type":"BreadcrumbList","@id":"https:\/\/cortartec.net\/fr\/produto\/profiles-de-transition-pour-revetements-de-sol\/#breadcrumb","itemListElement":[{"@type":"ListItem","position":1,"name":"In\u00edcio","item":"https:\/\/cortartec.net\/fr\/"},{"@type":"ListItem","position":2,"name":"PRODUITS","item":"https:\/\/cortartec.net\/fr\/produits\/"},{"@type":"ListItem","position":3,"name":"Profil\u00e9s de transition pour rev\u00eatements de sol"}]},{"@type":"WebSite","@id":"https:\/\/cortartec.net\/fr\/#website","url":"https:\/\/cortartec.net\/fr\/","name":"Cortartec | Equipamentos para a constru\u00e7\u00e3o civil","description":"Engenharia Industrial","potentialAction":[{"@type":"SearchAction","target":{"@type":"EntryPoint","urlTemplate":"https:\/\/cortartec.net\/fr\/?s={search_term_string}"},"query-input":{"@type":"PropertyValueSpecification","valueRequired":true,"valueName":"search_term_string"}}],"inLanguage":"fr-FR"}]}},"_links":{"self":[{"href":"https:\/\/cortartec.net\/fr\/wp-json\/wp\/v2\/product\/36556","targetHints":{"allow":["GET"]}}],"collection":[{"href":"https:\/\/cortartec.net\/fr\/wp-json\/wp\/v2\/product"}],"about":[{"href":"https:\/\/cortartec.net\/fr\/wp-json\/wp\/v2\/types\/product"}],"replies":[{"embeddable":true,"href":"https:\/\/cortartec.net\/fr\/wp-json\/wp\/v2\/comments?post=36556"}],"wp:featuredmedia":[{"embeddable":true,"href":"https:\/\/cortartec.net\/fr\/wp-json\/wp\/v2\/media\/36557"}],"wp:attachment":[{"href":"https:\/\/cortartec.net\/fr\/wp-json\/wp\/v2\/media?parent=36556"}],"wp:term":[{"taxonomy":"product_brand","embeddable":true,"href":"https:\/\/cortartec.net\/fr\/wp-json\/wp\/v2\/product_brand?post=36556"},{"taxonomy":"product_cat","embeddable":true,"href":"https:\/\/cortartec.net\/fr\/wp-json\/wp\/v2\/product_cat?post=36556"},{"taxonomy":"product_tag","embeddable":true,"href":"https:\/\/cortartec.net\/fr\/wp-json\/wp\/v2\/product_tag?post=36556"}],"curies":[{"name":"wp","href":"https:\/\/api.w.org\/{rel}","templated":true}]}}