{"id":36568,"date":"2026-02-12T09:22:20","date_gmt":"2026-02-12T09:22:20","guid":{"rendered":"https:\/\/cortartec.net\/produto\/focinhos-de-degrau\/"},"modified":"2026-05-15T14:18:30","modified_gmt":"2026-05-15T14:18:30","slug":"marques-de-pas","status":"publish","type":"product","link":"https:\/\/cortartec.net\/fr\/produto\/marques-de-pas\/","title":{"rendered":"Marques de pas"},"content":{"rendered":"<div class=\"wpb-content-wrapper\"><p>[vc_row][vc_column width=\u00a0\u00bb1\/4&Prime;][vc_single_image image=\u00a0\u00bb38356&Prime; img_size=\u00a0\u00bbfull\u00a0\u00bb alignment=\u00a0\u00bbcenter\u00a0\u00bb css=\u00a0\u00bb\u00a0\u00bb parallax_scroll=\u00a0\u00bbno\u00a0\u00bb woodmart_inline=\u00a0\u00bbno\u00a0\u00bb]\t\t<div id=\"wd-6a072aa69d363\" class=\"wd-text-block wd-wpb reset-last-child wd-rs-6a072aa69d363 text-left \">\r\n\t\t\t<h2><strong>CSB 10<\/strong><\/h2>\n<p>L\u00e9ger et facile \u00e0 poser, il est parfaitement adapt\u00e9 aux applications sur granit, c\u00e9ramique et profil\u00e9s d\u00e9coratifs pour marches d&rsquo;escalier.<\/p>\n<p><strong>M\u00e9thode d&rsquo;application<\/strong> : Collage ou vissage<br \/>\n<strong>Longueur<\/strong> : 2,70 m<br \/>\n<strong>Couleur<\/strong> : Anodis\u00e9 mat, jaune anodis\u00e9<\/p>\n\t\t<\/div>\r\n\t\t[\/vc_column][vc_column width=\u00a0\u00bb1\/4&Prime;][vc_single_image image=\u00a0\u00bb38357&Prime; img_size=\u00a0\u00bbfull\u00a0\u00bb alignment=\u00a0\u00bbcenter\u00a0\u00bb css=\u00a0\u00bb\u00a0\u00bb parallax_scroll=\u00a0\u00bbno\u00a0\u00bb woodmart_inline=\u00a0\u00bbno\u00a0\u00bb]\t\t<div id=\"wd-6a072ab0b8bb5\" class=\"wd-text-block wd-wpb reset-last-child wd-rs-6a072ab0b8bb5 text-left \">\r\n\t\t\t<h2><strong>CSB 1012<\/strong><\/h2>\n<p>L\u00e9ger et facile \u00e0 poser, il est parfaitement adapt\u00e9 aux applications sur granit, c\u00e9ramique et profil\u00e9s d\u00e9coratifs pour marches d&rsquo;escalier.<\/p>\n<p><strong>M\u00e9thode d&rsquo;application<\/strong> : Collage ou vissage<br \/>\n<strong>Longueur<\/strong> : 2,70 m<br \/>\n<strong>Couleur<\/strong> : Anodis\u00e9 mat, jaune anodis\u00e9<\/p>\n\t\t<\/div>\r\n\t\t[\/vc_column][vc_column width=\u00a0\u00bb1\/4&Prime;][vc_single_image image=\u00a0\u00bb38358&Prime; img_size=\u00a0\u00bbfull\u00a0\u00bb alignment=\u00a0\u00bbcenter\u00a0\u00bb css=\u00a0\u00bb\u00a0\u00bb parallax_scroll=\u00a0\u00bbno\u00a0\u00bb woodmart_inline=\u00a0\u00bbno\u00a0\u00bb]\t\t<div id=\"wd-6a072ab65a721\" class=\"wd-text-block wd-wpb reset-last-child wd-rs-6a072ab65a721 text-left \">\r\n\t\t\t<h2><strong>CSB 11<\/strong><\/h2>\n<p>L\u00e9ger et facile \u00e0 poser, mont\u00e9 sur caoutchouc et parfaitement compatible avec la c\u00e9ramique et le granit. Profil\u00e9s d\u00e9coratifs pour escaliers.<\/p>\n<p><strong>M\u00e9thode de pose<\/strong> : collage ou vissage<br \/>\n<strong>Longueur<\/strong> : 2,70 m<br \/>\n<strong>Couleurs du caoutchouc<\/strong> : noir, gris, cr\u00e8me et marron<\/p>\n\t\t<\/div>\r\n\t\t[\/vc_column][vc_column width=\u00a0\u00bb1\/4&Prime;][vc_single_image image=\u00a0\u00bb38359&Prime; img_size=\u00a0\u00bbfull\u00a0\u00bb alignment=\u00a0\u00bbcenter\u00a0\u00bb css=\u00a0\u00bb\u00a0\u00bb parallax_scroll=\u00a0\u00bbno\u00a0\u00bb woodmart_inline=\u00a0\u00bbno\u00a0\u00bb]\t\t<div id=\"wd-6a072abd88ef5\" class=\"wd-text-block wd-wpb reset-last-child wd-rs-6a072abd88ef5 text-left \">\r\n\t\t\t<h2><strong>CSB 1112<\/strong><\/h2>\n<p>L\u00e9ger et facile \u00e0 poser, mont\u00e9 sur caoutchouc et parfaitement compatible avec la c\u00e9ramique et le granit. Profil\u00e9s d\u00e9coratifs pour escaliers.<\/p>\n<p><strong>M\u00e9thode de pose<\/strong> : collage ou vissage<br \/>\n<strong>Longueur<\/strong> : 2,70 m<br \/>\n<strong>Couleurs du caoutchouc<\/strong> : noir, gris, cr\u00e8me et marron<\/p>\n\t\t<\/div>\r\n\t\t[\/vc_column][\/vc_row][vc_row][vc_column width=\u00a0\u00bb1\/4&Prime;][vc_single_image image=\u00a0\u00bb38360&Prime; img_size=\u00a0\u00bbfull\u00a0\u00bb alignment=\u00a0\u00bbcenter\u00a0\u00bb css=\u00a0\u00bb\u00a0\u00bb parallax_scroll=\u00a0\u00bbno\u00a0\u00bb woodmart_inline=\u00a0\u00bbno\u00a0\u00bb]\t\t<div id=\"wd-6a072ac3bb542\" class=\"wd-text-block wd-wpb reset-last-child wd-rs-6a072ac3bb542 text-left \">\r\n\t\t\t<h2><strong>CSB 1112<\/strong><\/h2>\n<p>L\u00e9ger et facile \u00e0 poser, mont\u00e9 sur caoutchouc et parfaitement compatible avec la c\u00e9ramique et le granit. Profil\u00e9s d\u00e9coratifs pour escaliers.<\/p>\n<p><strong>M\u00e9thode de pose<\/strong> : collage ou vissage<br \/>\n<strong>Longueur<\/strong> : 2,70 m<br \/>\n<strong>Couleurs du caoutchouc<\/strong> : noir, gris, cr\u00e8me et marron<\/p>\n\t\t<\/div>\r\n\t\t[\/vc_column][vc_column width=\u00a0\u00bb1\/4&Prime;][vc_single_image image=\u00a0\u00bb38361&Prime; img_size=\u00a0\u00bbfull\u00a0\u00bb alignment=\u00a0\u00bbcenter\u00a0\u00bb css=\u00a0\u00bb\u00a0\u00bb parallax_scroll=\u00a0\u00bbno\u00a0\u00bb woodmart_inline=\u00a0\u00bbno\u00a0\u00bb]\t\t<div id=\"wd-6a072aca839e3\" class=\"wd-text-block wd-wpb reset-last-child wd-rs-6a072aca839e3 text-left \">\r\n\t\t\t<h2><strong>CMB 41<\/strong><\/h2>\n<p>L\u00e9g\u00e8re, facile \u00e0 poser, ins\u00e9r\u00e9e dans du caoutchouc et enti\u00e8rement compatible avec la c\u00e9ramique et le granit. Profil\u00e9s d\u00e9coratifs pour escaliers.<\/p>\n<p><strong>M\u00e9thode d&rsquo;application<\/strong> : Collage ou vissage<br \/>\n<strong>Longueur<\/strong> : 2,70 m<br \/>\n<strong>Couleur<\/strong> : Anodis\u00e9 mat, jaune anodis\u00e9<\/p>\n\t\t<\/div>\r\n\t\t[\/vc_column][vc_column width=\u00a0\u00bb1\/4&Prime;][vc_single_image image=\u00a0\u00bb38362&Prime; img_size=\u00a0\u00bbfull\u00a0\u00bb alignment=\u00a0\u00bbcenter\u00a0\u00bb css=\u00a0\u00bb\u00a0\u00bb parallax_scroll=\u00a0\u00bbno\u00a0\u00bb woodmart_inline=\u00a0\u00bbno\u00a0\u00bb]\t\t<div id=\"wd-6a072ad039949\" class=\"wd-text-block wd-wpb reset-last-child wd-rs-6a072ad039949 text-left \">\r\n\t\t\t<h2><strong>CMB 50<\/strong><\/h2>\n<p>L\u00e9g\u00e8re, facile \u00e0 poser, ins\u00e9r\u00e9e dans du caoutchouc et parfaitement adapt\u00e9e aux applications sur moquette et aux profil\u00e9s d\u00e9coratifs pour escaliers.<\/p>\n<p><strong>M\u00e9thode d&rsquo;application<\/strong> : Adh\u00e9sif, coll\u00e9e ou viss\u00e9e<br \/>\n<strong>Longueur<\/strong> : 2,70 m<br \/>\n<strong>Couleur<\/strong> : Anodis\u00e9 mat, jaune anodis\u00e9<\/p>\n\t\t<\/div>\r\n\t\t[\/vc_column][vc_column width=\u00a0\u00bb1\/4&Prime;][vc_single_image image=\u00a0\u00bb38363&Prime; img_size=\u00a0\u00bbfull\u00a0\u00bb alignment=\u00a0\u00bbcenter\u00a0\u00bb css=\u00a0\u00bb\u00a0\u00bb parallax_scroll=\u00a0\u00bbno\u00a0\u00bb woodmart_inline=\u00a0\u00bbno\u00a0\u00bb]\t\t<div id=\"wd-6a072ad5e4c86\" class=\"wd-text-block wd-wpb reset-last-child wd-rs-6a072ad5e4c86 text-left \">\r\n\t\t\t<h2><strong>CHB 25<\/strong><\/h2>\n<p>L\u00e9g\u00e8re, facile \u00e0 poser, ins\u00e9r\u00e9e dans du caoutchouc et parfaitement adapt\u00e9e aux parquets et aux profil\u00e9s d\u00e9coratifs pour escaliers.<\/p>\n<p><strong>M\u00e9thode d&rsquo;application<\/strong> : Adh\u00e9sif, coll\u00e9e ou viss\u00e9e<br \/>\n<strong>Longueur<\/strong> : 2,70 m<br \/>\n<strong>Couleur<\/strong> : Anodis\u00e9 mat, jaune anodis\u00e9<\/p>\n\t\t<\/div>\r\n\t\t[\/vc_column][\/vc_row][vc_row][vc_column width=\u00a0\u00bb1\/4&Prime;][vc_single_image image=\u00a0\u00bb38364&Prime; img_size=\u00a0\u00bbfull\u00a0\u00bb alignment=\u00a0\u00bbcenter\u00a0\u00bb css=\u00a0\u00bb\u00a0\u00bb parallax_scroll=\u00a0\u00bbno\u00a0\u00bb woodmart_inline=\u00a0\u00bbno\u00a0\u00bb]\t\t<div id=\"wd-6a072adc1b9e3\" class=\"wd-text-block wd-wpb reset-last-child wd-rs-6a072adc1b9e3 text-left \">\r\n\t\t\t<h2><strong>CHB 18<\/strong><\/h2>\n<p>L\u00e9g\u00e8re, facile \u00e0 poser, ins\u00e9r\u00e9e dans du caoutchouc et parfaitement adapt\u00e9e aux parquets et aux profil\u00e9s d\u00e9coratifs pour escaliers.<\/p>\n<p><strong>M\u00e9thode d&rsquo;application<\/strong> : Adh\u00e9sif, coll\u00e9e ou viss\u00e9e<br \/>\n<strong>Longueur<\/strong> : 2,70 m<br \/>\n<strong>Couleur<\/strong> : Anodis\u00e9 mat, jaune anodis\u00e9<\/p>\n\t\t<\/div>\r\n\t\t[\/vc_column][vc_column width=\u00a0\u00bb1\/4&Prime;][vc_single_image image=\u00a0\u00bb38365&Prime; img_size=\u00a0\u00bbfull\u00a0\u00bb alignment=\u00a0\u00bbcenter\u00a0\u00bb css=\u00a0\u00bb\u00a0\u00bb parallax_scroll=\u00a0\u00bbno\u00a0\u00bb woodmart_inline=\u00a0\u00bbno\u00a0\u00bb]\t\t<div id=\"wd-6a072ae39d255\" class=\"wd-text-block wd-wpb reset-last-child wd-rs-6a072ae39d255 text-left \">\r\n\t\t\t<h2><strong>CMB 40.25<\/strong><\/h2>\n<p>L\u00e9g\u00e8re, facile \u00e0 poser, ins\u00e9r\u00e9e dans du caoutchouc et enti\u00e8rement compatible avec la c\u00e9ramique et le granit. Profil\u00e9s d\u00e9coratifs pour escaliers.<\/p>\n<p><strong>M\u00e9thode d&rsquo;application<\/strong> : Collage ou vissage<br \/>\n<strong>Longueur<\/strong> : 2,70 m<br \/>\n<strong>Couleur<\/strong> : Anodis\u00e9 mat, jaune anodis\u00e9<\/p>\n\t\t<\/div>\r\n\t\t[\/vc_column][vc_column width=\u00a0\u00bb1\/4&Prime;][vc_single_image image=\u00a0\u00bb38366&Prime; img_size=\u00a0\u00bbfull\u00a0\u00bb alignment=\u00a0\u00bbcenter\u00a0\u00bb css=\u00a0\u00bb\u00a0\u00bb parallax_scroll=\u00a0\u00bbno\u00a0\u00bb woodmart_inline=\u00a0\u00bbno\u00a0\u00bb]\t\t<div id=\"wd-6a072ae966314\" class=\"wd-text-block wd-wpb reset-last-child wd-rs-6a072ae966314 text-left \">\r\n\t\t\t<h2><strong>CMB 35<\/strong><\/h2>\n<p>L\u00e9g\u00e8re, facile \u00e0 poser, ins\u00e9r\u00e9e dans du caoutchouc et enti\u00e8rement compatible avec la c\u00e9ramique et le granit. Profil\u00e9s d\u00e9coratifs pour escaliers.<\/p>\n<p><strong>M\u00e9thode d&rsquo;application<\/strong> : Collage ou vissage<br \/>\n<strong>Longueur<\/strong> : 2,70 m<br \/>\n<strong>Couleur<\/strong> : Anodis\u00e9 mat, jaune anodis\u00e9<\/p>\n\t\t<\/div>\r\n\t\t[\/vc_column][vc_column width=\u00a0\u00bb1\/4&Prime;][vc_single_image image=\u00a0\u00bb38367&Prime; img_size=\u00a0\u00bbfull\u00a0\u00bb alignment=\u00a0\u00bbcenter\u00a0\u00bb css=\u00a0\u00bb\u00a0\u00bb parallax_scroll=\u00a0\u00bbno\u00a0\u00bb woodmart_inline=\u00a0\u00bbno\u00a0\u00bb]\t\t<div id=\"wd-6a072aeedb8a4\" class=\"wd-text-block wd-wpb reset-last-child wd-rs-6a072aeedb8a4 text-left \">\r\n\t\t\t<h2><strong>CMB 55.1<\/strong><\/h2>\n<p>L\u00e9g\u00e8re, facile \u00e0 poser, ins\u00e9r\u00e9e dans du caoutchouc et enti\u00e8rement compatible avec la c\u00e9ramique et le granit. Profil\u00e9s d\u00e9coratifs pour escaliers.<\/p>\n<p><strong>M\u00e9thode d&rsquo;application<\/strong> : Collage ou vissage<br \/>\n<strong>Longueur :<\/strong> 2,70 m<br \/>\n<strong>Couleur :<\/strong> Anodis\u00e9 mat, jaune anodis\u00e9<\/p>\n\t\t<\/div>\r\n\t\t[\/vc_column][\/vc_row][vc_row][vc_column width=\u00a0\u00bb1\/4&Prime;][vc_single_image image=\u00a0\u00bb38368&Prime; img_size=\u00a0\u00bbfull\u00a0\u00bb alignment=\u00a0\u00bbcenter\u00a0\u00bb css=\u00a0\u00bb\u00a0\u00bb parallax_scroll=\u00a0\u00bbno\u00a0\u00bb woodmart_inline=\u00a0\u00bbno\u00a0\u00bb]\t\t<div id=\"wd-6a072af51f289\" class=\"wd-text-block wd-wpb reset-last-child wd-rs-6a072af51f289 text-left \">\r\n\t\t\t<h2><strong>CMB 25<\/strong><\/h2>\n<p>L\u00e9ger, facile \u00e0 poser et parfaitement compatible avec la c\u00e9ramique et le granit. Profil\u00e9s d\u00e9coratifs pour escaliers.<\/p>\n<p><strong>M\u00e9thode d&rsquo;application<\/strong> : Collage ou vissage<br \/>\n<strong>Longueur<\/strong> : 2,70 m<br \/>\n<strong>Couleur<\/strong> : Anodis\u00e9 mat, jaune anodis\u00e9<\/p>\n\t\t<\/div>\r\n\t\t[\/vc_column][vc_column width=\u00a0\u00bb1\/4&Prime;][vc_single_image image=\u00a0\u00bb38369&Prime; img_size=\u00a0\u00bbfull\u00a0\u00bb alignment=\u00a0\u00bbcenter\u00a0\u00bb css=\u00a0\u00bb\u00a0\u00bb parallax_scroll=\u00a0\u00bbno\u00a0\u00bb woodmart_inline=\u00a0\u00bbno\u00a0\u00bb]\t\t<div id=\"wd-6a072afbcc342\" class=\"wd-text-block wd-wpb reset-last-child wd-rs-6a072afbcc342 text-left \">\r\n\t\t\t<h2><strong>CMB 45<\/strong><\/h2>\n<p>L\u00e9ger, facile \u00e0 poser et parfaitement compatible avec la c\u00e9ramique et le granit. Profil\u00e9s d\u00e9coratifs pour escaliers.<\/p>\n<p><strong>M\u00e9thode d&rsquo;application<\/strong> : Collage ou vissage<br \/>\n<strong>Longueur<\/strong> : 2,70 m<br \/>\n<strong>Couleur<\/strong> : Anodis\u00e9 mat, jaune anodis\u00e9<\/p>\n\t\t<\/div>\r\n\t\t[\/vc_column][vc_column width=\u00a0\u00bb1\/4&Prime;][vc_single_image image=\u00a0\u00bb38370&Prime; img_size=\u00a0\u00bbfull\u00a0\u00bb alignment=\u00a0\u00bbcenter\u00a0\u00bb css=\u00a0\u00bb\u00a0\u00bb parallax_scroll=\u00a0\u00bbno\u00a0\u00bb woodmart_inline=\u00a0\u00bbno\u00a0\u00bb]\t\t<div id=\"wd-6a072b01c9b03\" class=\"wd-text-block wd-wpb reset-last-child wd-rs-6a072b01c9b03 text-left \">\r\n\t\t\t<h2><strong>CMB 55P<\/strong><\/h2>\n<p>Applications pour rev\u00eatements de sol en PVC l\u00e9gers, nez de marche en PVC facile \u00e0 poser et parfaitement compatible avec les profil\u00e9s d\u00e9coratifs pour escaliers.<br \/>\n<strong>M\u00e9thode de pose<\/strong> : collage<br \/>\n<strong>Longueur<\/strong> : 2,70 m<br \/>\n<strong>Couleur<\/strong> : plusieurs couleurs<\/p>\n\t\t<\/div>\r\n\t\t[\/vc_column][vc_column width=\u00a0\u00bb1\/4&Prime;][vc_single_image image=\u00a0\u00bb38371&Prime; img_size=\u00a0\u00bbfull\u00a0\u00bb alignment=\u00a0\u00bbcenter\u00a0\u00bb css=\u00a0\u00bb\u00a0\u00bb parallax_scroll=\u00a0\u00bbno\u00a0\u00bb woodmart_inline=\u00a0\u00bbno\u00a0\u00bb]\t\t<div id=\"wd-6a072b080df64\" class=\"wd-text-block wd-wpb reset-last-child wd-rs-6a072b080df64 text-left \">\r\n\t\t\t<h2><strong>CMB 76.2<\/strong><\/h2>\n<p>Rev\u00eatements de sol en PVC l\u00e9gers, faciles \u00e0 poser et parfaitement compatibles avec les profil\u00e9s d\u00e9coratifs pour escaliers en PVC.<br \/>\n<strong>M\u00e9thode de pose<\/strong> : collage<br \/>\n<strong>Longueur<\/strong> : 2,70 m<br \/>\n<strong>Couleur<\/strong> : plusieurs couleurs<\/p>\n\t\t<\/div>\r\n\t\t[\/vc_column][\/vc_row][vc_row][vc_column width=\u00a0\u00bb1\/4&Prime;][vc_single_image image=\u00a0\u00bb38372&Prime; img_size=\u00a0\u00bbfull\u00a0\u00bb alignment=\u00a0\u00bbcenter\u00a0\u00bb css=\u00a0\u00bb\u00a0\u00bb parallax_scroll=\u00a0\u00bbno\u00a0\u00bb woodmart_inline=\u00a0\u00bbno\u00a0\u00bb]\t\t<div id=\"wd-6a072b0ee3cc9\" class=\"wd-text-block wd-wpb reset-last-child wd-rs-6a072b0ee3cc9 text-left \">\r\n\t\t\t<h2><strong>CMB 40<\/strong><\/h2>\n<p>L\u00e9ger, facile \u00e0 poser et enti\u00e8rement compatible avec la c\u00e9ramique et le granit pour les profil\u00e9s d\u00e9coratifs d&rsquo;escaliers avec bande antid\u00e9rapante.<br \/>\n<strong>M\u00e9thode d&rsquo;application<\/strong> : Adh\u00e9sif, coll\u00e9 ou viss\u00e9<br \/>\n<strong>Longueur<\/strong> : 2,70 m<br \/>\n<strong>Couleur<\/strong> : Anodis\u00e9 mat, anodis\u00e9 jaune<\/p>\n\t\t<\/div>\r\n\t\t[\/vc_column][vc_column width=\u00a0\u00bb1\/4&Prime;][vc_single_image image=\u00a0\u00bb38373&Prime; img_size=\u00a0\u00bbfull\u00a0\u00bb alignment=\u00a0\u00bbcenter\u00a0\u00bb css=\u00a0\u00bb\u00a0\u00bb parallax_scroll=\u00a0\u00bbno\u00a0\u00bb woodmart_inline=\u00a0\u00bbno\u00a0\u00bb]\t\t<div id=\"wd-6a072b184ea14\" class=\"wd-text-block wd-wpb reset-last-child wd-rs-6a072b184ea14 text-left \">\r\n\t\t\t<h2><strong>CMB 55<\/strong><\/h2>\n<p>L\u00e9ger, facile \u00e0 poser et enti\u00e8rement compatible avec la c\u00e9ramique et le granit pour les profil\u00e9s d\u00e9coratifs d&rsquo;escaliers avec bande antid\u00e9rapante.<br \/>\n<strong>M\u00e9thode d&rsquo;application :<\/strong> Adh\u00e9sif, coll\u00e9 ou viss\u00e9<br \/>\n<strong>Longueur :<\/strong> 2,70 m<br \/>\n<strong>Couleur :<\/strong> Mat anodis\u00e9, jaune anodis\u00e9<\/p>\n\t\t<\/div>\r\n\t\t[\/vc_column][vc_column width=\u00a0\u00bb1\/4&Prime;][vc_single_image image=\u00a0\u00bb38374&Prime; img_size=\u00a0\u00bbfull\u00a0\u00bb alignment=\u00a0\u00bbcenter\u00a0\u00bb css=\u00a0\u00bb\u00a0\u00bb parallax_scroll=\u00a0\u00bbno\u00a0\u00bb woodmart_inline=\u00a0\u00bbno\u00a0\u00bb]\t\t<div id=\"wd-6a072b1e760e7\" class=\"wd-text-block wd-wpb reset-last-child wd-rs-6a072b1e760e7 text-left \">\r\n\t\t\t<h2><strong>CMB 75.2<\/strong><\/h2>\n<p>L\u00e9ger, facile \u00e0 poser et enti\u00e8rement compatible avec la c\u00e9ramique et le granit pour les profil\u00e9s d\u00e9coratifs d&rsquo;escaliers avec bande antid\u00e9rapante.<br \/>\n<strong>M\u00e9thode d&rsquo;application :<\/strong> Adh\u00e9sif, coll\u00e9 ou viss\u00e9<br \/>\n<strong>Longueur :<\/strong> 2,70 m<br \/>\n<strong>Couleur :<\/strong> Mat anodis\u00e9, jaune anodis\u00e9<\/p>\n\t\t<\/div>\r\n\t\t[\/vc_column][vc_column width=\u00a0\u00bb1\/4&Prime;][vc_single_image image=\u00a0\u00bb38375&Prime; img_size=\u00a0\u00bbfull\u00a0\u00bb alignment=\u00a0\u00bbcenter\u00a0\u00bb css=\u00a0\u00bb\u00a0\u00bb parallax_scroll=\u00a0\u00bbno\u00a0\u00bb woodmart_inline=\u00a0\u00bbno\u00a0\u00bb]\t\t<div id=\"wd-6a072b24bfab0\" class=\"wd-text-block wd-wpb reset-last-child wd-rs-6a072b24bfab0 text-left \">\r\n\t\t\t<h2><strong>CKB 18 \u2013 CKB 25<\/strong><\/h2>\n<p>Bande antid\u00e9rapante autocollante en carborono, compatible avec tout type de sol, disponible en largeurs de 19 et 25 mm.<\/p>\n<p><strong>M\u00e9thode d&rsquo;application<\/strong> : collage<br \/>\n<strong>Longueur<\/strong> : 25 m<br \/>\n<strong>Couleur<\/strong> : noir et gris<\/p>\n\t\t<\/div>\r\n\t\t[\/vc_column][\/vc_row][vc_row][vc_column]\t\t<div id=\"wd-6a072b2abd55e\" class=\"wd-text-block wd-wpb reset-last-child wd-rs-6a072b2abd55e text-left \">\r\n\t\t\t<p>Pour garantir la s\u00e9curit\u00e9 des utilisateurs et am\u00e9liorer la durabilit\u00e9 des marches d&rsquo;un b\u00e2timent, l&rsquo;installation d&rsquo;une protection d&rsquo;escalier s&rsquo;impose. Ces protections peuvent \u00eatre enti\u00e8rement en m\u00e9tal ou associ\u00e9es \u00e0 un insert en PVC ou en carbone ; leur installation est r\u00e9alis\u00e9e de mani\u00e8re \u00e0 garantir une finition soign\u00e9e et s\u00fbre. Chez Cortartec, vous trouverez une gamme vari\u00e9e de nez de marche, de l&rsquo;aluminium \u00e0 l&rsquo;acier inoxydable, ce qui vous permet de toujours opter pour la solution la plus simple et la plus fiable. La pose de ces profil\u00e9s d&rsquo;escalier peut se faire par collage, adh\u00e9sif ou vissage, avec ou sans insert antid\u00e9rapant\u2026 Consultez les caract\u00e9ristiques de nos profil\u00e9s de protection de marche pour savoir lequel correspond le mieux \u00e0 vos besoins.<\/p>\n\t\t<\/div>\r\n\t\t[\/vc_column][\/vc_row]<\/p>\n<\/div>","protected":false},"excerpt":{"rendered":"<p>[vc_row][vc_column width=\u00a0\u00bb1\/4&Prime;][vc_single_image image=\u00a0\u00bb38356&Prime; img_size=\u00a0\u00bbfull\u00a0\u00bb alignment=\u00a0\u00bbcenter\u00a0\u00bb css=\u00a0\u00bb\u00a0\u00bb parallax_scroll=\u00a0\u00bbno\u00a0\u00bb woodmart_inline=\u00a0\u00bbno\u00a0\u00bb][\/vc_column][vc_column width=\u00a0\u00bb1\/4&Prime;][vc_single_image image=\u00a0\u00bb38357&Prime; img_size=\u00a0\u00bbfull\u00a0\u00bb alignment=\u00a0\u00bbcenter\u00a0\u00bb css=\u00a0\u00bb\u00a0\u00bb parallax_scroll=\u00a0\u00bbno\u00a0\u00bb woodmart_inline=\u00a0\u00bbno\u00a0\u00bb][\/vc_column][vc_column width=\u00a0\u00bb1\/4&Prime;][vc_single_image image=\u00a0\u00bb38358&Prime; img_size=\u00a0\u00bbfull\u00a0\u00bb alignment=\u00a0\u00bbcenter\u00a0\u00bb css=\u00a0\u00bb\u00a0\u00bb<\/p>\n","protected":false},"featured_media":36569,"comment_status":"open","ping_status":"closed","template":"","meta":[],"product_brand":[],"product_cat":[331],"product_tag":[],"class_list":["post-36568","product","type-product","status-publish","has-post-thumbnail","product_cat-finitions","first","instock","shipping-taxable","product-type-simple"],"yoast_head":"<!-- This site is optimized with the Yoast SEO plugin v28.4 - https:\/\/yoast.com\/product\/yoast-seo-wordpress\/ -->\n<title>Marques de pas - Cortartec | Equipamentos para a constru\u00e7\u00e3o civil<\/title>\n<meta name=\"robots\" content=\"index, follow, max-snippet:-1, max-image-preview:large, max-video-preview:-1\" \/>\n<link rel=\"canonical\" href=\"https:\/\/cortartec.net\/fr\/produto\/marques-de-pas\/\" \/>\n<meta property=\"og:locale\" content=\"fr_FR\" \/>\n<meta property=\"og:type\" content=\"article\" \/>\n<meta property=\"og:title\" content=\"Marques de pas - Cortartec | Equipamentos para a constru\u00e7\u00e3o civil\" \/>\n<meta property=\"og:description\" content=\"[vc_row][vc_column width=\u00a0\u00bb1\/4&Prime;][vc_single_image image=\u00a0\u00bb38356&Prime; img_size=\u00a0\u00bbfull\u00a0\u00bb alignment=\u00a0\u00bbcenter\u00a0\u00bb css=\u00a0\u00bb\u00a0\u00bb parallax_scroll=\u00a0\u00bbno\u00a0\u00bb woodmart_inline=\u00a0\u00bbno\u00a0\u00bb][\/vc_column][vc_column width=\u00a0\u00bb1\/4&Prime;][vc_single_image image=\u00a0\u00bb38357&Prime; img_size=\u00a0\u00bbfull\u00a0\u00bb alignment=\u00a0\u00bbcenter\u00a0\u00bb css=\u00a0\u00bb\u00a0\u00bb parallax_scroll=\u00a0\u00bbno\u00a0\u00bb woodmart_inline=\u00a0\u00bbno\u00a0\u00bb][\/vc_column][vc_column width=\u00a0\u00bb1\/4&Prime;][vc_single_image image=\u00a0\u00bb38358&Prime; img_size=\u00a0\u00bbfull\u00a0\u00bb alignment=\u00a0\u00bbcenter\u00a0\u00bb css=\u00a0\u00bb\u00a0\u00bb\" \/>\n<meta property=\"og:url\" content=\"https:\/\/cortartec.net\/fr\/produto\/marques-de-pas\/\" \/>\n<meta property=\"og:site_name\" content=\"Cortartec | Equipamentos para a constru\u00e7\u00e3o civil\" \/>\n<meta property=\"article:modified_time\" content=\"2026-05-15T14:18:30+00:00\" \/>\n<meta property=\"og:image\" content=\"https:\/\/cortartec.net\/wp-content\/uploads\/2026\/02\/imagem7-1-ognyt5b1yztuskzlbrufdjkk3qz33y7ybzvsqkjkqy.jpg\" \/>\n\t<meta property=\"og:image:width\" content=\"300\" \/>\n\t<meta property=\"og:image:height\" content=\"225\" \/>\n\t<meta property=\"og:image:type\" content=\"image\/jpeg\" \/>\n<meta name=\"twitter:card\" content=\"summary_large_image\" \/>\n<meta name=\"twitter:label1\" content=\"Dur\u00e9e de lecture estim\u00e9e\" \/>\n\t<meta name=\"twitter:data1\" content=\"11 minutes\" \/>\n<script type=\"application\/ld+json\" class=\"yoast-schema-graph\">{\"@context\":\"https:\\\/\\\/schema.org\",\"@graph\":[{\"@type\":\"WebPage\",\"@id\":\"https:\\\/\\\/cortartec.net\\\/fr\\\/produto\\\/marques-de-pas\\\/\",\"url\":\"https:\\\/\\\/cortartec.net\\\/fr\\\/produto\\\/marques-de-pas\\\/\",\"name\":\"Marques de pas - Cortartec | Equipamentos para a constru\u00e7\u00e3o civil\",\"isPartOf\":{\"@id\":\"https:\\\/\\\/cortartec.net\\\/fr\\\/#website\"},\"primaryImageOfPage\":{\"@id\":\"https:\\\/\\\/cortartec.net\\\/fr\\\/produto\\\/marques-de-pas\\\/#primaryimage\"},\"image\":{\"@id\":\"https:\\\/\\\/cortartec.net\\\/fr\\\/produto\\\/marques-de-pas\\\/#primaryimage\"},\"thumbnailUrl\":\"https:\\\/\\\/cortartec.net\\\/wp-content\\\/uploads\\\/2026\\\/02\\\/imagem7-1-ognyt5b1yztuskzlbrufdjkk3qz33y7ybzvsqkjkqy.jpg\",\"datePublished\":\"2026-02-12T09:22:20+00:00\",\"dateModified\":\"2026-05-15T14:18:30+00:00\",\"breadcrumb\":{\"@id\":\"https:\\\/\\\/cortartec.net\\\/fr\\\/produto\\\/marques-de-pas\\\/#breadcrumb\"},\"inLanguage\":\"fr-FR\",\"potentialAction\":[{\"@type\":\"ReadAction\",\"target\":[\"https:\\\/\\\/cortartec.net\\\/fr\\\/produto\\\/marques-de-pas\\\/\"]}]},{\"@type\":\"ImageObject\",\"inLanguage\":\"fr-FR\",\"@id\":\"https:\\\/\\\/cortartec.net\\\/fr\\\/produto\\\/marques-de-pas\\\/#primaryimage\",\"url\":\"https:\\\/\\\/cortartec.net\\\/wp-content\\\/uploads\\\/2026\\\/02\\\/imagem7-1-ognyt5b1yztuskzlbrufdjkk3qz33y7ybzvsqkjkqy.jpg\",\"contentUrl\":\"https:\\\/\\\/cortartec.net\\\/wp-content\\\/uploads\\\/2026\\\/02\\\/imagem7-1-ognyt5b1yztuskzlbrufdjkk3qz33y7ybzvsqkjkqy.jpg\",\"width\":300,\"height\":225},{\"@type\":\"BreadcrumbList\",\"@id\":\"https:\\\/\\\/cortartec.net\\\/fr\\\/produto\\\/marques-de-pas\\\/#breadcrumb\",\"itemListElement\":[{\"@type\":\"ListItem\",\"position\":1,\"name\":\"In\u00edcio\",\"item\":\"https:\\\/\\\/cortartec.net\\\/fr\\\/\"},{\"@type\":\"ListItem\",\"position\":2,\"name\":\"PRODUITS\",\"item\":\"https:\\\/\\\/cortartec.net\\\/fr\\\/produits\\\/\"},{\"@type\":\"ListItem\",\"position\":3,\"name\":\"Marques de pas\"}]},{\"@type\":\"WebSite\",\"@id\":\"https:\\\/\\\/cortartec.net\\\/fr\\\/#website\",\"url\":\"https:\\\/\\\/cortartec.net\\\/fr\\\/\",\"name\":\"Cortartec | Equipamentos para a constru\u00e7\u00e3o civil\",\"description\":\"Engenharia Industrial\",\"potentialAction\":[{\"@type\":\"SearchAction\",\"target\":{\"@type\":\"EntryPoint\",\"urlTemplate\":\"https:\\\/\\\/cortartec.net\\\/fr\\\/?s={search_term_string}\"},\"query-input\":{\"@type\":\"PropertyValueSpecification\",\"valueRequired\":true,\"valueName\":\"search_term_string\"}}],\"inLanguage\":\"fr-FR\"}]}<\/script>\n<!-- \/ Yoast SEO plugin. -->","yoast_head_json":{"title":"Marques de pas - Cortartec | Equipamentos para a constru\u00e7\u00e3o civil","robots":{"index":"index","follow":"follow","max-snippet":"max-snippet:-1","max-image-preview":"max-image-preview:large","max-video-preview":"max-video-preview:-1"},"canonical":"https:\/\/cortartec.net\/fr\/produto\/marques-de-pas\/","og_locale":"fr_FR","og_type":"article","og_title":"Marques de pas - Cortartec | Equipamentos para a constru\u00e7\u00e3o civil","og_description":"[vc_row][vc_column width=\u00a0\u00bb1\/4&Prime;][vc_single_image image=\u00a0\u00bb38356&Prime; img_size=\u00a0\u00bbfull\u00a0\u00bb alignment=\u00a0\u00bbcenter\u00a0\u00bb css=\u00a0\u00bb\u00a0\u00bb parallax_scroll=\u00a0\u00bbno\u00a0\u00bb woodmart_inline=\u00a0\u00bbno\u00a0\u00bb][\/vc_column][vc_column width=\u00a0\u00bb1\/4&Prime;][vc_single_image image=\u00a0\u00bb38357&Prime; img_size=\u00a0\u00bbfull\u00a0\u00bb alignment=\u00a0\u00bbcenter\u00a0\u00bb css=\u00a0\u00bb\u00a0\u00bb parallax_scroll=\u00a0\u00bbno\u00a0\u00bb woodmart_inline=\u00a0\u00bbno\u00a0\u00bb][\/vc_column][vc_column width=\u00a0\u00bb1\/4&Prime;][vc_single_image image=\u00a0\u00bb38358&Prime; img_size=\u00a0\u00bbfull\u00a0\u00bb alignment=\u00a0\u00bbcenter\u00a0\u00bb css=\u00a0\u00bb\u00a0\u00bb","og_url":"https:\/\/cortartec.net\/fr\/produto\/marques-de-pas\/","og_site_name":"Cortartec | Equipamentos para a constru\u00e7\u00e3o civil","article_modified_time":"2026-05-15T14:18:30+00:00","og_image":[{"width":300,"height":225,"url":"https:\/\/cortartec.net\/wp-content\/uploads\/2026\/02\/imagem7-1-ognyt5b1yztuskzlbrufdjkk3qz33y7ybzvsqkjkqy.jpg","type":"image\/jpeg"}],"twitter_card":"summary_large_image","twitter_misc":{"Dur\u00e9e de lecture estim\u00e9e":"11 minutes"},"schema":{"@context":"https:\/\/schema.org","@graph":[{"@type":"WebPage","@id":"https:\/\/cortartec.net\/fr\/produto\/marques-de-pas\/","url":"https:\/\/cortartec.net\/fr\/produto\/marques-de-pas\/","name":"Marques de pas - Cortartec | Equipamentos para a constru\u00e7\u00e3o civil","isPartOf":{"@id":"https:\/\/cortartec.net\/fr\/#website"},"primaryImageOfPage":{"@id":"https:\/\/cortartec.net\/fr\/produto\/marques-de-pas\/#primaryimage"},"image":{"@id":"https:\/\/cortartec.net\/fr\/produto\/marques-de-pas\/#primaryimage"},"thumbnailUrl":"https:\/\/cortartec.net\/wp-content\/uploads\/2026\/02\/imagem7-1-ognyt5b1yztuskzlbrufdjkk3qz33y7ybzvsqkjkqy.jpg","datePublished":"2026-02-12T09:22:20+00:00","dateModified":"2026-05-15T14:18:30+00:00","breadcrumb":{"@id":"https:\/\/cortartec.net\/fr\/produto\/marques-de-pas\/#breadcrumb"},"inLanguage":"fr-FR","potentialAction":[{"@type":"ReadAction","target":["https:\/\/cortartec.net\/fr\/produto\/marques-de-pas\/"]}]},{"@type":"ImageObject","inLanguage":"fr-FR","@id":"https:\/\/cortartec.net\/fr\/produto\/marques-de-pas\/#primaryimage","url":"https:\/\/cortartec.net\/wp-content\/uploads\/2026\/02\/imagem7-1-ognyt5b1yztuskzlbrufdjkk3qz33y7ybzvsqkjkqy.jpg","contentUrl":"https:\/\/cortartec.net\/wp-content\/uploads\/2026\/02\/imagem7-1-ognyt5b1yztuskzlbrufdjkk3qz33y7ybzvsqkjkqy.jpg","width":300,"height":225},{"@type":"BreadcrumbList","@id":"https:\/\/cortartec.net\/fr\/produto\/marques-de-pas\/#breadcrumb","itemListElement":[{"@type":"ListItem","position":1,"name":"In\u00edcio","item":"https:\/\/cortartec.net\/fr\/"},{"@type":"ListItem","position":2,"name":"PRODUITS","item":"https:\/\/cortartec.net\/fr\/produits\/"},{"@type":"ListItem","position":3,"name":"Marques de pas"}]},{"@type":"WebSite","@id":"https:\/\/cortartec.net\/fr\/#website","url":"https:\/\/cortartec.net\/fr\/","name":"Cortartec | Equipamentos para a constru\u00e7\u00e3o civil","description":"Engenharia Industrial","potentialAction":[{"@type":"SearchAction","target":{"@type":"EntryPoint","urlTemplate":"https:\/\/cortartec.net\/fr\/?s={search_term_string}"},"query-input":{"@type":"PropertyValueSpecification","valueRequired":true,"valueName":"search_term_string"}}],"inLanguage":"fr-FR"}]}},"_links":{"self":[{"href":"https:\/\/cortartec.net\/fr\/wp-json\/wp\/v2\/product\/36568","targetHints":{"allow":["GET"]}}],"collection":[{"href":"https:\/\/cortartec.net\/fr\/wp-json\/wp\/v2\/product"}],"about":[{"href":"https:\/\/cortartec.net\/fr\/wp-json\/wp\/v2\/types\/product"}],"replies":[{"embeddable":true,"href":"https:\/\/cortartec.net\/fr\/wp-json\/wp\/v2\/comments?post=36568"}],"wp:featuredmedia":[{"embeddable":true,"href":"https:\/\/cortartec.net\/fr\/wp-json\/wp\/v2\/media\/36569"}],"wp:attachment":[{"href":"https:\/\/cortartec.net\/fr\/wp-json\/wp\/v2\/media?parent=36568"}],"wp:term":[{"taxonomy":"product_brand","embeddable":true,"href":"https:\/\/cortartec.net\/fr\/wp-json\/wp\/v2\/product_brand?post=36568"},{"taxonomy":"product_cat","embeddable":true,"href":"https:\/\/cortartec.net\/fr\/wp-json\/wp\/v2\/product_cat?post=36568"},{"taxonomy":"product_tag","embeddable":true,"href":"https:\/\/cortartec.net\/fr\/wp-json\/wp\/v2\/product_tag?post=36568"}],"curies":[{"name":"wp","href":"https:\/\/api.w.org\/{rel}","templated":true}]}}