{"id":36703,"date":"2026-02-05T16:18:25","date_gmt":"2026-02-05T16:18:25","guid":{"rendered":"https:\/\/cortartec.net\/produto\/manta-corta-fogo-sv\/"},"modified":"2026-05-15T14:44:05","modified_gmt":"2026-05-15T14:44:05","slug":"couverture-coupe-feu-sv","status":"publish","type":"product","link":"https:\/\/cortartec.net\/fr\/produto\/couverture-coupe-feu-sv\/","title":{"rendered":"Couverture coupe-feu SV"},"content":{"rendered":"<p>Les membranes ignifuges VEDAFEU SV sont class\u00e9es EI 240 (\u00e9tanch\u00e9it\u00e9 et isolation thermique pendant 240 minutes sans d\u00e9faillance) pour toutes les ouvertures de joints de 40 \u00e0 300 mm. Tr\u00e8s grande capacit\u00e9 de mouvement + 275 %. Manipulation facile et s\u00fbre.<\/p>\n<h3>Installation<\/h3>\n<p>Si n\u00e9cessaire, prot\u00e9gez le corps du joint (polystyr\u00e8ne, carton, etc.). Les surfaces doivent \u00eatre propres et s\u00e8ches. Vous pouvez utiliser une brosse, un balai ou un aspirateur.<br \/>\nCollez les deux c\u00f4t\u00e9s \u00e0 l&rsquo;int\u00e9rieur du joint \u00e0 une hauteur d&rsquo;environ 90 mm.<br \/>\nIns\u00e9rez la couverture coupe-feu SV dans le joint.<br \/>\nCouverture coupe-feu SV appliqu\u00e9e.<br \/>\nPour les accessoires d&rsquo;installation, consultez le rapport correspondant.<br \/>\n*Instructions d&rsquo;installation r\u00e9sum\u00e9es, les instructions d&rsquo;installation compl\u00e8tes sont disponibles sur demande.<\/p>\n<h3>Applications<\/h3>\n<p>H\u00f4pitaux, entrep\u00f4ts industriels, magasins, bureaux, h\u00f4tels, centres commerciaux, parkings, \u00e9coles, garages, a\u00e9roports, stades, immeubles, etc.<\/p>\n<h3>Orientation<\/h3>\n<p>Peut \u00eatre utilis\u00e9 \u00e0 l&rsquo;horizontale et \u00e0 la verticale<\/p>\n","protected":false},"excerpt":{"rendered":"<p><span style=\"color: #e46106;\"><strong><a style=\"color: #e46106;\" href=\"https:\/\/48bfe850-8fa9-41aa-a01f-515ad5db562b. filesusr.com\/ugd\/b0e443_abb9dbddeb4749df8cf1a77c2d4c5a9e.pdf\" target=\"_blank\" rel=\"noopener\">Fiche technique<\/a><\/strong><\/span><br \/>\n<span style=\"color: #e46106;\"><strong><a style=\"color: #e46106;\" href=\"\"#>DWG<\/a><\/strong><\/span><\/p>\n","protected":false},"featured_media":36704,"comment_status":"open","ping_status":"closed","template":"","meta":[],"product_brand":[],"product_cat":[334,298],"product_tag":[],"class_list":["post-36703","product","type-product","status-publish","has-post-thumbnail","product_cat-coupe-feu","product_cat-joints-coupe-feu","first","instock","shipping-taxable","product-type-simple"],"yoast_head":"<!-- This site is optimized with the Yoast SEO plugin v28.4 - https:\/\/yoast.com\/product\/yoast-seo-wordpress\/ -->\n<title>Couverture coupe-feu SV - Cortartec | Equipamentos para a constru\u00e7\u00e3o civil<\/title>\n<meta name=\"robots\" content=\"index, follow, max-snippet:-1, max-image-preview:large, max-video-preview:-1\" \/>\n<link rel=\"canonical\" href=\"https:\/\/cortartec.net\/fr\/produto\/couverture-coupe-feu-sv\/\" \/>\n<meta property=\"og:locale\" content=\"fr_FR\" \/>\n<meta property=\"og:type\" content=\"article\" \/>\n<meta property=\"og:title\" content=\"Couverture coupe-feu SV - Cortartec | Equipamentos para a constru\u00e7\u00e3o civil\" \/>\n<meta property=\"og:description\" content=\"Fiche technique DWG\" \/>\n<meta property=\"og:url\" content=\"https:\/\/cortartec.net\/fr\/produto\/couverture-coupe-feu-sv\/\" \/>\n<meta property=\"og:site_name\" content=\"Cortartec | Equipamentos para a constru\u00e7\u00e3o civil\" \/>\n<meta property=\"article:modified_time\" content=\"2026-05-15T14:44:05+00:00\" \/>\n<meta property=\"og:image\" content=\"https:\/\/cortartec.net\/wp-content\/uploads\/2026\/02\/imagem1-oxkxk9zz39bkd461x31lpufaaqc4chgmk0eltdh03u.png\" \/>\n\t<meta property=\"og:image:width\" content=\"300\" \/>\n\t<meta property=\"og:image:height\" content=\"225\" \/>\n\t<meta property=\"og:image:type\" content=\"image\/png\" \/>\n<meta name=\"twitter:card\" content=\"summary_large_image\" \/>\n<meta name=\"twitter:label1\" content=\"Dur\u00e9e de lecture estim\u00e9e\" \/>\n\t<meta name=\"twitter:data1\" content=\"1 minute\" \/>\n<script type=\"application\/ld+json\" class=\"yoast-schema-graph\">{\"@context\":\"https:\\\/\\\/schema.org\",\"@graph\":[{\"@type\":\"WebPage\",\"@id\":\"https:\\\/\\\/cortartec.net\\\/fr\\\/produto\\\/couverture-coupe-feu-sv\\\/\",\"url\":\"https:\\\/\\\/cortartec.net\\\/fr\\\/produto\\\/couverture-coupe-feu-sv\\\/\",\"name\":\"Couverture coupe-feu SV - Cortartec | Equipamentos para a constru\u00e7\u00e3o civil\",\"isPartOf\":{\"@id\":\"https:\\\/\\\/cortartec.net\\\/fr\\\/#website\"},\"primaryImageOfPage\":{\"@id\":\"https:\\\/\\\/cortartec.net\\\/fr\\\/produto\\\/couverture-coupe-feu-sv\\\/#primaryimage\"},\"image\":{\"@id\":\"https:\\\/\\\/cortartec.net\\\/fr\\\/produto\\\/couverture-coupe-feu-sv\\\/#primaryimage\"},\"thumbnailUrl\":\"https:\\\/\\\/cortartec.net\\\/wp-content\\\/uploads\\\/2026\\\/02\\\/imagem1-oxkxk9zz39bkd461x31lpufaaqc4chgmk0eltdh03u.png\",\"datePublished\":\"2026-02-05T16:18:25+00:00\",\"dateModified\":\"2026-05-15T14:44:05+00:00\",\"breadcrumb\":{\"@id\":\"https:\\\/\\\/cortartec.net\\\/fr\\\/produto\\\/couverture-coupe-feu-sv\\\/#breadcrumb\"},\"inLanguage\":\"fr-FR\",\"potentialAction\":[{\"@type\":\"ReadAction\",\"target\":[\"https:\\\/\\\/cortartec.net\\\/fr\\\/produto\\\/couverture-coupe-feu-sv\\\/\"]}]},{\"@type\":\"ImageObject\",\"inLanguage\":\"fr-FR\",\"@id\":\"https:\\\/\\\/cortartec.net\\\/fr\\\/produto\\\/couverture-coupe-feu-sv\\\/#primaryimage\",\"url\":\"https:\\\/\\\/cortartec.net\\\/wp-content\\\/uploads\\\/2026\\\/02\\\/imagem1-oxkxk9zz39bkd461x31lpufaaqc4chgmk0eltdh03u.png\",\"contentUrl\":\"https:\\\/\\\/cortartec.net\\\/wp-content\\\/uploads\\\/2026\\\/02\\\/imagem1-oxkxk9zz39bkd461x31lpufaaqc4chgmk0eltdh03u.png\",\"width\":300,\"height\":225},{\"@type\":\"BreadcrumbList\",\"@id\":\"https:\\\/\\\/cortartec.net\\\/fr\\\/produto\\\/couverture-coupe-feu-sv\\\/#breadcrumb\",\"itemListElement\":[{\"@type\":\"ListItem\",\"position\":1,\"name\":\"In\u00edcio\",\"item\":\"https:\\\/\\\/cortartec.net\\\/fr\\\/\"},{\"@type\":\"ListItem\",\"position\":2,\"name\":\"PRODUITS\",\"item\":\"https:\\\/\\\/cortartec.net\\\/fr\\\/produits\\\/\"},{\"@type\":\"ListItem\",\"position\":3,\"name\":\"Couverture coupe-feu SV\"}]},{\"@type\":\"WebSite\",\"@id\":\"https:\\\/\\\/cortartec.net\\\/fr\\\/#website\",\"url\":\"https:\\\/\\\/cortartec.net\\\/fr\\\/\",\"name\":\"Cortartec | Equipamentos para a constru\u00e7\u00e3o civil\",\"description\":\"Engenharia Industrial\",\"potentialAction\":[{\"@type\":\"SearchAction\",\"target\":{\"@type\":\"EntryPoint\",\"urlTemplate\":\"https:\\\/\\\/cortartec.net\\\/fr\\\/?s={search_term_string}\"},\"query-input\":{\"@type\":\"PropertyValueSpecification\",\"valueRequired\":true,\"valueName\":\"search_term_string\"}}],\"inLanguage\":\"fr-FR\"}]}<\/script>\n<!-- \/ Yoast SEO plugin. -->","yoast_head_json":{"title":"Couverture coupe-feu SV - Cortartec | Equipamentos para a constru\u00e7\u00e3o civil","robots":{"index":"index","follow":"follow","max-snippet":"max-snippet:-1","max-image-preview":"max-image-preview:large","max-video-preview":"max-video-preview:-1"},"canonical":"https:\/\/cortartec.net\/fr\/produto\/couverture-coupe-feu-sv\/","og_locale":"fr_FR","og_type":"article","og_title":"Couverture coupe-feu SV - Cortartec | Equipamentos para a constru\u00e7\u00e3o civil","og_description":"Fiche technique DWG","og_url":"https:\/\/cortartec.net\/fr\/produto\/couverture-coupe-feu-sv\/","og_site_name":"Cortartec | Equipamentos para a constru\u00e7\u00e3o civil","article_modified_time":"2026-05-15T14:44:05+00:00","og_image":[{"width":300,"height":225,"url":"https:\/\/cortartec.net\/wp-content\/uploads\/2026\/02\/imagem1-oxkxk9zz39bkd461x31lpufaaqc4chgmk0eltdh03u.png","type":"image\/png"}],"twitter_card":"summary_large_image","twitter_misc":{"Dur\u00e9e de lecture estim\u00e9e":"1 minute"},"schema":{"@context":"https:\/\/schema.org","@graph":[{"@type":"WebPage","@id":"https:\/\/cortartec.net\/fr\/produto\/couverture-coupe-feu-sv\/","url":"https:\/\/cortartec.net\/fr\/produto\/couverture-coupe-feu-sv\/","name":"Couverture coupe-feu SV - Cortartec | Equipamentos para a constru\u00e7\u00e3o civil","isPartOf":{"@id":"https:\/\/cortartec.net\/fr\/#website"},"primaryImageOfPage":{"@id":"https:\/\/cortartec.net\/fr\/produto\/couverture-coupe-feu-sv\/#primaryimage"},"image":{"@id":"https:\/\/cortartec.net\/fr\/produto\/couverture-coupe-feu-sv\/#primaryimage"},"thumbnailUrl":"https:\/\/cortartec.net\/wp-content\/uploads\/2026\/02\/imagem1-oxkxk9zz39bkd461x31lpufaaqc4chgmk0eltdh03u.png","datePublished":"2026-02-05T16:18:25+00:00","dateModified":"2026-05-15T14:44:05+00:00","breadcrumb":{"@id":"https:\/\/cortartec.net\/fr\/produto\/couverture-coupe-feu-sv\/#breadcrumb"},"inLanguage":"fr-FR","potentialAction":[{"@type":"ReadAction","target":["https:\/\/cortartec.net\/fr\/produto\/couverture-coupe-feu-sv\/"]}]},{"@type":"ImageObject","inLanguage":"fr-FR","@id":"https:\/\/cortartec.net\/fr\/produto\/couverture-coupe-feu-sv\/#primaryimage","url":"https:\/\/cortartec.net\/wp-content\/uploads\/2026\/02\/imagem1-oxkxk9zz39bkd461x31lpufaaqc4chgmk0eltdh03u.png","contentUrl":"https:\/\/cortartec.net\/wp-content\/uploads\/2026\/02\/imagem1-oxkxk9zz39bkd461x31lpufaaqc4chgmk0eltdh03u.png","width":300,"height":225},{"@type":"BreadcrumbList","@id":"https:\/\/cortartec.net\/fr\/produto\/couverture-coupe-feu-sv\/#breadcrumb","itemListElement":[{"@type":"ListItem","position":1,"name":"In\u00edcio","item":"https:\/\/cortartec.net\/fr\/"},{"@type":"ListItem","position":2,"name":"PRODUITS","item":"https:\/\/cortartec.net\/fr\/produits\/"},{"@type":"ListItem","position":3,"name":"Couverture coupe-feu SV"}]},{"@type":"WebSite","@id":"https:\/\/cortartec.net\/fr\/#website","url":"https:\/\/cortartec.net\/fr\/","name":"Cortartec | Equipamentos para a constru\u00e7\u00e3o civil","description":"Engenharia Industrial","potentialAction":[{"@type":"SearchAction","target":{"@type":"EntryPoint","urlTemplate":"https:\/\/cortartec.net\/fr\/?s={search_term_string}"},"query-input":{"@type":"PropertyValueSpecification","valueRequired":true,"valueName":"search_term_string"}}],"inLanguage":"fr-FR"}]}},"_links":{"self":[{"href":"https:\/\/cortartec.net\/fr\/wp-json\/wp\/v2\/product\/36703","targetHints":{"allow":["GET"]}}],"collection":[{"href":"https:\/\/cortartec.net\/fr\/wp-json\/wp\/v2\/product"}],"about":[{"href":"https:\/\/cortartec.net\/fr\/wp-json\/wp\/v2\/types\/product"}],"replies":[{"embeddable":true,"href":"https:\/\/cortartec.net\/fr\/wp-json\/wp\/v2\/comments?post=36703"}],"wp:featuredmedia":[{"embeddable":true,"href":"https:\/\/cortartec.net\/fr\/wp-json\/wp\/v2\/media\/36704"}],"wp:attachment":[{"href":"https:\/\/cortartec.net\/fr\/wp-json\/wp\/v2\/media?parent=36703"}],"wp:term":[{"taxonomy":"product_brand","embeddable":true,"href":"https:\/\/cortartec.net\/fr\/wp-json\/wp\/v2\/product_brand?post=36703"},{"taxonomy":"product_cat","embeddable":true,"href":"https:\/\/cortartec.net\/fr\/wp-json\/wp\/v2\/product_cat?post=36703"},{"taxonomy":"product_tag","embeddable":true,"href":"https:\/\/cortartec.net\/fr\/wp-json\/wp\/v2\/product_tag?post=36703"}],"curies":[{"name":"wp","href":"https:\/\/api.w.org\/{rel}","templated":true}]}}