{"id":36709,"date":"2026-02-04T14:14:04","date_gmt":"2026-02-04T14:14:04","guid":{"rendered":"https:\/\/cortartec.net\/produto\/suportes-de-fixacao-de-fachadas\/"},"modified":"2026-05-15T14:46:34","modified_gmt":"2026-05-15T14:46:34","slug":"supports-de-fixation-pour-facades","status":"publish","type":"product","link":"https:\/\/cortartec.net\/fr\/produto\/supports-de-fixation-pour-facades\/","title":{"rendered":"Supports de fixation pour fa\u00e7ades"},"content":{"rendered":"<div class=\"wpb-content-wrapper\"><p>[vc_row][vc_column]\t\t<div id=\"wd-6a07313f2cda3\" class=\"wd-text-block wd-wpb reset-last-child wd-rs-6a07313f2cda3 text-left \">\r\n\t\t\t<h2>Ancrage \u00e0 pivot<\/h2>\n<div class=\" vc_custom_1592901189856\">\n<div id=\"text-block-4\" class=\"mk-text-block \">\n<p>Compos\u00e9 d&rsquo;un ancrage en forme de L int\u00e9grant transversalement un pivot de serrage.<br \/>\nLe pivot sert de support et de fixation \u00e0 la dalle de rev\u00eatement, qui a \u00e9t\u00e9 pr\u00e9alablement perc\u00e9e pour sa mise en place. Il est recommand\u00e9 que les per\u00e7ages sur le bord de la<br \/>\ndalle de pierre soient r\u00e9alis\u00e9s en atelier et jamais sur le chantier, afin de garantir leur pr\u00e9cision et d&rsquo;\u00e9viter de graves probl\u00e8mes dus \u00e0 l&rsquo;excentricit\u00e9 et\/ou \u00e0 un diam\u00e8tre excessif.<br \/>\n\u2022 Pour \u00e9viter les contraintes ponctuelles au niveau du contact acier\/pierre, les pivots sont recouverts d&rsquo;une gaine en nylon ou les trous dans la pierre sont remplis d&rsquo;un mastic chimique, ce qui emp\u00eache \u00e9galement le contact direct entre l&rsquo;acier et la pierre.<\/p>\n<\/div>\n<\/div>\n\t\t<\/div>\r\n\t\t[\/vc_column][\/vc_row][vc_row][vc_column width=\u00a0\u00bb1\/4&Prime;]\t\t<div id=\"wd-6a073147182ca\" class=\"wd-text-block wd-wpb reset-last-child wd-rs-6a073147182ca text-left \">\r\n\t\t\t<h2>Simple \u2013 Double<\/h2>\n\t\t<\/div>\r\n\t\t[vc_single_image image=\u00a0\u00bb38489&Prime; img_size=\u00a0\u00bbfull\u00a0\u00bb css=\u00a0\u00bb\u00a0\u00bb parallax_scroll=\u00a0\u00bbno\u00a0\u00bb woodmart_inline=\u00a0\u00bbno\u00a0\u00bb][\/vc_column][vc_column width=\u00a0\u00bb1\/4&Prime;]\t\t<div id=\"wd-6a07314da2b83\" class=\"wd-text-block wd-wpb reset-last-child wd-rs-6a07314da2b83 text-left \">\r\n\t\t\t<h2>R\u00e9glable<\/h2>\n\t\t<\/div>\r\n\t\t[vc_single_image image=\u00a0\u00bb38490&Prime; img_size=\u00a0\u00bbfull\u00a0\u00bb css=\u00a0\u00bb\u00a0\u00bb parallax_scroll=\u00a0\u00bbno\u00a0\u00bb woodmart_inline=\u00a0\u00bbno\u00a0\u00bb][\/vc_column][vc_column width=\u00a0\u00bb1\/4&Prime;]\t\t<div id=\"wd-6a073161e5ff5\" class=\"wd-text-block wd-wpb reset-last-child wd-rs-6a073161e5ff5 text-left \">\r\n\t\t\t<h2>Simple \u2013 D\u00e9marrage<\/h2>\n\t\t<\/div>\r\n\t\t[vc_single_image image=\u00a0\u00bb38491&Prime; img_size=\u00a0\u00bbfull\u00a0\u00bb css=\u00a0\u00bb\u00a0\u00bb parallax_scroll=\u00a0\u00bbno\u00a0\u00bb woodmart_inline=\u00a0\u00bbno\u00a0\u00bb][\/vc_column][vc_column width=\u00a0\u00bb1\/4&Prime;]\t\t<div id=\"wd-6a073166de90a\" class=\"wd-text-block wd-wpb reset-last-child wd-rs-6a073166de90a text-left \">\r\n\t\t\t<h2>Surbaiss\u00e9e<\/h2>\n\t\t<\/div>\r\n\t\t[vc_single_image image=\u00a0\u00bb38492&Prime; img_size=\u00a0\u00bbfull\u00a0\u00bb css=\u00a0\u00bb\u00a0\u00bb parallax_scroll=\u00a0\u00bbno\u00a0\u00bb woodmart_inline=\u00a0\u00bbno\u00a0\u00bb][\/vc_column][\/vc_row][vc_row][vc_column]\t\t<div id=\"wd-6a07316c810b7\" class=\"wd-text-block wd-wpb reset-last-child wd-rs-6a07316c810b7 text-left \">\r\n\t\t\t<h2>Fixation cach\u00e9e par clou<\/h2>\n<div class=\" vc_custom_1592902077886\">\n<div id=\"text-block-23\" class=\"mk-text-block \">\n<p>Pour leur mise en place, les panneaux doivent \u00eatre correctement pr\u00e9par\u00e9s, avec une rainure ou une dentelure le long des bords sur lesquels ils sont fix\u00e9s.<br \/>\n\u2022 L&rsquo;ancrage transversal est g\u00e9n\u00e9ralement utilis\u00e9 sur la rang\u00e9e inf\u00e9rieure de panneaux de rev\u00eatement, avec un ancrage invisible et un ajustement parfait.<\/p>\n<\/div>\n<\/div>\n\t\t<\/div>\r\n\t\t[\/vc_column][\/vc_row][vc_row][vc_column width=\u00a0\u00bb1\/4&Prime;]\t\t<div id=\"wd-6a0731737c938\" class=\"wd-text-block wd-wpb reset-last-child wd-rs-6a0731737c938 text-left \">\r\n\t\t\t<h2>Simple \u2013 Double<\/h2>\n\t\t<\/div>\r\n\t\t[vc_single_image image=\u00a0\u00bb38493&Prime; img_size=\u00a0\u00bbfull\u00a0\u00bb css=\u00a0\u00bb\u00a0\u00bb parallax_scroll=\u00a0\u00bbno\u00a0\u00bb woodmart_inline=\u00a0\u00bbno\u00a0\u00bb][\/vc_column][vc_column width=\u00a0\u00bb1\/4&Prime;]\t\t<div id=\"wd-6a07317893edb\" class=\"wd-text-block wd-wpb reset-last-child wd-rs-6a07317893edb text-left \">\r\n\t\t\t<h2>D\u00e9marrage<\/h2>\n\t\t<\/div>\r\n\t\t[vc_single_image image=\u00a0\u00bb38494&Prime; img_size=\u00a0\u00bbfull\u00a0\u00bb css=\u00a0\u00bb\u00a0\u00bb parallax_scroll=\u00a0\u00bbno\u00a0\u00bb woodmart_inline=\u00a0\u00bbno\u00a0\u00bb][\/vc_column][vc_column width=\u00a0\u00bb1\/4&Prime;]\t\t<div id=\"wd-6a07317dc73f1\" class=\"wd-text-block wd-wpb reset-last-child wd-rs-6a07317dc73f1 text-left \">\r\n\t\t\t<h2>Face int\u00e9rieure simple \u2013 Face int\u00e9rieure double<\/h2>\n\t\t<\/div>\r\n\t\t[vc_single_image image=\u00a0\u00bb38495&Prime; img_size=\u00a0\u00bbfull\u00a0\u00bb css=\u00a0\u00bb\u00a0\u00bb parallax_scroll=\u00a0\u00bbno\u00a0\u00bb woodmart_inline=\u00a0\u00bbno\u00a0\u00bb][\/vc_column][vc_column width=\u00a0\u00bb1\/4&Prime;]\t\t<div id=\"wd-6a0731828e1ee\" class=\"wd-text-block wd-wpb reset-last-child wd-rs-6a0731828e1ee text-left \">\r\n\t\t\t<h2>Surbaiss\u00e9e<\/h2>\n\t\t<\/div>\r\n\t\t[vc_single_image image=\u00a0\u00bb38496&Prime; img_size=\u00a0\u00bbfull\u00a0\u00bb css=\u00a0\u00bb\u00a0\u00bb parallax_scroll=\u00a0\u00bbno\u00a0\u00bb woodmart_inline=\u00a0\u00bbno\u00a0\u00bb][\/vc_column][\/vc_row][vc_row][vc_column]\t\t<div id=\"wd-6a073187dab68\" class=\"wd-text-block wd-wpb reset-last-child wd-rs-6a073187dab68 text-left \">\r\n\t\t\t<h2 style=\"text-align: center;\">Supports \u00e0 ressort<\/h2>\n\t\t<\/div>\r\n\t\t\t\t<div id=\"wd-6a07318db15e0\" class=\"wd-text-block wd-wpb reset-last-child wd-rs-6a07318db15e0 text-left \">\r\n\t\t\t<h2>Fixation \u00e0 clou \u00e0 vue frontale avec ressorts<\/h2>\n<div class=\" vc_custom_1592902752182\">\n<div id=\"text-block-43\" class=\"mk-text-block \">\n<p>Pour la mise en \u0153uvre de cette fixation, les panneaux ne n\u00e9cessitent aucune pr\u00e9paration particuli\u00e8re, hormis leur simple d\u00e9coupe aux dimensions requises.<\/p>\n<\/div>\n<\/div>\n\t\t<\/div>\r\n\t\t[\/vc_column][\/vc_row][vc_row][vc_column width=\u00a0\u00bb1\/2&Prime;][vc_single_image image=\u00a0\u00bb38497&Prime; img_size=\u00a0\u00bbfull\u00a0\u00bb alignment=\u00a0\u00bbcenter\u00a0\u00bb css=\u00a0\u00bb\u00a0\u00bb parallax_scroll=\u00a0\u00bbno\u00a0\u00bb woodmart_inline=\u00a0\u00bbno\u00a0\u00bb][\/vc_column][vc_column width=\u00a0\u00bb1\/2&Prime;]\t\t<div id=\"wd-6a0731976151b\" class=\"wd-text-block wd-wpb reset-last-child wd-rs-6a0731976151b text-left \">\r\n\t\t\t<h2 style=\"text-align: center;\">Pour commencer<\/h2>\n\t\t<\/div>\r\n\t\t[vc_single_image image=\u00a0\u00bb38498&Prime; img_size=\u00a0\u00bbfull\u00a0\u00bb alignment=\u00a0\u00bbcenter\u00a0\u00bb css=\u00a0\u00bb\u00a0\u00bb parallax_scroll=\u00a0\u00bbno\u00a0\u00bb woodmart_inline=\u00a0\u00bbno\u00a0\u00bb][\/vc_column][\/vc_row][vc_row][vc_column]\t\t<div id=\"wd-6a07319d9e801\" class=\"wd-text-block wd-wpb reset-last-child wd-rs-6a07319d9e801 text-left \">\r\n\t\t\t<h2>Ancrage \u00e0 clou apparent avec ressort classique<\/h2>\n<div class=\" vc_custom_1592987767688\">\n<div id=\"text-block-53\" class=\"mk-text-block \">\n<p>Pour la mise en \u0153uvre de cet ancrage, les plaques ne n\u00e9cessitent aucune pr\u00e9paration particuli\u00e8re, hormis leur simple d\u00e9coupe aux dimensions requises.<br \/>\n\u2022 Convient aux t\u00f4les d&rsquo;\u00e9paisseur irr\u00e9guli\u00e8re, en les uniformisant par pression contre le clou.<\/p>\n<\/div>\n<\/div>\n\t\t<\/div>\r\n\t\t[\/vc_column][\/vc_row][vc_row][vc_column width=\u00a0\u00bb1\/3&Prime;]\t\t<div id=\"wd-6a0731a65a626\" class=\"wd-text-block wd-wpb reset-last-child wd-rs-6a0731a65a626 text-left \">\r\n\t\t\t<h2>Simple \u2013 Double<\/h2>\n\t\t<\/div>\r\n\t\t[vc_single_image image=\u00a0\u00bb38499&Prime; img_size=\u00a0\u00bbfull\u00a0\u00bb css=\u00a0\u00bb\u00a0\u00bb parallax_scroll=\u00a0\u00bbno\u00a0\u00bb woodmart_inline=\u00a0\u00bbno\u00a0\u00bb][\/vc_column][vc_column width=\u00a0\u00bb1\/3&Prime;]\t\t<div id=\"wd-6a0731ad27a36\" class=\"wd-text-block wd-wpb reset-last-child wd-rs-6a0731ad27a36 text-left \">\r\n\t\t\t<h2>D\u00e9marrage<\/h2>\n\t\t<\/div>\r\n\t\t[vc_single_image image=\u00a0\u00bb38500&Prime; img_size=\u00a0\u00bbfull\u00a0\u00bb css=\u00a0\u00bb\u00a0\u00bb parallax_scroll=\u00a0\u00bbno\u00a0\u00bb woodmart_inline=\u00a0\u00bbno\u00a0\u00bb][\/vc_column][vc_column width=\u00a0\u00bb1\/3&Prime;]\t\t<div id=\"wd-6a0731b2e774b\" class=\"wd-text-block wd-wpb reset-last-child wd-rs-6a0731b2e774b text-left \">\r\n\t\t\t<h2>Surbaiss\u00e9e<\/h2>\n\t\t<\/div>\r\n\t\t[vc_single_image image=\u00a0\u00bb38501&Prime; img_size=\u00a0\u00bbfull\u00a0\u00bb css=\u00a0\u00bb\u00a0\u00bb parallax_scroll=\u00a0\u00bbno\u00a0\u00bb woodmart_inline=\u00a0\u00bbno\u00a0\u00bb][\/vc_column][\/vc_row][vc_row][vc_column width=\u00a0\u00bb1\/2&Prime;]\t\t<div id=\"wd-6a0731b82a641\" class=\"wd-text-block wd-wpb reset-last-child wd-rs-6a0731b82a641 text-left \">\r\n\t\t\t<h2>Crampons de s\u00e9curit\u00e9 pour rev\u00eatements coll\u00e9s \u00e0 l&rsquo;aide de mortiers<\/h2>\n\t\t<\/div>\r\n\t\t[vc_single_image image=\u00a0\u00bb38502&Prime; img_size=\u00a0\u00bbfull\u00a0\u00bb css=\u00a0\u00bb\u00a0\u00bb parallax_scroll=\u00a0\u00bbno\u00a0\u00bb woodmart_inline=\u00a0\u00bbno\u00a0\u00bb][\/vc_column][vc_column width=\u00a0\u00bb1\/2&Prime;]\t\t<div id=\"wd-6a0731bce10b3\" class=\"wd-text-block wd-wpb reset-last-child wd-rs-6a0731bce10b3 text-left \">\r\n\t\t\t<h2>Ressorts de pression<\/h2>\n\t\t<\/div>\r\n\t\t[vc_single_image image=\u00a0\u00bb38503&Prime; img_size=\u00a0\u00bbfull\u00a0\u00bb css=\u00a0\u00bb\u00a0\u00bb parallax_scroll=\u00a0\u00bbno\u00a0\u00bb woodmart_inline=\u00a0\u00bbno\u00a0\u00bb][\/vc_column][\/vc_row]<\/p>\n<\/div>","protected":false},"excerpt":{"rendered":"<p><span style=\"color: #e46106;\"><strong><a style=\"color: #e46106;\" href=\"https:\/\/cortartec.net\/wp-content\/uploads\/2022\/04\/cortartec-sistema-de-fachadas-ventiladas-gk-pt.pdf\" target=\u00ab _blank \u00bb rel=\"noopener\">Fiche technique<\/a><\/strong><\/span><br \/>\n<span style=\"color: #e46106;\"><strong><a style=\"color: #e46106;\" href=\"\"#>DWG<\/a><\/strong><\/span><\/p>\n","protected":false},"featured_media":36710,"comment_status":"open","ping_status":"closed","template":"","meta":[],"product_brand":[],"product_cat":[337],"product_tag":[],"class_list":["post-36709","product","type-product","status-publish","has-post-thumbnail","product_cat-fachadas","first","instock","shipping-taxable","product-type-simple"],"yoast_head":"<!-- This site is optimized with the Yoast SEO plugin v28.4 - https:\/\/yoast.com\/product\/yoast-seo-wordpress\/ -->\n<title>Supports de fixation pour fa\u00e7ades - Cortartec | Equipamentos para a constru\u00e7\u00e3o civil<\/title>\n<meta name=\"robots\" content=\"index, follow, max-snippet:-1, max-image-preview:large, max-video-preview:-1\" \/>\n<link rel=\"canonical\" href=\"https:\/\/cortartec.net\/fr\/produto\/supports-de-fixation-pour-facades\/\" \/>\n<meta property=\"og:locale\" content=\"fr_FR\" \/>\n<meta property=\"og:type\" content=\"article\" \/>\n<meta property=\"og:title\" content=\"Supports de fixation pour fa\u00e7ades - Cortartec | Equipamentos para a constru\u00e7\u00e3o civil\" \/>\n<meta property=\"og:description\" content=\"Fiche technique DWG\" \/>\n<meta property=\"og:url\" content=\"https:\/\/cortartec.net\/fr\/produto\/supports-de-fixation-pour-facades\/\" \/>\n<meta property=\"og:site_name\" content=\"Cortartec | Equipamentos para a constru\u00e7\u00e3o civil\" \/>\n<meta property=\"article:modified_time\" content=\"2026-05-15T14:46:34+00:00\" \/>\n<meta property=\"og:image\" content=\"https:\/\/cortartec.net\/wp-content\/uploads\/2026\/02\/17309018_1886050248087899_6010614439972851273_n-or3jstd9v7n6hl803l7gng2a5i8p9uhf0vb6lv28qy.png\" \/>\n\t<meta property=\"og:image:width\" content=\"300\" \/>\n\t<meta property=\"og:image:height\" content=\"225\" \/>\n\t<meta property=\"og:image:type\" content=\"image\/png\" \/>\n<meta name=\"twitter:card\" content=\"summary_large_image\" \/>\n<meta name=\"twitter:label1\" content=\"Dur\u00e9e de lecture estim\u00e9e\" \/>\n\t<meta name=\"twitter:data1\" content=\"7 minutes\" \/>\n<script type=\"application\/ld+json\" class=\"yoast-schema-graph\">{\"@context\":\"https:\\\/\\\/schema.org\",\"@graph\":[{\"@type\":\"WebPage\",\"@id\":\"https:\\\/\\\/cortartec.net\\\/fr\\\/produto\\\/supports-de-fixation-pour-facades\\\/\",\"url\":\"https:\\\/\\\/cortartec.net\\\/fr\\\/produto\\\/supports-de-fixation-pour-facades\\\/\",\"name\":\"Supports de fixation pour fa\u00e7ades - Cortartec | Equipamentos para a constru\u00e7\u00e3o civil\",\"isPartOf\":{\"@id\":\"https:\\\/\\\/cortartec.net\\\/fr\\\/#website\"},\"primaryImageOfPage\":{\"@id\":\"https:\\\/\\\/cortartec.net\\\/fr\\\/produto\\\/supports-de-fixation-pour-facades\\\/#primaryimage\"},\"image\":{\"@id\":\"https:\\\/\\\/cortartec.net\\\/fr\\\/produto\\\/supports-de-fixation-pour-facades\\\/#primaryimage\"},\"thumbnailUrl\":\"https:\\\/\\\/cortartec.net\\\/wp-content\\\/uploads\\\/2026\\\/02\\\/17309018_1886050248087899_6010614439972851273_n-or3jstd9v7n6hl803l7gng2a5i8p9uhf0vb6lv28qy.png\",\"datePublished\":\"2026-02-04T14:14:04+00:00\",\"dateModified\":\"2026-05-15T14:46:34+00:00\",\"breadcrumb\":{\"@id\":\"https:\\\/\\\/cortartec.net\\\/fr\\\/produto\\\/supports-de-fixation-pour-facades\\\/#breadcrumb\"},\"inLanguage\":\"fr-FR\",\"potentialAction\":[{\"@type\":\"ReadAction\",\"target\":[\"https:\\\/\\\/cortartec.net\\\/fr\\\/produto\\\/supports-de-fixation-pour-facades\\\/\"]}]},{\"@type\":\"ImageObject\",\"inLanguage\":\"fr-FR\",\"@id\":\"https:\\\/\\\/cortartec.net\\\/fr\\\/produto\\\/supports-de-fixation-pour-facades\\\/#primaryimage\",\"url\":\"https:\\\/\\\/cortartec.net\\\/wp-content\\\/uploads\\\/2026\\\/02\\\/17309018_1886050248087899_6010614439972851273_n-or3jstd9v7n6hl803l7gng2a5i8p9uhf0vb6lv28qy.png\",\"contentUrl\":\"https:\\\/\\\/cortartec.net\\\/wp-content\\\/uploads\\\/2026\\\/02\\\/17309018_1886050248087899_6010614439972851273_n-or3jstd9v7n6hl803l7gng2a5i8p9uhf0vb6lv28qy.png\",\"width\":300,\"height\":225},{\"@type\":\"BreadcrumbList\",\"@id\":\"https:\\\/\\\/cortartec.net\\\/fr\\\/produto\\\/supports-de-fixation-pour-facades\\\/#breadcrumb\",\"itemListElement\":[{\"@type\":\"ListItem\",\"position\":1,\"name\":\"In\u00edcio\",\"item\":\"https:\\\/\\\/cortartec.net\\\/fr\\\/\"},{\"@type\":\"ListItem\",\"position\":2,\"name\":\"PRODUITS\",\"item\":\"https:\\\/\\\/cortartec.net\\\/fr\\\/produits\\\/\"},{\"@type\":\"ListItem\",\"position\":3,\"name\":\"Supports de fixation pour fa\u00e7ades\"}]},{\"@type\":\"WebSite\",\"@id\":\"https:\\\/\\\/cortartec.net\\\/fr\\\/#website\",\"url\":\"https:\\\/\\\/cortartec.net\\\/fr\\\/\",\"name\":\"Cortartec | Equipamentos para a constru\u00e7\u00e3o civil\",\"description\":\"Engenharia Industrial\",\"potentialAction\":[{\"@type\":\"SearchAction\",\"target\":{\"@type\":\"EntryPoint\",\"urlTemplate\":\"https:\\\/\\\/cortartec.net\\\/fr\\\/?s={search_term_string}\"},\"query-input\":{\"@type\":\"PropertyValueSpecification\",\"valueRequired\":true,\"valueName\":\"search_term_string\"}}],\"inLanguage\":\"fr-FR\"}]}<\/script>\n<!-- \/ Yoast SEO plugin. -->","yoast_head_json":{"title":"Supports de fixation pour fa\u00e7ades - Cortartec | Equipamentos para a constru\u00e7\u00e3o civil","robots":{"index":"index","follow":"follow","max-snippet":"max-snippet:-1","max-image-preview":"max-image-preview:large","max-video-preview":"max-video-preview:-1"},"canonical":"https:\/\/cortartec.net\/fr\/produto\/supports-de-fixation-pour-facades\/","og_locale":"fr_FR","og_type":"article","og_title":"Supports de fixation pour fa\u00e7ades - Cortartec | Equipamentos para a constru\u00e7\u00e3o civil","og_description":"Fiche technique DWG","og_url":"https:\/\/cortartec.net\/fr\/produto\/supports-de-fixation-pour-facades\/","og_site_name":"Cortartec | Equipamentos para a constru\u00e7\u00e3o civil","article_modified_time":"2026-05-15T14:46:34+00:00","og_image":[{"width":300,"height":225,"url":"https:\/\/cortartec.net\/wp-content\/uploads\/2026\/02\/17309018_1886050248087899_6010614439972851273_n-or3jstd9v7n6hl803l7gng2a5i8p9uhf0vb6lv28qy.png","type":"image\/png"}],"twitter_card":"summary_large_image","twitter_misc":{"Dur\u00e9e de lecture estim\u00e9e":"7 minutes"},"schema":{"@context":"https:\/\/schema.org","@graph":[{"@type":"WebPage","@id":"https:\/\/cortartec.net\/fr\/produto\/supports-de-fixation-pour-facades\/","url":"https:\/\/cortartec.net\/fr\/produto\/supports-de-fixation-pour-facades\/","name":"Supports de fixation pour fa\u00e7ades - Cortartec | Equipamentos para a constru\u00e7\u00e3o civil","isPartOf":{"@id":"https:\/\/cortartec.net\/fr\/#website"},"primaryImageOfPage":{"@id":"https:\/\/cortartec.net\/fr\/produto\/supports-de-fixation-pour-facades\/#primaryimage"},"image":{"@id":"https:\/\/cortartec.net\/fr\/produto\/supports-de-fixation-pour-facades\/#primaryimage"},"thumbnailUrl":"https:\/\/cortartec.net\/wp-content\/uploads\/2026\/02\/17309018_1886050248087899_6010614439972851273_n-or3jstd9v7n6hl803l7gng2a5i8p9uhf0vb6lv28qy.png","datePublished":"2026-02-04T14:14:04+00:00","dateModified":"2026-05-15T14:46:34+00:00","breadcrumb":{"@id":"https:\/\/cortartec.net\/fr\/produto\/supports-de-fixation-pour-facades\/#breadcrumb"},"inLanguage":"fr-FR","potentialAction":[{"@type":"ReadAction","target":["https:\/\/cortartec.net\/fr\/produto\/supports-de-fixation-pour-facades\/"]}]},{"@type":"ImageObject","inLanguage":"fr-FR","@id":"https:\/\/cortartec.net\/fr\/produto\/supports-de-fixation-pour-facades\/#primaryimage","url":"https:\/\/cortartec.net\/wp-content\/uploads\/2026\/02\/17309018_1886050248087899_6010614439972851273_n-or3jstd9v7n6hl803l7gng2a5i8p9uhf0vb6lv28qy.png","contentUrl":"https:\/\/cortartec.net\/wp-content\/uploads\/2026\/02\/17309018_1886050248087899_6010614439972851273_n-or3jstd9v7n6hl803l7gng2a5i8p9uhf0vb6lv28qy.png","width":300,"height":225},{"@type":"BreadcrumbList","@id":"https:\/\/cortartec.net\/fr\/produto\/supports-de-fixation-pour-facades\/#breadcrumb","itemListElement":[{"@type":"ListItem","position":1,"name":"In\u00edcio","item":"https:\/\/cortartec.net\/fr\/"},{"@type":"ListItem","position":2,"name":"PRODUITS","item":"https:\/\/cortartec.net\/fr\/produits\/"},{"@type":"ListItem","position":3,"name":"Supports de fixation pour fa\u00e7ades"}]},{"@type":"WebSite","@id":"https:\/\/cortartec.net\/fr\/#website","url":"https:\/\/cortartec.net\/fr\/","name":"Cortartec | Equipamentos para a constru\u00e7\u00e3o civil","description":"Engenharia Industrial","potentialAction":[{"@type":"SearchAction","target":{"@type":"EntryPoint","urlTemplate":"https:\/\/cortartec.net\/fr\/?s={search_term_string}"},"query-input":{"@type":"PropertyValueSpecification","valueRequired":true,"valueName":"search_term_string"}}],"inLanguage":"fr-FR"}]}},"_links":{"self":[{"href":"https:\/\/cortartec.net\/fr\/wp-json\/wp\/v2\/product\/36709","targetHints":{"allow":["GET"]}}],"collection":[{"href":"https:\/\/cortartec.net\/fr\/wp-json\/wp\/v2\/product"}],"about":[{"href":"https:\/\/cortartec.net\/fr\/wp-json\/wp\/v2\/types\/product"}],"replies":[{"embeddable":true,"href":"https:\/\/cortartec.net\/fr\/wp-json\/wp\/v2\/comments?post=36709"}],"wp:featuredmedia":[{"embeddable":true,"href":"https:\/\/cortartec.net\/fr\/wp-json\/wp\/v2\/media\/36710"}],"wp:attachment":[{"href":"https:\/\/cortartec.net\/fr\/wp-json\/wp\/v2\/media?parent=36709"}],"wp:term":[{"taxonomy":"product_brand","embeddable":true,"href":"https:\/\/cortartec.net\/fr\/wp-json\/wp\/v2\/product_brand?post=36709"},{"taxonomy":"product_cat","embeddable":true,"href":"https:\/\/cortartec.net\/fr\/wp-json\/wp\/v2\/product_cat?post=36709"},{"taxonomy":"product_tag","embeddable":true,"href":"https:\/\/cortartec.net\/fr\/wp-json\/wp\/v2\/product_tag?post=36709"}],"curies":[{"name":"wp","href":"https:\/\/api.w.org\/{rel}","templated":true}]}}