{"id":36715,"date":"2026-02-04T10:40:13","date_gmt":"2026-02-04T10:40:13","guid":{"rendered":"https:\/\/cortartec.net\/produto\/fachadas-com-sub-estrutura\/"},"modified":"2026-05-15T14:48:48","modified_gmt":"2026-05-15T14:48:48","slug":"facades-avec-sous-structure","status":"publish","type":"product","link":"https:\/\/cortartec.net\/fr\/produto\/facades-avec-sous-structure\/","title":{"rendered":"Fa\u00e7ades avec sous-structure"},"content":{"rendered":"<div class=\"wpb-content-wrapper\"><p>[vc_row][vc_column][vc_column_text css=\u00a0\u00bb\u00a0\u00bb woodmart_inline=\u00a0\u00bbno\u00a0\u00bb text_larger=\u00a0\u00bbno\u00a0\u00bb]<\/p>\n<p>Les profil\u00e9s CGK, gr\u00e2ce \u00e0 leur conception et \u00e0 leur pr\u00e9sentation, offrent une rapidit\u00e9 de montage inhabituelle pour un syst\u00e8me de profil\u00e9s en acier inoxydable, permettant ainsi des co\u00fbts d&rsquo;installation inf\u00e9rieurs \u00e0 ceux de tout autre syst\u00e8me, le tout sans renoncer \u00e0 une fixation parfaite, stable et durable dans le temps, capable d&rsquo;absorber les charges du rev\u00eatement et du vent et de respecter tous les coefficients de s\u00e9curit\u00e9 \u00e9tablis.<\/p>\n<p>Les syst\u00e8mes se composent d&rsquo;un ensemble de profil\u00e9s verticaux qui sont ancr\u00e9s aux dalles ou aux murs \u00e0 l&rsquo;aide de supports de nivellement, lib\u00e9rant ainsi les murs de leur fonction de support. Des ancrages de fixation sont mis en place, qui \u00e0 leur tour supportent et transmettent les efforts des panneaux de rev\u00eatement aux profil\u00e9s.<br \/>\nEn r\u00e8gle g\u00e9n\u00e9rale, les profil\u00e9s doivent \u00eatre ancr\u00e9s aux planchers de chaque \u00e9tage. Des ancrages interm\u00e9diaires doivent \u00e9galement \u00eatre mis en place sur la ma\u00e7onnerie. S&rsquo;il n&rsquo;est pas possible d&rsquo;ancrer le profil\u00e9 aux deux extr\u00e9mit\u00e9s des dalles, il doit au moins \u00eatre ancr\u00e9 \u00e0 l&rsquo;une des dalles de plancher.<br \/>\nL&rsquo;ensemble du syst\u00e8me permet d&rsquo;obtenir une surface de rev\u00eatement plane, situ\u00e9e \u00e0 une distance comprise entre 4 et 15 cm du haut des dalles de plancher et\/ou du mur int\u00e9rieur.<br \/>\nLa fixation au sol doit \u00eatre r\u00e9alis\u00e9e \u00e0 l&rsquo;aide de vis \u00e0 expansion ou, si cela n&rsquo;est pas possible, \u00e0 l&rsquo;aide d&rsquo;une fixation chimique compos\u00e9e d&rsquo;une tige filet\u00e9e en acier inoxydable et de r\u00e9sine \u00e9poxy.<br \/>\nTous les six m\u00e8tres de profil\u00e9 pos\u00e9, il convient de laisser un joint d&rsquo;au moins 20 mm entre les profil\u00e9s afin de permettre les mouvements de dilatation.<br \/>\nLes supports de Les supports de mise \u00e0 niveau sont fix\u00e9s au profil\u00e9 \u00e0 l&rsquo;aide de vis.<br \/>\nAux points d&rsquo;appui interm\u00e9diaires, il est recommand\u00e9 d&rsquo;utiliser des supports de retenue fix\u00e9s au profil\u00e9 \u00e0 l&rsquo;aide de vis autoperceuses. Les supports de retenue sont dot\u00e9s d&rsquo;une fente verticale qui permet au syst\u00e8me d&rsquo;absorber les diff\u00e9rences r\u00e9sultant de la dilatation, ainsi que les mouvements \u00e9ventuels des dalles de plancher dus au tassement du b\u00e2timent.<\/p>\n<p>[\/vc_column_text][\/vc_column][\/vc_row][vc_row][vc_column width=\u00a0\u00bb1\/4&Prime;][vc_single_image image=\u00a0\u00bb38504&Prime; img_size=\u00a0\u00bbfull\u00a0\u00bb css=\u00a0\u00bb\u00a0\u00bb parallax_scroll=\u00a0\u00bbno\u00a0\u00bb woodmart_inline=\u00a0\u00bbno\u00a0\u00bb][\/vc_column][vc_column width=\u00a0\u00bb3\/4&Prime;]\t\t<div id=\"wd-6a0731e98aec0\" class=\"wd-text-block wd-wpb reset-last-child wd-rs-6a0731e98aec0 text-left \">\r\n\t\t\t<h2>Le syst\u00e8me de fixation de profil\u00e9s CGK pr\u00e9sente plusieurs avantages par rapport aux m\u00e9thodes de fixation ponctuelles :<\/h2>\n<div class=\" vc_custom_1592821916609\">\n<div id=\"text-block-14\" class=\"mk-text-block \">\n<p><strong>Rapidit\u00e9 d&rsquo;ex\u00e9cution<\/strong> : gr\u00e2ce \u00e0 l&rsquo;utilisation de profil\u00e9s, les co\u00fbts de montage sont r\u00e9duits.<br \/>\n\u2022 <strong>Esth\u00e9tique<\/strong> : possibilit\u00e9 de choisir parmi divers mat\u00e9riaux et dimensions.<br \/>\n\u2022 <strong>L\u00e9g\u00e8ret\u00e9 du syst\u00e8me de bardage.<\/strong><br \/>\n\u2022 Facilit\u00e9 d&rsquo;installation, quelles que soient les conditions climatiques.<br \/>\n\u2022 <strong>Faible entretien.<\/strong><br \/>\n\u2022 Excellente stabilit\u00e9 du rev\u00eatement, sans risque de fissures ou de d\u00e9placements dus \u00e0 la d\u00e9sagr\u00e9gation des panneaux de rev\u00eatement.<br \/>\n\u2022 <strong>Isolation thermique \u00e9lev\u00e9e, les ponts thermiques sont \u00e9limin\u00e9s.<\/strong><\/p>\n<p>Absence de perforations dans les murs en ma\u00e7onnerie.<br \/>\n\u2022 Am\u00e9lioration de l&rsquo;isolation acoustique.<br \/>\n\u2022 Planim\u00e9trie parfaite de la fa\u00e7ade.<br \/>\n\u2022 \u00c9limination de la condensation de l&rsquo;humidit\u00e9.<br \/>\n\u2022 Propret\u00e9 des \u00e9l\u00e9ments : l&rsquo;utilisation de mortier est supprim\u00e9e.<br \/>\n\u2022 S\u00e9curit\u00e9 : les profil\u00e9s sont fix\u00e9s directement au sol, la transmission des charges d&rsquo;une plaque de rev\u00eatement \u00e0 l&rsquo;autre est \u00e9limin\u00e9e, car les fixations sont ind\u00e9pendantes.<br \/>\n\u2022 Fixation et ajustement rapides des ancrages au profil\u00e9, gr\u00e2ce \u00e0 son syst\u00e8me d&rsquo;ancrage innovant.<br \/>\n\u2022 Cr\u00e9ation d&rsquo;un espace entre le rev\u00eatement et le mur, pour accueillir les installations techniques.<\/p>\n<\/div>\n<\/div>\n\t\t<\/div>\r\n\t\t[\/vc_column][\/vc_row][vc_row content_placement=\u00a0\u00bbmiddle\u00a0\u00bb woodmart_css_id=\u00a0\u00bb69833059c889c\u00a0\u00bb responsive_spacing=\u00a0\u00bbeyJwYXJhbV90eXBlIjoid29vZG1hcnRfcmVzcG9uc2l2ZV9zcGFjaW5nIiwic2VsZWN0b3JfaWQiOiI2OTgzMzA1OWM4ODljIiwic2hvcnRjb2RlIjoidmNfcm93IiwiZGF0YSI6eyJ0YWJsZXQiOnt9LCJtb2JpbGUiOnt9fX0=\u00a0\u00bb mobile_bg_img_hidden=\u00a0\u00bbno\u00a0\u00bb tablet_bg_img_hidden=\u00a0\u00bbno\u00a0\u00bb woodmart_parallax=\u00a0\u00bb0&Prime; woodmart_gradient_switch=\u00a0\u00bbno\u00a0\u00bb woodmart_box_shadow=\u00a0\u00bbno\u00a0\u00bb wd_z_index=\u00a0\u00bbno\u00a0\u00bb woodmart_disable_overflow=\u00a0\u00bb0&Prime; row_reverse_mobile=\u00a0\u00bb0&Prime; row_reverse_tablet=\u00a0\u00bb0&Prime;][vc_column]\t\t<div id=\"wd-6a0731f2b8d44\" class=\"wd-text-block wd-wpb reset-last-child wd-rs-6a0731f2b8d44 text-left \">\r\n\t\t\t<h2 style=\"text-align: center;\">Syst\u00e8me de profil\u00e9s verticaux en \u00ab U \u00bb<\/h2>\n\t\t<\/div>\r\n\t\t[vc_single_image image=\u00a0\u00bb38505&Prime; img_size=\u00a0\u00bbfull\u00a0\u00bb alignment=\u00a0\u00bbcenter\u00a0\u00bb css=\u00a0\u00bb\u00a0\u00bb parallax_scroll=\u00a0\u00bbno\u00a0\u00bb woodmart_inline=\u00a0\u00bbno\u00a0\u00bb]\t\t<div id=\"wd-6a0731f9dfa6c\" class=\"wd-text-block wd-wpb reset-last-child wd-rs-6a0731f9dfa6c text-left \">\r\n\t\t\t<p>Syst\u00e8me de profil\u00e9s verticaux en U en acier inoxydable. Les profil\u00e9s sont fournis d\u00e9coup\u00e9s \u00e0 la longueur voulue<br \/>\net usin\u00e9s aux endroits o\u00f9 ils doivent \u00eatre assembl\u00e9s aux supports.<br \/>\nLes ancrages sont fix\u00e9s au profil\u00e9 par un syst\u00e8me de serrage, compos\u00e9 d&rsquo;un ensemble de vis avec \u00e9crou et d&rsquo;une rondelle de serrage. Une fois l&rsquo;ensemble d&rsquo;ancrages mis en place, il coulisse le long du profil\u00e9, ce qui facilite son d\u00e9placement vers la position o\u00f9 il doit \u00eatre fix\u00e9. En fonction du couple de serrage, le poids maximal admissible avant le glissement de l&rsquo;ancrage est indiqu\u00e9 dans le tableau des charges des ancrages. Par mesure de s\u00e9curit\u00e9, il est recommand\u00e9 d&rsquo;appliquer syst\u00e9matiquement le couple de serrage maximal (16,5 mm) admis par la vis.<\/p>\n\t\t<\/div>\r\n\t\t\t\t<div id=\"wd-6a073200ee7e5\" class=\"wd-text-block wd-wpb reset-last-child wd-rs-6a073200ee7e5 text-left \">\r\n\t\t\t<h2 style=\"text-align: center;\">Syst\u00e8me de profil\u00e9s Omega OR<\/h2>\n\t\t<\/div>\r\n\t\t[vc_single_image image=\u00a0\u00bb38506&Prime; img_size=\u00a0\u00bbfull\u00a0\u00bb alignment=\u00a0\u00bbcenter\u00a0\u00bb css=\u00a0\u00bb\u00a0\u00bb parallax_scroll=\u00a0\u00bbno\u00a0\u00bb woodmart_inline=\u00a0\u00bbno\u00a0\u00bb]\t\t<div id=\"wd-6a0732069d52d\" class=\"wd-text-block wd-wpb reset-last-child wd-rs-6a0732069d52d text-left \">\r\n\t\t\t<p>Syst\u00e8me de profil\u00e9s verticaux perfor\u00e9s en forme d&rsquo;om\u00e9ga. Dimensions rigoureuses gr\u00e2ce \u00e0 un contr\u00f4le qualit\u00e9.<br \/>\nLa perforation des fentes d&rsquo;\u00e9cartement sur les languettes permet de marquer un pas de vis ou un pas de fixation sur le profil\u00e9. De leur c\u00f4t\u00e9, les fentes verticales de la pince d&rsquo;ancrage, associ\u00e9es \u00e0 l&rsquo;int\u00e9gration d&rsquo;une rondelle antid\u00e9rapante, permettent de la fixer au profil\u00e9, permettant ainsi des r\u00e9glages dans n&rsquo;importe quelle position.<\/p>\n\t\t<\/div>\r\n\t\t\t\t<div id=\"wd-6a07320d027cf\" class=\"wd-text-block wd-wpb reset-last-child wd-rs-6a07320d027cf text-left \">\r\n\t\t\t<h2 style=\"text-align: center;\">Syst\u00e8me de profil\u00e9s Omega OP<\/h2>\n\t\t<\/div>\r\n\t\t[vc_single_image image=\u00a0\u00bb38507&Prime; img_size=\u00a0\u00bbfull\u00a0\u00bb alignment=\u00a0\u00bbcenter\u00a0\u00bb css=\u00a0\u00bb\u00a0\u00bb parallax_scroll=\u00a0\u00bbno\u00a0\u00bb woodmart_inline=\u00a0\u00bbno\u00a0\u00bb]\t\t<div id=\"wd-6a0732126de8b\" class=\"wd-text-block wd-wpb reset-last-child wd-rs-6a0732126de8b text-left \">\r\n\t\t\t<p>Nouveau syst\u00e8me de per\u00e7age vertical des profil\u00e9s Omega. En usine, les ailes du profil\u00e9 Omega OP sont perc\u00e9es selon un proc\u00e9d\u00e9 industriel rigoureux.<br \/>\nLe per\u00e7age modulaire avec des trous d\u00e9cal\u00e9s permet de marquer facilement la fixation du profil\u00e9. Parall\u00e8lement, les trous obliques des ancrages multiplient les positions possibles d&rsquo;assemblage entre l&rsquo;ancrage et le profil\u00e9, permettant ainsi des ajustements au millim\u00e8tre pr\u00e8s.<\/p>\n\t\t<\/div>\r\n\t\t[\/vc_column][\/vc_row][vc_row][vc_column width=\u00a0\u00bb1\/3&Prime;][vc_single_image image=\u00a0\u00bb38508&Prime; img_size=\u00a0\u00bbfull\u00a0\u00bb css=\u00a0\u00bb\u00a0\u00bb parallax_scroll=\u00a0\u00bbno\u00a0\u00bb woodmart_inline=\u00a0\u00bbno\u00a0\u00bb]\t\t<div id=\"wd-6a0732188a6e0\" class=\"wd-text-block wd-wpb reset-last-child wd-rs-6a0732188a6e0 text-left \">\r\n\t\t\t<h2>\u00c9querre de support<\/h2>\n\t\t<\/div>\r\n\t\t[\/vc_column][vc_column width=\u00a0\u00bb1\/3&Prime;][vc_single_image image=\u00a0\u00bb38509&Prime; img_size=\u00a0\u00bbfull\u00a0\u00bb css=\u00a0\u00bb\u00a0\u00bb parallax_scroll=\u00a0\u00bbno\u00a0\u00bb woodmart_inline=\u00a0\u00bbno\u00a0\u00bb]\t\t<div id=\"wd-6a07321daece5\" class=\"wd-text-block wd-wpb reset-last-child wd-rs-6a07321daece5 text-left \">\r\n\t\t\t<h2>\u00c9querre de fixation<\/h2>\n\t\t<\/div>\r\n\t\t[\/vc_column][vc_column width=\u00a0\u00bb1\/3&Prime;][vc_single_image image=\u00a0\u00bb38510&Prime; img_size=\u00a0\u00bbfull\u00a0\u00bb css=\u00a0\u00bb\u00a0\u00bb parallax_scroll=\u00a0\u00bbno\u00a0\u00bb woodmart_inline=\u00a0\u00bbno\u00a0\u00bb]\t\t<div id=\"wd-6a0732232bb0d\" class=\"wd-text-block wd-wpb reset-last-child wd-rs-6a0732232bb0d text-left \">\r\n\t\t\t<h2>\u00c9querre de nivellement<\/h2>\n\t\t<\/div>\r\n\t\t[\/vc_column][\/vc_row][vc_row][vc_column]\t\t<div id=\"wd-6a0732293f4d6\" class=\"wd-text-block wd-wpb reset-last-child wd-rs-6a0732293f4d6 text-left \">\r\n\t\t\t<h2 style=\"text-align: center;\">\u00c9querres de r\u00e9glage<\/h2>\n\t\t<\/div>\r\n\t\t[vc_single_image image=\u00a0\u00bb38511&Prime; img_size=\u00a0\u00bbfull\u00a0\u00bb alignment=\u00a0\u00bbcenter\u00a0\u00bb css=\u00a0\u00bb\u00a0\u00bb parallax_scroll=\u00a0\u00bbno\u00a0\u00bb woodmart_inline=\u00a0\u00bbno\u00a0\u00bb]\t\t<div id=\"wd-6a0732376d1a2\" class=\"wd-text-block wd-wpb reset-last-child wd-rs-6a0732376d1a2 text-left \">\r\n\t\t\t<p>Fabriqu\u00e9es en acier inoxydable (AISI 304\/316, conform\u00e9ment aux sp\u00e9cifications EN 10088-1 et EN 10088-2), elles sont fix\u00e9es \u00e0 la structure et\/ou \u00e0 la ma\u00e7onnerie.<\/p>\n<p>Lorsqu&rsquo;ils sont utilis\u00e9s comme supports de charge, ils transmettent les charges verticales de la fa\u00e7ade directement aux dalles, en \u00e9tant fix\u00e9s \u00e0 l&rsquo;aide d&rsquo;ancrages m\u00e9caniques. Lorsqu&rsquo;ils sont utilis\u00e9s comme supports interm\u00e9diaires, ils emp\u00eachent la flexion du profil\u00e9 due \u00e0 l&rsquo;effet du vent et sont fix\u00e9s \u00e0 l&rsquo;aide de<br \/>\nvis avec douille en nylon et\/ou de chevilles chimiques.<br \/>\nLeur conception rend la fixation et le nivellement des profil\u00e9s sur chantier tr\u00e8s rapides et simples.<\/p>\n\t\t<\/div>\r\n\t\t[\/vc_column][\/vc_row][vc_row][vc_column width=\u00a0\u00bb1\/4&Prime;][vc_single_image image=\u00a0\u00bb38512&Prime; img_size=\u00a0\u00bbfull\u00a0\u00bb css=\u00a0\u00bb\u00a0\u00bb parallax_scroll=\u00a0\u00bbno\u00a0\u00bb woodmart_inline=\u00a0\u00bbno\u00a0\u00bb][\/vc_column][vc_column width=\u00a0\u00bb3\/4&Prime;]\t\t<div id=\"wd-6a073241c2be9\" class=\"wd-text-block wd-wpb reset-last-child wd-rs-6a073241c2be9 text-left \">\r\n\t\t\t<h2>Support auxiliaire de profil\u00e9<\/h2>\n<div class=\" vc_custom_1592825948014\">\n<div id=\"text-block-54\" class=\"mk-text-block \">\n<p>Fabriqu\u00e9s en acier inoxydable (AISI 304\/316, conform\u00e9ment aux sp\u00e9cifications EN 10088-1 et EN 10088-2), ils sont utilis\u00e9s pour fixer et soutenir le profil\u00e9 dans les zones d\u00e9pourvues de perforations.<\/p>\n<\/div>\n<\/div>\n\t\t<\/div>\r\n\t\t[\/vc_column][\/vc_row]<\/p>\n<\/div>","protected":false},"excerpt":{"rendered":"<p><span style=\"color: #e46106;\"><strong><a style=\"color: #e46106;\" href=\"https:\/\/cortartec.net\/wp-content\/uploads\/2022\/04\/cortartec-sistema-de-fachadas-ventiladas-gk-pt.pdf\" target=\u00ab _blank \u00bb rel=\"noopener\">Fiche technique<\/a><\/strong><\/span><br \/>\n<span style=\"color: #e46106;\"><strong><a style=\"color: #e46106;\" href=\"\"#>DWG<\/a><\/strong><\/span><\/p>\n","protected":false},"featured_media":36716,"comment_status":"open","ping_status":"closed","template":"","meta":[],"product_brand":[],"product_cat":[337],"product_tag":[],"class_list":["post-36715","product","type-product","status-publish","has-post-thumbnail","product_cat-fachadas","first","instock","shipping-taxable","product-type-simple"],"yoast_head":"<!-- This site is optimized with the Yoast SEO plugin v28.4 - https:\/\/yoast.com\/product\/yoast-seo-wordpress\/ -->\n<title>Fa\u00e7ades avec sous-structure - Cortartec | Equipamentos para a constru\u00e7\u00e3o civil<\/title>\n<meta name=\"robots\" content=\"index, follow, max-snippet:-1, max-image-preview:large, max-video-preview:-1\" \/>\n<link rel=\"canonical\" href=\"https:\/\/cortartec.net\/fr\/produto\/facades-avec-sous-structure\/\" \/>\n<meta property=\"og:locale\" content=\"fr_FR\" \/>\n<meta property=\"og:type\" content=\"article\" \/>\n<meta property=\"og:title\" content=\"Fa\u00e7ades avec sous-structure - Cortartec | Equipamentos para a constru\u00e7\u00e3o civil\" \/>\n<meta property=\"og:description\" content=\"Fiche technique DWG\" \/>\n<meta property=\"og:url\" content=\"https:\/\/cortartec.net\/fr\/produto\/facades-avec-sous-structure\/\" \/>\n<meta property=\"og:site_name\" content=\"Cortartec | Equipamentos para a constru\u00e7\u00e3o civil\" \/>\n<meta property=\"article:modified_time\" content=\"2026-05-15T14:48:48+00:00\" \/>\n<meta property=\"og:image\" content=\"https:\/\/cortartec.net\/wp-content\/uploads\/2026\/02\/imagem4-or28ed9aizn92nxkjyu8028qax3r7k072qldpp88ui.jpg\" \/>\n\t<meta property=\"og:image:width\" content=\"300\" \/>\n\t<meta property=\"og:image:height\" content=\"225\" \/>\n\t<meta property=\"og:image:type\" content=\"image\/jpeg\" \/>\n<meta name=\"twitter:card\" content=\"summary_large_image\" \/>\n<meta name=\"twitter:label1\" content=\"Dur\u00e9e de lecture estim\u00e9e\" \/>\n\t<meta name=\"twitter:data1\" content=\"9 minutes\" \/>\n<script type=\"application\/ld+json\" class=\"yoast-schema-graph\">{\"@context\":\"https:\\\/\\\/schema.org\",\"@graph\":[{\"@type\":\"WebPage\",\"@id\":\"https:\\\/\\\/cortartec.net\\\/fr\\\/produto\\\/facades-avec-sous-structure\\\/\",\"url\":\"https:\\\/\\\/cortartec.net\\\/fr\\\/produto\\\/facades-avec-sous-structure\\\/\",\"name\":\"Fa\u00e7ades avec sous-structure - Cortartec | Equipamentos para a constru\u00e7\u00e3o civil\",\"isPartOf\":{\"@id\":\"https:\\\/\\\/cortartec.net\\\/fr\\\/#website\"},\"primaryImageOfPage\":{\"@id\":\"https:\\\/\\\/cortartec.net\\\/fr\\\/produto\\\/facades-avec-sous-structure\\\/#primaryimage\"},\"image\":{\"@id\":\"https:\\\/\\\/cortartec.net\\\/fr\\\/produto\\\/facades-avec-sous-structure\\\/#primaryimage\"},\"thumbnailUrl\":\"https:\\\/\\\/cortartec.net\\\/wp-content\\\/uploads\\\/2026\\\/02\\\/imagem4-or28ed9aizn92nxkjyu8028qax3r7k072qldpp88ui.jpg\",\"datePublished\":\"2026-02-04T10:40:13+00:00\",\"dateModified\":\"2026-05-15T14:48:48+00:00\",\"breadcrumb\":{\"@id\":\"https:\\\/\\\/cortartec.net\\\/fr\\\/produto\\\/facades-avec-sous-structure\\\/#breadcrumb\"},\"inLanguage\":\"fr-FR\",\"potentialAction\":[{\"@type\":\"ReadAction\",\"target\":[\"https:\\\/\\\/cortartec.net\\\/fr\\\/produto\\\/facades-avec-sous-structure\\\/\"]}]},{\"@type\":\"ImageObject\",\"inLanguage\":\"fr-FR\",\"@id\":\"https:\\\/\\\/cortartec.net\\\/fr\\\/produto\\\/facades-avec-sous-structure\\\/#primaryimage\",\"url\":\"https:\\\/\\\/cortartec.net\\\/wp-content\\\/uploads\\\/2026\\\/02\\\/imagem4-or28ed9aizn92nxkjyu8028qax3r7k072qldpp88ui.jpg\",\"contentUrl\":\"https:\\\/\\\/cortartec.net\\\/wp-content\\\/uploads\\\/2026\\\/02\\\/imagem4-or28ed9aizn92nxkjyu8028qax3r7k072qldpp88ui.jpg\",\"width\":300,\"height\":225},{\"@type\":\"BreadcrumbList\",\"@id\":\"https:\\\/\\\/cortartec.net\\\/fr\\\/produto\\\/facades-avec-sous-structure\\\/#breadcrumb\",\"itemListElement\":[{\"@type\":\"ListItem\",\"position\":1,\"name\":\"In\u00edcio\",\"item\":\"https:\\\/\\\/cortartec.net\\\/fr\\\/\"},{\"@type\":\"ListItem\",\"position\":2,\"name\":\"PRODUITS\",\"item\":\"https:\\\/\\\/cortartec.net\\\/fr\\\/produits\\\/\"},{\"@type\":\"ListItem\",\"position\":3,\"name\":\"Fa\u00e7ades avec sous-structure\"}]},{\"@type\":\"WebSite\",\"@id\":\"https:\\\/\\\/cortartec.net\\\/fr\\\/#website\",\"url\":\"https:\\\/\\\/cortartec.net\\\/fr\\\/\",\"name\":\"Cortartec | Equipamentos para a constru\u00e7\u00e3o civil\",\"description\":\"Engenharia Industrial\",\"potentialAction\":[{\"@type\":\"SearchAction\",\"target\":{\"@type\":\"EntryPoint\",\"urlTemplate\":\"https:\\\/\\\/cortartec.net\\\/fr\\\/?s={search_term_string}\"},\"query-input\":{\"@type\":\"PropertyValueSpecification\",\"valueRequired\":true,\"valueName\":\"search_term_string\"}}],\"inLanguage\":\"fr-FR\"}]}<\/script>\n<!-- \/ Yoast SEO plugin. -->","yoast_head_json":{"title":"Fa\u00e7ades avec sous-structure - Cortartec | Equipamentos para a constru\u00e7\u00e3o civil","robots":{"index":"index","follow":"follow","max-snippet":"max-snippet:-1","max-image-preview":"max-image-preview:large","max-video-preview":"max-video-preview:-1"},"canonical":"https:\/\/cortartec.net\/fr\/produto\/facades-avec-sous-structure\/","og_locale":"fr_FR","og_type":"article","og_title":"Fa\u00e7ades avec sous-structure - Cortartec | Equipamentos para a constru\u00e7\u00e3o civil","og_description":"Fiche technique DWG","og_url":"https:\/\/cortartec.net\/fr\/produto\/facades-avec-sous-structure\/","og_site_name":"Cortartec | Equipamentos para a constru\u00e7\u00e3o civil","article_modified_time":"2026-05-15T14:48:48+00:00","og_image":[{"width":300,"height":225,"url":"https:\/\/cortartec.net\/wp-content\/uploads\/2026\/02\/imagem4-or28ed9aizn92nxkjyu8028qax3r7k072qldpp88ui.jpg","type":"image\/jpeg"}],"twitter_card":"summary_large_image","twitter_misc":{"Dur\u00e9e de lecture estim\u00e9e":"9 minutes"},"schema":{"@context":"https:\/\/schema.org","@graph":[{"@type":"WebPage","@id":"https:\/\/cortartec.net\/fr\/produto\/facades-avec-sous-structure\/","url":"https:\/\/cortartec.net\/fr\/produto\/facades-avec-sous-structure\/","name":"Fa\u00e7ades avec sous-structure - Cortartec | Equipamentos para a constru\u00e7\u00e3o civil","isPartOf":{"@id":"https:\/\/cortartec.net\/fr\/#website"},"primaryImageOfPage":{"@id":"https:\/\/cortartec.net\/fr\/produto\/facades-avec-sous-structure\/#primaryimage"},"image":{"@id":"https:\/\/cortartec.net\/fr\/produto\/facades-avec-sous-structure\/#primaryimage"},"thumbnailUrl":"https:\/\/cortartec.net\/wp-content\/uploads\/2026\/02\/imagem4-or28ed9aizn92nxkjyu8028qax3r7k072qldpp88ui.jpg","datePublished":"2026-02-04T10:40:13+00:00","dateModified":"2026-05-15T14:48:48+00:00","breadcrumb":{"@id":"https:\/\/cortartec.net\/fr\/produto\/facades-avec-sous-structure\/#breadcrumb"},"inLanguage":"fr-FR","potentialAction":[{"@type":"ReadAction","target":["https:\/\/cortartec.net\/fr\/produto\/facades-avec-sous-structure\/"]}]},{"@type":"ImageObject","inLanguage":"fr-FR","@id":"https:\/\/cortartec.net\/fr\/produto\/facades-avec-sous-structure\/#primaryimage","url":"https:\/\/cortartec.net\/wp-content\/uploads\/2026\/02\/imagem4-or28ed9aizn92nxkjyu8028qax3r7k072qldpp88ui.jpg","contentUrl":"https:\/\/cortartec.net\/wp-content\/uploads\/2026\/02\/imagem4-or28ed9aizn92nxkjyu8028qax3r7k072qldpp88ui.jpg","width":300,"height":225},{"@type":"BreadcrumbList","@id":"https:\/\/cortartec.net\/fr\/produto\/facades-avec-sous-structure\/#breadcrumb","itemListElement":[{"@type":"ListItem","position":1,"name":"In\u00edcio","item":"https:\/\/cortartec.net\/fr\/"},{"@type":"ListItem","position":2,"name":"PRODUITS","item":"https:\/\/cortartec.net\/fr\/produits\/"},{"@type":"ListItem","position":3,"name":"Fa\u00e7ades avec sous-structure"}]},{"@type":"WebSite","@id":"https:\/\/cortartec.net\/fr\/#website","url":"https:\/\/cortartec.net\/fr\/","name":"Cortartec | Equipamentos para a constru\u00e7\u00e3o civil","description":"Engenharia Industrial","potentialAction":[{"@type":"SearchAction","target":{"@type":"EntryPoint","urlTemplate":"https:\/\/cortartec.net\/fr\/?s={search_term_string}"},"query-input":{"@type":"PropertyValueSpecification","valueRequired":true,"valueName":"search_term_string"}}],"inLanguage":"fr-FR"}]}},"_links":{"self":[{"href":"https:\/\/cortartec.net\/fr\/wp-json\/wp\/v2\/product\/36715","targetHints":{"allow":["GET"]}}],"collection":[{"href":"https:\/\/cortartec.net\/fr\/wp-json\/wp\/v2\/product"}],"about":[{"href":"https:\/\/cortartec.net\/fr\/wp-json\/wp\/v2\/types\/product"}],"replies":[{"embeddable":true,"href":"https:\/\/cortartec.net\/fr\/wp-json\/wp\/v2\/comments?post=36715"}],"wp:featuredmedia":[{"embeddable":true,"href":"https:\/\/cortartec.net\/fr\/wp-json\/wp\/v2\/media\/36716"}],"wp:attachment":[{"href":"https:\/\/cortartec.net\/fr\/wp-json\/wp\/v2\/media?parent=36715"}],"wp:term":[{"taxonomy":"product_brand","embeddable":true,"href":"https:\/\/cortartec.net\/fr\/wp-json\/wp\/v2\/product_brand?post=36715"},{"taxonomy":"product_cat","embeddable":true,"href":"https:\/\/cortartec.net\/fr\/wp-json\/wp\/v2\/product_cat?post=36715"},{"taxonomy":"product_tag","embeddable":true,"href":"https:\/\/cortartec.net\/fr\/wp-json\/wp\/v2\/product_tag?post=36715"}],"curies":[{"name":"wp","href":"https:\/\/api.w.org\/{rel}","templated":true}]}}