{"id":36727,"date":"2026-02-04T09:30:48","date_gmt":"2026-02-04T09:30:48","guid":{"rendered":"https:\/\/cortartec.net\/produto\/fachadas-ventiladas\/"},"modified":"2026-05-15T14:52:57","modified_gmt":"2026-05-15T14:52:57","slug":"facades-ventilees","status":"publish","type":"product","link":"https:\/\/cortartec.net\/fr\/produto\/facades-ventilees\/","title":{"rendered":"Fa\u00e7ades ventil\u00e9es"},"content":{"rendered":"<div class=\"wpb-content-wrapper\"><p>[vc_row][vc_column][vc_column_text css=\u00a0\u00bb\u00a0\u00bb woodmart_inline=\u00a0\u00bbno\u00a0\u00bb text_larger=\u00a0\u00bbno\u00a0\u00bb]<\/p>\n<p>La fa\u00e7ade ventil\u00e9e am\u00e9liore l&rsquo;isolation thermique du b\u00e2timent, car elle permet la mise en place de rev\u00eatements isolants continus entre l&rsquo;ossature ext\u00e9rieure du mur porteur et le rev\u00eatement ext\u00e9rieur de la fa\u00e7ade. La fa\u00e7ade ventil\u00e9e constitue un syst\u00e8me multicouche qui garantit un fonctionnement durable ; lorsqu&rsquo;elle est correctement mise en \u0153uvre, elle renforce la s\u00e9curit\u00e9 et prolonge la dur\u00e9e de vie du b\u00e2timent.<\/p>\n<p>Le rev\u00eatement de la fa\u00e7ade ventil\u00e9e prot\u00e8ge la structure porteuse, l&rsquo;isolation thermique et la base de support des intemp\u00e9ries ; il est r\u00e9sistant aux chocs et \u00e9tanche \u00e0 la pluie. L&rsquo;isolation assure une accumulation thermique maximale des \u00e9l\u00e9ments internes, \u00e9vitant ainsi les pertes de chaleur en hiver.<\/p>\n<p>En \u00e9t\u00e9, une grande partie de la chaleur qui agit sur le rev\u00eatement est \u00e9vacu\u00e9e par le courant d&rsquo;air dans l&rsquo;espace ventil\u00e9. On obtient ainsi un environnement int\u00e9rieur agr\u00e9able.<\/p>\n<p>[\/vc_column_text][\/vc_column][\/vc_row][vc_row][vc_column width=\u00a0\u00bb1\/2&Prime;][vc_single_image image=\u00a0\u00bb38533&Prime; img_size=\u00a0\u00bbfull\u00a0\u00bb css=\u00a0\u00bb\u00a0\u00bb parallax_scroll=\u00a0\u00bbno\u00a0\u00bb woodmart_inline=\u00a0\u00bbno\u00a0\u00bb][\/vc_column][vc_column width=\u00a0\u00bb1\/2&Prime;]\t\t<div id=\"wd-6a07332a31f43\" class=\"wd-text-block wd-wpb reset-last-child wd-rs-6a07332a31f43 text-left \">\r\n\t\t\t<h2>1 \u2013 Rev\u00eatement<\/h2>\n<div class=\" vc_custom_1592234656181\">\n<div id=\"text-block-12\" class=\"mk-text-block \">\n<ul>\n<li>Il s&rsquo;agit de la protection contre les agressions environnementales : variations de temp\u00e9rature, pluie, vent, etc. Il d\u00e9finit l&rsquo;image du b\u00e2timent.<\/li>\n<li>Il doit conserver sa forme, sa disposition et ses caract\u00e9ristiques au fil du temps.<\/li>\n<li>Les mouvements du rev\u00eatement dus aux variations de temp\u00e9rature et d&rsquo;humidit\u00e9 ne doivent pas exercer d&rsquo;effet sur l&rsquo;\u00e9l\u00e9ment de support.<\/li>\n<\/ul>\n<div class=\"clearboth\"><\/div>\n<\/div>\n<\/div>\n<h2>2 \u2013 Ancrage<\/h2>\n<div class=\" vc_custom_1592234812103\">\n<div id=\"text-block-14\" class=\"mk-text-block \">\n<ul>\n<li>Ancrer le rev\u00eatement au b\u00e2timent, en transmettant les charges qu&rsquo;il g\u00e9n\u00e8re (de par lui-m\u00eame et sous l&rsquo;effet de la pression du vent et autres). Il doit permettre une parfaite stabilisation du rev\u00eatement<\/li>\n<\/ul>\n<div class=\"clearboth\"><\/div>\n<\/div>\n<\/div>\n<h2>3 \u2013 Caisson d&rsquo;air<\/h2>\n<div class=\" vc_custom_1592235024445\">\n<div id=\"text-block-16\" class=\"mk-text-block \">\n<p>La ventilation arri\u00e8re du rev\u00eatement permet :<\/p>\n<ul>\n<li>L&rsquo;\u00e9vacuation de l&rsquo;eau provenant des pr\u00e9cipitations qui pourrait \u00e9ventuellement s&rsquo;infiltrer.<\/li>\n<li>L&rsquo;\u00e9vacuation de l&rsquo;humidit\u00e9 transmise de l&rsquo;int\u00e9rieur vers l&rsquo;ext\u00e9rieur par la transpiration.<\/li>\n<\/ul>\n<\/div>\n<\/div>\n\t\t<\/div>\r\n\t\t[\/vc_column][\/vc_row][vc_row][vc_column]\t\t<div id=\"wd-6a0733325b406\" class=\"wd-text-block wd-wpb reset-last-child wd-rs-6a0733325b406 text-left \">\r\n\t\t\t<h2>4 \u2013 Isolation<\/h2>\n<div class=\" vc_custom_1592235407510\">\n<div id=\"text-block-19\" class=\"mk-text-block \">\n<ul>\n<li>Elle agit comme une enveloppe continue sur l&rsquo;ensemble du b\u00e2timent, \u00e9vitant ainsi les ponts thermiques.<\/li>\n<li>Il doit permettre la respiration de la ma\u00e7onnerie, \u00e9viter la condensation et assurer l&rsquo;isolation thermique et acoustique du b\u00e2timent.<\/li>\n<li>Seuls des mat\u00e9riaux pouvant \u00eatre expos\u00e9s \u00e0 l&rsquo;influence de l&rsquo;humidit\u00e9 sans compromettre leur stabilit\u00e9 dimensionnelle et leur capacit\u00e9 d&rsquo;isolation doivent \u00eatre utilis\u00e9s.<\/li>\n<\/ul>\n<div class=\"clearboth\"><\/div>\n<\/div>\n<\/div>\n<h2>5 \u2013 Ma\u00e7onnerie int\u00e9rieure<\/h2>\n<div class=\" vc_custom_1592235583657\">\n<div id=\"text-block-21\" class=\"mk-text-block \">\n<ul>\n<li>Elle soutient l&rsquo;isolation et contribue \u00e0 une efficacit\u00e9 thermique suffisante<\/li>\n<\/ul>\n<\/div>\n<\/div>\n\t\t<\/div>\r\n\t\t\t\t<div id=\"wd-6a07333a56584\" class=\"wd-text-block wd-wpb reset-last-child wd-rs-6a07333a56584 text-left \">\r\n\t\t\t<p>Les parois ext\u00e9rieures des appuis et l&rsquo;isolation restent toujours s\u00e8ches et conservent ainsi pleinement leur fonction. L&rsquo;eau de pluie qui aurait pu s&rsquo;infiltrer par les joints ouverts sera rapidement s\u00e9ch\u00e9e par la circulation d&rsquo;air dans l&rsquo;espace de ventilation.<\/p>\n<p>La diminution de la r\u00e9sistance au passage de la vapeur d&rsquo;eau des couches composant l&rsquo;enveloppe permet l&rsquo;\u00e9vacuation de l&rsquo;humidit\u00e9 par l&rsquo;espace ventil\u00e9. Cette caract\u00e9ristique emp\u00eache la condensation de l&rsquo;eau \u00e0 l&rsquo;int\u00e9rieur de l&rsquo;enceinte et \u00e9vite l&rsquo;apparition de moisissures.<\/p>\n<p>La chambre ventil\u00e9e cr\u00e9e un \u00ab effet de chemin\u00e9e \u00bb provoqu\u00e9 par le r\u00e9chauffement de la face ext\u00e9rieure, ce qui entra\u00eene une variation de la densit\u00e9 de la couche d&rsquo;air de l&rsquo;espace interm\u00e9diaire par rapport \u00e0 l&rsquo;air ambiant, avec pour cons\u00e9quence un mouvement ascendant. En \u00e9t\u00e9, une grande partie de la chaleur rayonnante est r\u00e9fl\u00e9chie vers l&rsquo;ext\u00e9rieur, gr\u00e2ce \u00e0 l&rsquo;effet de chemin\u00e9e mentionn\u00e9 ci-dessus, tandis que pendant les mois froids, la paroi du bo\u00eetier agit comme un accumulateur de chaleur interne. Ces solutions garantissent \u00e9galement une meilleure isolation acoustique et l&rsquo;\u00e9limination des ponts thermiques, r\u00e9duisant la pollution sonore de 10 % \u00e0 20 %. La correction des ponts thermiques permet de r\u00e9aliser des \u00e9conomies d&rsquo;\u00e9nergie, en r\u00e9duisant la consommation d&rsquo;\u00e9nergie de 25 \u00e0 40 % pour le chauffage et la climatisation.<\/p>\n\t\t<\/div>\r\n\t\t[\/vc_column][\/vc_row]<\/p>\n<\/div>","protected":false},"excerpt":{"rendered":"<p><span style=\"color: #e46106;\"><strong><a style=\"color: #e46106;\" href=\"https:\/\/cortartec.net\/wp-content\/uploads\/2022\/04\/cortartec-sistema-de-fachadas-ventiladas-gk-pt.pdf\" target=\u00ab _blank \u00bb rel=\"noopener\">Fiche technique<\/a><\/strong><\/span><br \/>\n<span style=\"color: #e46106;\"><strong><a style=\"color: #e46106;\" href=\"\"#>DWG<\/a><\/strong><\/span><\/p>\n","protected":false},"featured_media":36728,"comment_status":"open","ping_status":"closed","template":"","meta":[],"product_brand":[],"product_cat":[337],"product_tag":[],"class_list":["post-36727","product","type-product","status-publish","has-post-thumbnail","product_cat-fachadas","first","instock","shipping-taxable","product-type-simple"],"yoast_head":"<!-- This site is optimized with the Yoast SEO plugin v28.4 - https:\/\/yoast.com\/product\/yoast-seo-wordpress\/ -->\n<title>Fa\u00e7ades ventil\u00e9es - Cortartec | Equipamentos para a constru\u00e7\u00e3o civil<\/title>\n<meta name=\"robots\" content=\"index, follow, max-snippet:-1, max-image-preview:large, max-video-preview:-1\" \/>\n<link rel=\"canonical\" href=\"https:\/\/cortartec.net\/fr\/produto\/facades-ventilees\/\" \/>\n<meta property=\"og:locale\" content=\"fr_FR\" \/>\n<meta property=\"og:type\" content=\"article\" \/>\n<meta property=\"og:title\" content=\"Fa\u00e7ades ventil\u00e9es - Cortartec | Equipamentos para a constru\u00e7\u00e3o civil\" \/>\n<meta property=\"og:description\" content=\"Fiche technique DWG\" \/>\n<meta property=\"og:url\" content=\"https:\/\/cortartec.net\/fr\/produto\/facades-ventilees\/\" \/>\n<meta property=\"og:site_name\" content=\"Cortartec | Equipamentos para a constru\u00e7\u00e3o civil\" \/>\n<meta property=\"article:modified_time\" content=\"2026-05-15T14:52:57+00:00\" \/>\n<meta property=\"og:image\" content=\"https:\/\/cortartec.net\/wp-content\/uploads\/2026\/02\/imagem15-fachada-ceramica-oicr0l6j3tgw6j9k2w30yu2thwupkr9ea88f97eua2.jpg\" \/>\n\t<meta property=\"og:image:width\" content=\"300\" \/>\n\t<meta property=\"og:image:height\" content=\"225\" \/>\n\t<meta property=\"og:image:type\" content=\"image\/jpeg\" \/>\n<meta name=\"twitter:card\" content=\"summary_large_image\" \/>\n<meta name=\"twitter:label1\" content=\"Dur\u00e9e de lecture estim\u00e9e\" \/>\n\t<meta name=\"twitter:data1\" content=\"4 minutes\" \/>\n<script type=\"application\/ld+json\" class=\"yoast-schema-graph\">{\"@context\":\"https:\\\/\\\/schema.org\",\"@graph\":[{\"@type\":\"WebPage\",\"@id\":\"https:\\\/\\\/cortartec.net\\\/fr\\\/produto\\\/facades-ventilees\\\/\",\"url\":\"https:\\\/\\\/cortartec.net\\\/fr\\\/produto\\\/facades-ventilees\\\/\",\"name\":\"Fa\u00e7ades ventil\u00e9es - Cortartec | Equipamentos para a constru\u00e7\u00e3o civil\",\"isPartOf\":{\"@id\":\"https:\\\/\\\/cortartec.net\\\/fr\\\/#website\"},\"primaryImageOfPage\":{\"@id\":\"https:\\\/\\\/cortartec.net\\\/fr\\\/produto\\\/facades-ventilees\\\/#primaryimage\"},\"image\":{\"@id\":\"https:\\\/\\\/cortartec.net\\\/fr\\\/produto\\\/facades-ventilees\\\/#primaryimage\"},\"thumbnailUrl\":\"https:\\\/\\\/cortartec.net\\\/wp-content\\\/uploads\\\/2026\\\/02\\\/imagem15-fachada-ceramica-oicr0l6j3tgw6j9k2w30yu2thwupkr9ea88f97eua2.jpg\",\"datePublished\":\"2026-02-04T09:30:48+00:00\",\"dateModified\":\"2026-05-15T14:52:57+00:00\",\"breadcrumb\":{\"@id\":\"https:\\\/\\\/cortartec.net\\\/fr\\\/produto\\\/facades-ventilees\\\/#breadcrumb\"},\"inLanguage\":\"fr-FR\",\"potentialAction\":[{\"@type\":\"ReadAction\",\"target\":[\"https:\\\/\\\/cortartec.net\\\/fr\\\/produto\\\/facades-ventilees\\\/\"]}]},{\"@type\":\"ImageObject\",\"inLanguage\":\"fr-FR\",\"@id\":\"https:\\\/\\\/cortartec.net\\\/fr\\\/produto\\\/facades-ventilees\\\/#primaryimage\",\"url\":\"https:\\\/\\\/cortartec.net\\\/wp-content\\\/uploads\\\/2026\\\/02\\\/imagem15-fachada-ceramica-oicr0l6j3tgw6j9k2w30yu2thwupkr9ea88f97eua2.jpg\",\"contentUrl\":\"https:\\\/\\\/cortartec.net\\\/wp-content\\\/uploads\\\/2026\\\/02\\\/imagem15-fachada-ceramica-oicr0l6j3tgw6j9k2w30yu2thwupkr9ea88f97eua2.jpg\",\"width\":300,\"height\":225},{\"@type\":\"BreadcrumbList\",\"@id\":\"https:\\\/\\\/cortartec.net\\\/fr\\\/produto\\\/facades-ventilees\\\/#breadcrumb\",\"itemListElement\":[{\"@type\":\"ListItem\",\"position\":1,\"name\":\"In\u00edcio\",\"item\":\"https:\\\/\\\/cortartec.net\\\/fr\\\/\"},{\"@type\":\"ListItem\",\"position\":2,\"name\":\"PRODUITS\",\"item\":\"https:\\\/\\\/cortartec.net\\\/fr\\\/produits\\\/\"},{\"@type\":\"ListItem\",\"position\":3,\"name\":\"Fa\u00e7ades ventil\u00e9es\"}]},{\"@type\":\"WebSite\",\"@id\":\"https:\\\/\\\/cortartec.net\\\/fr\\\/#website\",\"url\":\"https:\\\/\\\/cortartec.net\\\/fr\\\/\",\"name\":\"Cortartec | Equipamentos para a constru\u00e7\u00e3o civil\",\"description\":\"Engenharia Industrial\",\"potentialAction\":[{\"@type\":\"SearchAction\",\"target\":{\"@type\":\"EntryPoint\",\"urlTemplate\":\"https:\\\/\\\/cortartec.net\\\/fr\\\/?s={search_term_string}\"},\"query-input\":{\"@type\":\"PropertyValueSpecification\",\"valueRequired\":true,\"valueName\":\"search_term_string\"}}],\"inLanguage\":\"fr-FR\"}]}<\/script>\n<!-- \/ Yoast SEO plugin. -->","yoast_head_json":{"title":"Fa\u00e7ades ventil\u00e9es - Cortartec | Equipamentos para a constru\u00e7\u00e3o civil","robots":{"index":"index","follow":"follow","max-snippet":"max-snippet:-1","max-image-preview":"max-image-preview:large","max-video-preview":"max-video-preview:-1"},"canonical":"https:\/\/cortartec.net\/fr\/produto\/facades-ventilees\/","og_locale":"fr_FR","og_type":"article","og_title":"Fa\u00e7ades ventil\u00e9es - Cortartec | Equipamentos para a constru\u00e7\u00e3o civil","og_description":"Fiche technique DWG","og_url":"https:\/\/cortartec.net\/fr\/produto\/facades-ventilees\/","og_site_name":"Cortartec | Equipamentos para a constru\u00e7\u00e3o civil","article_modified_time":"2026-05-15T14:52:57+00:00","og_image":[{"width":300,"height":225,"url":"https:\/\/cortartec.net\/wp-content\/uploads\/2026\/02\/imagem15-fachada-ceramica-oicr0l6j3tgw6j9k2w30yu2thwupkr9ea88f97eua2.jpg","type":"image\/jpeg"}],"twitter_card":"summary_large_image","twitter_misc":{"Dur\u00e9e de lecture estim\u00e9e":"4 minutes"},"schema":{"@context":"https:\/\/schema.org","@graph":[{"@type":"WebPage","@id":"https:\/\/cortartec.net\/fr\/produto\/facades-ventilees\/","url":"https:\/\/cortartec.net\/fr\/produto\/facades-ventilees\/","name":"Fa\u00e7ades ventil\u00e9es - Cortartec | Equipamentos para a constru\u00e7\u00e3o civil","isPartOf":{"@id":"https:\/\/cortartec.net\/fr\/#website"},"primaryImageOfPage":{"@id":"https:\/\/cortartec.net\/fr\/produto\/facades-ventilees\/#primaryimage"},"image":{"@id":"https:\/\/cortartec.net\/fr\/produto\/facades-ventilees\/#primaryimage"},"thumbnailUrl":"https:\/\/cortartec.net\/wp-content\/uploads\/2026\/02\/imagem15-fachada-ceramica-oicr0l6j3tgw6j9k2w30yu2thwupkr9ea88f97eua2.jpg","datePublished":"2026-02-04T09:30:48+00:00","dateModified":"2026-05-15T14:52:57+00:00","breadcrumb":{"@id":"https:\/\/cortartec.net\/fr\/produto\/facades-ventilees\/#breadcrumb"},"inLanguage":"fr-FR","potentialAction":[{"@type":"ReadAction","target":["https:\/\/cortartec.net\/fr\/produto\/facades-ventilees\/"]}]},{"@type":"ImageObject","inLanguage":"fr-FR","@id":"https:\/\/cortartec.net\/fr\/produto\/facades-ventilees\/#primaryimage","url":"https:\/\/cortartec.net\/wp-content\/uploads\/2026\/02\/imagem15-fachada-ceramica-oicr0l6j3tgw6j9k2w30yu2thwupkr9ea88f97eua2.jpg","contentUrl":"https:\/\/cortartec.net\/wp-content\/uploads\/2026\/02\/imagem15-fachada-ceramica-oicr0l6j3tgw6j9k2w30yu2thwupkr9ea88f97eua2.jpg","width":300,"height":225},{"@type":"BreadcrumbList","@id":"https:\/\/cortartec.net\/fr\/produto\/facades-ventilees\/#breadcrumb","itemListElement":[{"@type":"ListItem","position":1,"name":"In\u00edcio","item":"https:\/\/cortartec.net\/fr\/"},{"@type":"ListItem","position":2,"name":"PRODUITS","item":"https:\/\/cortartec.net\/fr\/produits\/"},{"@type":"ListItem","position":3,"name":"Fa\u00e7ades ventil\u00e9es"}]},{"@type":"WebSite","@id":"https:\/\/cortartec.net\/fr\/#website","url":"https:\/\/cortartec.net\/fr\/","name":"Cortartec | Equipamentos para a constru\u00e7\u00e3o civil","description":"Engenharia Industrial","potentialAction":[{"@type":"SearchAction","target":{"@type":"EntryPoint","urlTemplate":"https:\/\/cortartec.net\/fr\/?s={search_term_string}"},"query-input":{"@type":"PropertyValueSpecification","valueRequired":true,"valueName":"search_term_string"}}],"inLanguage":"fr-FR"}]}},"_links":{"self":[{"href":"https:\/\/cortartec.net\/fr\/wp-json\/wp\/v2\/product\/36727","targetHints":{"allow":["GET"]}}],"collection":[{"href":"https:\/\/cortartec.net\/fr\/wp-json\/wp\/v2\/product"}],"about":[{"href":"https:\/\/cortartec.net\/fr\/wp-json\/wp\/v2\/types\/product"}],"replies":[{"embeddable":true,"href":"https:\/\/cortartec.net\/fr\/wp-json\/wp\/v2\/comments?post=36727"}],"wp:featuredmedia":[{"embeddable":true,"href":"https:\/\/cortartec.net\/fr\/wp-json\/wp\/v2\/media\/36728"}],"wp:attachment":[{"href":"https:\/\/cortartec.net\/fr\/wp-json\/wp\/v2\/media?parent=36727"}],"wp:term":[{"taxonomy":"product_brand","embeddable":true,"href":"https:\/\/cortartec.net\/fr\/wp-json\/wp\/v2\/product_brand?post=36727"},{"taxonomy":"product_cat","embeddable":true,"href":"https:\/\/cortartec.net\/fr\/wp-json\/wp\/v2\/product_cat?post=36727"},{"taxonomy":"product_tag","embeddable":true,"href":"https:\/\/cortartec.net\/fr\/wp-json\/wp\/v2\/product_tag?post=36727"}],"curies":[{"name":"wp","href":"https:\/\/api.w.org\/{rel}","templated":true}]}}