{"id":36739,"date":"2026-02-03T16:08:27","date_gmt":"2026-02-03T16:08:27","guid":{"rendered":"https:\/\/cortartec.net\/produto\/fachadas-em-pedra-natural\/"},"modified":"2026-05-15T14:55:15","modified_gmt":"2026-05-15T14:55:15","slug":"facades-en-pierre-naturelle","status":"publish","type":"product","link":"https:\/\/cortartec.net\/fr\/produto\/facades-en-pierre-naturelle\/","title":{"rendered":"Fa\u00e7ades en pierre naturelle"},"content":{"rendered":"<div class=\"wpb-content-wrapper\"><p>[vc_row][vc_column]\t\t<div id=\"wd-6a07338f30a0e\" class=\"wd-text-block wd-wpb reset-last-child wd-rs-6a07338f30a0e text-left \">\r\n\t\t\t<p>Le rev\u00eatement en pierre est g\u00e9n\u00e9ralement constitu\u00e9 d&rsquo;une combinaison de grandes pierres de taille unique. Leur \u00e9paisseur peut parfois varier et elles peuvent inclure des corniches ou d&rsquo;autres pierres qui se d\u00e9tachent de la ligne g\u00e9n\u00e9rale du rev\u00eatement. Les supports pour les travaux de ma\u00e7onnerie sont g\u00e9n\u00e9ralement plac\u00e9s sur le joint de dilatation horizontal \u00e0 chaque niveau du sol et au-dessus des ouvertures.<\/p>\n<p>La m\u00e9thode la plus efficace consiste \u00e0 placer les supports individuels de la bande au niveau du joint vertical entre deux pierres adjacentes. Sinon, deux supports plus petits peuvent \u00eatre plac\u00e9s pr\u00e8s de chaque extr\u00e9mit\u00e9 de chaque pierre. Le soutien de la corniche et d&rsquo;autres pierres particuli\u00e8rement grandes n\u00e9cessitera une attention particuli\u00e8re.<\/p>\n<h3><strong>Consid\u00e9rations relatives \u00e0 la conception<\/strong><\/h3>\n<p>La conception du rev\u00eatement en pierre doit \u00eatre conforme au Code de bonnes pratiques BS 8298: 2010 pour la conception et la pose de rev\u00eatements et de dallages en pierre naturelle. La port\u00e9e minimale sur le support est g\u00e9n\u00e9ralement de 50 % de l&rsquo;\u00e9paisseur de la pierre. Un support unique supportant deux pierres doit avoir une longueur d&rsquo;au moins 75 mm. Lorsque des supports individuels sont utilis\u00e9s, ceux-ci doivent avoir une longueur d&rsquo;au moins 50 mm.<\/p>\n\t\t<\/div>\r\n\t\t[\/vc_column][\/vc_row][vc_row][vc_column width=\u00a0\u00bb1\/3&Prime;][vc_single_image image=\u00a0\u00bb38537&Prime; img_size=\u00a0\u00bbfull\u00a0\u00bb css=\u00a0\u00bb\u00a0\u00bb parallax_scroll=\u00a0\u00bbno\u00a0\u00bb woodmart_inline=\u00a0\u00bbno\u00a0\u00bb]\t\t<div id=\"wd-6982232a0701e\" class=\"wd-text-block wd-wpb reset-last-child wd-rs-6982232a0701e text-left \">\r\n\t\t\t<h3><strong>CFA\/S<\/strong><\/h3>\n\t\t<\/div>\r\n\t\t[\/vc_column][vc_column width=\u00a0\u00bb1\/3&Prime;][vc_single_image image=\u00a0\u00bb38539&Prime; img_size=\u00a0\u00bbfull\u00a0\u00bb css=\u00a0\u00bb\u00a0\u00bb parallax_scroll=\u00a0\u00bbno\u00a0\u00bb woodmart_inline=\u00a0\u00bbno\u00a0\u00bb]\t\t<div id=\"wd-698223346a0e6\" class=\"wd-text-block wd-wpb reset-last-child wd-rs-698223346a0e6 text-left \">\r\n\t\t\t<h3><strong>CFA\/SD<\/strong><\/h3>\n\t\t<\/div>\r\n\t\t[\/vc_column][vc_column width=\u00a0\u00bb1\/3&Prime;]\t\t<div id=\"wd-6a07339b2728f\" class=\"wd-text-block wd-wpb reset-last-child wd-rs-6a07339b2728f text-left \">\r\n\t\t\t<h2>R\u00e9f\u00e9rences<\/h2>\n<div class=\" vc_custom_1594291497333\">\n<div id=\"text-block-17\" class=\"mk-text-block \">\n<p>CFA \/ S Corni\u00e8re standard<\/p>\n<p>CFA \/ SC Corni\u00e8re \u00e0 patte inclin\u00e9e \u00e0 15\u02da<\/p>\n<p>Corni\u00e8re en porte-\u00e0-faux CFA \/ SD avec goujons<\/p>\n<p>CFA \/ SL Corni\u00e8re en porte-\u00e0-faux avec rebord<\/p>\n<\/div>\n<\/div>\n\t\t<\/div>\r\n\t\t[\/vc_column][\/vc_row][vc_row][vc_column]\t\t<div id=\"wd-6a0733a3c68fe\" class=\"wd-text-block wd-wpb reset-last-child wd-rs-6a0733a3c68fe text-left \">\r\n\t\t\t<h3><strong>CFA \/ S<\/strong><\/h3>\n<p>Il s&rsquo;agit de corni\u00e8res individuelles pouvant accueillir une vis de fixation sur le montant vertical. Les dimensions sont choisies en fonction de l&rsquo;application. Les corni\u00e8res peuvent \u00e9galement \u00eatre fournies avec une l\u00e8vre ou des goujons pour maintenir la base de chaque pierre (r\u00e9f. CFA \/ SL ou CFA \/ SD).<\/p>\n<h3><strong>CFA \/ SC<\/strong><\/h3>\n<p>Ils sont similaires aux CFA \/ S, mais la jambe inf\u00e9rieure est inclin\u00e9e \u00e0 15\u02da pour assurer un maintien lorsque le support doit \u00eatre positionn\u00e9 au-dessus de la base de la pierre. Les corbeaux Ancon ont \u00e9t\u00e9 con\u00e7us pour r\u00e9pondre \u00e0 chaque application. Le tableau pr\u00e9sente des exemples de supports CFA \/ S et CFA \/ SC. Contactez l&rsquo;\u00e9quipe du service technique d&rsquo;Ancon pour discuter de vos besoins sp\u00e9cifiques.<\/p>\n\t\t<\/div>\r\n\t\t[\/vc_column][\/vc_row][vc_row][vc_column width=\u00a0\u00bb1\/3&Prime;][vc_single_image image=\u00a0\u00bb38541&Prime; img_size=\u00a0\u00bbfull\u00a0\u00bb css=\u00a0\u00bb\u00a0\u00bb parallax_scroll=\u00a0\u00bbno\u00a0\u00bb woodmart_inline=\u00a0\u00bbno\u00a0\u00bb]\t\t<div id=\"wd-69822353dd2ac\" class=\"wd-text-block wd-wpb reset-last-child wd-rs-69822353dd2ac text-left \">\r\n\t\t\t<h3><strong>MDC\/S<\/strong><\/h3>\n\t\t<\/div>\r\n\t\t[\/vc_column][vc_column width=\u00a0\u00bb1\/3&Prime;][vc_single_image image=\u00a0\u00bb38543&Prime; img_size=\u00a0\u00bbfull\u00a0\u00bb css=\u00a0\u00bb\u00a0\u00bb parallax_scroll=\u00a0\u00bbno\u00a0\u00bb woodmart_inline=\u00a0\u00bbno\u00a0\u00bb][\/vc_column][vc_column width=\u00a0\u00bb1\/3&Prime;]\t\t<div id=\"wd-6a0733abce4ae\" class=\"wd-text-block wd-wpb reset-last-child wd-rs-6a0733abce4ae text-left \">\r\n\t\t\t<h3>R\u00e9f\u00e9rences<\/h3>\n<div class=\" vc_custom_1594291519528\">\n<div id=\"text-block-27\" class=\"mk-text-block \">\n<p>MDC\/S Support de ma\u00e7onnerie MDC standard<\/p>\n<p>MDC \/ S \/ BK03 avec rupture thermique<br \/>\nSupport MDC\/SC avec pied inclin\u00e9 \u00e0 15\u02da<br \/>\nSupport MDC\/SD avec goujons<br \/>\nSupport MDC\/SL avec rebord<\/p>\n<\/div>\n<\/div>\n\t\t<\/div>\r\n\t\t[\/vc_column][\/vc_row][vc_row][vc_column]\t\t<div id=\"wd-6a0733b2e763d\" class=\"wd-text-block wd-wpb reset-last-child wd-rs-6a0733b2e763d text-left \">\r\n\t\t\t<p>Les supports de fa\u00e7ade MDC\/S s&rsquo;inspirent du syst\u00e8me de support de ma\u00e7onnerie MDC. La hauteur et la profondeur du support varient en fonction de la taille de la cavit\u00e9 et des charges. Les dimensions de l&rsquo;\u00e9querre sont choisies pour s&rsquo;adapter \u00e0 la ma\u00e7onnerie \u00e0 soutenir.<\/p>\n<h3><strong>Variantes de conception<\/strong><\/h3>\n<p>Le support MDC\/S peut \u00eatre fourni dans une vari\u00e9t\u00e9 de configurations pour s&rsquo;adapter \u00e0 une application sp\u00e9cifique.<br \/>\nDot\u00e9 d&rsquo;une entretoise pour maintenir la base de chaque pierre, le support MDC\/SC pr\u00e9sente une branche inf\u00e9rieure inclin\u00e9e \u00e0 15\u00b0 afin d&rsquo;assurer le maintien lorsque le support doit \u00eatre positionn\u00e9 au-dessus de la base de la pierre.<\/p>\n<h3><strong>R\u00e9glage<\/strong><\/h3>\n<p>La face crant\u00e9e et rainur\u00e9e du support MDC\/S permet un r\u00e9glage vertical. La rainure int\u00e9gr\u00e9e permet un r\u00e9glage horizontal, mais comme les positions de fixation peuvent \u00eatre difficiles \u00e0 pr\u00e9d\u00e9terminer, on utilise g\u00e9n\u00e9ralement des vis \u00e0 expansion. Des cales peuvent \u00eatre ins\u00e9r\u00e9es entre le support et la structure jusqu&rsquo;\u00e0 une \u00e9paisseur maximale correspondant au diam\u00e8tre ext\u00e9rieur de la vis de fixation, ou 16 mm, la valeur la plus petite \u00e9tant retenue.<\/p>\n\t\t<\/div>\r\n\t\t[\/vc_column][\/vc_row][vc_row][vc_column width=\u00a0\u00bb2\/3&Prime;]\t\t<div id=\"wd-6a0733bae5173\" class=\"wd-text-block wd-wpb reset-last-child wd-rs-6a0733bae5173 text-left \">\r\n\t\t\t<h3><strong>Fixation Ancon Soffit<\/strong><\/h3>\n<p>Les fixations Ancon Soffit constituent une m\u00e9thode simple et s\u00fbre pour la fixation de dalles minces. Ce support robuste et cette fixation de retenue, compos\u00e9s d&rsquo;une t\u00eate en acier inoxydable et d&rsquo;une vis, sont rapides et faciles \u00e0 installer. La fixation du disque est enti\u00e8rement r\u00e9glable et capable de supporter une charge de travail s\u00e9curis\u00e9e de 600 N en traction. La pierre doit \u00eatre v\u00e9rifi\u00e9e pour s&rsquo;assurer qu&rsquo;elle est capable de supporter la contrainte de roulement localis\u00e9e sous le disque.<\/p>\n\t\t<\/div>\r\n\t\t[\/vc_column][vc_column width=\u00a0\u00bb1\/3&Prime;][vc_single_image image=\u00a0\u00bb38544&Prime; img_size=\u00a0\u00bbfull\u00a0\u00bb css=\u00a0\u00bb\u00a0\u00bb parallax_scroll=\u00a0\u00bbno\u00a0\u00bb woodmart_inline=\u00a0\u00bbno\u00a0\u00bb][\/vc_column][\/vc_row][vc_row][vc_column width=\u00a0\u00bb2\/3&Prime;]\t\t<div id=\"wd-6a0733c24b5d5\" class=\"wd-text-block wd-wpb reset-last-child wd-rs-6a0733c24b5d5 text-left \">\r\n\t\t\t<h3><strong>Supports SSB<\/strong><\/h3>\n<p>Les supports SSB permettent de maintenir et de caler des pierres d&rsquo;une \u00e9paisseur comprise entre 25 mm et 40 mm. Ils peuvent \u00eatre plac\u00e9s au niveau des joints verticaux ou horizontaux et permettent un ajustement sans avoir recours \u00e0 des cales.<\/p>\n\t\t<\/div>\r\n\t\t[\/vc_column][vc_column width=\u00a0\u00bb1\/3&Prime;][vc_single_image image=\u00a0\u00bb38547&Prime; img_size=\u00a0\u00bbfull\u00a0\u00bb css=\u00a0\u00bb\u00a0\u00bb parallax_scroll=\u00a0\u00bbno\u00a0\u00bb woodmart_inline=\u00a0\u00bbno\u00a0\u00bb][\/vc_column][\/vc_row]<\/p>\n<\/div>","protected":false},"excerpt":{"rendered":"<p><span style=\"color: #e46106;\"><strong><a style=\"color: #e46106;\" href=\"https:\/\/cortartec.net\/wp-content\/uploads\/2022\/04\/cortartec-sistema-de-fachadas-ventiladas-gk-pt.pdf\" target=\u00ab _blank \u00bb rel=\"noopener\">Fiche technique<\/a><\/strong><\/span><br \/>\n<span style=\"color: #e46106;\"><strong><a style=\"color: #e46106;\" href=\"\"#>DWG<\/a><\/strong><\/span><\/p>\n","protected":false},"featured_media":36740,"comment_status":"open","ping_status":"closed","template":"","meta":[],"product_brand":[],"product_cat":[337],"product_tag":[],"class_list":["post-36739","product","type-product","status-publish","has-post-thumbnail","product_cat-fachadas","first","instock","shipping-taxable","product-type-simple"],"yoast_head":"<!-- This site is optimized with the Yoast SEO plugin v28.4 - https:\/\/yoast.com\/product\/yoast-seo-wordpress\/ -->\n<title>Fa\u00e7ades en pierre naturelle - Cortartec | Equipamentos para a constru\u00e7\u00e3o civil<\/title>\n<meta name=\"robots\" content=\"index, follow, max-snippet:-1, max-image-preview:large, max-video-preview:-1\" \/>\n<link rel=\"canonical\" href=\"https:\/\/cortartec.net\/fr\/produto\/facades-en-pierre-naturelle\/\" \/>\n<meta property=\"og:locale\" content=\"fr_FR\" \/>\n<meta property=\"og:type\" content=\"article\" \/>\n<meta property=\"og:title\" content=\"Fa\u00e7ades en pierre naturelle - Cortartec | Equipamentos para a constru\u00e7\u00e3o civil\" \/>\n<meta property=\"og:description\" content=\"Fiche technique DWG\" \/>\n<meta property=\"og:url\" content=\"https:\/\/cortartec.net\/fr\/produto\/facades-en-pierre-naturelle\/\" \/>\n<meta property=\"og:site_name\" content=\"Cortartec | Equipamentos para a constru\u00e7\u00e3o civil\" \/>\n<meta property=\"article:modified_time\" content=\"2026-05-15T14:55:15+00:00\" \/>\n<meta property=\"og:image\" content=\"https:\/\/cortartec.net\/wp-content\/uploads\/2026\/02\/imagem100-ognwsn18s2kl7gb5pxjgjc9igqcschdcp48f161uq2.jpg\" \/>\n\t<meta property=\"og:image:width\" content=\"300\" \/>\n\t<meta property=\"og:image:height\" content=\"225\" \/>\n\t<meta property=\"og:image:type\" content=\"image\/jpeg\" \/>\n<meta name=\"twitter:card\" content=\"summary_large_image\" \/>\n<meta name=\"twitter:label1\" content=\"Dur\u00e9e de lecture estim\u00e9e\" \/>\n\t<meta name=\"twitter:data1\" content=\"6 minutes\" \/>\n<script type=\"application\/ld+json\" class=\"yoast-schema-graph\">{\"@context\":\"https:\\\/\\\/schema.org\",\"@graph\":[{\"@type\":\"WebPage\",\"@id\":\"https:\\\/\\\/cortartec.net\\\/fr\\\/produto\\\/facades-en-pierre-naturelle\\\/\",\"url\":\"https:\\\/\\\/cortartec.net\\\/fr\\\/produto\\\/facades-en-pierre-naturelle\\\/\",\"name\":\"Fa\u00e7ades en pierre naturelle - Cortartec | Equipamentos para a constru\u00e7\u00e3o civil\",\"isPartOf\":{\"@id\":\"https:\\\/\\\/cortartec.net\\\/fr\\\/#website\"},\"primaryImageOfPage\":{\"@id\":\"https:\\\/\\\/cortartec.net\\\/fr\\\/produto\\\/facades-en-pierre-naturelle\\\/#primaryimage\"},\"image\":{\"@id\":\"https:\\\/\\\/cortartec.net\\\/fr\\\/produto\\\/facades-en-pierre-naturelle\\\/#primaryimage\"},\"thumbnailUrl\":\"https:\\\/\\\/cortartec.net\\\/wp-content\\\/uploads\\\/2026\\\/02\\\/imagem100-ognwsn18s2kl7gb5pxjgjc9igqcschdcp48f161uq2.jpg\",\"datePublished\":\"2026-02-03T16:08:27+00:00\",\"dateModified\":\"2026-05-15T14:55:15+00:00\",\"breadcrumb\":{\"@id\":\"https:\\\/\\\/cortartec.net\\\/fr\\\/produto\\\/facades-en-pierre-naturelle\\\/#breadcrumb\"},\"inLanguage\":\"fr-FR\",\"potentialAction\":[{\"@type\":\"ReadAction\",\"target\":[\"https:\\\/\\\/cortartec.net\\\/fr\\\/produto\\\/facades-en-pierre-naturelle\\\/\"]}]},{\"@type\":\"ImageObject\",\"inLanguage\":\"fr-FR\",\"@id\":\"https:\\\/\\\/cortartec.net\\\/fr\\\/produto\\\/facades-en-pierre-naturelle\\\/#primaryimage\",\"url\":\"https:\\\/\\\/cortartec.net\\\/wp-content\\\/uploads\\\/2026\\\/02\\\/imagem100-ognwsn18s2kl7gb5pxjgjc9igqcschdcp48f161uq2.jpg\",\"contentUrl\":\"https:\\\/\\\/cortartec.net\\\/wp-content\\\/uploads\\\/2026\\\/02\\\/imagem100-ognwsn18s2kl7gb5pxjgjc9igqcschdcp48f161uq2.jpg\",\"width\":300,\"height\":225},{\"@type\":\"BreadcrumbList\",\"@id\":\"https:\\\/\\\/cortartec.net\\\/fr\\\/produto\\\/facades-en-pierre-naturelle\\\/#breadcrumb\",\"itemListElement\":[{\"@type\":\"ListItem\",\"position\":1,\"name\":\"In\u00edcio\",\"item\":\"https:\\\/\\\/cortartec.net\\\/fr\\\/\"},{\"@type\":\"ListItem\",\"position\":2,\"name\":\"PRODUITS\",\"item\":\"https:\\\/\\\/cortartec.net\\\/fr\\\/produits\\\/\"},{\"@type\":\"ListItem\",\"position\":3,\"name\":\"Fa\u00e7ades en pierre naturelle\"}]},{\"@type\":\"WebSite\",\"@id\":\"https:\\\/\\\/cortartec.net\\\/fr\\\/#website\",\"url\":\"https:\\\/\\\/cortartec.net\\\/fr\\\/\",\"name\":\"Cortartec | Equipamentos para a constru\u00e7\u00e3o civil\",\"description\":\"Engenharia Industrial\",\"potentialAction\":[{\"@type\":\"SearchAction\",\"target\":{\"@type\":\"EntryPoint\",\"urlTemplate\":\"https:\\\/\\\/cortartec.net\\\/fr\\\/?s={search_term_string}\"},\"query-input\":{\"@type\":\"PropertyValueSpecification\",\"valueRequired\":true,\"valueName\":\"search_term_string\"}}],\"inLanguage\":\"fr-FR\"}]}<\/script>\n<!-- \/ Yoast SEO plugin. -->","yoast_head_json":{"title":"Fa\u00e7ades en pierre naturelle - Cortartec | Equipamentos para a constru\u00e7\u00e3o civil","robots":{"index":"index","follow":"follow","max-snippet":"max-snippet:-1","max-image-preview":"max-image-preview:large","max-video-preview":"max-video-preview:-1"},"canonical":"https:\/\/cortartec.net\/fr\/produto\/facades-en-pierre-naturelle\/","og_locale":"fr_FR","og_type":"article","og_title":"Fa\u00e7ades en pierre naturelle - Cortartec | Equipamentos para a constru\u00e7\u00e3o civil","og_description":"Fiche technique DWG","og_url":"https:\/\/cortartec.net\/fr\/produto\/facades-en-pierre-naturelle\/","og_site_name":"Cortartec | Equipamentos para a constru\u00e7\u00e3o civil","article_modified_time":"2026-05-15T14:55:15+00:00","og_image":[{"width":300,"height":225,"url":"https:\/\/cortartec.net\/wp-content\/uploads\/2026\/02\/imagem100-ognwsn18s2kl7gb5pxjgjc9igqcschdcp48f161uq2.jpg","type":"image\/jpeg"}],"twitter_card":"summary_large_image","twitter_misc":{"Dur\u00e9e de lecture estim\u00e9e":"6 minutes"},"schema":{"@context":"https:\/\/schema.org","@graph":[{"@type":"WebPage","@id":"https:\/\/cortartec.net\/fr\/produto\/facades-en-pierre-naturelle\/","url":"https:\/\/cortartec.net\/fr\/produto\/facades-en-pierre-naturelle\/","name":"Fa\u00e7ades en pierre naturelle - Cortartec | Equipamentos para a constru\u00e7\u00e3o civil","isPartOf":{"@id":"https:\/\/cortartec.net\/fr\/#website"},"primaryImageOfPage":{"@id":"https:\/\/cortartec.net\/fr\/produto\/facades-en-pierre-naturelle\/#primaryimage"},"image":{"@id":"https:\/\/cortartec.net\/fr\/produto\/facades-en-pierre-naturelle\/#primaryimage"},"thumbnailUrl":"https:\/\/cortartec.net\/wp-content\/uploads\/2026\/02\/imagem100-ognwsn18s2kl7gb5pxjgjc9igqcschdcp48f161uq2.jpg","datePublished":"2026-02-03T16:08:27+00:00","dateModified":"2026-05-15T14:55:15+00:00","breadcrumb":{"@id":"https:\/\/cortartec.net\/fr\/produto\/facades-en-pierre-naturelle\/#breadcrumb"},"inLanguage":"fr-FR","potentialAction":[{"@type":"ReadAction","target":["https:\/\/cortartec.net\/fr\/produto\/facades-en-pierre-naturelle\/"]}]},{"@type":"ImageObject","inLanguage":"fr-FR","@id":"https:\/\/cortartec.net\/fr\/produto\/facades-en-pierre-naturelle\/#primaryimage","url":"https:\/\/cortartec.net\/wp-content\/uploads\/2026\/02\/imagem100-ognwsn18s2kl7gb5pxjgjc9igqcschdcp48f161uq2.jpg","contentUrl":"https:\/\/cortartec.net\/wp-content\/uploads\/2026\/02\/imagem100-ognwsn18s2kl7gb5pxjgjc9igqcschdcp48f161uq2.jpg","width":300,"height":225},{"@type":"BreadcrumbList","@id":"https:\/\/cortartec.net\/fr\/produto\/facades-en-pierre-naturelle\/#breadcrumb","itemListElement":[{"@type":"ListItem","position":1,"name":"In\u00edcio","item":"https:\/\/cortartec.net\/fr\/"},{"@type":"ListItem","position":2,"name":"PRODUITS","item":"https:\/\/cortartec.net\/fr\/produits\/"},{"@type":"ListItem","position":3,"name":"Fa\u00e7ades en pierre naturelle"}]},{"@type":"WebSite","@id":"https:\/\/cortartec.net\/fr\/#website","url":"https:\/\/cortartec.net\/fr\/","name":"Cortartec | Equipamentos para a constru\u00e7\u00e3o civil","description":"Engenharia Industrial","potentialAction":[{"@type":"SearchAction","target":{"@type":"EntryPoint","urlTemplate":"https:\/\/cortartec.net\/fr\/?s={search_term_string}"},"query-input":{"@type":"PropertyValueSpecification","valueRequired":true,"valueName":"search_term_string"}}],"inLanguage":"fr-FR"}]}},"_links":{"self":[{"href":"https:\/\/cortartec.net\/fr\/wp-json\/wp\/v2\/product\/36739","targetHints":{"allow":["GET"]}}],"collection":[{"href":"https:\/\/cortartec.net\/fr\/wp-json\/wp\/v2\/product"}],"about":[{"href":"https:\/\/cortartec.net\/fr\/wp-json\/wp\/v2\/types\/product"}],"replies":[{"embeddable":true,"href":"https:\/\/cortartec.net\/fr\/wp-json\/wp\/v2\/comments?post=36739"}],"wp:featuredmedia":[{"embeddable":true,"href":"https:\/\/cortartec.net\/fr\/wp-json\/wp\/v2\/media\/36740"}],"wp:attachment":[{"href":"https:\/\/cortartec.net\/fr\/wp-json\/wp\/v2\/media?parent=36739"}],"wp:term":[{"taxonomy":"product_brand","embeddable":true,"href":"https:\/\/cortartec.net\/fr\/wp-json\/wp\/v2\/product_brand?post=36739"},{"taxonomy":"product_cat","embeddable":true,"href":"https:\/\/cortartec.net\/fr\/wp-json\/wp\/v2\/product_cat?post=36739"},{"taxonomy":"product_tag","embeddable":true,"href":"https:\/\/cortartec.net\/fr\/wp-json\/wp\/v2\/product_tag?post=36739"}],"curies":[{"name":"wp","href":"https:\/\/api.w.org\/{rel}","templated":true}]}}